{"id":10032,"date":"2021-04-22T13:55:31","date_gmt":"2021-04-22T11:55:31","guid":{"rendered":"https:\/\/retina.ch\/netzhauterkrankungen\/new-la-degenerazione-maculare-legata-alleta-amd\/"},"modified":"2023-11-17T12:33:24","modified_gmt":"2023-11-17T11:33:24","slug":"dmle","status":"publish","type":"netzhauterkrankungen","link":"https:\/\/retina.ch\/it\/malattie-della-retina\/dmle\/","title":{"rendered":"La degenerazione maculare legata all\u2019et\u00e0 (AMD)"},"content":{"rendered":"\n<p>La degenerazione maculare legata all\u2019et\u00e0 (AMD) comporta vista offuscata, distorta o addirittura mancante al centro del campo di visione. Modifiche dovute all\u2019et\u00e0 nella zona della retina dalla massima acuit\u00e0 visiva, la cosiddetta macula, ne sono le cause.<\/p>\n\n\n\n<p>Una AMD non conduce a cecit\u00e0 totale.<\/p>\n\n\n\n<p>Con l\u2019avanzare dell\u2019et\u00e0, l\u2019incidenza della AMD \u00e8 maggiore: tra 55 e 59 anni ne \u00e8 toccata circa una persona su 30, dagli 85 anni in su una su cinque. La forma avanzata (umida) della AMD \u00e8 meno frequente delle altre.<sup><a href=\"https:\/\/pubmed.ncbi.nlm.nih.gov\/28712657\/\" target=\"_blank\" rel=\"noreferrer noopener\">1<\/a><\/sup><\/p>\n\n\n\n<p>Per determinate forme di AMD sono disponibili dei farmaci che ne rallentano il decorso. Vale comunque sempre la pena di conoscere per tempo dei mezzi ausiliari atti ad assicurare la massima autonomia possibile (in merito si veda l\u2019opuscolo \u00ab<a href=\"\/it?page_id=94\" target=\"_blank\" rel=\"noreferrer noopener\">Degenerazioni retiniche e handicap visivo &#8211; Autonomia nella vita quotidiana<\/a>\u00bb).<\/p>\n\n\n\n<p><strong>La degenerazione maculare legata all&#8217;et\u00e0 pu\u00f2 compromettere la vista a tal punto da richiedere le prestazioni dell&#8217;assicurazione sociale (AI \/ AVS).<\/strong><\/p>\n\n\n\n<hr class=\"wp-block-separator has-css-opacity\"\/>\n\n\n\n<h2 class=\"wp-block-heading\" id=\"causa\">Le causa della AMD<\/h2>\n\n\n\n<p><strong>L\u2019invecchiamento:&nbsp;<\/strong>Depositi ostacolano gli scambi tra i vasi sanguigni e la retina. A poco a poco i fotorecettori, che sono cellule molto sensibili, non ricevendo pi\u00f9 abbastanza nutrimento si degradano e per finire non funzionano pi\u00f9. All\u2019esame del fondo dell\u2019occhio, l\u2019oculista pu\u00f2 notare dei depositi nella macula gi\u00e0 prima che si manifesti un problema di vista.<\/p>\n\n\n\n<p><strong>Geni:<\/strong> Il rischio individuale aumenta se in famiglia nonne o nonni, genitori, fratelli o sorelle sono affetti da AMD.<\/p>\n\n\n\n<p><strong>Le abitudini di vita e lo stato di salute generale:<\/strong> Per le fumatrici e i fumatori, il rischio di AMD \u00e8 doppio fino a quadruplo rispetto a chi non fuma. Nessun altro fattore di rischio, neppure una predisposizione genetica, \u00e8 nefasto quanto il fumo. Un influsso negativo possono pure svolgerlo l\u2019alimentazione, i raggi UV, il sovrappeso, la sedentariet\u00e0 e l\u2019ipertensione.<\/p>\n\n\n\n<p><strong>Le persone dagli occhi chiari e le donne<\/strong> sono maggiormente a rischio di AMD.<\/p>\n\n\n\n<hr class=\"wp-block-separator has-alpha-channel-opacity\"\/>\n\n\n\n<h2 class=\"wp-block-heading\" id=\"forme\"><strong>Le forme di AMD<\/strong><\/h2>\n\n\n\n<p><strong>La \u00abAMD secca\u00bb:<\/strong> Nella AMD secca, l\u2019occhio non riesce pi\u00f9 a smaltire\ncompletamente gli scarti del metabolismo. Questo materiale, le cosiddette drusen, si accumula in forma di granelli sotto la retina. La presenza di questi depositi ostacola l\u2019approvvigionamento dei fotorecettori e l\u2019occhio perde la capacit\u00e0 di vedere nitidamente ci\u00f2 che guarda direttamente. Di regola, una vasta parte della visione alla periferia del campo visivo si conserva. Le drusen, diventando man mano pi\u00f9 grandi, sono ben visibili all\u2019esame degli occhi.<\/p>\n\n\n\n<p>Una forma secca pu\u00f2 evolvere in umida, uno sviluppo che riguarda una persona con AMD su dieci.<\/p>\n\n\n\n<p>La <strong>\u00abAMD umida\u00bb<\/strong> \u00e8 la risposta dei tessuti all\u2019insufficiente approvvigionamento e alla carenza d\u2019ossigeno. Una delle sostanze-segnale pi\u00f9 importanti \u00e8 il fattore di crescita endoteliale vascolare, in breve VEGF, che fa gonfiare i tessuti, rende le cellule pi\u00f9 permeabili ai liquidi (che possono fuoriuscire) e in ultima analisi disturba la funzione visiva. Il VEGF stimola anche la formazione di nuovi sottili vasi sanguigni. Questi possono servire a migliorare l\u2019approvvigionamento, ma in pari tempo possono perdere liquido, che accumulandosi intralcia la corretta riproduzione delle immagini sulla retina. La persona colpita vedr\u00e0 allora linee distorte e pi\u00f9 tardi macchie opache soprattutto al centro del campo visivo (illustrazione sotto).<\/p>\n\n\n\n<div class=\"wp-block-columns is-layout-flex wp-container-core-columns-is-layout-9d6595d7 wp-block-columns-is-layout-flex\">\n<div class=\"wp-block-column is-layout-flow wp-block-column-is-layout-flow\">\n<figure class=\"wp-block-image size-large\"><img loading=\"lazy\" decoding=\"async\" width=\"933\" height=\"1400\" src=\"https:\/\/retina.ch\/wp-content\/uploads\/2021\/04\/retinasuisse-zentraler-gesichtsfeldausfall-mit-933x1400.jpg\" alt=\"La degenerazione maculare legata all'et\u00e0 - Simulazione di una scena di ristorante con campo visivo centrale degradato: il volto della cameriera, su cui si concentra l'attenzione, non \u00e8 riconoscibile.\" class=\"wp-image-6349\" srcset=\"https:\/\/retina.ch\/wp-content\/uploads\/2021\/04\/retinasuisse-zentraler-gesichtsfeldausfall-mit-933x1400.jpg 933w, https:\/\/retina.ch\/wp-content\/uploads\/2021\/04\/retinasuisse-zentraler-gesichtsfeldausfall-mit-267x400.jpg 267w, https:\/\/retina.ch\/wp-content\/uploads\/2021\/04\/retinasuisse-zentraler-gesichtsfeldausfall-mit-333x500.jpg 333w, https:\/\/retina.ch\/wp-content\/uploads\/2021\/04\/retinasuisse-zentraler-gesichtsfeldausfall-mit-768x1152.jpg 768w, https:\/\/retina.ch\/wp-content\/uploads\/2021\/04\/retinasuisse-zentraler-gesichtsfeldausfall-mit-1024x1536.jpg 1024w, https:\/\/retina.ch\/wp-content\/uploads\/2021\/04\/retinasuisse-zentraler-gesichtsfeldausfall-mit-1365x2048.jpg 1365w, https:\/\/retina.ch\/wp-content\/uploads\/2021\/04\/retinasuisse-zentraler-gesichtsfeldausfall-mit-500x750.jpg 500w, https:\/\/retina.ch\/wp-content\/uploads\/2021\/04\/retinasuisse-zentraler-gesichtsfeldausfall-mit-800x1200.jpg 800w, https:\/\/retina.ch\/wp-content\/uploads\/2021\/04\/retinasuisse-zentraler-gesichtsfeldausfall-mit-1280x1920.jpg 1280w, https:\/\/retina.ch\/wp-content\/uploads\/2021\/04\/retinasuisse-zentraler-gesichtsfeldausfall-mit.jpg 1600w\" sizes=\"auto, (max-width: 933px) 100vw, 933px\" \/><figcaption class=\"wp-element-caption\">Degrado centrale del campo visivo<\/figcaption><\/figure>\n<\/div>\n\n\n\n<div class=\"wp-block-column is-layout-flow wp-block-column-is-layout-flow\">\n<figure class=\"wp-block-image size-large\"><img loading=\"lazy\" decoding=\"async\" width=\"933\" height=\"1400\" src=\"https:\/\/retina.ch\/wp-content\/uploads\/2021\/04\/retinasuisse-blendenempfindlichkeit-mit-933x1400.jpg\" alt=\"Un corridore su un sentiero forestale. La sua maglietta bianca, la striscia luminosa sui pantaloni e la luce del giorno sono molto abbaglianti, tanto che i contrasti sono difficili da vedere.\" class=\"wp-image-6331\" srcset=\"https:\/\/retina.ch\/wp-content\/uploads\/2021\/04\/retinasuisse-blendenempfindlichkeit-mit-933x1400.jpg 933w, https:\/\/retina.ch\/wp-content\/uploads\/2021\/04\/retinasuisse-blendenempfindlichkeit-mit-267x400.jpg 267w, https:\/\/retina.ch\/wp-content\/uploads\/2021\/04\/retinasuisse-blendenempfindlichkeit-mit-333x500.jpg 333w, https:\/\/retina.ch\/wp-content\/uploads\/2021\/04\/retinasuisse-blendenempfindlichkeit-mit-768x1152.jpg 768w, https:\/\/retina.ch\/wp-content\/uploads\/2021\/04\/retinasuisse-blendenempfindlichkeit-mit-1024x1536.jpg 1024w, https:\/\/retina.ch\/wp-content\/uploads\/2021\/04\/retinasuisse-blendenempfindlichkeit-mit-1365x2048.jpg 1365w, https:\/\/retina.ch\/wp-content\/uploads\/2021\/04\/retinasuisse-blendenempfindlichkeit-mit-500x750.jpg 500w, https:\/\/retina.ch\/wp-content\/uploads\/2021\/04\/retinasuisse-blendenempfindlichkeit-mit-800x1200.jpg 800w, https:\/\/retina.ch\/wp-content\/uploads\/2021\/04\/retinasuisse-blendenempfindlichkeit-mit-1280x1920.jpg 1280w, https:\/\/retina.ch\/wp-content\/uploads\/2021\/04\/retinasuisse-blendenempfindlichkeit-mit.jpg 1600w\" sizes=\"auto, (max-width: 933px) 100vw, 933px\" \/><figcaption class=\"wp-element-caption\">Aumentata sensibilit\u00e0 all\u2019abbagliamento<\/figcaption><\/figure>\n<\/div>\n<\/div>\n\n\n\n<p>In assenza di cure, una gran parte di cellule visive morir\u00e0 o sar\u00e0 gravemente danneggiata nel giro di\npoche settimane o mesi. Questo danno e la perdita di capacit\u00e0 visiva sono irreversibili. La crescita  ascolare e la fuoriuscita di liquido, se riconosciute per tempo, si possono arrestare con dei farmaci specifici iniettati direttamente nel fondo dell\u2019occhio. Il rischio di un importante calo della vista si ridurr\u00e0 allora di oltre la met\u00e0. Queste cure sono pagate dall\u2019assicurazione malattie.<\/p>\n\n\n\n<p>Le due forme della AMD, quella secca e quella umida, possono persino insorgere contemporaneamente in un occhio. Una forma secca pu\u00f2 anche diventare umida e una umida secca.<\/p>\n\n\n\n<hr class=\"wp-block-separator has-alpha-channel-opacity\"\/>\n\n\n\n<h2 class=\"wp-block-heading\" id=\"terapie\">Terapie<\/h2>\n\n\n\n<h3 class=\"wp-block-heading\">Terapie mediche<\/h3>\n\n\n\n<p>Diversi farmaci omolgati sono approvati per il trattamento dell&#8217;<strong>AMD umida<\/strong>. Tutti questi farmaci sono da iniettare nell\u2019occhio dove inibiscono il fattore di crescita endoteliale vascolare VEGF, che causa l\u2019indesiderato accumulo di liquido nella retina. Di solito gi\u00e0 una sola iniezione ha un effetto visibile per alcune settimane o qualche mese. All\u2019esame oftalmologico si vede bene che la quantit\u00e0 di liquido diminuisce o che la retina torna addirittura a essere secca. Ma l\u2019effetto del farmaco \u00e8 limitato nel tempo, fintanto che ci sono accumuli di liquido occorre ripetere le iniezioni. Se non si forma pi\u00f9 liquido, gli intervalli tra un\u2019iniezione e la successiva si possono allungare. Se del caso, dopo un\u2019attenta osservazione del decorso, si pu\u00f2 anche smettere la terapia. L\u2019oculista continuer\u00e0 tuttavia a seguire il\/la paziente.<\/p>\n\n\n\n<p>In molti casi, la terapia anti VEGF pu\u00f2 rallentare il progredire della malattia e in parte migliorare la capacit\u00e0 visiva, spesso per anni. L\u2019intervallo tra le iniezioni pu\u00f2 variare molto da paziente a paziente. L\u2019oculista adegua l\u2019intervallo ai risultati della periodica visita di controllo. Il\/la paziente, a sua volta, deve attenersi strettamente al programma stabilito e non tralasciare nessun appuntamento dall\u2019oculista.<\/p>\n\n\n\n<p>Siccome la AMD \u00e8 una malattia cronica, nella maggior parte dei casi una terapia durer\u00e0 per sempre. In alcune e alcuni pazienti la situazione si stabilizza al punto da non richiedere pi\u00f9 iniezioni.<\/p>\n\n\n\n<p>A tutt\u2019oggi, per la <strong>AMD secca<\/strong> non ci sono terapie scientificamente provate. La ricerca in materia \u00e8 molto intensa, numerosi approcci terapeutici sono in fase clinica.<\/p>\n\n\n\n<p><strong>Importante: tra una visita dall&#8217; oculista e quella successiva, controllate la vostra vista con <a href=\"\/it?page_id=94\" target=\"_blank\" rel=\"noreferrer noopener\">la griglia di Amsler<\/a>.<\/strong><\/p>\n\n\n\n<div class=\"wp-block-nk-awb nk-awb alignfull\"><div class=\"nk-awb-wrap\" data-awb-type=\"color\"><div class=\"nk-awb-overlay\" style=\"background: #fff9bf;\"><\/div><\/div><div class=\"nk-awb-wrap-content is-layout-constrained wp-block-nk-awb-is-layout-constrained\">\n<div class=\"wp-block-group\"><div class=\"wp-block-group__inner-container is-layout-flow wp-block-group-is-layout-flow\"><span class='maxbutton-8-container mb-container'><a class=\"maxbutton-8 maxbutton maxbutton-webinar widebutton\" title=\"Webinar\" href=\"\/it\/agenda\/degenerazione-maculare-legata-alleta-cause-e-cure\/\" data-maxbuttoncounter=\"{&quot;button_id&quot;:&quot;8&quot;,&quot;url&quot;:&quot;\\\/it\\\/agenda\\\/degenerazione-maculare-legata-alleta-cause-e-cure\\\/&quot;,&quot;check&quot;:&quot;mA7P1fdV&quot;}\" data-maxbuttonpage=\"{&quot;id&quot;:10032,&quot;type&quot;:&quot;netzhauterkrankungen&quot;}\"><span class=\"mb-icon\"><img loading=\"lazy\" decoding=\"async\" class=\"mb-img\" src=\"https:\/\/retina.ch\/wp-content\/uploads\/2021\/04\/icon-desktop-400x356.png\" title=\"icon-desktop\" width=\"400\" height=\"356\"   border=\"0\" \/><\/span><span class=\"mb-icon-hover\"><img loading=\"lazy\" decoding=\"async\" class=\"mb-img-hover\" src=\"https:\/\/retina.ch\/wp-content\/uploads\/2021\/04\/icon-desktop-yellow-400x356.png\" title=\"icon-desktop\" width=\"576\" height=\"512\"   border=\"0\" \/><\/span><span class='mb-text' >Webinar<\/span><span class=\"mb-text2\"  >AMD - cause e cure<\/span><\/a><\/span>\n<\/div><\/div>\n<\/div><\/div>\n\n\n\n<h3 class=\"wp-block-heading\">Terapie alternative<\/h3>\n\n\n\n<p>Finora non esistono prove scientifiche dell\u2019efficacia di terapie complementari.<\/p>\n\n\n\n<h3 class=\"wp-block-heading\">Riabilitazione e mezzi ausiliari<\/h3>\n\n\n\n<p>L\u2019obiettivo \u00e8 di conservare (o ritrovare) una buona qualit\u00e0 di vita e autonomia. Assieme alle specialiste\/ agli specialisti dei servizi di consulenza, la persona pu\u00f2 chiarire le sue esigenze e possibilit\u00e0 nonch\u00e9 riflettere sui passi da intraprendere.<\/p>\n\n\n\n<p>Ottiche e ottici specializzati in \u00abbassa visione\u00bb (low vision) possono dare utili informazioni sui mezzi ausiliari e sull\u2019illuminazione e sono d\u2019aiuto nell\u2019apprendimento dell\u2019utilizzo dei diversi ausili. Altre specialiste e specialisti sono a disposizione nei settori orientamento e mobilit\u00e0 e\/o attivit\u00e0 della vita quotidiana per aiutare le persone con AMD a ritrovare sicurezza negli spostamenti e nei lavori domestici.<\/p>\n\n\n\n<p>Le <strong>assicurazioni sociali<\/strong> (AI\/AVS) rappresentano spesso una risorsa per mantenere il posto di lavoro o lo standard di vita. AI\/AVS possono concedere un assegno per grandi invalidi di grado lieve alle persone con un campo visivo molto ridotto e\/o una bassa acuit\u00e0 visiva.<\/p>\n\n\n\n<p>I <a href=\"\/it?page_id=69\"><strong>gruppi di parola<\/strong><\/a> per persone con AMD sono occasioni privilegiate per scambiarsi esperienze, per dare o ricevere consigli e suggerimenti per gestire la malattia. I gruppi si incontrano periodicamente, per esempio una volta al mese, e sono moderati da persone competenti, a loro volta affette da AMD.<\/p>\n\n\n\n<p>Retina Suisse \u00e8 volentieri a disposizione per maggiori informazioni sulle misure di riabilitazione come pure per consulenze su altri temi.<\/p>\n\n\n\n<div class=\"wp-block-columns icon-block is-layout-flex wp-container-core-columns-is-layout-9d6595d7 wp-block-columns-is-layout-flex\">\n<div class=\"wp-block-column is-layout-flow wp-block-column-is-layout-flow\"><span class='maxbutton-6-container mb-container'><a class=\"maxbutton-6 maxbutton maxbutton-beratung-anmelden\" title=\"Pers\u00f6nliche Beratung Anmelden\" href=\"\/beratungen\/individuelle-beratung\/\" data-maxbuttoncounter=\"{&quot;button_id&quot;:&quot;6&quot;,&quot;url&quot;:&quot;\\\/beratungen\\\/individuelle-beratung\\\/&quot;,&quot;check&quot;:&quot;bWuaKQZn&quot;}\" data-maxbuttonpage=\"{&quot;id&quot;:10032,&quot;type&quot;:&quot;netzhauterkrankungen&quot;}\"><span class=\"mb-icon\"><img loading=\"lazy\" decoding=\"async\" class=\"mb-img\" src=\"https:\/\/retina.ch\/wp-content\/uploads\/2020\/10\/icon-comments-black-400x356.png\" title=\"icon-comments-black\" width=\"400\" height=\"356\"   border=\"0\" \/><\/span><span class=\"mb-icon-hover\"><img loading=\"lazy\" decoding=\"async\" class=\"mb-img-hover\" src=\"https:\/\/retina.ch\/wp-content\/uploads\/2020\/10\/icon-comments-yellow-400x356.png\" title=\"icon-comments-black\" width=\"576\" height=\"512\"   border=\"0\" \/><\/span><span class='mb-text' >Annunciarsi per<\/span><span class=\"mb-text2\"  >una consulenza<\/span><\/a><\/span>\n<\/div>\n\n\n\n<div class=\"wp-block-column is-layout-flow wp-block-column-is-layout-flow\"><span class='maxbutton-7-container mb-container'><a class=\"maxbutton-7 maxbutton maxbutton-kontakt\" title=\"Retina Suisse Kontakt\" href=\"\/kontakt\/\" data-maxbuttoncounter=\"{&quot;button_id&quot;:&quot;7&quot;,&quot;url&quot;:&quot;\\\/kontakt\\\/&quot;,&quot;check&quot;:&quot;Ot5xIOiH&quot;}\" data-maxbuttonpage=\"{&quot;id&quot;:10032,&quot;type&quot;:&quot;netzhauterkrankungen&quot;}\"><span class=\"mb-icon\"><img loading=\"lazy\" decoding=\"async\" class=\"mb-img\" src=\"https:\/\/retina.ch\/wp-content\/uploads\/2020\/10\/icon-phone-black-400x400.png\" title=\"icon-phone-black\" width=\"400\" height=\"400\"   border=\"0\" \/><\/span><span class=\"mb-icon-hover\"><img loading=\"lazy\" decoding=\"async\" class=\"mb-img-hover\" src=\"https:\/\/retina.ch\/wp-content\/uploads\/2020\/10\/icon-phone-yellow-400x400.png\" title=\"icon-phone-black\" width=\"512\" height=\"512\"   border=\"0\" \/><\/span><span class='mb-text' >Retina Suisse<\/span><span class=\"mb-text2\"  >Contatto<\/span><\/a><\/span>\n<\/div>\n\n\n\n<div class=\"wp-block-column is-layout-flow wp-block-column-is-layout-flow\"><span class='maxbutton-3-container mb-container'><a class=\"maxbutton-3 maxbutton maxbutton-retina-suisse-mitgliedschaft\" title=\"Retina Suisse Mitgliedschaft\" href=\"\/mitgliedschaft\/\" data-maxbuttoncounter=\"{&quot;button_id&quot;:&quot;3&quot;,&quot;url&quot;:&quot;\\\/mitgliedschaft\\\/&quot;,&quot;check&quot;:&quot;Rweb1zDP&quot;}\" data-maxbuttonpage=\"{&quot;id&quot;:10032,&quot;type&quot;:&quot;netzhauterkrankungen&quot;}\"><span class=\"mb-icon\"><img loading=\"lazy\" decoding=\"async\" class=\"mb-img\" src=\"https:\/\/retina.ch\/wp-content\/uploads\/2020\/10\/icon-users.png\" title=\"icon-users\" width=\"640\" height=\"512\"   border=\"0\" \/><\/span><span class=\"mb-icon-hover\"><img loading=\"lazy\" decoding=\"async\" class=\"mb-img-hover\" src=\"https:\/\/retina.ch\/wp-content\/uploads\/2020\/10\/icon-users-yellow.png\" title=\"icon-users\" width=\"640\" height=\"512\"   border=\"0\" \/><\/span><span class='mb-text' >Iscrizione<\/span><span class=\"mb-text2\"  >Retina Suisse<\/span><\/a><\/span>\n<\/div>\n<\/div>\n\n\n\n<div class=\"wp-block-nk-awb nk-awb alignfull\"><div class=\"nk-awb-wrap\" data-awb-type=\"color\"><div class=\"nk-awb-overlay\" style=\"background: #fff9bf;\"><\/div><\/div><div class=\"nk-awb-wrap-content is-layout-constrained wp-block-nk-awb-is-layout-constrained\">\n<div class=\"wp-block-group\"><div class=\"wp-block-group__inner-container is-layout-flow wp-block-group-is-layout-flow\">\n<h2 class=\"wp-block-heading\" id=\"novita\">Novit\u00e0<\/h2>\n\n\n\t\t<div class=\"archive-flxbx\">\n\t\t            <div class=\"archive-notxt\">\n                <p>Nessuna voce disponibile<\/p>\n            <\/div>\n                <\/div><!-- .flxbx -->\n        \n<\/div><\/div>\n<\/div><\/div>\n\n\n\n<h2 class=\"wp-block-heading\" id=\"gruppi\">Gruppi di parola<\/h2>\n\n\n\t\t<div class=\"archive-flxbx\">\n\t\t\n<article id=\"post-4532\" class=\"post-4532 gespraechsgruppen type-gespraechsgruppen status-publish hentry category-degenerazione-maculare-legata-alleta-dmle\">\n\n\t<div class=\"archive-icon\">\n\t<\/div>\n\t\n\t<a href=\"https:\/\/retina.ch\/it\/gruppi-di-parola\/dmle-bern\/\">\n\t<header class=\"entry-header\">\n\t\t<h2 class=\"entry-title\">Berna &#8211; Gruppo di parola DMLE<\/h2>\t<\/header><!-- .entry-header -->\n\t<a\/>\n\t\n\t<div class=\"entry-content\">\n\t\n\t<!-- Kurstag  -->\n\t\t\t\t\n\t\t\t\t<h3>Prossime date dei corsi<\/h3>\n\t\t<p>\n\t\t\t\t\t\t\t\t\t\t\t\t\t\n\t\t\t\t07 Maggio 2026<br\/>\n\t\t\t\t\t \n<!-- \n\t\t\t\t\t\t\t\t\t07. Maggio 2026 \t\t\t\t<br\/>\n -->\n\t\t\t\t\t\t\t\n\t\t\t\t11 Giugno 2026<br\/>\n\t\t\t\t\t \n<!-- \n\t\t\t\t\t\t\t\t\t11. Giugno 2026 \t\t\t\t<br\/>\n -->\n\t\t\t\t\t\t\t\n\t\t\t\t10 Settembre 2026<br\/>\n\t\t\t\t\t \n<!-- \n\t\t\t\t\t\t\t\t\t10. Settembre 2026 \t\t\t\t<br\/>\n -->\n\t\t\t\t\t<\/p>\n\t\t\n\t\t\t\n\t\n\t\t\t\t\n\t\t<a href=\"https:\/\/retina.ch\/it\/gruppi-di-parola\/dmle-bern\/\" class=\"btn\">Informazioni e date dei corsi<\/a>\n\t\n\t<\/div><!-- .entry-content -->\n\n\t<footer class=\"entry-footer\">\n\t\t\t<\/footer><!-- .entry-footer -->\n\n<\/article><!-- #post-4532 -->\n\n<article id=\"post-4022\" class=\"post-4022 gespraechsgruppen type-gespraechsgruppen status-publish hentry category-degenerazione-maculare-legata-alleta-dmle\">\n\n\t<div class=\"archive-icon\">\n\t<\/div>\n\t\n\t<a href=\"https:\/\/retina.ch\/it\/gruppi-di-parola\/dmle-coira\/\">\n\t<header class=\"entry-header\">\n\t\t<h2 class=\"entry-title\">Coira &#8211; Gruppo di parola DMLE<\/h2>\t<\/header><!-- .entry-header -->\n\t<a\/>\n\t\n\t<div class=\"entry-content\">\n\t\n\t<!-- Kurstag  -->\n\t\t\t\t\n\t\t\t\t<h3>Prossime date dei corsi<\/h3>\n\t\t<p>\n\t\t\t\t\t\t\t\t\t\t\t\t\t\n\t\t\t\t04 Maggio 2026<br\/>\n\t\t\t\t\t \n<!-- \n\t\t\t\t\t\t\t\t\t04. Maggio 2026 \t\t\t\t<br\/>\n -->\n\t\t\t\t\t\t\t\n\t\t\t\t01 Giugno 2026<br\/>\n\t\t\t\t\t \n<!-- \n\t\t\t\t\t\t\t\t\t01. Giugno 2026 \t\t\t\t<br\/>\n -->\n\t\t\t\t\t\t\t\n\t\t\t\t06 Luglio 2026<br\/>\n\t\t\t\t\t \n<!-- \n\t\t\t\t\t\t\t\t\t06. Luglio 2026 \t\t\t\t<br\/>\n -->\n\t\t\t\t\t<\/p>\n\t\t\n\t\t\t\n\t\n\t\t\t\t\n\t\t<a href=\"https:\/\/retina.ch\/it\/gruppi-di-parola\/dmle-coira\/\" class=\"btn\">Informazioni e date dei corsi<\/a>\n\t\n\t<\/div><!-- .entry-content -->\n\n\t<footer class=\"entry-footer\">\n\t\t\t<\/footer><!-- .entry-footer -->\n\n<\/article><!-- #post-4022 -->\n\n<article id=\"post-4533\" class=\"post-4533 gespraechsgruppen type-gespraechsgruppen status-publish hentry category-degenerazione-maculare-legata-alleta-dmle category-retinite-pigmentosa\">\n\n\t<div class=\"archive-icon\">\n\t<\/div>\n\t\n\t<a href=\"https:\/\/retina.ch\/it\/gruppi-di-parola\/dmle-rp-lugano\/\">\n\t<header class=\"entry-header\">\n\t\t<h2 class=\"entry-title\">Lugano &#8211; Gruppo di parola DMLE, RP e altre degenerazioni retiniche ereditarie<\/h2>\t<\/header><!-- .entry-header -->\n\t<a\/>\n\t\n\t<div class=\"entry-content\">\n\t\n\t<!-- Kurstag  -->\n\t\t\t\t\n\t\t\t\t<h3>Prossime date dei corsi<\/h3>\n\t\t<p>\n\t\t\t\t\t\t\t\t\t\t\t\t\t\n\t\t\t\t04 Maggio 2026<br\/>\n\t\t\t\t\t \n<!-- \n\t\t\t\t\t\t\t\t\t04. Maggio 2026 \t\t\t\t<br\/>\n -->\n\t\t\t\t\t\t\t\n\t\t\t\t15 Giugno 2026<br\/>\n\t\t\t\t\t \n<!-- \n\t\t\t\t\t\t\t\t\t15. Giugno 2026 \t\t\t\t<br\/>\n -->\n\t\t\t\t\t\t\t\n\t\t\t\t06 Luglio 2026<br\/>\n\t\t\t\t\t \n<!-- \n\t\t\t\t\t\t\t\t\t06. Luglio 2026 \t\t\t\t<br\/>\n -->\n\t\t\t\t\t<\/p>\n\t\t\n\t\t\t\n\t\n\t\t\t\t\n\t\t<a href=\"https:\/\/retina.ch\/it\/gruppi-di-parola\/dmle-rp-lugano\/\" class=\"btn\">Informazioni e date dei corsi<\/a>\n\t\n\t<\/div><!-- .entry-content -->\n\n\t<footer class=\"entry-footer\">\n\t\t\t<\/footer><!-- .entry-footer -->\n\n<\/article><!-- #post-4533 -->\n\n<article id=\"post-4534\" class=\"post-4534 gespraechsgruppen type-gespraechsgruppen status-publish hentry category-degenerazione-maculare-legata-alleta-dmle\">\n\n\t<div class=\"archive-icon\">\n\t<\/div>\n\t\n\t<a href=\"https:\/\/retina.ch\/it\/gruppi-di-parola\/dmle-luzern\/\">\n\t<header class=\"entry-header\">\n\t\t<h2 class=\"entry-title\">Lucerna &#8211; Gruppi di parola DMLE<\/h2>\t<\/header><!-- .entry-header -->\n\t<a\/>\n\t\n\t<div class=\"entry-content\">\n\t\n\t<!-- Kurstag  -->\n\t\t\t\t\n\t\t\t\t<h3>Prossime date dei corsi<\/h3>\n\t\t<p>\n\t\t\t\t\t\t\t\t\t\t\t\t\t\n\t\t\t\t11 Maggio 2026 <br\/>\n\t\t\t\t\t \n<!-- \n\t\t\t\t\t\t\t\t\t11. Maggio 2026  \t\t\t\t<br\/>\n -->\n\t\t\t\t\t\t\t\n\t\t\t\t08 Giugno 2026<br\/>\n\t\t\t\t\t \n<!-- \n\t\t\t\t\t\t\t\t\t08. Giugno 2026 \t\t\t\t<br\/>\n -->\n\t\t\t\t\t\t\t\n\t\t\t\t07 Settembre 2026<br\/>\n\t\t\t\t\t \n<!-- \n\t\t\t\t\t\t\t\t\t07. Settembre 2026 \t\t\t\t<br\/>\n -->\n\t\t\t\t\t<\/p>\n\t\t\n\t\t\t\n\t\n\t\t\t\t\n\t\t<a href=\"https:\/\/retina.ch\/it\/gruppi-di-parola\/dmle-luzern\/\" class=\"btn\">Informazioni e date dei corsi<\/a>\n\t\n\t<\/div><!-- .entry-content -->\n\n\t<footer class=\"entry-footer\">\n\t\t\t<\/footer><!-- .entry-footer -->\n\n<\/article><!-- #post-4534 -->\n\n<article id=\"post-4535\" class=\"post-4535 gespraechsgruppen type-gespraechsgruppen status-publish hentry category-degenerazione-maculare-legata-alleta-dmle\">\n\n\t<div class=\"archive-icon\">\n\t<\/div>\n\t\n\t<a href=\"https:\/\/retina.ch\/it\/gruppi-di-parola\/dmle-st-gallen\/\">\n\t<header class=\"entry-header\">\n\t\t<h2 class=\"entry-title\">San Gallo &#8211; Gruppo di parola DMLE<\/h2>\t<\/header><!-- .entry-header -->\n\t<a\/>\n\t\n\t<div class=\"entry-content\">\n\t\n\t<!-- Kurstag  -->\n\t\t\t\t\n\t\t\t\t<h3>Prossime date dei corsi<\/h3>\n\t\t<p>\n\t\t\t\t\t\t\t\t\t\t\t\t\t\n\t\t\t\t13 Maggio 2026 <br\/>\n\t\t\t\t\t \n<!-- \n\t\t\t\t\t\t\t\t\t13. Maggio 2026  \t\t\t\t<br\/>\n -->\n\t\t\t\t\t\t\t\n\t\t\t\t03 Giugno 2026<br\/>\n\t\t\t\t\t \n<!-- \n\t\t\t\t\t\t\t\t\t03. Giugno 2026 \t\t\t\t<br\/>\n -->\n\t\t\t\t\t\t\t\n\t\t\t\t09 Settembre 2026 <br\/>\n\t\t\t\t\t \n<!-- \n\t\t\t\t\t\t\t\t\t09. Settembre 2026  \t\t\t\t<br\/>\n -->\n\t\t\t\t\t<\/p>\n\t\t\n\t\t\t\n\t\n\t\t\t\t\n\t\t<a href=\"https:\/\/retina.ch\/it\/gruppi-di-parola\/dmle-st-gallen\/\" class=\"btn\">Informazioni e date dei corsi<\/a>\n\t\n\t<\/div><!-- .entry-content -->\n\n\t<footer class=\"entry-footer\">\n\t\t\t<\/footer><!-- .entry-footer -->\n\n<\/article><!-- #post-4535 -->\n\n<article id=\"post-4536\" class=\"post-4536 gespraechsgruppen type-gespraechsgruppen status-publish hentry category-degenerazione-maculare-legata-alleta-dmle\">\n\n\t<div class=\"archive-icon\">\n\t<\/div>\n\t\n\t<a href=\"https:\/\/retina.ch\/it\/gruppi-di-parola\/dmle-winterthur\/\">\n\t<header class=\"entry-header\">\n\t\t<h2 class=\"entry-title\">Winterthur &#8211; Gruppo di parola DMLE<\/h2>\t<\/header><!-- .entry-header -->\n\t<a\/>\n\t\n\t<div class=\"entry-content\">\n\t\n\t<!-- Kurstag  -->\n\t\t\t\t\n\t\t\t\t<h3>Prossime date dei corsi<\/h3>\n\t\t<p>\n\t\t\t\t\t\t\t\t\t\t\t\t\t\n\t\t\t\t04 Maggio 2026 <br\/>\n\t\t\t\t\t \n<!-- \n\t\t\t\t\t\t\t\t\t04. Maggio 2026  \t\t\t\t<br\/>\n -->\n\t\t\t\t\t\t\t\n\t\t\t\t01 Giugno 2026<br\/>\n\t\t\t\t\t \n<!-- \n\t\t\t\t\t\t\t\t\t01. Giugno 2026 \t\t\t\t<br\/>\n -->\n\t\t\t\t\t\t\t\n\t\t\t\t07 Settembre 2026<br\/>\n\t\t\t\t\t \n<!-- \n\t\t\t\t\t\t\t\t\t07. Settembre 2026 \t\t\t\t<br\/>\n -->\n\t\t\t\t\t<\/p>\n\t\t\n\t\t\t\n\t\n\t\t\t\t\n\t\t<a href=\"https:\/\/retina.ch\/it\/gruppi-di-parola\/dmle-winterthur\/\" class=\"btn\">Informazioni e date dei corsi<\/a>\n\t\n\t<\/div><!-- .entry-content -->\n\n\t<footer class=\"entry-footer\">\n\t\t\t<\/footer><!-- .entry-footer -->\n\n<\/article><!-- #post-4536 -->\n\n<article id=\"post-4537\" class=\"post-4537 gespraechsgruppen type-gespraechsgruppen status-publish hentry category-degenerazione-maculare-legata-alleta-dmle\">\n\n\t<div class=\"archive-icon\">\n\t<\/div>\n\t\n\t<a href=\"https:\/\/retina.ch\/it\/gruppi-di-parola\/dmle-zurigo\/\">\n\t<header class=\"entry-header\">\n\t\t<h2 class=\"entry-title\">Zurigo &#8211; Gruppi di parola DMLE<\/h2>\t<\/header><!-- .entry-header -->\n\t<a\/>\n\t\n\t<div class=\"entry-content\">\n\t\n\t<!-- Kurstag  -->\n\t\t\t\t\n\t\t\t\t<h3>Prossime date dei corsi<\/h3>\n\t\t<p>\n\t\t\t\t\t\t\t\t\t\t\t\t\t\n\t\t\t\t08 Maggio 2026 <br\/>\n\t\t\t\t\t \n<!-- \n\t\t\t\t\t\t\t\t\t08. Maggio 2026  \t\t\t\t<br\/>\n -->\n\t\t\t\t\t\t\t\n\t\t\t\t05 Giugno 2026<br\/>\n\t\t\t\t\t \n<!-- \n\t\t\t\t\t\t\t\t\t05. Giugno 2026 \t\t\t\t<br\/>\n -->\n\t\t\t\t\t\t\t\n\t\t\t\t11 Settembre 2026<br\/>\n\t\t\t\t\t \n<!-- \n\t\t\t\t\t\t\t\t\t11. Settembre 2026 \t\t\t\t<br\/>\n -->\n\t\t\t\t\t<\/p>\n\t\t\n\t\t\t\n\t\n\t\t\t\t\n\t\t<a href=\"https:\/\/retina.ch\/it\/gruppi-di-parola\/dmle-zurigo\/\" class=\"btn\">Informazioni e date dei corsi<\/a>\n\t\n\t<\/div><!-- .entry-content -->\n\n\t<footer class=\"entry-footer\">\n\t\t\t<\/footer><!-- .entry-footer -->\n\n<\/article><!-- #post-4537 -->\n\n<article id=\"post-4482\" class=\"post-4482 gespraechsgruppen type-gespraechsgruppen status-publish hentry category-degenerazione-maculare-legata-alleta-dmle category-retinite-pigmentosa\">\n\n\t<div class=\"archive-icon\">\n\t<\/div>\n\t\n\t<a href=\"https:\/\/retina.ch\/it\/gruppi-di-parola\/dmle-rp-lausanne\/\">\n\t<header class=\"entry-header\">\n\t\t<h2 class=\"entry-title\">Losanna &#8211; Gruppo di parola DMLE, RP e altre degenerazioni ereditarie della retina<\/h2>\t<\/header><!-- .entry-header -->\n\t<a\/>\n\t\n\t<div class=\"entry-content\">\n\t\n\t<!-- Kurstag  -->\n\t\t\t\t\n\t\t\t\t<h3>Prossime date dei corsi<\/h3>\n\t\t<p>\n\t\t\t\t\t\t\t\t\t\t\t\t\t\n\t\t\t\t26 Maggio 2026 <br\/>\n\t\t\t\t\t \n<!-- \n\t\t\t\t\t\t\t\t\t26. Maggio 2026  \t\t\t\t<br\/>\n -->\n\t\t\t\t\t\t\t\n\t\t\t\t16 Giugno 2026<br\/>\n\t\t\t\t\t \n<!-- \n\t\t\t\t\t\t\t\t\t16. Giugno 2026 \t\t\t\t<br\/>\n -->\n\t\t\t\t\t\t\t\n\t\t\t\t Luglio \/ agosto vacanze<br\/>\n\t\t\t\t\t \n<!-- \n\t\t\t\t\t\t\t\t\t Luglio \/ agosto vacanze\t\t\t\t\t\t\n\t\t\t\t<br\/>\n -->\n\t\t\t\t\t<\/p>\n\t\t\n\t\t\t\n\t\n\t\t\t\t\n\t\t<a href=\"https:\/\/retina.ch\/it\/gruppi-di-parola\/dmle-rp-lausanne\/\" class=\"btn\">Informazioni e date dei corsi<\/a>\n\t\n\t<\/div><!-- .entry-content -->\n\n\t<footer class=\"entry-footer\">\n\t\t\t<\/footer><!-- .entry-footer -->\n\n<\/article><!-- #post-4482 -->\n<div class=\"nav-links\"><span aria-current=\"page\" class=\"page-numbers current\">1<\/span>\n<a class=\"page-numbers\" href=\"https:\/\/retina.ch\/it\/wp-json\/wp\/v2\/netzhauterkrankungen\/10032\/page\/2\/\">2<\/a>\n<a class=\"next page-numbers\" href=\"https:\/\/retina.ch\/it\/wp-json\/wp\/v2\/netzhauterkrankungen\/10032\/page\/2\/\">Prossimo<\/a><\/div>        <\/div><!-- .flxbx -->\n        \n","protected":false},"excerpt":{"rendered":"<p>La degenerazione maculare legata all\u2019et\u00e0 (AMD) comporta vista offuscata, distorta o addirittura mancante al centro del campo di visione. Modifiche dovute all\u2019et\u00e0 nella zona della retina dalla massima acuit\u00e0 visiva, la cosiddetta macula, ne sono le cause.<\/p>\n","protected":false},"featured_media":0,"template":"","meta":{"_acf_changed":false,"inline_featured_image":false,"_FSMCFIC_featured_image_caption":"","_FSMCFIC_featured_image_nocaption":"","_FSMCFIC_featured_image_hide":"","footnotes":"","_links_to":"","_links_to_target":""},"categories":[57,56],"class_list":["post-10032","netzhauterkrankungen","type-netzhauterkrankungen","status-publish","hentry","category-degenerazione-maculare-legata-alleta-dmle","category-malattie"],"acf":[],"yoast_head":"<!-- This site is optimized with the Yoast SEO plugin v27.1.1 - https:\/\/yoast.com\/product\/yoast-seo-wordpress\/ -->\n<title>La degenerazione maculare legata all\u2019et\u00e0 AMD<\/title>\n<meta name=\"description\" content=\"Qui troverete informazioni sulla degenerazione maculare legata all&#039;et\u00e0 (AMD), i suoi sintomi, le cause, il trattamento e altro ancora.\" \/>\n<meta name=\"robots\" content=\"index, follow, max-snippet:-1, max-image-preview:large, max-video-preview:-1\" \/>\n<link rel=\"canonical\" href=\"https:\/\/retina.ch\/it\/malattie-della-retina\/dmle\/\" \/>\n<meta property=\"og:locale\" content=\"it_IT\" \/>\n<meta property=\"og:type\" content=\"article\" \/>\n<meta property=\"og:title\" content=\"La degenerazione maculare legata all\u2019et\u00e0 AMD\" \/>\n<meta property=\"og:description\" content=\"Qui troverete informazioni sulla degenerazione maculare legata all&#039;et\u00e0 (AMD), i suoi sintomi, le cause, il trattamento e altro ancora.\" \/>\n<meta property=\"og:url\" content=\"https:\/\/retina.ch\/it\/malattie-della-retina\/dmle\/\" \/>\n<meta property=\"og:site_name\" content=\"Retina Suisse\" \/>\n<meta property=\"article:publisher\" content=\"https:\/\/www.facebook.com\/retinasuisse\/\" \/>\n<meta property=\"article:modified_time\" content=\"2023-11-17T11:33:24+00:00\" \/>\n<meta property=\"og:image\" content=\"https:\/\/retina.ch\/wp-content\/uploads\/2021\/04\/retinasuisse-zentraler-gesichtsfeldausfall-mit-933x1400.jpg\" \/>\n<meta name=\"twitter:card\" content=\"summary_large_image\" \/>\n<meta name=\"twitter:label1\" content=\"Tempo di lettura stimato\" \/>\n\t<meta name=\"twitter:data1\" content=\"7 minuti\" \/>\n<script type=\"application\/ld+json\" class=\"yoast-schema-graph\">{\"@context\":\"https:\/\/schema.org\",\"@graph\":[{\"@type\":\"WebPage\",\"@id\":\"https:\/\/retina.ch\/it\/malattie-della-retina\/dmle\/\",\"url\":\"https:\/\/retina.ch\/it\/malattie-della-retina\/dmle\/\",\"name\":\"La degenerazione maculare legata all\u2019et\u00e0 AMD\",\"isPartOf\":{\"@id\":\"https:\/\/retina.ch\/it\/#website\"},\"primaryImageOfPage\":{\"@id\":\"https:\/\/retina.ch\/it\/malattie-della-retina\/dmle\/#primaryimage\"},\"image\":{\"@id\":\"https:\/\/retina.ch\/it\/malattie-della-retina\/dmle\/#primaryimage\"},\"thumbnailUrl\":\"https:\/\/retina.ch\/wp-content\/uploads\/2021\/04\/retinasuisse-zentraler-gesichtsfeldausfall-mit-933x1400.jpg\",\"datePublished\":\"2021-04-22T11:55:31+00:00\",\"dateModified\":\"2023-11-17T11:33:24+00:00\",\"description\":\"Qui troverete informazioni sulla degenerazione maculare legata all'et\u00e0 (AMD), i suoi sintomi, le cause, il trattamento e altro ancora.\",\"breadcrumb\":{\"@id\":\"https:\/\/retina.ch\/it\/malattie-della-retina\/dmle\/#breadcrumb\"},\"inLanguage\":\"it-IT\",\"potentialAction\":[{\"@type\":\"ReadAction\",\"target\":[\"https:\/\/retina.ch\/it\/malattie-della-retina\/dmle\/\"]}]},{\"@type\":\"ImageObject\",\"inLanguage\":\"it-IT\",\"@id\":\"https:\/\/retina.ch\/it\/malattie-della-retina\/dmle\/#primaryimage\",\"url\":\"https:\/\/retina.ch\/wp-content\/uploads\/2021\/04\/retinasuisse-zentraler-gesichtsfeldausfall-mit-933x1400.jpg\",\"contentUrl\":\"https:\/\/retina.ch\/wp-content\/uploads\/2021\/04\/retinasuisse-zentraler-gesichtsfeldausfall-mit-933x1400.jpg\"},{\"@type\":\"BreadcrumbList\",\"@id\":\"https:\/\/retina.ch\/it\/malattie-della-retina\/dmle\/#breadcrumb\",\"itemListElement\":[{\"@type\":\"ListItem\",\"position\":1,\"name\":\"Retina Suisse\",\"item\":\"https:\/\/retina.ch\/it\/\"},{\"@type\":\"ListItem\",\"position\":2,\"name\":\"La degenerazione maculare legata all\u2019et\u00e0 (AMD)\"}]},{\"@type\":\"WebSite\",\"@id\":\"https:\/\/retina.ch\/it\/#website\",\"url\":\"https:\/\/retina.ch\/it\/\",\"name\":\"Retina Suisse\",\"description\":\"Retina Suisse ist die Vereinigung von Patientinnen und Patienten mit Retinitis pigmentosa (RP), Makuladegeneration, Usher-Syndrom und anderen Erkrankungen des Augenhintergrundes.\",\"publisher\":{\"@id\":\"https:\/\/retina.ch\/it\/#organization\"},\"potentialAction\":[{\"@type\":\"SearchAction\",\"target\":{\"@type\":\"EntryPoint\",\"urlTemplate\":\"https:\/\/retina.ch\/it\/?s={search_term_string}\"},\"query-input\":{\"@type\":\"PropertyValueSpecification\",\"valueRequired\":true,\"valueName\":\"search_term_string\"}}],\"inLanguage\":\"it-IT\"},{\"@type\":\"Organization\",\"@id\":\"https:\/\/retina.ch\/it\/#organization\",\"name\":\"Retina Suisse\",\"url\":\"https:\/\/retina.ch\/it\/\",\"logo\":{\"@type\":\"ImageObject\",\"inLanguage\":\"it-IT\",\"@id\":\"https:\/\/retina.ch\/it\/#\/schema\/logo\/image\/\",\"url\":\"https:\/\/retina.ch\/wp-content\/uploads\/2020\/09\/retina-auge-typo.svg\",\"contentUrl\":\"https:\/\/retina.ch\/wp-content\/uploads\/2020\/09\/retina-auge-typo.svg\",\"width\":\"1024\",\"height\":\"1024\",\"caption\":\"Retina Suisse\"},\"image\":{\"@id\":\"https:\/\/retina.ch\/it\/#\/schema\/logo\/image\/\"},\"sameAs\":[\"https:\/\/www.facebook.com\/retinasuisse\/\"]}]}<\/script>\n<!-- \/ Yoast SEO plugin. -->","yoast_head_json":{"title":"La degenerazione maculare legata all\u2019et\u00e0 AMD","description":"Qui troverete informazioni sulla degenerazione maculare legata all'et\u00e0 (AMD), i suoi sintomi, le cause, il trattamento e altro ancora.","robots":{"index":"index","follow":"follow","max-snippet":"max-snippet:-1","max-image-preview":"max-image-preview:large","max-video-preview":"max-video-preview:-1"},"canonical":"https:\/\/retina.ch\/it\/malattie-della-retina\/dmle\/","og_locale":"it_IT","og_type":"article","og_title":"La degenerazione maculare legata all\u2019et\u00e0 AMD","og_description":"Qui troverete informazioni sulla degenerazione maculare legata all'et\u00e0 (AMD), i suoi sintomi, le cause, il trattamento e altro ancora.","og_url":"https:\/\/retina.ch\/it\/malattie-della-retina\/dmle\/","og_site_name":"Retina Suisse","article_publisher":"https:\/\/www.facebook.com\/retinasuisse\/","article_modified_time":"2023-11-17T11:33:24+00:00","og_image":[{"url":"https:\/\/retina.ch\/wp-content\/uploads\/2021\/04\/retinasuisse-zentraler-gesichtsfeldausfall-mit-933x1400.jpg","type":"","width":"","height":""}],"twitter_card":"summary_large_image","twitter_misc":{"Tempo di lettura stimato":"7 minuti"},"schema":{"@context":"https:\/\/schema.org","@graph":[{"@type":"WebPage","@id":"https:\/\/retina.ch\/it\/malattie-della-retina\/dmle\/","url":"https:\/\/retina.ch\/it\/malattie-della-retina\/dmle\/","name":"La degenerazione maculare legata all\u2019et\u00e0 AMD","isPartOf":{"@id":"https:\/\/retina.ch\/it\/#website"},"primaryImageOfPage":{"@id":"https:\/\/retina.ch\/it\/malattie-della-retina\/dmle\/#primaryimage"},"image":{"@id":"https:\/\/retina.ch\/it\/malattie-della-retina\/dmle\/#primaryimage"},"thumbnailUrl":"https:\/\/retina.ch\/wp-content\/uploads\/2021\/04\/retinasuisse-zentraler-gesichtsfeldausfall-mit-933x1400.jpg","datePublished":"2021-04-22T11:55:31+00:00","dateModified":"2023-11-17T11:33:24+00:00","description":"Qui troverete informazioni sulla degenerazione maculare legata all'et\u00e0 (AMD), i suoi sintomi, le cause, il trattamento e altro ancora.","breadcrumb":{"@id":"https:\/\/retina.ch\/it\/malattie-della-retina\/dmle\/#breadcrumb"},"inLanguage":"it-IT","potentialAction":[{"@type":"ReadAction","target":["https:\/\/retina.ch\/it\/malattie-della-retina\/dmle\/"]}]},{"@type":"ImageObject","inLanguage":"it-IT","@id":"https:\/\/retina.ch\/it\/malattie-della-retina\/dmle\/#primaryimage","url":"https:\/\/retina.ch\/wp-content\/uploads\/2021\/04\/retinasuisse-zentraler-gesichtsfeldausfall-mit-933x1400.jpg","contentUrl":"https:\/\/retina.ch\/wp-content\/uploads\/2021\/04\/retinasuisse-zentraler-gesichtsfeldausfall-mit-933x1400.jpg"},{"@type":"BreadcrumbList","@id":"https:\/\/retina.ch\/it\/malattie-della-retina\/dmle\/#breadcrumb","itemListElement":[{"@type":"ListItem","position":1,"name":"Retina Suisse","item":"https:\/\/retina.ch\/it\/"},{"@type":"ListItem","position":2,"name":"La degenerazione maculare legata all\u2019et\u00e0 (AMD)"}]},{"@type":"WebSite","@id":"https:\/\/retina.ch\/it\/#website","url":"https:\/\/retina.ch\/it\/","name":"Retina Suisse","description":"Retina Suisse ist die Vereinigung von Patientinnen und Patienten mit Retinitis pigmentosa (RP), Makuladegeneration, Usher-Syndrom und anderen Erkrankungen des Augenhintergrundes.","publisher":{"@id":"https:\/\/retina.ch\/it\/#organization"},"potentialAction":[{"@type":"SearchAction","target":{"@type":"EntryPoint","urlTemplate":"https:\/\/retina.ch\/it\/?s={search_term_string}"},"query-input":{"@type":"PropertyValueSpecification","valueRequired":true,"valueName":"search_term_string"}}],"inLanguage":"it-IT"},{"@type":"Organization","@id":"https:\/\/retina.ch\/it\/#organization","name":"Retina Suisse","url":"https:\/\/retina.ch\/it\/","logo":{"@type":"ImageObject","inLanguage":"it-IT","@id":"https:\/\/retina.ch\/it\/#\/schema\/logo\/image\/","url":"https:\/\/retina.ch\/wp-content\/uploads\/2020\/09\/retina-auge-typo.svg","contentUrl":"https:\/\/retina.ch\/wp-content\/uploads\/2020\/09\/retina-auge-typo.svg","width":"1024","height":"1024","caption":"Retina Suisse"},"image":{"@id":"https:\/\/retina.ch\/it\/#\/schema\/logo\/image\/"},"sameAs":["https:\/\/www.facebook.com\/retinasuisse\/"]}]}},"_links":{"self":[{"href":"https:\/\/retina.ch\/it\/wp-json\/wp\/v2\/netzhauterkrankungen\/10032","targetHints":{"allow":["GET"]}}],"collection":[{"href":"https:\/\/retina.ch\/it\/wp-json\/wp\/v2\/netzhauterkrankungen"}],"about":[{"href":"https:\/\/retina.ch\/it\/wp-json\/wp\/v2\/types\/netzhauterkrankungen"}],"version-history":[{"count":33,"href":"https:\/\/retina.ch\/it\/wp-json\/wp\/v2\/netzhauterkrankungen\/10032\/revisions"}],"predecessor-version":[{"id":14097,"href":"https:\/\/retina.ch\/it\/wp-json\/wp\/v2\/netzhauterkrankungen\/10032\/revisions\/14097"}],"wp:attachment":[{"href":"https:\/\/retina.ch\/it\/wp-json\/wp\/v2\/media?parent=10032"}],"wp:term":[{"taxonomy":"category","embeddable":true,"href":"https:\/\/retina.ch\/it\/wp-json\/wp\/v2\/categories?post=10032"}],"curies":[{"name":"wp","href":"https:\/\/api.w.org\/{rel}","templated":true}]}}