{"id":14089,"date":"2024-01-25T15:31:30","date_gmt":"2024-01-25T14:31:30","guid":{"rendered":"https:\/\/retina.ch\/?post_type=netzhauterkrankungen&#038;p=14089"},"modified":"2024-08-19T13:28:58","modified_gmt":"2024-08-19T11:28:58","slug":"distacco-della-retina","status":"publish","type":"netzhauterkrankungen","link":"https:\/\/retina.ch\/it\/malattie-della-retina\/distacco-della-retina\/","title":{"rendered":"Distacco della retina"},"content":{"rendered":"\n<p>La retina \u00e8 lo strato di tessuto fotosensibile situato nella parte posteriore dell\u2019occhio. Le sue cellule  nervose sensibili alla luce (fotorecettori: da foto = luce e recipere = ricevere) convertono i segnali luminosi in impulsi nervosi. Questi ultimi vengono trasmessi al cervello, dove si crea poi l\u2019immagine corrispondente.<\/p>\n\n\n\n<p>In presenza di un distacco della retina, gli strati della retina contenenti le cellule nervose si separano dallo strato pigmentoso (epitelio pigmentato retinico) sottostante e dalla coroide con i suoi vasi sanguigni. Cos\u00ec viene a mancare l\u2019apporto di ossigeno e nutrienti allo strato contenente le cellule nervose. Se il distacco della retina non viene trattato, i fotorecettori muoiono. Purtroppo l\u2019organismo non \u00e8 in grado di sostituire le cellule morte e di conseguenza nell\u2019area dove vi sono fotorecettori morti, la vista non sar\u00e0 pi\u00f9 possibile. La perdita della vista pu\u00f2 risultare persistente e, nel peggiore dei casi, progredire fino alla cecit\u00e0 dell\u2019occhio colpito. Ecco perch\u00e9 una diagnosi e un trattamento rapidi sono fondamentali.<\/p>\n\n\n\n<hr class=\"wp-block-separator has-alpha-channel-opacity\"\/>\n\n\n\n<h2 class=\"wp-block-heading\">I sintomi del distacco della retina<\/h2>\n\n\n\n<p>I segni di un distacco della retina non devono necessariamente essere drammatici, possono rimanere poco evidenti. Sintomi tipici sono:<\/p>\n\n\n\n<ul class=\"wp-block-list\">\n<li>un numero significativamente maggiore di <strong>miodesopsia <\/strong>(le cosiddette \u00abmosche volanti\u00bb: addensamenti del corpo vitreo che proiettano ombre sul campo visivo, soprattutto davanti a sfondi luminosi);<\/li>\n\n\n\n<li><strong>lampi di luce<\/strong> (in genere quando ci si muove o al buio), a volte sfarfallio luminoso;<\/li>\n\n\n\n<li><strong>comparsa e diffusione di \u00absipari\u00bb o \u00abveli\u00bb scuri<\/strong>: le aree scure si estendono dal basso verso l\u2019alto o viceversa; il difetto inizia dal bordo esterno del campo visivo e progredisce verso il centro;<\/li>\n\n\n\n<li><strong>pioggia di fuliggine<\/strong> (centinaia e migliaia di punti neri che si muovono nel campo visivo);<\/li>\n\n\n\n<li>se \u00e8 interessata la fovea, <strong>perdita dell\u2019acutezza visiva<\/strong> al centro dell\u2019immagine.<\/li>\n<\/ul>\n\n\n<div class=\"wp-block-image is-style-rounded\">\n<figure class=\"aligncenter size-large is-resized\"><img loading=\"lazy\" decoding=\"async\" width=\"1400\" height=\"875\" src=\"https:\/\/retina.ch\/wp-content\/uploads\/2024\/01\/mouches-volantes-und-russregen-1400x875.jpg\" alt=\"Immagine di un centro storico con case e un grande albero in primo piano. Macchie nere e opacit\u00e0 filiformi si muovono nell'campo visivo rendendo la vista difficile.\" class=\"wp-image-15319\" style=\"width:900px\" srcset=\"https:\/\/retina.ch\/wp-content\/uploads\/2024\/01\/mouches-volantes-und-russregen-1400x875.jpg 1400w, https:\/\/retina.ch\/wp-content\/uploads\/2024\/01\/mouches-volantes-und-russregen-400x250.jpg 400w, https:\/\/retina.ch\/wp-content\/uploads\/2024\/01\/mouches-volantes-und-russregen-500x313.jpg 500w, https:\/\/retina.ch\/wp-content\/uploads\/2024\/01\/mouches-volantes-und-russregen-768x480.jpg 768w, https:\/\/retina.ch\/wp-content\/uploads\/2024\/01\/mouches-volantes-und-russregen-1536x960.jpg 1536w, https:\/\/retina.ch\/wp-content\/uploads\/2024\/01\/mouches-volantes-und-russregen-2048x1280.jpg 2048w, https:\/\/retina.ch\/wp-content\/uploads\/2024\/01\/mouches-volantes-und-russregen-800x500.jpg 800w, https:\/\/retina.ch\/wp-content\/uploads\/2024\/01\/mouches-volantes-und-russregen-1280x800.jpg 1280w, https:\/\/retina.ch\/wp-content\/uploads\/2024\/01\/mouches-volantes-und-russregen-1920x1200.jpg 1920w\" sizes=\"auto, (max-width: 1400px) 100vw, 1400px\" \/><figcaption class=\"wp-element-caption\">Pioggia di fuliggine (macchie nere) e mosche voltanti (opacit\u00e0 filiformi)<\/figcaption><\/figure>\n<\/div>\n\n\n<p>Dolori, occhi rossi, lacrime o sensibilit\u00e0 all\u2019abbagliamento <strong>non <\/strong>fanno parte del quadro clinico.<\/p>\n\n\n\n<p>I lampi di luce e l\u2019aumento della fastidiosa miodesopsia sono <strong>segnali di allarme<\/strong>. Possono essere dovuti a forme preliminari di un distacco della retina, ancora facilmente trattabili. Per questo motivo la loro causa andrebbe chiarita entro 24 ore da una\/o specialista in oftalmologia. In caso di pioggia di fuliggine, \u00e8 necessario fissare un appuntamento per la visita il giorno stesso, poich\u00e9 potrebbe essere dovuta alla presenza di un\u2019emorragia nel corpo vitreo.<\/p>\n\n\n\n<p>Le limitazioni del campo visivo possono progredire in modo lento e inosservato oppure raggiungere rapidamente il centro del campo visivo.<\/p>\n\n\n\n<p><strong>Anche la perdita dell\u2019acutezza visiva e la distorsione della vista sono segnali d\u2019allarme da prendere sul serio: infatti sussiste il rischio di perdere la vista in modo irreversibile. Questi segnali devono essere chiariti immediatamente da un\u2019oftalmologa o un oftalmologo.<\/strong><\/p>\n\n\n\n<hr class=\"wp-block-separator has-alpha-channel-opacity\"\/>\n\n\n\n<h2 class=\"wp-block-heading\">Prevenzione<\/h2>\n\n\n\n<p>Lo screening non pu\u00f2 prevedere in modo affidabile il rischio di distacco della retina. In circa tre casi su quattro, il distacco della retina si verifica in aree della retina precedentemente prive di qualsiasi segnale.<\/p>\n\n\n\n<p>La miopia aumenta il rischio di distacco della retina e di altre patologie retiniche. Pertanto, \u00e8 auspicabile rallentare il pi\u00f9 possibile la progressione della miopia gi\u00e0 nell\u2019infanzia. Trascorrere molto tempo all\u2019aria aperta (2 ore al giorno) e limitare il lavoro con visuale in primo piano possono contribuire quale affetto preventivo. Esistono anche diverse misure mediche o ottiche che mostrano un\u2019influenza positiva.<\/p>\n\n\n\n<p>Se il distacco della retina si \u00e8 verificato in un occhio, \u00e8 necessario tenere sotto controllo anche l\u2019altro occhio, poich\u00e9 nel 6-10% dei casi il distacco si verifica anche nel secondo occhio.<\/p>\n\n\n\n<hr class=\"wp-block-separator has-alpha-channel-opacity\"\/>\n\n\n\n<h2 class=\"wp-block-heading\">Che cosa si pu\u00f2 fare?<\/h2>\n\n\n\n<h3 class=\"wp-block-heading\" id=\"terapie\">Terapie mediche<\/h3>\n\n\n\n<p>Se si osserva il \u00absipario\u00bb descritto, fissare un appuntamento con l\u2019oftalmologa\/o il giorno stesso, entro 24 ore se si osservano lampi di luce o \u00abpioggia di fuliggine\u00bb, oppure se la visione \u00e8 distorta o sfocata. Se la retina si \u00e8 effettivamente staccata, un trattamento rapido pu\u00f2 salvare le cellule nervose e prevenire la perdita irreversibile della vista. Anche se a volte il trattamento pu\u00f2 avvenire pi\u00f9 tardi, la procedura di visita e chiarimento dovrebbe avvenire il prima possibile.<\/p>\n\n\n\n<p>Il tipo di distacco della retina influisce sulla scelta del trattamento. Inoltre, si tiene conto di altri fattori, per esempio precedenti interventi chirurgici agli occhi. Se necessario, vengono combinate diverse opzioni di trattamento. Per saperne di pi\u00f9, consultate la nostra brochure informativa sul \u201c<a href=\"\/it?page_id=2216\">Distacco della retina<\/a>\u201c.<\/p>\n\n\n\n<h3 class=\"wp-block-heading\">Consulenza e mezzi ausiliari<\/h3>\n\n\n\n<p>Non in tutti i casi la vista pu\u00f2 essere ripristinata completamente, anche se si reagisce rapidamente e con gli interventi adeguati. In circa un caso su dieci, questo obiettivo non pu\u00f2 essere raggiunto con il primo intervento, e in rari casi la vista rimane ridotta anche a seguito di ulteriori interventi. Una vasta scelta di mezzi ausiliari permette di sfruttare al meglio la capacit\u00e0 visiva presente. Nella consulenza per bassa visione (low vison) si possono apprendere modi e maniere per rendere pi\u00f9 agevole la vita quotidiana. In breve: consulenza, riabilitazione e mezzi ausiliari quali ausili per l\u2019ingrandimento, con e senza illuminazione, elettrodomestici e apparecchi \u00abparlanti\u00bb, sintesi vocale e quant\u2019altro.<\/p>\n\n\n\n<p><strong>Le professioniste e i professionisti dei centri di consulenza<\/strong> mettono a disposizione delle persone colpite una vasta quantit\u00e0 di conoscenze. Possono chiarire le esigenze individuali, discutere insieme le opzioni e rispondere a domande sull\u2019organizzazione della postazione di lavoro, sulle assicurazioni sociali (AI \/ AVS), sulle questioni finanziare, sull\u2019autonomia o sulla mobilit\u00e0.<\/p>\n\n\n\n<p>Anche lo <strong>scambio con altre persone colpite<\/strong> (per esempio nei gruppi di parola) costituisce un\u2019esperienza preziosa. Per ulteriori informazioni su questa e altre offerte, contattare Retina Suisse.<\/p>\n\n\n\n<div class=\"wp-block-columns icon-block is-layout-flex wp-container-core-columns-is-layout-9d6595d7 wp-block-columns-is-layout-flex\">\n<div class=\"wp-block-column is-layout-flow wp-block-column-is-layout-flow\"><span class='maxbutton-6-container mb-container'><a class=\"maxbutton-6 maxbutton maxbutton-beratung-anmelden\" title=\"Pers\u00f6nliche Beratung Anmelden\" href=\"\/beratungen\/individuelle-beratung\/\" data-maxbuttoncounter=\"{&quot;button_id&quot;:&quot;6&quot;,&quot;url&quot;:&quot;\\\/beratungen\\\/individuelle-beratung\\\/&quot;,&quot;check&quot;:&quot;bWuaKQZn&quot;}\" data-maxbuttonpage=\"{&quot;id&quot;:14089,&quot;type&quot;:&quot;netzhauterkrankungen&quot;}\"><span class=\"mb-icon\"><img loading=\"lazy\" decoding=\"async\" class=\"mb-img\" src=\"https:\/\/retina.ch\/wp-content\/uploads\/2020\/10\/icon-comments-black-400x356.png\" title=\"icon-comments-black\" width=\"400\" height=\"356\"   border=\"0\" \/><\/span><span class=\"mb-icon-hover\"><img loading=\"lazy\" decoding=\"async\" class=\"mb-img-hover\" src=\"https:\/\/retina.ch\/wp-content\/uploads\/2020\/10\/icon-comments-yellow-400x356.png\" title=\"icon-comments-black\" width=\"576\" height=\"512\"   border=\"0\" \/><\/span><span class='mb-text' >Annunciarsi per<\/span><span class=\"mb-text2\"  >una consulenza<\/span><\/a><\/span>\n<\/div>\n\n\n\n<div class=\"wp-block-column is-layout-flow wp-block-column-is-layout-flow\"><span class='maxbutton-7-container mb-container'><a class=\"maxbutton-7 maxbutton maxbutton-kontakt\" title=\"Retina Suisse Kontakt\" href=\"\/kontakt\/\" data-maxbuttoncounter=\"{&quot;button_id&quot;:&quot;7&quot;,&quot;url&quot;:&quot;\\\/kontakt\\\/&quot;,&quot;check&quot;:&quot;Ot5xIOiH&quot;}\" data-maxbuttonpage=\"{&quot;id&quot;:14089,&quot;type&quot;:&quot;netzhauterkrankungen&quot;}\"><span class=\"mb-icon\"><img loading=\"lazy\" decoding=\"async\" class=\"mb-img\" src=\"https:\/\/retina.ch\/wp-content\/uploads\/2020\/10\/icon-phone-black-400x400.png\" title=\"icon-phone-black\" width=\"400\" height=\"400\"   border=\"0\" \/><\/span><span class=\"mb-icon-hover\"><img loading=\"lazy\" decoding=\"async\" class=\"mb-img-hover\" src=\"https:\/\/retina.ch\/wp-content\/uploads\/2020\/10\/icon-phone-yellow-400x400.png\" title=\"icon-phone-black\" width=\"512\" height=\"512\"   border=\"0\" \/><\/span><span class='mb-text' >Retina Suisse<\/span><span class=\"mb-text2\"  >Contatto<\/span><\/a><\/span>\n<\/div>\n\n\n\n<div class=\"wp-block-column is-layout-flow wp-block-column-is-layout-flow\"><span class='maxbutton-3-container mb-container'><a class=\"maxbutton-3 maxbutton maxbutton-retina-suisse-mitgliedschaft\" title=\"Retina Suisse Mitgliedschaft\" href=\"\/mitgliedschaft\/\" data-maxbuttoncounter=\"{&quot;button_id&quot;:&quot;3&quot;,&quot;url&quot;:&quot;\\\/mitgliedschaft\\\/&quot;,&quot;check&quot;:&quot;Rweb1zDP&quot;}\" data-maxbuttonpage=\"{&quot;id&quot;:14089,&quot;type&quot;:&quot;netzhauterkrankungen&quot;}\"><span class=\"mb-icon\"><img loading=\"lazy\" decoding=\"async\" class=\"mb-img\" src=\"https:\/\/retina.ch\/wp-content\/uploads\/2020\/10\/icon-users.png\" title=\"icon-users\" width=\"640\" height=\"512\"   border=\"0\" \/><\/span><span class=\"mb-icon-hover\"><img loading=\"lazy\" decoding=\"async\" class=\"mb-img-hover\" src=\"https:\/\/retina.ch\/wp-content\/uploads\/2020\/10\/icon-users-yellow.png\" title=\"icon-users\" width=\"640\" height=\"512\"   border=\"0\" \/><\/span><span class='mb-text' >Iscrizione<\/span><span class=\"mb-text2\"  >Retina Suisse<\/span><\/a><\/span>\n<\/div>\n<\/div>\n","protected":false},"excerpt":{"rendered":"<p>In presenza di un distacco della retina, gli strati della retina contenenti le cellule nervose si separano dallo strato pigmentoso (epitelio pigmentato retinico) sottostante e dalla coroide con i suoi vasi sanguigni. Cos\u00ec viene a mancare l\u2019apporto di ossigeno e nutrienti allo strato contenente le cellule nervose. La perdita della vista pu\u00f2 risultare persistente e, nel peggiore dei casi, progredire fino alla cecit\u00e0 dell\u2019occhio colpito. Ecco perch\u00e9 una diagnosi e un trattamento rapidi sono fondamentali.<\/p>\n","protected":false},"featured_media":0,"template":"","meta":{"_acf_changed":false,"inline_featured_image":false,"_FSMCFIC_featured_image_caption":"","_FSMCFIC_featured_image_nocaption":"","_FSMCFIC_featured_image_hide":"","footnotes":"","_links_to":"","_links_to_target":""},"categories":[56],"class_list":["post-14089","netzhauterkrankungen","type-netzhauterkrankungen","status-publish","hentry","category-malattie"],"acf":[],"yoast_head":"<!-- This site is optimized with the Yoast SEO plugin v27.1.1 - https:\/\/yoast.com\/product\/yoast-seo-wordpress\/ -->\n<title>Distacco della retina &#8226; Retina Suisse<\/title>\n<meta name=\"description\" content=\"Qui troverete informazioni sulla distacco della retina, i suoi sintomi, la prevenzione, il trattamento e altro ancora.\" \/>\n<meta name=\"robots\" content=\"index, follow, max-snippet:-1, max-image-preview:large, max-video-preview:-1\" \/>\n<link rel=\"canonical\" href=\"https:\/\/retina.ch\/it\/malattie-della-retina\/distacco-della-retina\/\" \/>\n<meta property=\"og:locale\" content=\"it_IT\" \/>\n<meta property=\"og:type\" content=\"article\" \/>\n<meta property=\"og:title\" content=\"Distacco della retina &#8226; Retina Suisse\" \/>\n<meta property=\"og:description\" content=\"Qui troverete informazioni sulla distacco della retina, i suoi sintomi, la prevenzione, il trattamento e altro ancora.\" \/>\n<meta property=\"og:url\" content=\"https:\/\/retina.ch\/it\/malattie-della-retina\/distacco-della-retina\/\" \/>\n<meta property=\"og:site_name\" content=\"Retina Suisse\" \/>\n<meta property=\"article:publisher\" content=\"https:\/\/www.facebook.com\/retinasuisse\/\" \/>\n<meta property=\"article:modified_time\" content=\"2024-08-19T11:28:58+00:00\" \/>\n<meta property=\"og:image\" content=\"https:\/\/retina.ch\/wp-content\/uploads\/2024\/01\/mouches-volantes-und-russregen-1400x875.jpg\" \/>\n<meta name=\"twitter:card\" content=\"summary_large_image\" \/>\n<meta name=\"twitter:label1\" content=\"Tempo di lettura stimato\" \/>\n\t<meta name=\"twitter:data1\" content=\"6 minuti\" \/>\n<script type=\"application\/ld+json\" class=\"yoast-schema-graph\">{\"@context\":\"https:\/\/schema.org\",\"@graph\":[{\"@type\":\"WebPage\",\"@id\":\"https:\/\/retina.ch\/it\/malattie-della-retina\/distacco-della-retina\/\",\"url\":\"https:\/\/retina.ch\/it\/malattie-della-retina\/distacco-della-retina\/\",\"name\":\"Distacco della retina &#8226; Retina Suisse\",\"isPartOf\":{\"@id\":\"https:\/\/retina.ch\/it\/#website\"},\"primaryImageOfPage\":{\"@id\":\"https:\/\/retina.ch\/it\/malattie-della-retina\/distacco-della-retina\/#primaryimage\"},\"image\":{\"@id\":\"https:\/\/retina.ch\/it\/malattie-della-retina\/distacco-della-retina\/#primaryimage\"},\"thumbnailUrl\":\"https:\/\/retina.ch\/wp-content\/uploads\/2024\/01\/mouches-volantes-und-russregen-1400x875.jpg\",\"datePublished\":\"2024-01-25T14:31:30+00:00\",\"dateModified\":\"2024-08-19T11:28:58+00:00\",\"description\":\"Qui troverete informazioni sulla distacco della retina, i suoi sintomi, la prevenzione, il trattamento e altro ancora.\",\"breadcrumb\":{\"@id\":\"https:\/\/retina.ch\/it\/malattie-della-retina\/distacco-della-retina\/#breadcrumb\"},\"inLanguage\":\"it-IT\",\"potentialAction\":[{\"@type\":\"ReadAction\",\"target\":[\"https:\/\/retina.ch\/it\/malattie-della-retina\/distacco-della-retina\/\"]}]},{\"@type\":\"ImageObject\",\"inLanguage\":\"it-IT\",\"@id\":\"https:\/\/retina.ch\/it\/malattie-della-retina\/distacco-della-retina\/#primaryimage\",\"url\":\"https:\/\/retina.ch\/wp-content\/uploads\/2024\/01\/mouches-volantes-und-russregen-1400x875.jpg\",\"contentUrl\":\"https:\/\/retina.ch\/wp-content\/uploads\/2024\/01\/mouches-volantes-und-russregen-1400x875.jpg\"},{\"@type\":\"BreadcrumbList\",\"@id\":\"https:\/\/retina.ch\/it\/malattie-della-retina\/distacco-della-retina\/#breadcrumb\",\"itemListElement\":[{\"@type\":\"ListItem\",\"position\":1,\"name\":\"Retina Suisse\",\"item\":\"https:\/\/retina.ch\/it\/\"},{\"@type\":\"ListItem\",\"position\":2,\"name\":\"Distacco della retina\"}]},{\"@type\":\"WebSite\",\"@id\":\"https:\/\/retina.ch\/it\/#website\",\"url\":\"https:\/\/retina.ch\/it\/\",\"name\":\"Retina Suisse\",\"description\":\"Retina Suisse ist die Vereinigung von Patientinnen und Patienten mit Retinitis pigmentosa (RP), Makuladegeneration, Usher-Syndrom und anderen Erkrankungen des Augenhintergrundes.\",\"publisher\":{\"@id\":\"https:\/\/retina.ch\/it\/#organization\"},\"potentialAction\":[{\"@type\":\"SearchAction\",\"target\":{\"@type\":\"EntryPoint\",\"urlTemplate\":\"https:\/\/retina.ch\/it\/?s={search_term_string}\"},\"query-input\":{\"@type\":\"PropertyValueSpecification\",\"valueRequired\":true,\"valueName\":\"search_term_string\"}}],\"inLanguage\":\"it-IT\"},{\"@type\":\"Organization\",\"@id\":\"https:\/\/retina.ch\/it\/#organization\",\"name\":\"Retina Suisse\",\"url\":\"https:\/\/retina.ch\/it\/\",\"logo\":{\"@type\":\"ImageObject\",\"inLanguage\":\"it-IT\",\"@id\":\"https:\/\/retina.ch\/it\/#\/schema\/logo\/image\/\",\"url\":\"https:\/\/retina.ch\/wp-content\/uploads\/2020\/09\/retina-auge-typo.svg\",\"contentUrl\":\"https:\/\/retina.ch\/wp-content\/uploads\/2020\/09\/retina-auge-typo.svg\",\"width\":\"1024\",\"height\":\"1024\",\"caption\":\"Retina Suisse\"},\"image\":{\"@id\":\"https:\/\/retina.ch\/it\/#\/schema\/logo\/image\/\"},\"sameAs\":[\"https:\/\/www.facebook.com\/retinasuisse\/\"]}]}<\/script>\n<!-- \/ Yoast SEO plugin. -->","yoast_head_json":{"title":"Distacco della retina &#8226; Retina Suisse","description":"Qui troverete informazioni sulla distacco della retina, i suoi sintomi, la prevenzione, il trattamento e altro ancora.","robots":{"index":"index","follow":"follow","max-snippet":"max-snippet:-1","max-image-preview":"max-image-preview:large","max-video-preview":"max-video-preview:-1"},"canonical":"https:\/\/retina.ch\/it\/malattie-della-retina\/distacco-della-retina\/","og_locale":"it_IT","og_type":"article","og_title":"Distacco della retina &#8226; Retina Suisse","og_description":"Qui troverete informazioni sulla distacco della retina, i suoi sintomi, la prevenzione, il trattamento e altro ancora.","og_url":"https:\/\/retina.ch\/it\/malattie-della-retina\/distacco-della-retina\/","og_site_name":"Retina Suisse","article_publisher":"https:\/\/www.facebook.com\/retinasuisse\/","article_modified_time":"2024-08-19T11:28:58+00:00","og_image":[{"url":"https:\/\/retina.ch\/wp-content\/uploads\/2024\/01\/mouches-volantes-und-russregen-1400x875.jpg","type":"","width":"","height":""}],"twitter_card":"summary_large_image","twitter_misc":{"Tempo di lettura stimato":"6 minuti"},"schema":{"@context":"https:\/\/schema.org","@graph":[{"@type":"WebPage","@id":"https:\/\/retina.ch\/it\/malattie-della-retina\/distacco-della-retina\/","url":"https:\/\/retina.ch\/it\/malattie-della-retina\/distacco-della-retina\/","name":"Distacco della retina &#8226; Retina Suisse","isPartOf":{"@id":"https:\/\/retina.ch\/it\/#website"},"primaryImageOfPage":{"@id":"https:\/\/retina.ch\/it\/malattie-della-retina\/distacco-della-retina\/#primaryimage"},"image":{"@id":"https:\/\/retina.ch\/it\/malattie-della-retina\/distacco-della-retina\/#primaryimage"},"thumbnailUrl":"https:\/\/retina.ch\/wp-content\/uploads\/2024\/01\/mouches-volantes-und-russregen-1400x875.jpg","datePublished":"2024-01-25T14:31:30+00:00","dateModified":"2024-08-19T11:28:58+00:00","description":"Qui troverete informazioni sulla distacco della retina, i suoi sintomi, la prevenzione, il trattamento e altro ancora.","breadcrumb":{"@id":"https:\/\/retina.ch\/it\/malattie-della-retina\/distacco-della-retina\/#breadcrumb"},"inLanguage":"it-IT","potentialAction":[{"@type":"ReadAction","target":["https:\/\/retina.ch\/it\/malattie-della-retina\/distacco-della-retina\/"]}]},{"@type":"ImageObject","inLanguage":"it-IT","@id":"https:\/\/retina.ch\/it\/malattie-della-retina\/distacco-della-retina\/#primaryimage","url":"https:\/\/retina.ch\/wp-content\/uploads\/2024\/01\/mouches-volantes-und-russregen-1400x875.jpg","contentUrl":"https:\/\/retina.ch\/wp-content\/uploads\/2024\/01\/mouches-volantes-und-russregen-1400x875.jpg"},{"@type":"BreadcrumbList","@id":"https:\/\/retina.ch\/it\/malattie-della-retina\/distacco-della-retina\/#breadcrumb","itemListElement":[{"@type":"ListItem","position":1,"name":"Retina Suisse","item":"https:\/\/retina.ch\/it\/"},{"@type":"ListItem","position":2,"name":"Distacco della retina"}]},{"@type":"WebSite","@id":"https:\/\/retina.ch\/it\/#website","url":"https:\/\/retina.ch\/it\/","name":"Retina Suisse","description":"Retina Suisse ist die Vereinigung von Patientinnen und Patienten mit Retinitis pigmentosa (RP), Makuladegeneration, Usher-Syndrom und anderen Erkrankungen des Augenhintergrundes.","publisher":{"@id":"https:\/\/retina.ch\/it\/#organization"},"potentialAction":[{"@type":"SearchAction","target":{"@type":"EntryPoint","urlTemplate":"https:\/\/retina.ch\/it\/?s={search_term_string}"},"query-input":{"@type":"PropertyValueSpecification","valueRequired":true,"valueName":"search_term_string"}}],"inLanguage":"it-IT"},{"@type":"Organization","@id":"https:\/\/retina.ch\/it\/#organization","name":"Retina Suisse","url":"https:\/\/retina.ch\/it\/","logo":{"@type":"ImageObject","inLanguage":"it-IT","@id":"https:\/\/retina.ch\/it\/#\/schema\/logo\/image\/","url":"https:\/\/retina.ch\/wp-content\/uploads\/2020\/09\/retina-auge-typo.svg","contentUrl":"https:\/\/retina.ch\/wp-content\/uploads\/2020\/09\/retina-auge-typo.svg","width":"1024","height":"1024","caption":"Retina Suisse"},"image":{"@id":"https:\/\/retina.ch\/it\/#\/schema\/logo\/image\/"},"sameAs":["https:\/\/www.facebook.com\/retinasuisse\/"]}]}},"_links":{"self":[{"href":"https:\/\/retina.ch\/it\/wp-json\/wp\/v2\/netzhauterkrankungen\/14089","targetHints":{"allow":["GET"]}}],"collection":[{"href":"https:\/\/retina.ch\/it\/wp-json\/wp\/v2\/netzhauterkrankungen"}],"about":[{"href":"https:\/\/retina.ch\/it\/wp-json\/wp\/v2\/types\/netzhauterkrankungen"}],"version-history":[{"count":7,"href":"https:\/\/retina.ch\/it\/wp-json\/wp\/v2\/netzhauterkrankungen\/14089\/revisions"}],"predecessor-version":[{"id":18483,"href":"https:\/\/retina.ch\/it\/wp-json\/wp\/v2\/netzhauterkrankungen\/14089\/revisions\/18483"}],"wp:attachment":[{"href":"https:\/\/retina.ch\/it\/wp-json\/wp\/v2\/media?parent=14089"}],"wp:term":[{"taxonomy":"category","embeddable":true,"href":"https:\/\/retina.ch\/it\/wp-json\/wp\/v2\/categories?post=14089"}],"curies":[{"name":"wp","href":"https:\/\/api.w.org\/{rel}","templated":true}]}}