{"id":17868,"date":"2024-07-17T16:08:50","date_gmt":"2024-07-17T14:08:50","guid":{"rendered":"https:\/\/retina.ch\/?post_type=netzhauterkrankungen&#038;p=17868"},"modified":"2024-08-22T14:29:24","modified_gmt":"2024-08-22T12:29:24","slug":"miopia","status":"publish","type":"netzhauterkrankungen","link":"https:\/\/retina.ch\/it\/malattie-della-retina\/miopia\/","title":{"rendered":"Miopia"},"content":{"rendered":"\n<p>La miopia \u00e8 sempre pi\u00f9 diffusa. In presenza di una forma di <strong>miopia<\/strong>, la visione \u00e8 chiara e nitida a <strong>breve<\/strong> distanza, mentre in lontananza risulta sfocata. Sia la miopia normale che quella forte possono essere compensate completamente o perlomeno in gran parte indossando occhiali o lenti a contatto, mentre devono essere prese sul serio le conseguenze tardive di una miopia forte. Colpiscono circa una persona miope su dieci, di solito in et\u00e0 adulta avanzata. A causa degli effetti tardivi, \u00e8 importante cercare di prevenire lo sviluppo o la progressione della miopia il pi\u00f9 presto possibile, vale a dire gi\u00e0 durante l\u2019infanzia.<\/p>\n\n\n\n<p>Due misure si sono dimostrate oltremodo efficaci contro lo sviluppo della miopia o nella gestione di una miopia esistente:<\/p>\n\n\n\n<ul class=\"wp-block-list\">\n<li><strong>trascorrere almeno 2 ore al giorno alla luce del sole (all\u2019aria aperta),<\/strong><\/li>\n\n\n\n<li><strong>limitare sia il tempo davanti allo schermo che quello per svolgere attivit\u00e0 a distanza ravvicinata:<\/strong>\n<ul class=\"wp-block-list\">\n<li>secondo la regola del 20-20-20. Dopo 20 minuti trascorsi davanti allo schermo, guardate in lontananza (20 piedi = 6 metri) per 20 secondi.<\/li>\n\n\n\n<li>Quando si eseguono attivit\u00e0 a distanza ravvicinata, mantenere almeno una distanza di 20 cm e provvedere a una buona illuminazione.<\/li>\n<\/ul>\n<\/li>\n<\/ul>\n\n\n\n<p>Lo <strong>sviluppo <\/strong>della miopia pu\u00f2 iniziare gi\u00e0 a partire dal secondo anno di vita e la si pu\u00f2 anche diagnosticare, ma di solito il difetto visivo si nota solo quando la\/il bambina\/o inizia a frequentare la scuola. Le misure preventive dovrebbero essere applicate altrettanto presto.<\/p>\n\n\n\n<hr class=\"wp-block-separator has-alpha-channel-opacity\"\/>\n\n\n\n<h2 class=\"wp-block-heading\" id=\"miopia\">Che cosa significa \u00abmiopia\u00bb?<\/h2>\n\n\n\n<p>La miopia non \u00e8 una malattia, bens\u00ec \u00e8 causata da un bulbo oculare troppo lungo. Questa condizione comporta che il punto focale in cui i raggi luminosi convergono e dovrebbero dare origine a un\u2019immagine nitida si trova nella parte pi\u00f9 interna dell\u2019occhio (davanti alla retina). Tale problema si pu\u00f2 compensare con occhiali o lenti a contatto (con diottrie negative), che disperdono i raggi luminosi, in modo da<br>permettere una visione nitida a tutte le distanze. Le lenti con diottrie negative sono pi\u00f9 sottili al centro e pi\u00f9 spesse all\u2019esterno.<\/p>\n\n\n\n<p>L\u2019anomalia opposta \u00e8 la ipermetropia: le persone vedono molto bene in lontananza, ma possiedono una vista sfocata a distanza ravvicinata.<\/p>\n\n\n<div class=\"wp-block-image is-style-rounded\">\n<figure class=\"aligncenter size-large\"><img loading=\"lazy\" decoding=\"async\" width=\"1400\" height=\"411\" src=\"https:\/\/retina.ch\/wp-content\/uploads\/2024\/07\/normal-kurz-und-weitsichtigkeit-1400x411.jpg\" alt=\"Occhio normovedente, miope e ipermetrope\" class=\"wp-image-17971\" srcset=\"https:\/\/retina.ch\/wp-content\/uploads\/2024\/07\/normal-kurz-und-weitsichtigkeit-1400x411.jpg 1400w, https:\/\/retina.ch\/wp-content\/uploads\/2024\/07\/normal-kurz-und-weitsichtigkeit-400x118.jpg 400w, https:\/\/retina.ch\/wp-content\/uploads\/2024\/07\/normal-kurz-und-weitsichtigkeit-500x147.jpg 500w, https:\/\/retina.ch\/wp-content\/uploads\/2024\/07\/normal-kurz-und-weitsichtigkeit-768x226.jpg 768w, https:\/\/retina.ch\/wp-content\/uploads\/2024\/07\/normal-kurz-und-weitsichtigkeit-1536x451.jpg 1536w, https:\/\/retina.ch\/wp-content\/uploads\/2024\/07\/normal-kurz-und-weitsichtigkeit-800x235.jpg 800w, https:\/\/retina.ch\/wp-content\/uploads\/2024\/07\/normal-kurz-und-weitsichtigkeit-1280x376.jpg 1280w, https:\/\/retina.ch\/wp-content\/uploads\/2024\/07\/normal-kurz-und-weitsichtigkeit-1920x564.jpg 1920w, https:\/\/retina.ch\/wp-content\/uploads\/2024\/07\/normal-kurz-und-weitsichtigkeit.jpg 1994w\" sizes=\"auto, (max-width: 1400px) 100vw, 1400px\" \/><figcaption class=\"wp-element-caption\">Differenza tra visione normale, miopia e presbiopia: Nell\u2019occhio sano (a sinistra), il punto focale si trova sulla retina. Nell\u2019occhio miope (al centro), invece, si trova davanti alla retina e nell\u2019occhio ipermetrope (a destra) dietro la retina.<\/figcaption><\/figure>\n<\/div>\n\n\n<div style=\"height:100px\" aria-hidden=\"true\" class=\"wp-block-spacer\"><\/div>\n\n\n\n<h3 class=\"wp-block-heading\">Forte miopia<\/h3>\n\n\n\n<p>Fino a 6 diottrie negative si parla di <strong>miopia semplice<\/strong>, dopo di <strong>miopia forte<\/strong>. Quest\u2019ultima aumenta il rischio che nel corso dei decenni insorgano problemi alla retina che non si riescono pi\u00f9 a compensare con occhiali o lenti a contatto. Allungando il bulbo oculare, si tende l\u2019occhio. La sclera tesa dell\u2019occhio pu\u00f2 in singoli punti presentare una tensione eccessiva, la quale causa un rigonfiamento. Ci\u00f2 mette a  rischio anche la retina, che si trova sopra quest\u2019area, perch\u00e9 anch\u2019essa pu\u00f2 tendersi eccessivamente.<\/p>\n\n\n\n<hr class=\"wp-block-separator has-alpha-channel-opacity\"\/>\n\n\n\n<h2 class=\"wp-block-heading\" id=\"prevenzione\">Prevenzione<\/h2>\n\n\n\n<p>I bambini di tutte le et\u00e0 dovrebbero trascorrere almeno una o due ore al giorno all\u2019aperto, alla luce del sole. Ci\u00f2 ha un impatto positivo anche su molti altri aspetti importanti del loro sviluppo.<\/p>\n\n\n\n<p>Un altro influsso molto importante \u00e8 quello delle attivit\u00e0 che richiedono una visione ravvicinata. Oggi bambini sempre pi\u00f9 piccoli sono esposti a impressioni visive ravvicinate, per periodi di tempo sempre pi\u00f9 lunghi. Un\u2019attivit\u00e0 intensa e prolungata da vicino danno all\u2019occhio il segnale che la distanza ravvicinata \u00e8 quella pi\u00f9 importante, in base alla quale deve \u00abregolarsi\u00bb. Oftalmologhe e oftalmologi consigliano di evitare che i bambini molto piccoli siano confrontati con telefoni cellulari o dispositivi simili. Pause regolari in cui la\/il bambina\/o guarda in lontananza sono importanti. Molti esperti raccomandano di adottare la regola del 20-20-20 durante le attivit\u00e0 con visione ravvicinata: dopo 20 minuti di attivit\u00e0 ravvicinata, guardare in lontananza (20 piedi = 6 metri) per almeno 20 secondi.<\/p>\n\n\n<div class=\"wp-block-image is-style-rounded\">\n<figure class=\"aligncenter size-large is-resized\"><img loading=\"lazy\" decoding=\"async\" width=\"1400\" height=\"935\" src=\"https:\/\/retina.ch\/wp-content\/uploads\/2024\/07\/olivia-bauso-vqlyz0cpvfm-unsplash-1400x935.jpg\" alt=\"Bambina con capelli castani crespi sull'altalena\" class=\"wp-image-17974\" style=\"width:800px\" srcset=\"https:\/\/retina.ch\/wp-content\/uploads\/2024\/07\/olivia-bauso-vqlyz0cpvfm-unsplash-1400x935.jpg 1400w, https:\/\/retina.ch\/wp-content\/uploads\/2024\/07\/olivia-bauso-vqlyz0cpvfm-unsplash-400x267.jpg 400w, https:\/\/retina.ch\/wp-content\/uploads\/2024\/07\/olivia-bauso-vqlyz0cpvfm-unsplash-500x334.jpg 500w, https:\/\/retina.ch\/wp-content\/uploads\/2024\/07\/olivia-bauso-vqlyz0cpvfm-unsplash-768x513.jpg 768w, https:\/\/retina.ch\/wp-content\/uploads\/2024\/07\/olivia-bauso-vqlyz0cpvfm-unsplash-1536x1025.jpg 1536w, https:\/\/retina.ch\/wp-content\/uploads\/2024\/07\/olivia-bauso-vqlyz0cpvfm-unsplash-2048x1367.jpg 2048w, https:\/\/retina.ch\/wp-content\/uploads\/2024\/07\/olivia-bauso-vqlyz0cpvfm-unsplash-800x534.jpg 800w, https:\/\/retina.ch\/wp-content\/uploads\/2024\/07\/olivia-bauso-vqlyz0cpvfm-unsplash-1280x854.jpg 1280w, https:\/\/retina.ch\/wp-content\/uploads\/2024\/07\/olivia-bauso-vqlyz0cpvfm-unsplash-1920x1282.jpg 1920w\" sizes=\"auto, (max-width: 1400px) 100vw, 1400px\" \/><figcaption class=\"wp-element-caption\">Foto: Olivia Bauso (Unsplash)<\/figcaption><\/figure>\n<\/div>\n\n\n<p>Da decenni si discute del ruolo attribuibile a una scarsa illuminazione. Studi condotti in Asia mostrano che  aule ben illuminate comportano una minore miopia.<\/p>\n\n\n\n<p>Un primo esame pu\u00f2 essere effettuato gi\u00e0 in et\u00e0 di scuola materna. Ci\u00f2 permette di valutare se esiste una predisposizione alla miopia e quanto coerentemente devono essere rispettate le misure preventive.<\/p>\n\n\n\n<hr class=\"wp-block-separator has-alpha-channel-opacity\"\/>\n\n\n\n<h2 class=\"wp-block-heading\" id=\"trattamento\">Trattamento<\/h2>\n\n\n\n<h3 class=\"wp-block-heading\">Compensazione del difetto visivo<\/h3>\n\n\n\n<p>Il modo pi\u00f9 semplice per correggere questo problema sono gli <strong>occhiali<\/strong>. \u00c8 disponibile un\u2019ampia scelta di modelli leggeri e robusti per bambine e bambini. Se possibile, devono essere portati sempre e tutti i giorni: una sottocorrezione tende ad accelerare la progressione della miopia.<\/p>\n\n\n\n<p>Anche i bambini possono imparare a gestire le<strong> lenti a contatto<\/strong>. Tuttavia, attenzione all\u2019igiene che \u00e8 molto importante!<\/p>\n\n\n\n<p>La <strong>correzione con il laser<\/strong> \u00e8 un\u2019opzione solo quando la crescita dell\u2019occhio \u00e8 completa. Si tratta di asportare una parte della cornea in modo da modificarne il valore di rifrazione. Le esperte e gli esperti possono anche correggere l\u2019astigmatismo con il laser. In tale ambito, gli standard in Svizzera sono elevati e molte persone sono estremamente soddisfatte del risultato. Occorre tuttavia prendere in considerazione quanto segue:<\/p>\n\n\n\n<ol class=\"wp-block-list\">\n<li>Annotate i risultati della correzione con il laser, perch\u00e9 prima o poi dovrete probabilmente sottoporvi a un intervento di cataratta, e dovrete essere in grado di fare riferimento a questi valori (cosa \u00e8 stato operato esattamente, valore iniziale e valore finale) per poter scegliere il cristallino artificiale adatto.<\/li>\n\n\n\n<li>Di regola con gli occhiali si riesce a vedere al 100% senza ulteriori effetti collaterali. Essendo una procedura invasiva, il laser comporta sempre un certo rischio, per esempio per quanto riguarda infezioni, cicatrici o secchezza oculare. Tali rischi dipendono dal tipo di intervento. <strong>Occorre anche essere consapevoli che questo trattamento distrugge tessuto sano e assottiglia la cornea. Pi\u00f9 tardi, ci\u00f2 pu\u00f2 creare problemi<\/strong>, per esempio una diminuzione della sensibilit\u00e0 al contrasto.<\/li>\n\n\n\n<li>Poich\u00e9 la lunghezza assiale non viene modificata, i rischi di miopia rimangono invariati.<\/li>\n<\/ol>\n\n\n<div class=\"wp-block-image is-style-rounded\">\n<figure class=\"aligncenter size-large is-resized\"><img loading=\"lazy\" decoding=\"async\" width=\"1400\" height=\"934\" src=\"https:\/\/retina.ch\/wp-content\/uploads\/2024\/07\/david-travis-avvzjc0ynbq-unsplash-1400x934.jpg\" alt=\"La vista attraverso gli occhiali su una tavola per l'esame della vista. Solo attraverso le lenti si pu\u00f2 vedere chiaramente, tutto il resto \u00e8 sfocato.\" class=\"wp-image-17982\" style=\"width:800px\" srcset=\"https:\/\/retina.ch\/wp-content\/uploads\/2024\/07\/david-travis-avvzjc0ynbq-unsplash-1400x934.jpg 1400w, https:\/\/retina.ch\/wp-content\/uploads\/2024\/07\/david-travis-avvzjc0ynbq-unsplash-400x267.jpg 400w, https:\/\/retina.ch\/wp-content\/uploads\/2024\/07\/david-travis-avvzjc0ynbq-unsplash-500x333.jpg 500w, https:\/\/retina.ch\/wp-content\/uploads\/2024\/07\/david-travis-avvzjc0ynbq-unsplash-768x512.jpg 768w, https:\/\/retina.ch\/wp-content\/uploads\/2024\/07\/david-travis-avvzjc0ynbq-unsplash-1536x1024.jpg 1536w, https:\/\/retina.ch\/wp-content\/uploads\/2024\/07\/david-travis-avvzjc0ynbq-unsplash-2048x1366.jpg 2048w, https:\/\/retina.ch\/wp-content\/uploads\/2024\/07\/david-travis-avvzjc0ynbq-unsplash-800x534.jpg 800w, https:\/\/retina.ch\/wp-content\/uploads\/2024\/07\/david-travis-avvzjc0ynbq-unsplash-1280x854.jpg 1280w, https:\/\/retina.ch\/wp-content\/uploads\/2024\/07\/david-travis-avvzjc0ynbq-unsplash-1920x1281.jpg 1920w\" sizes=\"auto, (max-width: 1400px) 100vw, 1400px\" \/><figcaption class=\"wp-element-caption\">Foto: David Travis (Unsplash)<\/figcaption><\/figure>\n<\/div>\n\n\n<div style=\"height:100px\" aria-hidden=\"true\" class=\"wp-block-spacer\"><\/div>\n\n\n\n<h3 class=\"wp-block-heading\">Arresto della progressione<\/h3>\n\n\n\n<p>Esistono interventi correttivi che, oltre a correggere il difetto visivo, rallentano anche la progressione per prevenire nel limite del possibile lo sviluppo di una forte miopia. Ne fanno parte:<\/p>\n\n\n\n<ul class=\"wp-block-list\">\n<li>lenti a contatto morbide per il controllo della miopia;<\/li>\n\n\n\n<li>lenti a contatto notturne (ortocheratologia);<\/li>\n\n\n\n<li>speciali lenti per occhiali, per controllare la miopia;<\/li>\n\n\n\n<li>collirio a base di atropina.<\/li>\n<\/ul>\n\n\n\n<p>Per informazioni pi\u00f9 specifiche, consultare il nostro <a href=\"\/it?page_id=2216\">opuscolo<\/a>.<\/p>\n\n\n\n<hr class=\"wp-block-separator has-alpha-channel-opacity\"\/>\n\n\n\n<h2 class=\"wp-block-heading\" id=\"conseguenze\">Possibili conseguenze a lungo termine<\/h2>\n\n\n\n<p>Le possibili conseguenze a lungo termine di un occhio \u00abeccessivamente lungo\u00bb sono:<\/p>\n\n\n\n<ul class=\"wp-block-list\">\n<li>glaucoma<\/li>\n\n\n\n<li>cataratta<\/li>\n\n\n\n<li><a href=\"\/it?p=14089\">distacco della retina<\/a> o fori sulla retina<\/li>\n\n\n\n<li>perdita di funzionalit\u00e0 della retina, soprattutto nel punto di massima acutezza visiva (macula)<\/li>\n\n\n\n<li>formazione di nuovi vasi sanguigni nella coroide.<\/li>\n<\/ul>\n\n\n\n<p>Le complicazioni di una forte miopia solitamente si manifestano solo in et\u00e0 avanzata. \u00c8 quindi consigliabile sottoporsi a controlli regolari.<\/p>\n\n\n\n<hr class=\"wp-block-separator has-alpha-channel-opacity\"\/>\n\n\n\n<h2 class=\"wp-block-heading\" id=\"consulenza\">Consulenza e mezzi ausiliari<\/h2>\n\n\n\n<p>Nella cura e nel trattamento delle\/dei bambine\/i miopi, ottici e oftalmologi lavorano spesso fianco a fianco. A partire dall\u2019adolescenza, l\u2019ottico solitamente diventa la prima persona di riferimento. A partire dall\u2019et\u00e0 di 50 anni, \u00e8 in ogni caso necessario effettuare regolari controlli oftalmologici, poich\u00e9 le complicazioni dovute al bulbo oculare allungato diventano pi\u00f9 frequenti.<\/p>\n\n\n\n<p>Dopo un <a href=\"\/it?p=14089\">distacco della retina<\/a> o altre alterazioni della retina riconducibili alla miopia, bisogna tenere in considerazione che la vista non pu\u00f2 sempre essere ripristinata completamente, nonostante una rapida reazione e interventi adeguati. Tuttavia, ci\u00f2 non significa che non vi siano aiuti. Una vasta scelta di mezzi ausiliari permette di sfruttare al meglio la capacit\u00e0 visiva presente. Nella <strong>consulenza per bassa vision<\/strong>e (low vison) si possono apprendere modi e maniere per rendere pi\u00f9 agevole la vita quotidiana. Si tratta di ausili come occhiali con filtri antiabbagliamento, ausili per l\u2019ingrandimento, lenti d\u2019ingrandimento illuminate, dispositivi \u00abparlanti\u00bb o software con uscita vocale e molto altro ancora.<\/p>\n\n\n\n<p>Le <strong>professioniste e i professionisti dei centri di consulenza<\/strong> mettono a disposizione delle persone colpite una vasta quantit\u00e0 di conoscenze. Possono chiarire le esigenze individuali, discutere insieme le opzioni e rispondere a domande sull\u2019organizzazione della postazione di lavoro, sulle assicurazioni sociali (AI \/ AVS), sulle questioni finanziare, sull\u2019autonomia o sulla mobilit\u00e0.<\/p>\n\n\n\n<p>Anche lo <strong><a href=\"\/it?page_id=2804\">scambio con altre persone colpite<\/a><\/strong> (p. es. nei gruppi di parola) costituisce un\u2019esperienza preziosa. Per ulteriori informazioni su questa e altre offerte, contattare Retina Suisse.<\/p>\n\n\n\n<div class=\"wp-block-columns icon-block is-layout-flex wp-container-core-columns-is-layout-9d6595d7 wp-block-columns-is-layout-flex\">\n<div class=\"wp-block-column is-layout-flow wp-block-column-is-layout-flow\"><span class='maxbutton-6-container mb-container'><a class=\"maxbutton-6 maxbutton maxbutton-beratung-anmelden\" title=\"Pers\u00f6nliche Beratung Anmelden\" href=\"\/beratungen\/individuelle-beratung\/\" data-maxbuttoncounter=\"{&quot;button_id&quot;:&quot;6&quot;,&quot;url&quot;:&quot;\\\/beratungen\\\/individuelle-beratung\\\/&quot;,&quot;check&quot;:&quot;bWuaKQZn&quot;}\" data-maxbuttonpage=\"{&quot;id&quot;:17868,&quot;type&quot;:&quot;netzhauterkrankungen&quot;}\"><span class=\"mb-icon\"><img loading=\"lazy\" decoding=\"async\" class=\"mb-img\" src=\"https:\/\/retina.ch\/wp-content\/uploads\/2020\/10\/icon-comments-black-400x356.png\" title=\"icon-comments-black\" width=\"400\" height=\"356\"   border=\"0\" \/><\/span><span class=\"mb-icon-hover\"><img loading=\"lazy\" decoding=\"async\" class=\"mb-img-hover\" src=\"https:\/\/retina.ch\/wp-content\/uploads\/2020\/10\/icon-comments-yellow-400x356.png\" title=\"icon-comments-black\" width=\"576\" height=\"512\"   border=\"0\" \/><\/span><span class='mb-text' >Annunciarsi per<\/span><span class=\"mb-text2\"  >una consulenza<\/span><\/a><\/span>\n<\/div>\n\n\n\n<div class=\"wp-block-column is-layout-flow wp-block-column-is-layout-flow\"><span class='maxbutton-7-container mb-container'><a class=\"maxbutton-7 maxbutton maxbutton-kontakt\" title=\"Retina Suisse Kontakt\" href=\"\/kontakt\/\" data-maxbuttoncounter=\"{&quot;button_id&quot;:&quot;7&quot;,&quot;url&quot;:&quot;\\\/kontakt\\\/&quot;,&quot;check&quot;:&quot;Ot5xIOiH&quot;}\" data-maxbuttonpage=\"{&quot;id&quot;:17868,&quot;type&quot;:&quot;netzhauterkrankungen&quot;}\"><span class=\"mb-icon\"><img loading=\"lazy\" decoding=\"async\" class=\"mb-img\" src=\"https:\/\/retina.ch\/wp-content\/uploads\/2020\/10\/icon-phone-black-400x400.png\" title=\"icon-phone-black\" width=\"400\" height=\"400\"   border=\"0\" \/><\/span><span class=\"mb-icon-hover\"><img loading=\"lazy\" decoding=\"async\" class=\"mb-img-hover\" src=\"https:\/\/retina.ch\/wp-content\/uploads\/2020\/10\/icon-phone-yellow-400x400.png\" title=\"icon-phone-black\" width=\"512\" height=\"512\"   border=\"0\" \/><\/span><span class='mb-text' >Retina Suisse<\/span><span class=\"mb-text2\"  >Contatto<\/span><\/a><\/span>\n<\/div>\n\n\n\n<div class=\"wp-block-column is-layout-flow wp-block-column-is-layout-flow\"><span class='maxbutton-3-container mb-container'><a class=\"maxbutton-3 maxbutton maxbutton-retina-suisse-mitgliedschaft\" title=\"Retina Suisse Mitgliedschaft\" href=\"\/mitgliedschaft\/\" data-maxbuttoncounter=\"{&quot;button_id&quot;:&quot;3&quot;,&quot;url&quot;:&quot;\\\/mitgliedschaft\\\/&quot;,&quot;check&quot;:&quot;Rweb1zDP&quot;}\" data-maxbuttonpage=\"{&quot;id&quot;:17868,&quot;type&quot;:&quot;netzhauterkrankungen&quot;}\"><span class=\"mb-icon\"><img loading=\"lazy\" decoding=\"async\" class=\"mb-img\" src=\"https:\/\/retina.ch\/wp-content\/uploads\/2020\/10\/icon-users.png\" title=\"icon-users\" width=\"640\" height=\"512\"   border=\"0\" \/><\/span><span class=\"mb-icon-hover\"><img loading=\"lazy\" decoding=\"async\" class=\"mb-img-hover\" src=\"https:\/\/retina.ch\/wp-content\/uploads\/2020\/10\/icon-users-yellow.png\" title=\"icon-users\" width=\"640\" height=\"512\"   border=\"0\" \/><\/span><span class='mb-text' >Iscrizione<\/span><span class=\"mb-text2\"  >Retina Suisse<\/span><\/a><\/span>\n<\/div>\n<\/div>\n","protected":false},"excerpt":{"rendered":"<p>In presenza di una forma di miopia, la visione \u00e8 chiara e nitida a breve distanza, mentre in lontananza risulta sfocata. Sia la miopia normale che quella forte possono essere compensate completamente o perlomeno in gran parte indossando occhiali o lenti a contatto, mentre devono essere prese sul serio le conseguenze tardive di una miopia accentuata.<\/p>\n","protected":false},"featured_media":0,"template":"","meta":{"_acf_changed":false,"inline_featured_image":false,"_FSMCFIC_featured_image_caption":"","_FSMCFIC_featured_image_nocaption":"","_FSMCFIC_featured_image_hide":"","footnotes":"","_links_to":"","_links_to_target":""},"categories":[43,56],"class_list":["post-17868","netzhauterkrankungen","type-netzhauterkrankungen","status-publish","hentry","category-erkrankungen","category-malattie"],"acf":[],"yoast_head":"<!-- This site is optimized with the Yoast SEO plugin v27.1.1 - https:\/\/yoast.com\/product\/yoast-seo-wordpress\/ -->\n<title>Miopia &#8226; Retina Suisse<\/title>\n<meta name=\"description\" content=\"Qui troverete informazioni sulla miopia semplice e forte, sulla sua prevenzione, sul suo trattamento e altro ancora.\" \/>\n<meta name=\"robots\" content=\"index, follow, max-snippet:-1, max-image-preview:large, max-video-preview:-1\" \/>\n<link rel=\"canonical\" href=\"https:\/\/retina.ch\/it\/malattie-della-retina\/miopia\/\" \/>\n<meta property=\"og:locale\" content=\"it_IT\" \/>\n<meta property=\"og:type\" content=\"article\" \/>\n<meta property=\"og:title\" content=\"Miopia &#8226; Retina Suisse\" \/>\n<meta property=\"og:description\" content=\"Qui troverete informazioni sulla miopia semplice e forte, sulla sua prevenzione, sul suo trattamento e altro ancora.\" \/>\n<meta property=\"og:url\" content=\"https:\/\/retina.ch\/it\/malattie-della-retina\/miopia\/\" \/>\n<meta property=\"og:site_name\" content=\"Retina Suisse\" \/>\n<meta property=\"article:publisher\" content=\"https:\/\/www.facebook.com\/retinasuisse\/\" \/>\n<meta property=\"article:modified_time\" content=\"2024-08-22T12:29:24+00:00\" \/>\n<meta property=\"og:image\" content=\"https:\/\/retina.ch\/wp-content\/uploads\/2024\/07\/normal-kurz-und-weitsichtigkeit-1400x411.jpg\" \/>\n<meta name=\"twitter:card\" content=\"summary_large_image\" \/>\n<meta name=\"twitter:label1\" content=\"Tempo di lettura stimato\" \/>\n\t<meta name=\"twitter:data1\" content=\"9 minuti\" \/>\n<script type=\"application\/ld+json\" class=\"yoast-schema-graph\">{\"@context\":\"https:\/\/schema.org\",\"@graph\":[{\"@type\":\"WebPage\",\"@id\":\"https:\/\/retina.ch\/it\/malattie-della-retina\/miopia\/\",\"url\":\"https:\/\/retina.ch\/it\/malattie-della-retina\/miopia\/\",\"name\":\"Miopia &#8226; Retina Suisse\",\"isPartOf\":{\"@id\":\"https:\/\/retina.ch\/it\/#website\"},\"primaryImageOfPage\":{\"@id\":\"https:\/\/retina.ch\/it\/malattie-della-retina\/miopia\/#primaryimage\"},\"image\":{\"@id\":\"https:\/\/retina.ch\/it\/malattie-della-retina\/miopia\/#primaryimage\"},\"thumbnailUrl\":\"https:\/\/retina.ch\/wp-content\/uploads\/2024\/07\/normal-kurz-und-weitsichtigkeit-1400x411.jpg\",\"datePublished\":\"2024-07-17T14:08:50+00:00\",\"dateModified\":\"2024-08-22T12:29:24+00:00\",\"description\":\"Qui troverete informazioni sulla miopia semplice e forte, sulla sua prevenzione, sul suo trattamento e altro ancora.\",\"breadcrumb\":{\"@id\":\"https:\/\/retina.ch\/it\/malattie-della-retina\/miopia\/#breadcrumb\"},\"inLanguage\":\"it-IT\",\"potentialAction\":[{\"@type\":\"ReadAction\",\"target\":[\"https:\/\/retina.ch\/it\/malattie-della-retina\/miopia\/\"]}]},{\"@type\":\"ImageObject\",\"inLanguage\":\"it-IT\",\"@id\":\"https:\/\/retina.ch\/it\/malattie-della-retina\/miopia\/#primaryimage\",\"url\":\"https:\/\/retina.ch\/wp-content\/uploads\/2024\/07\/normal-kurz-und-weitsichtigkeit-1400x411.jpg\",\"contentUrl\":\"https:\/\/retina.ch\/wp-content\/uploads\/2024\/07\/normal-kurz-und-weitsichtigkeit-1400x411.jpg\"},{\"@type\":\"BreadcrumbList\",\"@id\":\"https:\/\/retina.ch\/it\/malattie-della-retina\/miopia\/#breadcrumb\",\"itemListElement\":[{\"@type\":\"ListItem\",\"position\":1,\"name\":\"Retina Suisse\",\"item\":\"https:\/\/retina.ch\/it\/\"},{\"@type\":\"ListItem\",\"position\":2,\"name\":\"Miopia\"}]},{\"@type\":\"WebSite\",\"@id\":\"https:\/\/retina.ch\/it\/#website\",\"url\":\"https:\/\/retina.ch\/it\/\",\"name\":\"Retina Suisse\",\"description\":\"Retina Suisse ist die Vereinigung von Patientinnen und Patienten mit Retinitis pigmentosa (RP), Makuladegeneration, Usher-Syndrom und anderen Erkrankungen des Augenhintergrundes.\",\"publisher\":{\"@id\":\"https:\/\/retina.ch\/it\/#organization\"},\"potentialAction\":[{\"@type\":\"SearchAction\",\"target\":{\"@type\":\"EntryPoint\",\"urlTemplate\":\"https:\/\/retina.ch\/it\/?s={search_term_string}\"},\"query-input\":{\"@type\":\"PropertyValueSpecification\",\"valueRequired\":true,\"valueName\":\"search_term_string\"}}],\"inLanguage\":\"it-IT\"},{\"@type\":\"Organization\",\"@id\":\"https:\/\/retina.ch\/it\/#organization\",\"name\":\"Retina Suisse\",\"url\":\"https:\/\/retina.ch\/it\/\",\"logo\":{\"@type\":\"ImageObject\",\"inLanguage\":\"it-IT\",\"@id\":\"https:\/\/retina.ch\/it\/#\/schema\/logo\/image\/\",\"url\":\"https:\/\/retina.ch\/wp-content\/uploads\/2020\/09\/retina-auge-typo.svg\",\"contentUrl\":\"https:\/\/retina.ch\/wp-content\/uploads\/2020\/09\/retina-auge-typo.svg\",\"width\":\"1024\",\"height\":\"1024\",\"caption\":\"Retina Suisse\"},\"image\":{\"@id\":\"https:\/\/retina.ch\/it\/#\/schema\/logo\/image\/\"},\"sameAs\":[\"https:\/\/www.facebook.com\/retinasuisse\/\"]}]}<\/script>\n<!-- \/ Yoast SEO plugin. -->","yoast_head_json":{"title":"Miopia &#8226; Retina Suisse","description":"Qui troverete informazioni sulla miopia semplice e forte, sulla sua prevenzione, sul suo trattamento e altro ancora.","robots":{"index":"index","follow":"follow","max-snippet":"max-snippet:-1","max-image-preview":"max-image-preview:large","max-video-preview":"max-video-preview:-1"},"canonical":"https:\/\/retina.ch\/it\/malattie-della-retina\/miopia\/","og_locale":"it_IT","og_type":"article","og_title":"Miopia &#8226; Retina Suisse","og_description":"Qui troverete informazioni sulla miopia semplice e forte, sulla sua prevenzione, sul suo trattamento e altro ancora.","og_url":"https:\/\/retina.ch\/it\/malattie-della-retina\/miopia\/","og_site_name":"Retina Suisse","article_publisher":"https:\/\/www.facebook.com\/retinasuisse\/","article_modified_time":"2024-08-22T12:29:24+00:00","og_image":[{"url":"https:\/\/retina.ch\/wp-content\/uploads\/2024\/07\/normal-kurz-und-weitsichtigkeit-1400x411.jpg","type":"","width":"","height":""}],"twitter_card":"summary_large_image","twitter_misc":{"Tempo di lettura stimato":"9 minuti"},"schema":{"@context":"https:\/\/schema.org","@graph":[{"@type":"WebPage","@id":"https:\/\/retina.ch\/it\/malattie-della-retina\/miopia\/","url":"https:\/\/retina.ch\/it\/malattie-della-retina\/miopia\/","name":"Miopia &#8226; Retina Suisse","isPartOf":{"@id":"https:\/\/retina.ch\/it\/#website"},"primaryImageOfPage":{"@id":"https:\/\/retina.ch\/it\/malattie-della-retina\/miopia\/#primaryimage"},"image":{"@id":"https:\/\/retina.ch\/it\/malattie-della-retina\/miopia\/#primaryimage"},"thumbnailUrl":"https:\/\/retina.ch\/wp-content\/uploads\/2024\/07\/normal-kurz-und-weitsichtigkeit-1400x411.jpg","datePublished":"2024-07-17T14:08:50+00:00","dateModified":"2024-08-22T12:29:24+00:00","description":"Qui troverete informazioni sulla miopia semplice e forte, sulla sua prevenzione, sul suo trattamento e altro ancora.","breadcrumb":{"@id":"https:\/\/retina.ch\/it\/malattie-della-retina\/miopia\/#breadcrumb"},"inLanguage":"it-IT","potentialAction":[{"@type":"ReadAction","target":["https:\/\/retina.ch\/it\/malattie-della-retina\/miopia\/"]}]},{"@type":"ImageObject","inLanguage":"it-IT","@id":"https:\/\/retina.ch\/it\/malattie-della-retina\/miopia\/#primaryimage","url":"https:\/\/retina.ch\/wp-content\/uploads\/2024\/07\/normal-kurz-und-weitsichtigkeit-1400x411.jpg","contentUrl":"https:\/\/retina.ch\/wp-content\/uploads\/2024\/07\/normal-kurz-und-weitsichtigkeit-1400x411.jpg"},{"@type":"BreadcrumbList","@id":"https:\/\/retina.ch\/it\/malattie-della-retina\/miopia\/#breadcrumb","itemListElement":[{"@type":"ListItem","position":1,"name":"Retina Suisse","item":"https:\/\/retina.ch\/it\/"},{"@type":"ListItem","position":2,"name":"Miopia"}]},{"@type":"WebSite","@id":"https:\/\/retina.ch\/it\/#website","url":"https:\/\/retina.ch\/it\/","name":"Retina Suisse","description":"Retina Suisse ist die Vereinigung von Patientinnen und Patienten mit Retinitis pigmentosa (RP), Makuladegeneration, Usher-Syndrom und anderen Erkrankungen des Augenhintergrundes.","publisher":{"@id":"https:\/\/retina.ch\/it\/#organization"},"potentialAction":[{"@type":"SearchAction","target":{"@type":"EntryPoint","urlTemplate":"https:\/\/retina.ch\/it\/?s={search_term_string}"},"query-input":{"@type":"PropertyValueSpecification","valueRequired":true,"valueName":"search_term_string"}}],"inLanguage":"it-IT"},{"@type":"Organization","@id":"https:\/\/retina.ch\/it\/#organization","name":"Retina Suisse","url":"https:\/\/retina.ch\/it\/","logo":{"@type":"ImageObject","inLanguage":"it-IT","@id":"https:\/\/retina.ch\/it\/#\/schema\/logo\/image\/","url":"https:\/\/retina.ch\/wp-content\/uploads\/2020\/09\/retina-auge-typo.svg","contentUrl":"https:\/\/retina.ch\/wp-content\/uploads\/2020\/09\/retina-auge-typo.svg","width":"1024","height":"1024","caption":"Retina Suisse"},"image":{"@id":"https:\/\/retina.ch\/it\/#\/schema\/logo\/image\/"},"sameAs":["https:\/\/www.facebook.com\/retinasuisse\/"]}]}},"_links":{"self":[{"href":"https:\/\/retina.ch\/it\/wp-json\/wp\/v2\/netzhauterkrankungen\/17868","targetHints":{"allow":["GET"]}}],"collection":[{"href":"https:\/\/retina.ch\/it\/wp-json\/wp\/v2\/netzhauterkrankungen"}],"about":[{"href":"https:\/\/retina.ch\/it\/wp-json\/wp\/v2\/types\/netzhauterkrankungen"}],"version-history":[{"count":15,"href":"https:\/\/retina.ch\/it\/wp-json\/wp\/v2\/netzhauterkrankungen\/17868\/revisions"}],"predecessor-version":[{"id":18637,"href":"https:\/\/retina.ch\/it\/wp-json\/wp\/v2\/netzhauterkrankungen\/17868\/revisions\/18637"}],"wp:attachment":[{"href":"https:\/\/retina.ch\/it\/wp-json\/wp\/v2\/media?parent=17868"}],"wp:term":[{"taxonomy":"category","embeddable":true,"href":"https:\/\/retina.ch\/it\/wp-json\/wp\/v2\/categories?post=17868"}],"curies":[{"name":"wp","href":"https:\/\/api.w.org\/{rel}","templated":true}]}}