{"id":3829,"date":"2020-10-28T20:42:41","date_gmt":"2020-10-28T19:42:41","guid":{"rendered":"https:\/\/dev.retina.ch\/?post_type=netzhauterkrankungen&#038;p=3829"},"modified":"2025-03-19T14:22:23","modified_gmt":"2025-03-19T13:22:23","slug":"difetto-di-colore","status":"publish","type":"netzhauterkrankungen","link":"https:\/\/retina.ch\/it\/malattie-della-retina\/difetto-di-colore\/","title":{"rendered":"Difetto di colore"},"content":{"rendered":"\n<h3 class=\"wp-block-heading\">Il meccanismo della percezione dei colori<\/h3>\n\n\n\n<p>Il vedere \u00e8 un processo molto complesso e \u00abvedere bene\u00bb comprende molti aspetti. Uno di essi \u00e8 la percezione dei colori. Ci\u00f2 che percepiamo come \u00abluce\u00bb sono raggi elettromagnetici dalle lunghezze d\u2019onda varianti tra 380 e 780 nanometri circa. La percezione dei colori s\u2019instaura soltanto quando determinate cellule fotoricettrici dei nostri occhi, i coni, ricevono uno stimolo luminoso. I coni, ma anche i bastoncelli, l\u2019altro tipo di fotorecettori, che invece sono preposti alla vista nella penombra, sono situati nella retina sul fondo dell\u2019occhio. Nella retina si trovano tre diversi tipi di coni, ognuno dei quali reagisce a onde di diversa lunghezza &#8211; alla luce blu delle onde corte a quella verde delle onde medie e a quella rossa delle onde lunghe.<\/p>\n\n\n\n<h3 class=\"wp-block-heading\">Differenze individuali nella percezione<\/h3>\n\n\n\n<p>La capacit\u00e0 di distinguere i colori pu\u00f2 variare da individuo a individuo. Infatti, non tutte le persone hanno nella loro retina tutti e tre i tipi di coni. Ragioni genetiche sono all\u2019origine delle diverse alterazioni della visione dei colori. Pu\u00f2 darsi che uno dei tipi di coni manchi oppure che due di essi siano talmente simili da reagire alle stesse lunghezze d\u2019onda. Un\u2019alterazione particolarmente frequente riguarda la visione dei colori rosso-verde, il cosiddetto daltonismo, un problema che tocca l\u20198 percento dei maschi e lo 0,4 percento delle femmine. Rarissima \u00e8 per contro l\u2019incapacit\u00e0 assoluta di distinguere i colori, l\u2019acromatopsia. L\u2019incapacit\u00e0 totale di distinguere i colori si manifesta circa in una su 100\u2019000 persone. D\u2019altra parte, ci sono anche persone dotate di una super capacit\u00e0 di vedere i colori: alcuni anni or sono, scienziati britannici hanno scoperto che c\u2019erano donne che non avevano soltanto tre tipi di coni nella loro retina, bens\u00ec addirittura quattro. Ci\u00f2 conferiva loro la capacit\u00e0 di distinguere particolarmente bene un colore dall\u2019altro.<\/p>\n\n\n\n<div class=\"wp-block-columns is-layout-flex wp-container-core-columns-is-layout-9d6595d7 wp-block-columns-is-layout-flex\">\n<div class=\"wp-block-column is-layout-flow wp-block-column-is-layout-flow\" style=\"flex-basis:100%\"><div class=\"wp-block-image\">\n<figure class=\"alignleft size-large is-resized\"><img loading=\"lazy\" decoding=\"async\" src=\"https:\/\/upload.wikimedia.org\/wikipedia\/commons\/e\/e0\/Ishihara_9.png\" alt=\"Una tavola di Ishihara per la rilevazione delle acromatopsie\" width=\"563\" height=\"563\"\/><figcaption class=\"wp-element-caption\">Una tavola di Ishihara per la rilevazione delle acromatopsie<\/figcaption><\/figure>\n<\/div><\/div>\n<\/div>\n\n\n\n<h3 class=\"wp-block-heading\">Le diverse alterazioni della visione dei colori<\/h3>\n\n\n\n<p>Nella maggior parte dei casi le alterazioni della visione dei colori sono congenite e a tutt\u2019oggi incurabili. Il professor Krastel ritiene che \u00abnella vita quotidiana, le persone con un difetto della visione dei colori di regola non se ne accorgono perch\u00e9 non hanno mai avuto modo di fare un\u2019altra esperienza visiva, ma la percezione alterata dei colori e l\u2019incapacit\u00e0 di riconoscerli correttamente limita la scelta della professione\u00bb. Se una coppia di genitori ha il dubbio che un figlio o una figlia soffra di un\u2019alterata visione dei colori, una visita oculistica potr\u00e0 fare chiarezza. L\u2019oculista esaminer\u00e0 allora la capacit\u00e0 di vedere i colori mediante test specifici. Questi test permettono di individuare gi\u00e0 in bambini che frequentano la scuola dell\u2019infanzia se la visione dei colori \u00e8 alterata. \u00abParticolarmente indicati sono test non verbali\u00bb, \u00e8 il consiglio del professor Krastel: \u00abInfatti nei bambini la visione dei colori \u00e8 gi\u00e0 del tutto sviluppata prima che essi abbiano imparato a dare un nome ai colori\u00bb. In molti studi oculistici si possono praticare metodi d\u2019esame adeguati grazie ai quali poter valutare se nel bambino c\u2019\u00e8 effettivamente una debolezza della visione dei colori e anche la sua entit\u00e0. Questi esami sono indicati a partire dai tre-quattro anni d\u2019et\u00e0.<\/p>\n\n\n\n<h3 class=\"wp-block-heading\">Quando i colori \u00abimpallidiscono\u00bb<\/h3>\n\n\n\n<p>Svariate affezioni oculari, ma anche l\u2019et\u00e0 molto avanzata, possono comportare delle alterazioni della percezione dei colori. Nella retina umana il numero dei coni \u00e8 particolarmente elevato nel punto della massima acuit\u00e0 visiva, la macula. La \u00abmacula lutea\u00bb, chiamata cos\u00ec per la sua colorazione, ha un diametro di appena cinque millimetri. Al suo centro si trova una zona di soli 0,3 millimetri di diametro. \u00c8 l\u00e0 che ha luogo la percezione visiva. In caso di malattie riguardanti la macula, anche la percezione dei colori \u00e8 alterata.<\/p>\n\n\n\n<p><em>Fonte: Berufsverband der Augen\u00e4rzte Deutschlands e.V. (BVA), Retina Journal 123-124\/2015<\/em><\/p>\n","protected":false},"excerpt":{"rendered":"<p>Ci\u00f2 che percepiamo come \u00abluce\u00bb sono raggi elettromagnetici dalle lunghezze d\u2019onda varianti tra 380 e 780 nanometri circa. La percezione dei colori s\u2019instaura soltanto quando i coni ricevono uno stimolo luminoso.<\/p>\n","protected":false},"featured_media":0,"template":"","meta":{"_acf_changed":false,"inline_featured_image":false,"_FSMCFIC_featured_image_caption":"","_FSMCFIC_featured_image_nocaption":"","_FSMCFIC_featured_image_hide":"","footnotes":"","_links_to":"","_links_to_target":""},"categories":[54],"class_list":["post-3829","netzhauterkrankungen","type-netzhauterkrankungen","status-publish","hentry","category-sintomo"],"acf":[],"yoast_head":"<!-- This site is optimized with the Yoast SEO plugin v27.1.1 - https:\/\/yoast.com\/product\/yoast-seo-wordpress\/ -->\n<title>Difetto di colore &#8226; Retina Suisse<\/title>\n<meta name=\"description\" content=\"La capacit\u00e0 di distinguere i colori dipende dall&#039;individuo. Il daltonismo rosso-verde \u00e8 comune. Il vero \u201cdaltonismo\u201d \u00e8 molto raro.\" \/>\n<meta name=\"robots\" content=\"index, follow, max-snippet:-1, max-image-preview:large, max-video-preview:-1\" \/>\n<link rel=\"canonical\" href=\"https:\/\/retina.ch\/it\/malattie-della-retina\/difetto-di-colore\/\" \/>\n<meta property=\"og:locale\" content=\"it_IT\" \/>\n<meta property=\"og:type\" content=\"article\" \/>\n<meta property=\"og:title\" content=\"Difetto di colore &#8226; Retina Suisse\" \/>\n<meta property=\"og:description\" content=\"La capacit\u00e0 di distinguere i colori dipende dall&#039;individuo. Il daltonismo rosso-verde \u00e8 comune. Il vero \u201cdaltonismo\u201d \u00e8 molto raro.\" \/>\n<meta property=\"og:url\" content=\"https:\/\/retina.ch\/it\/malattie-della-retina\/difetto-di-colore\/\" \/>\n<meta property=\"og:site_name\" content=\"Retina Suisse\" \/>\n<meta property=\"article:publisher\" content=\"https:\/\/www.facebook.com\/retinasuisse\/\" \/>\n<meta property=\"article:modified_time\" content=\"2025-03-19T13:22:23+00:00\" \/>\n<meta property=\"og:image\" content=\"https:\/\/upload.wikimedia.org\/wikipedia\/commons\/e\/e0\/Ishihara_9.png\" \/>\n<meta name=\"twitter:card\" content=\"summary_large_image\" \/>\n<meta name=\"twitter:label1\" content=\"Tempo di lettura stimato\" \/>\n\t<meta name=\"twitter:data1\" content=\"4 minuti\" \/>\n<script type=\"application\/ld+json\" class=\"yoast-schema-graph\">{\"@context\":\"https:\/\/schema.org\",\"@graph\":[{\"@type\":\"WebPage\",\"@id\":\"https:\/\/retina.ch\/it\/malattie-della-retina\/difetto-di-colore\/\",\"url\":\"https:\/\/retina.ch\/it\/malattie-della-retina\/difetto-di-colore\/\",\"name\":\"Difetto di colore &#8226; Retina Suisse\",\"isPartOf\":{\"@id\":\"https:\/\/retina.ch\/it\/#website\"},\"primaryImageOfPage\":{\"@id\":\"https:\/\/retina.ch\/it\/malattie-della-retina\/difetto-di-colore\/#primaryimage\"},\"image\":{\"@id\":\"https:\/\/retina.ch\/it\/malattie-della-retina\/difetto-di-colore\/#primaryimage\"},\"thumbnailUrl\":\"https:\/\/upload.wikimedia.org\/wikipedia\/commons\/e\/e0\/Ishihara_9.png\",\"datePublished\":\"2020-10-28T19:42:41+00:00\",\"dateModified\":\"2025-03-19T13:22:23+00:00\",\"description\":\"La capacit\u00e0 di distinguere i colori dipende dall'individuo. Il daltonismo rosso-verde \u00e8 comune. Il vero \u201cdaltonismo\u201d \u00e8 molto raro.\",\"breadcrumb\":{\"@id\":\"https:\/\/retina.ch\/it\/malattie-della-retina\/difetto-di-colore\/#breadcrumb\"},\"inLanguage\":\"it-IT\",\"potentialAction\":[{\"@type\":\"ReadAction\",\"target\":[\"https:\/\/retina.ch\/it\/malattie-della-retina\/difetto-di-colore\/\"]}]},{\"@type\":\"ImageObject\",\"inLanguage\":\"it-IT\",\"@id\":\"https:\/\/retina.ch\/it\/malattie-della-retina\/difetto-di-colore\/#primaryimage\",\"url\":\"https:\/\/upload.wikimedia.org\/wikipedia\/commons\/e\/e0\/Ishihara_9.png\",\"contentUrl\":\"https:\/\/upload.wikimedia.org\/wikipedia\/commons\/e\/e0\/Ishihara_9.png\"},{\"@type\":\"BreadcrumbList\",\"@id\":\"https:\/\/retina.ch\/it\/malattie-della-retina\/difetto-di-colore\/#breadcrumb\",\"itemListElement\":[{\"@type\":\"ListItem\",\"position\":1,\"name\":\"Retina Suisse\",\"item\":\"https:\/\/retina.ch\/it\/\"},{\"@type\":\"ListItem\",\"position\":2,\"name\":\"Difetto di colore\"}]},{\"@type\":\"WebSite\",\"@id\":\"https:\/\/retina.ch\/it\/#website\",\"url\":\"https:\/\/retina.ch\/it\/\",\"name\":\"Retina Suisse\",\"description\":\"Retina Suisse ist die Vereinigung von Patientinnen und Patienten mit Retinitis pigmentosa (RP), Makuladegeneration, Usher-Syndrom und anderen Erkrankungen des Augenhintergrundes.\",\"publisher\":{\"@id\":\"https:\/\/retina.ch\/it\/#organization\"},\"potentialAction\":[{\"@type\":\"SearchAction\",\"target\":{\"@type\":\"EntryPoint\",\"urlTemplate\":\"https:\/\/retina.ch\/it\/?s={search_term_string}\"},\"query-input\":{\"@type\":\"PropertyValueSpecification\",\"valueRequired\":true,\"valueName\":\"search_term_string\"}}],\"inLanguage\":\"it-IT\"},{\"@type\":\"Organization\",\"@id\":\"https:\/\/retina.ch\/it\/#organization\",\"name\":\"Retina Suisse\",\"url\":\"https:\/\/retina.ch\/it\/\",\"logo\":{\"@type\":\"ImageObject\",\"inLanguage\":\"it-IT\",\"@id\":\"https:\/\/retina.ch\/it\/#\/schema\/logo\/image\/\",\"url\":\"https:\/\/retina.ch\/wp-content\/uploads\/2020\/09\/retina-auge-typo.svg\",\"contentUrl\":\"https:\/\/retina.ch\/wp-content\/uploads\/2020\/09\/retina-auge-typo.svg\",\"width\":\"1024\",\"height\":\"1024\",\"caption\":\"Retina Suisse\"},\"image\":{\"@id\":\"https:\/\/retina.ch\/it\/#\/schema\/logo\/image\/\"},\"sameAs\":[\"https:\/\/www.facebook.com\/retinasuisse\/\"]}]}<\/script>\n<!-- \/ Yoast SEO plugin. -->","yoast_head_json":{"title":"Difetto di colore &#8226; Retina Suisse","description":"La capacit\u00e0 di distinguere i colori dipende dall'individuo. Il daltonismo rosso-verde \u00e8 comune. Il vero \u201cdaltonismo\u201d \u00e8 molto raro.","robots":{"index":"index","follow":"follow","max-snippet":"max-snippet:-1","max-image-preview":"max-image-preview:large","max-video-preview":"max-video-preview:-1"},"canonical":"https:\/\/retina.ch\/it\/malattie-della-retina\/difetto-di-colore\/","og_locale":"it_IT","og_type":"article","og_title":"Difetto di colore &#8226; Retina Suisse","og_description":"La capacit\u00e0 di distinguere i colori dipende dall'individuo. Il daltonismo rosso-verde \u00e8 comune. Il vero \u201cdaltonismo\u201d \u00e8 molto raro.","og_url":"https:\/\/retina.ch\/it\/malattie-della-retina\/difetto-di-colore\/","og_site_name":"Retina Suisse","article_publisher":"https:\/\/www.facebook.com\/retinasuisse\/","article_modified_time":"2025-03-19T13:22:23+00:00","og_image":[{"url":"https:\/\/upload.wikimedia.org\/wikipedia\/commons\/e\/e0\/Ishihara_9.png","type":"","width":"","height":""}],"twitter_card":"summary_large_image","twitter_misc":{"Tempo di lettura stimato":"4 minuti"},"schema":{"@context":"https:\/\/schema.org","@graph":[{"@type":"WebPage","@id":"https:\/\/retina.ch\/it\/malattie-della-retina\/difetto-di-colore\/","url":"https:\/\/retina.ch\/it\/malattie-della-retina\/difetto-di-colore\/","name":"Difetto di colore &#8226; Retina Suisse","isPartOf":{"@id":"https:\/\/retina.ch\/it\/#website"},"primaryImageOfPage":{"@id":"https:\/\/retina.ch\/it\/malattie-della-retina\/difetto-di-colore\/#primaryimage"},"image":{"@id":"https:\/\/retina.ch\/it\/malattie-della-retina\/difetto-di-colore\/#primaryimage"},"thumbnailUrl":"https:\/\/upload.wikimedia.org\/wikipedia\/commons\/e\/e0\/Ishihara_9.png","datePublished":"2020-10-28T19:42:41+00:00","dateModified":"2025-03-19T13:22:23+00:00","description":"La capacit\u00e0 di distinguere i colori dipende dall'individuo. Il daltonismo rosso-verde \u00e8 comune. Il vero \u201cdaltonismo\u201d \u00e8 molto raro.","breadcrumb":{"@id":"https:\/\/retina.ch\/it\/malattie-della-retina\/difetto-di-colore\/#breadcrumb"},"inLanguage":"it-IT","potentialAction":[{"@type":"ReadAction","target":["https:\/\/retina.ch\/it\/malattie-della-retina\/difetto-di-colore\/"]}]},{"@type":"ImageObject","inLanguage":"it-IT","@id":"https:\/\/retina.ch\/it\/malattie-della-retina\/difetto-di-colore\/#primaryimage","url":"https:\/\/upload.wikimedia.org\/wikipedia\/commons\/e\/e0\/Ishihara_9.png","contentUrl":"https:\/\/upload.wikimedia.org\/wikipedia\/commons\/e\/e0\/Ishihara_9.png"},{"@type":"BreadcrumbList","@id":"https:\/\/retina.ch\/it\/malattie-della-retina\/difetto-di-colore\/#breadcrumb","itemListElement":[{"@type":"ListItem","position":1,"name":"Retina Suisse","item":"https:\/\/retina.ch\/it\/"},{"@type":"ListItem","position":2,"name":"Difetto di colore"}]},{"@type":"WebSite","@id":"https:\/\/retina.ch\/it\/#website","url":"https:\/\/retina.ch\/it\/","name":"Retina Suisse","description":"Retina Suisse ist die Vereinigung von Patientinnen und Patienten mit Retinitis pigmentosa (RP), Makuladegeneration, Usher-Syndrom und anderen Erkrankungen des Augenhintergrundes.","publisher":{"@id":"https:\/\/retina.ch\/it\/#organization"},"potentialAction":[{"@type":"SearchAction","target":{"@type":"EntryPoint","urlTemplate":"https:\/\/retina.ch\/it\/?s={search_term_string}"},"query-input":{"@type":"PropertyValueSpecification","valueRequired":true,"valueName":"search_term_string"}}],"inLanguage":"it-IT"},{"@type":"Organization","@id":"https:\/\/retina.ch\/it\/#organization","name":"Retina Suisse","url":"https:\/\/retina.ch\/it\/","logo":{"@type":"ImageObject","inLanguage":"it-IT","@id":"https:\/\/retina.ch\/it\/#\/schema\/logo\/image\/","url":"https:\/\/retina.ch\/wp-content\/uploads\/2020\/09\/retina-auge-typo.svg","contentUrl":"https:\/\/retina.ch\/wp-content\/uploads\/2020\/09\/retina-auge-typo.svg","width":"1024","height":"1024","caption":"Retina Suisse"},"image":{"@id":"https:\/\/retina.ch\/it\/#\/schema\/logo\/image\/"},"sameAs":["https:\/\/www.facebook.com\/retinasuisse\/"]}]}},"_links":{"self":[{"href":"https:\/\/retina.ch\/it\/wp-json\/wp\/v2\/netzhauterkrankungen\/3829","targetHints":{"allow":["GET"]}}],"collection":[{"href":"https:\/\/retina.ch\/it\/wp-json\/wp\/v2\/netzhauterkrankungen"}],"about":[{"href":"https:\/\/retina.ch\/it\/wp-json\/wp\/v2\/types\/netzhauterkrankungen"}],"version-history":[{"count":2,"href":"https:\/\/retina.ch\/it\/wp-json\/wp\/v2\/netzhauterkrankungen\/3829\/revisions"}],"predecessor-version":[{"id":10643,"href":"https:\/\/retina.ch\/it\/wp-json\/wp\/v2\/netzhauterkrankungen\/3829\/revisions\/10643"}],"wp:attachment":[{"href":"https:\/\/retina.ch\/it\/wp-json\/wp\/v2\/media?parent=3829"}],"wp:term":[{"taxonomy":"category","embeddable":true,"href":"https:\/\/retina.ch\/it\/wp-json\/wp\/v2\/categories?post=3829"}],"curies":[{"name":"wp","href":"https:\/\/api.w.org\/{rel}","templated":true}]}}