{"id":11043,"date":"2023-04-14T15:57:36","date_gmt":"2023-04-14T13:57:36","guid":{"rendered":"https:\/\/dev.retina.ch\/?page_id=11043"},"modified":"2023-04-19T16:00:58","modified_gmt":"2023-04-19T14:00:58","slug":"comunicato-stampa","status":"publish","type":"page","link":"https:\/\/retina.ch\/it\/media\/comunicato-stampa\/","title":{"rendered":"Comunicati stampa"},"content":{"rendered":"\t\t<div class=\"archive-flxbx\">\n\t\t\n<article id=\"post-25963\" class=\"post-25963 aktuelles type-aktuelles status-publish has-post-thumbnail hentry category-comunicato-stampa category-consiglieri category-medicina\">\n\n\t\t\n\t<div class=\"archive-icon\">\n\t<\/div>\n\t\n\t<a href=\"https:\/\/retina.ch\/it\/attualita\/improvvisamente-si-deve-passare-a-un-trattamento-oftalmologico-con-i-biosimilari-gli-importi-forfettari-non-prevalgono-sui-diritti-delle-e-dei-pazienti\/\">\n\t<div class=\"archive-date\">\n\t\t<!-- Date  -->\n\t\t<!-- Time  -->\t<\/div><!-- archive-date -->\n\n\t<header class=\"entry-header\">\n\t\t<h2 class=\"entry-title\">Improvvisamente si deve passare a un trattamento oftalmologico con i biosimilari? Gli importi forfettari non prevalgono sui diritti delle e dei pazienti<\/h2>\t<\/header><!-- .entry-header -->\n\t<\/a>\n\t\n\t\t\t<a class=\"post-thumbnail\" href=\"https:\/\/retina.ch\/it\/attualita\/improvvisamente-si-deve-passare-a-un-trattamento-oftalmologico-con-i-biosimilari-gli-importi-forfettari-non-prevalgono-sui-diritti-delle-e-dei-pazienti\/\" aria-hidden=\"true\" tabindex=\"-1\">\n\t\t\t\t<figure class=\"wp-caption fsmcfi-fig featured\"><img loading=\"lazy\" decoding=\"async\" width=\"900\" height=\"1350\" src=\"https:\/\/retina.ch\/wp-content\/uploads\/2026\/03\/Medicine-e1773217330739.png\" class=\"attachment-post-thumbnail size-post-thumbnail wp-post-image\" alt=\"Improvvisamente si deve passare a un trattamento oftalmologico con i biosimilari? Gli importi forfettari non prevalgono sui diritti delle e dei pazienti\" \/><\/figure>\t\t\t<\/a>\n\n\t\t\t\n\t<div class=\"archive-details\">\n\t\t\t\n\t\t<!-- Place  -->\n\t\t\t\t\n\t<\/div>\n\n\t<div class=\"entry-content\">\n\t\n\t\t\n\t\t\n\t\t<p>I nuovi importi forfettari per caso delle casse malati si applicano anche alle terapie oftalmologiche. I medici possono passare da un farmaco originale a uno nuovo pi\u00f9 economico appartenente alla categoria dei cosiddetti biosimilari.<\/p>\n\t\t\n\t\t<a href=\"https:\/\/retina.ch\/it\/attualita\/improvvisamente-si-deve-passare-a-un-trattamento-oftalmologico-con-i-biosimilari-gli-importi-forfettari-non-prevalgono-sui-diritti-delle-e-dei-pazienti\/\" class=\"btn\">di pi\u00f9<\/a>\n\t\t\n\t<\/div><!-- .entry-content -->\n\t\n<\/article><!-- #post-25963 -->\n\n<article id=\"post-21836\" class=\"post-21836 aktuelles type-aktuelles status-publish has-post-thumbnail hentry category-comunicato-stampa category-consiglieri\">\n\n\t\t\n\t<div class=\"archive-icon\">\n\t<\/div>\n\t\n\t<a href=\"https:\/\/retina.ch\/wp-content\/uploads\/2025\/04\/Ambulante-Fallpauschalen-in-der-Ophthalmologie-ab-2026_final_IT.pdf\">\n\t<div class=\"archive-date\">\n\t\t<!-- Date  -->\n\t\t<!-- Time  -->\t<\/div><!-- archive-date -->\n\n\t<header class=\"entry-header\">\n\t\t<h2 class=\"entry-title\">Presa di posizione: Tariffe ambulatoriali forfettarie in oftalmologia dal 2026<\/h2>\t<\/header><!-- .entry-header -->\n\t<\/a>\n\t\n\t\t\t<a class=\"post-thumbnail\" href=\"https:\/\/retina.ch\/wp-content\/uploads\/2025\/04\/Ambulante-Fallpauschalen-in-der-Ophthalmologie-ab-2026_final_IT.pdf\" aria-hidden=\"true\" tabindex=\"-1\">\n\t\t\t\t<figure class=\"wp-caption fsmcfi-fig featured\"><img loading=\"lazy\" decoding=\"async\" width=\"2560\" height=\"1702\" src=\"https:\/\/retina.ch\/wp-content\/uploads\/2025\/04\/meszarcsek-gergely-Qqe_TRWAHyo-unsplash-scaled.jpg\" class=\"attachment-post-thumbnail size-post-thumbnail wp-post-image\" alt=\"Presa di posizione: Tariffe ambulatoriali forfettarie in oftalmologia dal 2026\" srcset=\"https:\/\/retina.ch\/wp-content\/uploads\/2025\/04\/meszarcsek-gergely-Qqe_TRWAHyo-unsplash-scaled.jpg 2560w, https:\/\/retina.ch\/wp-content\/uploads\/2025\/04\/meszarcsek-gergely-Qqe_TRWAHyo-unsplash-400x266.jpg 400w, https:\/\/retina.ch\/wp-content\/uploads\/2025\/04\/meszarcsek-gergely-Qqe_TRWAHyo-unsplash-1400x931.jpg 1400w, https:\/\/retina.ch\/wp-content\/uploads\/2025\/04\/meszarcsek-gergely-Qqe_TRWAHyo-unsplash-500x332.jpg 500w, https:\/\/retina.ch\/wp-content\/uploads\/2025\/04\/meszarcsek-gergely-Qqe_TRWAHyo-unsplash-768x511.jpg 768w, https:\/\/retina.ch\/wp-content\/uploads\/2025\/04\/meszarcsek-gergely-Qqe_TRWAHyo-unsplash-1536x1021.jpg 1536w, https:\/\/retina.ch\/wp-content\/uploads\/2025\/04\/meszarcsek-gergely-Qqe_TRWAHyo-unsplash-2048x1362.jpg 2048w, https:\/\/retina.ch\/wp-content\/uploads\/2025\/04\/meszarcsek-gergely-Qqe_TRWAHyo-unsplash-800x532.jpg 800w, https:\/\/retina.ch\/wp-content\/uploads\/2025\/04\/meszarcsek-gergely-Qqe_TRWAHyo-unsplash-1280x851.jpg 1280w, https:\/\/retina.ch\/wp-content\/uploads\/2025\/04\/meszarcsek-gergely-Qqe_TRWAHyo-unsplash-1920x1277.jpg 1920w\" sizes=\"auto, (max-width: 2560px) 100vw, 2560px\" \/><\/figure>\t\t\t<\/a>\n\n\t\t\t\n\t<div class=\"archive-details\">\n\t\t\t\n\t\t<!-- Place  -->\n\t\t\t\t\n\t<\/div>\n\n\t<div class=\"entry-content\">\n\t\n\t\t\n\t\t\n\t\t<p>A partire dal 2026, in Svizzera entreranno in vigore tariffe ambulatoriali per diverse malattie e terapie. Anche i farmaci faranno parte della tariffa ambulatoriale forfettaria. Ci\u00f2 avr\u00e0 un impatto massiccio sull&#8217;assistenza ai pazienti.<br \/>\nNella nostra presa di posizione, chiediamo all&#8217;Ufficio federale della sanit\u00e0 pubblica UFSP di eliminare i farmaci dalla tariffa ambulatoriale forfettaria, in modo che i fornitori di servizi abbiano la libert\u00e0 di utilizzare i farmaci migliori per i loro pazienti.<\/p>\n\t\t\n\t\t<a href=\"https:\/\/retina.ch\/wp-content\/uploads\/2025\/04\/Ambulante-Fallpauschalen-in-der-Ophthalmologie-ab-2026_final_IT.pdf\" class=\"btn\">di pi\u00f9<\/a>\n\t\t\n\t<\/div><!-- .entry-content -->\n\t\n<\/article><!-- #post-21836 -->\n\n<article id=\"post-21717\" class=\"post-21717 aktuelles type-aktuelles status-publish has-post-thumbnail hentry category-comunicato-stampa category-consiglieri\">\n\n\t\t\n\t<div class=\"archive-icon\">\n\t<\/div>\n\t\n\t<a href=\"https:\/\/retina.ch\/it\/attualita\/adesso-due-donne-ticinesi-fanno-parte-del-comitato-di-retina-suisse-e-il-nuovo-presidente-e-un-romando-da-ginevra\/\">\n\t<div class=\"archive-date\">\n\t\t<!-- Date  -->\n\t\t<!-- Time  -->\t<\/div><!-- archive-date -->\n\n\t<header class=\"entry-header\">\n\t\t<h2 class=\"entry-title\">Adesso due donne ticinesi fanno parte del comitato di Retina Suisse, e il nuovo presidente \u00e8 un romando da Ginevra<\/h2>\t<\/header><!-- .entry-header -->\n\t<\/a>\n\t\n\t\t\t<a class=\"post-thumbnail\" href=\"https:\/\/retina.ch\/it\/attualita\/adesso-due-donne-ticinesi-fanno-parte-del-comitato-di-retina-suisse-e-il-nuovo-presidente-e-un-romando-da-ginevra\/\" aria-hidden=\"true\" tabindex=\"-1\">\n\t\t\t\t<figure class=\"wp-caption fsmcfi-fig featured\"><img loading=\"lazy\" decoding=\"async\" width=\"2465\" height=\"2057\" src=\"https:\/\/retina.ch\/wp-content\/uploads\/2025\/04\/Retina-NEU-01-neuer-Vorstand-April-2025.jpg\" class=\"attachment-post-thumbnail size-post-thumbnail wp-post-image\" alt=\"Adesso due donne ticinesi fanno parte del comitato di Retina Suisse, e il nuovo presidente \u00e8 un romando da Ginevra\" srcset=\"https:\/\/retina.ch\/wp-content\/uploads\/2025\/04\/Retina-NEU-01-neuer-Vorstand-April-2025.jpg 2465w, https:\/\/retina.ch\/wp-content\/uploads\/2025\/04\/Retina-NEU-01-neuer-Vorstand-April-2025-400x334.jpg 400w, https:\/\/retina.ch\/wp-content\/uploads\/2025\/04\/Retina-NEU-01-neuer-Vorstand-April-2025-1400x1168.jpg 1400w, https:\/\/retina.ch\/wp-content\/uploads\/2025\/04\/Retina-NEU-01-neuer-Vorstand-April-2025-500x417.jpg 500w, https:\/\/retina.ch\/wp-content\/uploads\/2025\/04\/Retina-NEU-01-neuer-Vorstand-April-2025-768x641.jpg 768w, https:\/\/retina.ch\/wp-content\/uploads\/2025\/04\/Retina-NEU-01-neuer-Vorstand-April-2025-1536x1282.jpg 1536w, https:\/\/retina.ch\/wp-content\/uploads\/2025\/04\/Retina-NEU-01-neuer-Vorstand-April-2025-2048x1709.jpg 2048w, https:\/\/retina.ch\/wp-content\/uploads\/2025\/04\/Retina-NEU-01-neuer-Vorstand-April-2025-800x668.jpg 800w, https:\/\/retina.ch\/wp-content\/uploads\/2025\/04\/Retina-NEU-01-neuer-Vorstand-April-2025-1280x1068.jpg 1280w, https:\/\/retina.ch\/wp-content\/uploads\/2025\/04\/Retina-NEU-01-neuer-Vorstand-April-2025-1920x1602.jpg 1920w\" sizes=\"auto, (max-width: 2465px) 100vw, 2465px\" \/><figcaption  class=\"wp-caption-text\">Foto di gruppo del neoeletto comitato di Retina Suisse con i cani guida (manca un membro): il presidente Laurent Del\u00e9traz terzo da destra, la ticinese Claudia Genini seconda da destra.<\/figcaption><\/figure>\t\t\t<\/a>\n\n\t\t\t\n\t<div class=\"archive-details\">\n\t\t\t\n\t\t<!-- Place  -->\n\t\t\t\t\n\t<\/div>\n\n\t<div class=\"entry-content\">\n\t\n\t\t\n\t\t\n\t\t<p>Dopo dieci anni di mandato, caratterizzati dalla modernizzazione e dall\u2019ampliamento dei servizi, la presidente di Retina Suisse, Susanne Trudel, si \u00e8 ritirata in occasione della 46a Assemblea generale, il 12 aprile 2025. La presidente passa il testimone a Laurent Del\u00e9traz, gi\u00e0 membro di comitato. Con lui, la presidenza \u00e8 detenuta per la prima volta da un Romando. <\/p>\n\t\t\n\t\t<a href=\"https:\/\/retina.ch\/it\/attualita\/adesso-due-donne-ticinesi-fanno-parte-del-comitato-di-retina-suisse-e-il-nuovo-presidente-e-un-romando-da-ginevra\/\" class=\"btn\">di pi\u00f9<\/a>\n\t\t\n\t<\/div><!-- .entry-content -->\n\t\n<\/article><!-- #post-21717 -->\n\n<article id=\"post-20417\" class=\"post-20417 ratgeber type-ratgeber status-publish has-post-thumbnail hentry category-comitato-medico-scientifico category-comunicato-stampa category-medicina category-ricerca\">\n\n\t\t\n\t<div class=\"archive-icon\">\n\t<\/div>\n\t\n\t<a href=\"https:\/\/retina.ch\/it\/consiglieri\/modificare-i-geni-per-preservare-la-vista\/\">\n\t<div class=\"archive-date\">\n\t\t<!-- Date  -->\n\t\t<!-- Time  -->\t<\/div><!-- archive-date -->\n\n\t<header class=\"entry-header\">\n\t\t<h2 class=\"entry-title\">Morbus Stargardt: \u00abModificare\u00bb i geni per preservare la vista<\/h2>\t<\/header><!-- .entry-header -->\n\t<\/a>\n\t\n\t\t\t<a class=\"post-thumbnail\" href=\"https:\/\/retina.ch\/it\/consiglieri\/modificare-i-geni-per-preservare-la-vista\/\" aria-hidden=\"true\" tabindex=\"-1\">\n\t\t\t\t<figure class=\"wp-caption fsmcfi-fig featured\"><img loading=\"lazy\" decoding=\"async\" width=\"1280\" height=\"1011\" src=\"https:\/\/retina.ch\/wp-content\/uploads\/2025\/01\/retina-bild-gen-editing-gratis.jpg\" class=\"attachment-post-thumbnail size-post-thumbnail wp-post-image\" alt=\"Morbus Stargardt: \u00abModificare\u00bb i geni per preservare la vista\" srcset=\"https:\/\/retina.ch\/wp-content\/uploads\/2025\/01\/retina-bild-gen-editing-gratis.jpg 1280w, https:\/\/retina.ch\/wp-content\/uploads\/2025\/01\/retina-bild-gen-editing-gratis-400x316.jpg 400w, https:\/\/retina.ch\/wp-content\/uploads\/2025\/01\/retina-bild-gen-editing-gratis-500x395.jpg 500w, https:\/\/retina.ch\/wp-content\/uploads\/2025\/01\/retina-bild-gen-editing-gratis-768x607.jpg 768w, https:\/\/retina.ch\/wp-content\/uploads\/2025\/01\/retina-bild-gen-editing-gratis-800x632.jpg 800w\" sizes=\"auto, (max-width: 1280px) 100vw, 1280px\" \/><\/figure>\t\t\t<\/a>\n\n\t\t\t\n\t<div class=\"archive-details\">\n\t\t\t\n\t\t<!-- Place  -->\n\t\t\t\t\n\t<\/div>\n\n\t<div class=\"entry-content\">\n\t\n\t\t\n\t\t\n\t\t<p>Ricercatrici e ricercatori dell\u2019Istituto di oftalmologia molecolare e clinica di Basilea hanno sviluppato un nuovo tipo di terapia genica, grazie alla quale si potrebbe rendere potenzialmente curabile la malattia di Stargardt, una forma comune di degenerazione maculare ereditaria.<\/p>\n\t\t\n\t\t<a href=\"https:\/\/retina.ch\/it\/consiglieri\/modificare-i-geni-per-preservare-la-vista\/\" class=\"btn\">di pi\u00f9<\/a>\n\t\t\n\t<\/div><!-- .entry-content -->\n\t\n<\/article><!-- #post-20417 -->\n\n<article id=\"post-16891\" class=\"post-16891 aktuelles type-aktuelles status-publish has-post-thumbnail hentry category-comunicato-stampa\">\n\n\t\t\n\t<div class=\"archive-icon\">\n\t<\/div>\n\t\n\t<a href=\"https:\/\/retina.ch\/it\/attualita\/alla-maratona-di-ginevra-il-corridore-vallesano-di-retina-suisse-ottiene-un-risultato-di-tutto-rispetto\/\">\n\t<div class=\"archive-date\">\n\t\t<!-- Date  -->\n\t\t<!-- Time  -->\t<\/div><!-- archive-date -->\n\n\t<header class=\"entry-header\">\n\t\t<h2 class=\"entry-title\">Alla maratona di Ginevra, il corridore vallesano di Retina Suisse ottiene un risultato di tutto rispetto<\/h2>\t<\/header><!-- .entry-header -->\n\t<\/a>\n\t\n\t\t\t<a class=\"post-thumbnail\" href=\"https:\/\/retina.ch\/it\/attualita\/alla-maratona-di-ginevra-il-corridore-vallesano-di-retina-suisse-ottiene-un-risultato-di-tutto-rispetto\/\" aria-hidden=\"true\" tabindex=\"-1\">\n\t\t\t\t<figure class=\"wp-caption fsmcfi-fig featured\"><img loading=\"lazy\" decoding=\"async\" width=\"1200\" height=\"1600\" src=\"https:\/\/retina.ch\/wp-content\/uploads\/2024\/05\/foto-retina-runner-4-genf.jpg\" class=\"attachment-post-thumbnail size-post-thumbnail wp-post-image\" alt=\"Alla maratona di Ginevra, il corridore vallesano di Retina Suisse ottiene un risultato di tutto rispetto\" srcset=\"https:\/\/retina.ch\/wp-content\/uploads\/2024\/05\/foto-retina-runner-4-genf.jpg 1200w, https:\/\/retina.ch\/wp-content\/uploads\/2024\/05\/foto-retina-runner-4-genf-300x400.jpg 300w, https:\/\/retina.ch\/wp-content\/uploads\/2024\/05\/foto-retina-runner-4-genf-1050x1400.jpg 1050w, https:\/\/retina.ch\/wp-content\/uploads\/2024\/05\/foto-retina-runner-4-genf-375x500.jpg 375w, https:\/\/retina.ch\/wp-content\/uploads\/2024\/05\/foto-retina-runner-4-genf-768x1024.jpg 768w, https:\/\/retina.ch\/wp-content\/uploads\/2024\/05\/foto-retina-runner-4-genf-1152x1536.jpg 1152w, https:\/\/retina.ch\/wp-content\/uploads\/2024\/05\/foto-retina-runner-4-genf-500x667.jpg 500w, https:\/\/retina.ch\/wp-content\/uploads\/2024\/05\/foto-retina-runner-4-genf-800x1067.jpg 800w\" sizes=\"auto, (max-width: 1200px) 100vw, 1200px\" \/><\/figure>\t\t\t<\/a>\n\n\t\t\t\n\t<div class=\"archive-details\">\n\t\t\t\n\t\t<!-- Place  -->\n\t\t\t\t\n\t<\/div>\n\n\t<div class=\"entry-content\">\n\t\n\t\t\n\t\t\n\t\t<p>Il vallesano Mario K\u00e4mpfen, affetto da una malattia della retina che lo ha reso quasi cieco, ha partecipato alla maratona di Ginevra. E con buon successo.<\/p>\n\t\t\n\t\t<a href=\"https:\/\/retina.ch\/it\/attualita\/alla-maratona-di-ginevra-il-corridore-vallesano-di-retina-suisse-ottiene-un-risultato-di-tutto-rispetto\/\" class=\"btn\">di pi\u00f9<\/a>\n\t\t\n\t<\/div><!-- .entry-content -->\n\t\n<\/article><!-- #post-16891 -->\n\n<article id=\"post-11085\" class=\"post-11085 medienmitteilung type-medienmitteilung status-publish has-post-thumbnail hentry category-comunicato-stampa category-consiglieri\">\n\n\t\t\n\t<div class=\"archive-icon\">\n\t<\/div>\n\t\n\t<a href=\"https:\/\/retina.ch\/it\/comunicato-stampa\/il-registro-dei-pazienti-aiuta-i-pazienti-stessi\/\">\n\t<div class=\"archive-date\">\n\t\t<!-- Date  -->\n\t\t15.03.2023<!-- Time  -->\t<\/div><!-- archive-date -->\n\n\t<header class=\"entry-header\">\n\t\t<h2 class=\"entry-title\">Il registro dei pazienti aiuta \u2013 i pazienti stessi<\/h2>\t<\/header><!-- .entry-header -->\n\t<\/a>\n\t\n\t\t\t<a class=\"post-thumbnail\" href=\"https:\/\/retina.ch\/it\/comunicato-stampa\/il-registro-dei-pazienti-aiuta-i-pazienti-stessi\/\" aria-hidden=\"true\" tabindex=\"-1\">\n\t\t\t\t<figure class=\"wp-caption fsmcfi-fig featured\"><img loading=\"lazy\" decoding=\"async\" width=\"1432\" height=\"1045\" src=\"https:\/\/retina.ch\/wp-content\/uploads\/2023\/04\/bild-datenbank-x-linked-vererbung.jpg\" class=\"attachment-post-thumbnail size-post-thumbnail wp-post-image\" alt=\"Il registro dei pazienti aiuta \u2013 i pazienti stessi\" srcset=\"https:\/\/retina.ch\/wp-content\/uploads\/2023\/04\/bild-datenbank-x-linked-vererbung.jpg 1432w, https:\/\/retina.ch\/wp-content\/uploads\/2023\/04\/bild-datenbank-x-linked-vererbung-400x292.jpg 400w, https:\/\/retina.ch\/wp-content\/uploads\/2023\/04\/bild-datenbank-x-linked-vererbung-1400x1022.jpg 1400w, https:\/\/retina.ch\/wp-content\/uploads\/2023\/04\/bild-datenbank-x-linked-vererbung-500x365.jpg 500w, https:\/\/retina.ch\/wp-content\/uploads\/2023\/04\/bild-datenbank-x-linked-vererbung-768x560.jpg 768w, https:\/\/retina.ch\/wp-content\/uploads\/2023\/04\/bild-datenbank-x-linked-vererbung-800x584.jpg 800w, https:\/\/retina.ch\/wp-content\/uploads\/2023\/04\/bild-datenbank-x-linked-vererbung-1280x934.jpg 1280w\" sizes=\"auto, (max-width: 1432px) 100vw, 1432px\" \/><\/figure>\t\t\t<\/a>\n\n\t\t\t\n\t<div class=\"archive-details\">\n\t\t\t\n\t\t<!-- Place  -->\n\t\t\t\t<div>\t\t\t\t\t \n\t\t\t\t\t\t\t\n\t\t\t\t\t<\/div>\n\t\t\t\t\n\t<\/div>\n\n\t<div class=\"entry-content\">\n\t\n\t\t\n\t\t\n\t\t<p>Grazie a una banca dati per registrare le malattie rare i pazienti sono rapidamente informati quando si presentano nuovi tipi di analisi o di terapie.<\/p>\n\t\t\n\t\t<a href=\"https:\/\/retina.ch\/it\/comunicato-stampa\/il-registro-dei-pazienti-aiuta-i-pazienti-stessi\/\" class=\"btn\">di pi\u00f9<\/a>\n\t\t\n\t<\/div><!-- .entry-content -->\n\t\n<\/article><!-- #post-11085 -->\n\n<article id=\"post-11321\" class=\"post-11321 aktuelles type-aktuelles status-publish has-post-thumbnail hentry category-comitato-medico-scientifico category-comunicato-stampa category-retinite-pigmentosa category-ricerca category-stargardt\">\n\n\t\t\n\t<div class=\"archive-icon\">\n\t<\/div>\n\t\n\t<a href=\"https:\/\/retina.ch\/it\/attualita\/studio-dosservazione-sulla-malattia-di-stargardt-si-cercano-partecipanti-2\/\">\n\t<div class=\"archive-date\">\n\t\t<!-- Date  -->\n\t\t24.11.2022<!-- Time  -->\t<\/div><!-- archive-date -->\n\n\t<header class=\"entry-header\">\n\t\t<h2 class=\"entry-title\">Gli esperti sconsigliano la \u201cterapia cubana<\/h2>\t<\/header><!-- .entry-header -->\n\t<\/a>\n\t\n\t\t\t<a class=\"post-thumbnail\" href=\"https:\/\/retina.ch\/it\/attualita\/studio-dosservazione-sulla-malattia-di-stargardt-si-cercano-partecipanti-2\/\" aria-hidden=\"true\" tabindex=\"-1\">\n\t\t\t\t<figure class=\"wp-caption fsmcfi-fig featured\"><img loading=\"lazy\" decoding=\"async\" width=\"1020\" height=\"658\" src=\"https:\/\/retina.ch\/wp-content\/uploads\/2022\/11\/retina-bild-zu-kuba-therapie-02.jpg\" class=\"attachment-post-thumbnail size-post-thumbnail wp-post-image\" alt=\"Gli esperti sconsigliano la \u201cterapia cubana\" srcset=\"https:\/\/retina.ch\/wp-content\/uploads\/2022\/11\/retina-bild-zu-kuba-therapie-02.jpg 1020w, https:\/\/retina.ch\/wp-content\/uploads\/2022\/11\/retina-bild-zu-kuba-therapie-02-400x258.jpg 400w, https:\/\/retina.ch\/wp-content\/uploads\/2022\/11\/retina-bild-zu-kuba-therapie-02-500x323.jpg 500w, https:\/\/retina.ch\/wp-content\/uploads\/2022\/11\/retina-bild-zu-kuba-therapie-02-768x495.jpg 768w, https:\/\/retina.ch\/wp-content\/uploads\/2022\/11\/retina-bild-zu-kuba-therapie-02-800x516.jpg 800w\" sizes=\"auto, (max-width: 1020px) 100vw, 1020px\" \/><\/figure>\t\t\t<\/a>\n\n\t\t\t\n\t<div class=\"archive-details\">\n\t\t\t\n\t\t<!-- Place  -->\n\t\t\t\t\n\t<\/div>\n\n\t<div class=\"entry-content\">\n\t\n\t\t\n\t\t\n\t\t<p>La clinica oftalmologica dell&#8217;Ospedale universitario di Basilea sta cercando partecipanti per uno studio sull\u2019evoluzione naturale della malattia di Stargardt. <\/p>\n\t\t\n\t\t<a href=\"https:\/\/retina.ch\/it\/attualita\/studio-dosservazione-sulla-malattia-di-stargardt-si-cercano-partecipanti-2\/\" class=\"btn\">di pi\u00f9<\/a>\n\t\t\n\t<\/div><!-- .entry-content -->\n\t\n<\/article><!-- #post-11321 -->\n\n<article id=\"post-9749\" class=\"post-9749 aktuelles type-aktuelles status-publish hentry category-comunicato-stampa category-ricerca\">\n\n\t\t\n\t<div class=\"archive-icon\">\n\t<\/div>\n\t\n\t<a href=\"https:\/\/retina.ch\/it\/attualita\/studio-dosservazione-sulla-malattia-di-stargardt-si-cercano-partecipanti\/\">\n\t<div class=\"archive-date\">\n\t\t<!-- Date  -->\n\t\t27.09.2022<!-- Time  -->\t<\/div><!-- archive-date -->\n\n\t<header class=\"entry-header\">\n\t\t<h2 class=\"entry-title\">&#8220;Studio sulla malattia di Stargardt: si cercano partecipanti&#8221;<\/h2>\t<\/header><!-- .entry-header -->\n\t<\/a>\n\t\n\t<div class=\"archive-details\">\n\t\t\t\n\t\t<!-- Place  -->\n\t\t\t\t\n\t<\/div>\n\n\t<div class=\"entry-content\">\n\t\n\t\t\n\t\t\n\t\t<p>Associazioni mediche tedesche tornano a dissuadere le persone con retinite pigmentosa dalla cosiddetta terapia cubana, che pu\u00f2 comportare gravi complicazioni.<\/p>\n\t\t\n\t\t<a href=\"https:\/\/retina.ch\/it\/attualita\/studio-dosservazione-sulla-malattia-di-stargardt-si-cercano-partecipanti\/\" class=\"btn\">di pi\u00f9<\/a>\n\t\t\n\t<\/div><!-- .entry-content -->\n\t\n<\/article><!-- #post-9749 -->\n<div class=\"nav-links\"><\/div>        <\/div><!-- .flxbx -->\n        \n","protected":false},"excerpt":{"rendered":"","protected":false},"author":1,"featured_media":0,"parent":11039,"menu_order":5,"comment_status":"closed","ping_status":"closed","template":"","meta":{"_acf_changed":false,"inline_featured_image":false,"_FSMCFIC_featured_image_caption":"","_FSMCFIC_featured_image_nocaption":"","_FSMCFIC_featured_image_hide":"","footnotes":"","_links_to":"","_links_to_target":""},"class_list":["post-11043","page","type-page","status-publish","hentry"],"acf":[],"yoast_head":"<!-- This site is optimized with the Yoast SEO plugin v27.1.1 - https:\/\/yoast.com\/product\/yoast-seo-wordpress\/ -->\n<title>Comunicati stampa &#8226; Retina Suisse<\/title>\n<meta name=\"robots\" content=\"index, follow, max-snippet:-1, max-image-preview:large, max-video-preview:-1\" \/>\n<link rel=\"canonical\" href=\"https:\/\/retina.ch\/it\/media\/comunicato-stampa\/\" \/>\n<meta property=\"og:locale\" content=\"it_IT\" \/>\n<meta property=\"og:type\" content=\"article\" \/>\n<meta property=\"og:title\" content=\"Comunicati stampa &#8226; Retina Suisse\" \/>\n<meta property=\"og:url\" content=\"https:\/\/retina.ch\/it\/media\/comunicato-stampa\/\" \/>\n<meta property=\"og:site_name\" content=\"Retina Suisse\" \/>\n<meta property=\"article:publisher\" content=\"https:\/\/www.facebook.com\/retinasuisse\/\" \/>\n<meta property=\"article:modified_time\" content=\"2023-04-19T14:00:58+00:00\" \/>\n<meta name=\"twitter:card\" content=\"summary_large_image\" \/>\n<meta name=\"twitter:label1\" content=\"Tempo di lettura stimato\" \/>\n\t<meta name=\"twitter:data1\" content=\"1 minuto\" \/>\n<script type=\"application\/ld+json\" class=\"yoast-schema-graph\">{\"@context\":\"https:\/\/schema.org\",\"@graph\":[{\"@type\":\"WebPage\",\"@id\":\"https:\/\/retina.ch\/it\/media\/comunicato-stampa\/\",\"url\":\"https:\/\/retina.ch\/it\/media\/comunicato-stampa\/\",\"name\":\"Comunicati stampa &#8226; Retina Suisse\",\"isPartOf\":{\"@id\":\"https:\/\/retina.ch\/it\/#website\"},\"datePublished\":\"2023-04-14T13:57:36+00:00\",\"dateModified\":\"2023-04-19T14:00:58+00:00\",\"breadcrumb\":{\"@id\":\"https:\/\/retina.ch\/it\/media\/comunicato-stampa\/#breadcrumb\"},\"inLanguage\":\"it-IT\",\"potentialAction\":[{\"@type\":\"ReadAction\",\"target\":[\"https:\/\/retina.ch\/it\/media\/comunicato-stampa\/\"]}]},{\"@type\":\"BreadcrumbList\",\"@id\":\"https:\/\/retina.ch\/it\/media\/comunicato-stampa\/#breadcrumb\",\"itemListElement\":[{\"@type\":\"ListItem\",\"position\":1,\"name\":\"Retina Suisse\",\"item\":\"https:\/\/retina.ch\/it\/\"},{\"@type\":\"ListItem\",\"position\":2,\"name\":\"Per i rappresentanti dei media\",\"item\":\"https:\/\/retina.ch\/it\/media\/\"},{\"@type\":\"ListItem\",\"position\":3,\"name\":\"Comunicati stampa\"}]},{\"@type\":\"WebSite\",\"@id\":\"https:\/\/retina.ch\/it\/#website\",\"url\":\"https:\/\/retina.ch\/it\/\",\"name\":\"Retina Suisse\",\"description\":\"Retina Suisse ist die Vereinigung von Patientinnen und Patienten mit Retinitis pigmentosa (RP), Makuladegeneration, Usher-Syndrom und anderen Erkrankungen des Augenhintergrundes.\",\"publisher\":{\"@id\":\"https:\/\/retina.ch\/it\/#organization\"},\"potentialAction\":[{\"@type\":\"SearchAction\",\"target\":{\"@type\":\"EntryPoint\",\"urlTemplate\":\"https:\/\/retina.ch\/it\/?s={search_term_string}\"},\"query-input\":{\"@type\":\"PropertyValueSpecification\",\"valueRequired\":true,\"valueName\":\"search_term_string\"}}],\"inLanguage\":\"it-IT\"},{\"@type\":\"Organization\",\"@id\":\"https:\/\/retina.ch\/it\/#organization\",\"name\":\"Retina Suisse\",\"url\":\"https:\/\/retina.ch\/it\/\",\"logo\":{\"@type\":\"ImageObject\",\"inLanguage\":\"it-IT\",\"@id\":\"https:\/\/retina.ch\/it\/#\/schema\/logo\/image\/\",\"url\":\"https:\/\/retina.ch\/wp-content\/uploads\/2020\/09\/retina-auge-typo.svg\",\"contentUrl\":\"https:\/\/retina.ch\/wp-content\/uploads\/2020\/09\/retina-auge-typo.svg\",\"width\":\"1024\",\"height\":\"1024\",\"caption\":\"Retina Suisse\"},\"image\":{\"@id\":\"https:\/\/retina.ch\/it\/#\/schema\/logo\/image\/\"},\"sameAs\":[\"https:\/\/www.facebook.com\/retinasuisse\/\"]}]}<\/script>\n<!-- \/ Yoast SEO plugin. -->","yoast_head_json":{"title":"Comunicati stampa &#8226; Retina Suisse","robots":{"index":"index","follow":"follow","max-snippet":"max-snippet:-1","max-image-preview":"max-image-preview:large","max-video-preview":"max-video-preview:-1"},"canonical":"https:\/\/retina.ch\/it\/media\/comunicato-stampa\/","og_locale":"it_IT","og_type":"article","og_title":"Comunicati stampa &#8226; Retina Suisse","og_url":"https:\/\/retina.ch\/it\/media\/comunicato-stampa\/","og_site_name":"Retina Suisse","article_publisher":"https:\/\/www.facebook.com\/retinasuisse\/","article_modified_time":"2023-04-19T14:00:58+00:00","twitter_card":"summary_large_image","twitter_misc":{"Tempo di lettura stimato":"1 minuto"},"schema":{"@context":"https:\/\/schema.org","@graph":[{"@type":"WebPage","@id":"https:\/\/retina.ch\/it\/media\/comunicato-stampa\/","url":"https:\/\/retina.ch\/it\/media\/comunicato-stampa\/","name":"Comunicati stampa &#8226; Retina Suisse","isPartOf":{"@id":"https:\/\/retina.ch\/it\/#website"},"datePublished":"2023-04-14T13:57:36+00:00","dateModified":"2023-04-19T14:00:58+00:00","breadcrumb":{"@id":"https:\/\/retina.ch\/it\/media\/comunicato-stampa\/#breadcrumb"},"inLanguage":"it-IT","potentialAction":[{"@type":"ReadAction","target":["https:\/\/retina.ch\/it\/media\/comunicato-stampa\/"]}]},{"@type":"BreadcrumbList","@id":"https:\/\/retina.ch\/it\/media\/comunicato-stampa\/#breadcrumb","itemListElement":[{"@type":"ListItem","position":1,"name":"Retina Suisse","item":"https:\/\/retina.ch\/it\/"},{"@type":"ListItem","position":2,"name":"Per i rappresentanti dei media","item":"https:\/\/retina.ch\/it\/media\/"},{"@type":"ListItem","position":3,"name":"Comunicati stampa"}]},{"@type":"WebSite","@id":"https:\/\/retina.ch\/it\/#website","url":"https:\/\/retina.ch\/it\/","name":"Retina Suisse","description":"Retina Suisse ist die Vereinigung von Patientinnen und Patienten mit Retinitis pigmentosa (RP), Makuladegeneration, Usher-Syndrom und anderen Erkrankungen des Augenhintergrundes.","publisher":{"@id":"https:\/\/retina.ch\/it\/#organization"},"potentialAction":[{"@type":"SearchAction","target":{"@type":"EntryPoint","urlTemplate":"https:\/\/retina.ch\/it\/?s={search_term_string}"},"query-input":{"@type":"PropertyValueSpecification","valueRequired":true,"valueName":"search_term_string"}}],"inLanguage":"it-IT"},{"@type":"Organization","@id":"https:\/\/retina.ch\/it\/#organization","name":"Retina Suisse","url":"https:\/\/retina.ch\/it\/","logo":{"@type":"ImageObject","inLanguage":"it-IT","@id":"https:\/\/retina.ch\/it\/#\/schema\/logo\/image\/","url":"https:\/\/retina.ch\/wp-content\/uploads\/2020\/09\/retina-auge-typo.svg","contentUrl":"https:\/\/retina.ch\/wp-content\/uploads\/2020\/09\/retina-auge-typo.svg","width":"1024","height":"1024","caption":"Retina Suisse"},"image":{"@id":"https:\/\/retina.ch\/it\/#\/schema\/logo\/image\/"},"sameAs":["https:\/\/www.facebook.com\/retinasuisse\/"]}]}},"_links":{"self":[{"href":"https:\/\/retina.ch\/it\/wp-json\/wp\/v2\/pages\/11043","targetHints":{"allow":["GET"]}}],"collection":[{"href":"https:\/\/retina.ch\/it\/wp-json\/wp\/v2\/pages"}],"about":[{"href":"https:\/\/retina.ch\/it\/wp-json\/wp\/v2\/types\/page"}],"author":[{"embeddable":true,"href":"https:\/\/retina.ch\/it\/wp-json\/wp\/v2\/users\/1"}],"replies":[{"embeddable":true,"href":"https:\/\/retina.ch\/it\/wp-json\/wp\/v2\/comments?post=11043"}],"version-history":[{"count":3,"href":"https:\/\/retina.ch\/it\/wp-json\/wp\/v2\/pages\/11043\/revisions"}],"predecessor-version":[{"id":11372,"href":"https:\/\/retina.ch\/it\/wp-json\/wp\/v2\/pages\/11043\/revisions\/11372"}],"up":[{"embeddable":true,"href":"https:\/\/retina.ch\/it\/wp-json\/wp\/v2\/pages\/11039"}],"wp:attachment":[{"href":"https:\/\/retina.ch\/it\/wp-json\/wp\/v2\/media?parent=11043"}],"curies":[{"name":"wp","href":"https:\/\/api.w.org\/{rel}","templated":true}]}}