{"id":2812,"date":"2020-09-19T19:16:29","date_gmt":"2020-09-19T17:16:29","guid":{"rendered":"https:\/\/dev.retina.ch\/?page_id=2812"},"modified":"2025-04-30T13:35:26","modified_gmt":"2025-04-30T11:35:26","slug":"gruppi-di-parola-dmle","status":"publish","type":"page","link":"https:\/\/retina.ch\/it\/consulenze\/gruppi-di-parola-dmle\/","title":{"rendered":"Gruppi di parola per persone con DMLE"},"content":{"rendered":"\n<p>\u00c8 affetto da degenerazione maculare legata all&#8217;et\u00e0? Volete scambiare regolarmente idee con altre persone interessate? Se \u00e8 cos\u00ec, vi invitiamo cordialmente ad unirvi ad uno dei nostri gruppi di parole. Il gruppo \u00e8 una piattaforma per lo scambio di esperienze, sentimenti, mezzi ausiliari, consigli e trucchi per gestire la quotidianit\u00e0. Si riunisce una volta al mese ed \u00e8 guidata da persone esperte che sono a loro volta affette da degenerazione maculare.<\/p>\n\n\n\n<p>I gruppi si svolgono in diverse citt\u00e0 della Svizzera tedesca, in Ticino nonch\u00e9 nella Svizzera romanda. Per dettagli come le date dei corsi e gli animatori dei corsi, si prega di consultare le rispettive citt\u00e0.<\/p>\n\n\n\n<p>Se siete interessati ad altre tematiche, contattateci in qualsiasi momento.<\/p>\n\n\n\n<div class=\"wp-block-columns icon-block is-layout-flex wp-container-core-columns-is-layout-9d6595d7 wp-block-columns-is-layout-flex\">\n<div class=\"wp-block-column is-layout-flow wp-block-column-is-layout-flow\"><span class='maxbutton-7-container mb-container'><a class=\"maxbutton-7 maxbutton maxbutton-kontakt\" title=\"Retina Suisse Kontakt\" href=\"\/kontakt\/\" data-maxbuttoncounter=\"{&quot;button_id&quot;:&quot;7&quot;,&quot;url&quot;:&quot;\\\/kontakt\\\/&quot;,&quot;check&quot;:&quot;Ot5xIOiH&quot;}\" data-maxbuttonpage=\"{&quot;id&quot;:2812,&quot;type&quot;:&quot;page&quot;}\"><span class=\"mb-icon\"><img loading=\"lazy\" decoding=\"async\" class=\"mb-img\" src=\"https:\/\/retina.ch\/wp-content\/uploads\/2020\/10\/icon-phone-black-400x400.png\" title=\"icon-phone-black\" width=\"400\" height=\"400\"   border=\"0\" \/><\/span><span class=\"mb-icon-hover\"><img loading=\"lazy\" decoding=\"async\" class=\"mb-img-hover\" src=\"https:\/\/retina.ch\/wp-content\/uploads\/2020\/10\/icon-phone-yellow-400x400.png\" title=\"icon-phone-black\" width=\"512\" height=\"512\"   border=\"0\" \/><\/span><span class='mb-text' >Retina Suisse<\/span><span class=\"mb-text2\"  >Contatto<\/span><\/a><\/span>\n<\/div>\n\n\n\n<div class=\"wp-block-column is-layout-flow wp-block-column-is-layout-flow\"><span class='maxbutton-2-container mb-container'><a class=\"maxbutton-2 maxbutton maxbutton-newsletter-anmelden\" title=\"Newsletter Anmelden\" href=\"\/kontakt\/newsletter\/\" data-maxbuttoncounter=\"{&quot;button_id&quot;:&quot;2&quot;,&quot;url&quot;:&quot;\\\/kontakt\\\/newsletter\\\/&quot;,&quot;check&quot;:&quot;OIuZdgGc&quot;}\" data-maxbuttonpage=\"{&quot;id&quot;:2812,&quot;type&quot;:&quot;page&quot;}\"><span class=\"mb-icon\"><img loading=\"lazy\" decoding=\"async\" class=\"mb-img\" src=\"https:\/\/retina.ch\/wp-content\/uploads\/2020\/10\/icon-comment-edit.png\" title=\"icon-comment-edit\" width=\"512\" height=\"512\"   border=\"0\" \/><\/span><span class=\"mb-icon-hover\"><img loading=\"lazy\" decoding=\"async\" class=\"mb-img-hover\" src=\"https:\/\/retina.ch\/wp-content\/uploads\/2020\/10\/icon-comment-edit-yellow.png\" title=\"icon-comment-edit\" width=\"512\" height=\"512\"   border=\"0\" \/><\/span><span class='mb-text' >Iscriviti alla<\/span><span class=\"mb-text2\"  >newsletter<\/span><\/a><\/span>\n<\/div>\n\n\n\n<div class=\"wp-block-column is-layout-flow wp-block-column-is-layout-flow\"><span class='maxbutton-3-container mb-container'><a class=\"maxbutton-3 maxbutton maxbutton-retina-suisse-mitgliedschaft\" title=\"Retina Suisse Mitgliedschaft\" href=\"\/mitgliedschaft\/\" data-maxbuttoncounter=\"{&quot;button_id&quot;:&quot;3&quot;,&quot;url&quot;:&quot;\\\/mitgliedschaft\\\/&quot;,&quot;check&quot;:&quot;Rweb1zDP&quot;}\" data-maxbuttonpage=\"{&quot;id&quot;:2812,&quot;type&quot;:&quot;page&quot;}\"><span class=\"mb-icon\"><img loading=\"lazy\" decoding=\"async\" class=\"mb-img\" src=\"https:\/\/retina.ch\/wp-content\/uploads\/2020\/10\/icon-users.png\" title=\"icon-users\" width=\"640\" height=\"512\"   border=\"0\" \/><\/span><span class=\"mb-icon-hover\"><img loading=\"lazy\" decoding=\"async\" class=\"mb-img-hover\" src=\"https:\/\/retina.ch\/wp-content\/uploads\/2020\/10\/icon-users-yellow.png\" title=\"icon-users\" width=\"640\" height=\"512\"   border=\"0\" \/><\/span><span class='mb-text' >Iscrizione<\/span><span class=\"mb-text2\"  >Retina Suisse<\/span><\/a><\/span>\n<\/div>\n<\/div>\n\n\n\n<div class=\"wp-block-nk-awb nk-awb alignfull\"><div class=\"nk-awb-wrap\" data-awb-type=\"color\"><div class=\"nk-awb-overlay\" style=\"background: #fff9bf;\"><\/div><\/div><div class=\"nk-awb-wrap-content is-layout-constrained wp-block-nk-awb-is-layout-constrained\">\n<div class=\"wp-block-group\"><div class=\"wp-block-group__inner-container is-layout-flow wp-block-group-is-layout-flow\">\t\t<div class=\"archive-flxbx\">\n\t\t\n<article id=\"post-21298\" class=\"post-21298 gespraechsgruppen type-gespraechsgruppen status-publish hentry category-degenerazione-maculare-legata-alleta-dmle category-retinite-pigmentosa\">\n\n\t<div class=\"archive-icon\">\n\t<\/div>\n\t\n\t<a href=\"https:\/\/retina.ch\/it\/gruppi-di-parola\/basilea-gruppo-di-parola-dmle-rp-e-altre-degenerazioni-retiniche-ereditarie\/\">\n\t<header class=\"entry-header\">\n\t\t<h2 class=\"entry-title\">Basilea &#8211; Gruppo di parola DMLE, RP e altre degenerazioni retiniche ereditarie<\/h2>\t<\/header><!-- .entry-header -->\n\t<a\/>\n\t\n\t<div class=\"entry-content\">\n\t\n\t<!-- Kurstag  -->\n\t\t\t\t\n\t\t\t\t<h3>Prossime date dei corsi<\/h3>\n\t\t<p>\n\t\t\t\t\t\t\t\t\t\t\t\t\t\n\t\t\t\t30 Aprile 2026<br\/>\n\t\t\t\t\t \n<!-- \n\t\t\t\t\t\t\t\t\t30. Aprile 2026 \t\t\t\t<br\/>\n -->\n\t\t\t\t\t\t\t\n\t\t\t\t28 Maggio 2026 <br\/>\n\t\t\t\t\t \n<!-- \n\t\t\t\t\t\t\t\t\t28. Maggio 2026  \t\t\t\t<br\/>\n -->\n\t\t\t\t\t\t\t\n\t\t\t\t25 Giugno 2026<br\/>\n\t\t\t\t\t \n<!-- \n\t\t\t\t\t\t\t\t\t25. Giugno 2026 \t\t\t\t<br\/>\n -->\n\t\t\t\t\t<\/p>\n\t\t\n\t\t\t\n\t\n\t\t\t\t\n\t\t<a href=\"https:\/\/retina.ch\/it\/gruppi-di-parola\/basilea-gruppo-di-parola-dmle-rp-e-altre-degenerazioni-retiniche-ereditarie\/\" class=\"btn\">Informazioni e date dei corsi<\/a>\n\t\n\t<\/div><!-- .entry-content -->\n\n\t<footer class=\"entry-footer\">\n\t\t\t<\/footer><!-- .entry-footer -->\n\n<\/article><!-- #post-21298 -->\n\n<article id=\"post-4532\" class=\"post-4532 gespraechsgruppen type-gespraechsgruppen status-publish hentry category-degenerazione-maculare-legata-alleta-dmle\">\n\n\t<div class=\"archive-icon\">\n\t<\/div>\n\t\n\t<a href=\"https:\/\/retina.ch\/it\/gruppi-di-parola\/dmle-bern\/\">\n\t<header class=\"entry-header\">\n\t\t<h2 class=\"entry-title\">Berna &#8211; Gruppo di parola DMLE<\/h2>\t<\/header><!-- .entry-header -->\n\t<a\/>\n\t\n\t<div class=\"entry-content\">\n\t\n\t<!-- Kurstag  -->\n\t\t\t\t\n\t\t\t\t<h3>Prossime date dei corsi<\/h3>\n\t\t<p>\n\t\t\t\t\t\t\t\t\t\t\t\t\t\n\t\t\t\t07 Maggio 2026<br\/>\n\t\t\t\t\t \n<!-- \n\t\t\t\t\t\t\t\t\t07. Maggio 2026 \t\t\t\t<br\/>\n -->\n\t\t\t\t\t\t\t\n\t\t\t\t11 Giugno 2026<br\/>\n\t\t\t\t\t \n<!-- \n\t\t\t\t\t\t\t\t\t11. Giugno 2026 \t\t\t\t<br\/>\n -->\n\t\t\t\t\t\t\t\n\t\t\t\t10 Settembre 2026<br\/>\n\t\t\t\t\t \n<!-- \n\t\t\t\t\t\t\t\t\t10. Settembre 2026 \t\t\t\t<br\/>\n -->\n\t\t\t\t\t<\/p>\n\t\t\n\t\t\t\n\t\n\t\t\t\t\n\t\t<a href=\"https:\/\/retina.ch\/it\/gruppi-di-parola\/dmle-bern\/\" class=\"btn\">Informazioni e date dei corsi<\/a>\n\t\n\t<\/div><!-- .entry-content -->\n\n\t<footer class=\"entry-footer\">\n\t\t\t<\/footer><!-- .entry-footer -->\n\n<\/article><!-- #post-4532 -->\n\n<article id=\"post-4022\" class=\"post-4022 gespraechsgruppen type-gespraechsgruppen status-publish hentry category-degenerazione-maculare-legata-alleta-dmle\">\n\n\t<div class=\"archive-icon\">\n\t<\/div>\n\t\n\t<a href=\"https:\/\/retina.ch\/it\/gruppi-di-parola\/dmle-coira\/\">\n\t<header class=\"entry-header\">\n\t\t<h2 class=\"entry-title\">Coira &#8211; Gruppo di parola DMLE<\/h2>\t<\/header><!-- .entry-header -->\n\t<a\/>\n\t\n\t<div class=\"entry-content\">\n\t\n\t<!-- Kurstag  -->\n\t\t\t\t\n\t\t\t\t<h3>Prossime date dei corsi<\/h3>\n\t\t<p>\n\t\t\t\t\t\t\t\t\t\t\t\t\t\n\t\t\t\t04 Maggio 2026<br\/>\n\t\t\t\t\t \n<!-- \n\t\t\t\t\t\t\t\t\t04. Maggio 2026 \t\t\t\t<br\/>\n -->\n\t\t\t\t\t\t\t\n\t\t\t\t01 Giugno 2026<br\/>\n\t\t\t\t\t \n<!-- \n\t\t\t\t\t\t\t\t\t01. Giugno 2026 \t\t\t\t<br\/>\n -->\n\t\t\t\t\t\t\t\n\t\t\t\t06 Luglio 2026<br\/>\n\t\t\t\t\t \n<!-- \n\t\t\t\t\t\t\t\t\t06. Luglio 2026 \t\t\t\t<br\/>\n -->\n\t\t\t\t\t<\/p>\n\t\t\n\t\t\t\n\t\n\t\t\t\t\n\t\t<a href=\"https:\/\/retina.ch\/it\/gruppi-di-parola\/dmle-coira\/\" class=\"btn\">Informazioni e date dei corsi<\/a>\n\t\n\t<\/div><!-- .entry-content -->\n\n\t<footer class=\"entry-footer\">\n\t\t\t<\/footer><!-- .entry-footer -->\n\n<\/article><!-- #post-4022 -->\n\n<article id=\"post-4482\" class=\"post-4482 gespraechsgruppen type-gespraechsgruppen status-publish hentry category-degenerazione-maculare-legata-alleta-dmle category-retinite-pigmentosa\">\n\n\t<div class=\"archive-icon\">\n\t<\/div>\n\t\n\t<a href=\"https:\/\/retina.ch\/it\/gruppi-di-parola\/dmle-rp-lausanne\/\">\n\t<header class=\"entry-header\">\n\t\t<h2 class=\"entry-title\">Losanna &#8211; Gruppo di parola DMLE, RP e altre degenerazioni ereditarie della retina<\/h2>\t<\/header><!-- .entry-header -->\n\t<a\/>\n\t\n\t<div class=\"entry-content\">\n\t\n\t<!-- Kurstag  -->\n\t\t\t\t\n\t\t\t\t<h3>Prossime date dei corsi<\/h3>\n\t\t<p>\n\t\t\t\t\t\t\t\t\t\t\t\t\t\n\t\t\t\t26 Maggio 2026 <br\/>\n\t\t\t\t\t \n<!-- \n\t\t\t\t\t\t\t\t\t26. Maggio 2026  \t\t\t\t<br\/>\n -->\n\t\t\t\t\t\t\t\n\t\t\t\t16 Giugno 2026<br\/>\n\t\t\t\t\t \n<!-- \n\t\t\t\t\t\t\t\t\t16. Giugno 2026 \t\t\t\t<br\/>\n -->\n\t\t\t\t\t\t\t\n\t\t\t\t Luglio \/ agosto vacanze<br\/>\n\t\t\t\t\t \n<!-- \n\t\t\t\t\t\t\t\t\t Luglio \/ agosto vacanze\t\t\t\t\t\t\n\t\t\t\t<br\/>\n -->\n\t\t\t\t\t<\/p>\n\t\t\n\t\t\t\n\t\n\t\t\t\t\n\t\t<a href=\"https:\/\/retina.ch\/it\/gruppi-di-parola\/dmle-rp-lausanne\/\" class=\"btn\">Informazioni e date dei corsi<\/a>\n\t\n\t<\/div><!-- .entry-content -->\n\n\t<footer class=\"entry-footer\">\n\t\t\t<\/footer><!-- .entry-footer -->\n\n<\/article><!-- #post-4482 -->\n\n<article id=\"post-4534\" class=\"post-4534 gespraechsgruppen type-gespraechsgruppen status-publish hentry category-degenerazione-maculare-legata-alleta-dmle\">\n\n\t<div class=\"archive-icon\">\n\t<\/div>\n\t\n\t<a href=\"https:\/\/retina.ch\/it\/gruppi-di-parola\/dmle-luzern\/\">\n\t<header class=\"entry-header\">\n\t\t<h2 class=\"entry-title\">Lucerna &#8211; Gruppi di parola DMLE<\/h2>\t<\/header><!-- .entry-header -->\n\t<a\/>\n\t\n\t<div class=\"entry-content\">\n\t\n\t<!-- Kurstag  -->\n\t\t\t\t\n\t\t\t\t<h3>Prossime date dei corsi<\/h3>\n\t\t<p>\n\t\t\t\t\t\t\t\t\t\t\t\t\t\n\t\t\t\t11 Maggio 2026 <br\/>\n\t\t\t\t\t \n<!-- \n\t\t\t\t\t\t\t\t\t11. Maggio 2026  \t\t\t\t<br\/>\n -->\n\t\t\t\t\t\t\t\n\t\t\t\t08 Giugno 2026<br\/>\n\t\t\t\t\t \n<!-- \n\t\t\t\t\t\t\t\t\t08. Giugno 2026 \t\t\t\t<br\/>\n -->\n\t\t\t\t\t\t\t\n\t\t\t\t07 Settembre 2026<br\/>\n\t\t\t\t\t \n<!-- \n\t\t\t\t\t\t\t\t\t07. Settembre 2026 \t\t\t\t<br\/>\n -->\n\t\t\t\t\t<\/p>\n\t\t\n\t\t\t\n\t\n\t\t\t\t\n\t\t<a href=\"https:\/\/retina.ch\/it\/gruppi-di-parola\/dmle-luzern\/\" class=\"btn\">Informazioni e date dei corsi<\/a>\n\t\n\t<\/div><!-- .entry-content -->\n\n\t<footer class=\"entry-footer\">\n\t\t\t<\/footer><!-- .entry-footer -->\n\n<\/article><!-- #post-4534 -->\n\n<article id=\"post-4533\" class=\"post-4533 gespraechsgruppen type-gespraechsgruppen status-publish hentry category-degenerazione-maculare-legata-alleta-dmle category-retinite-pigmentosa\">\n\n\t<div class=\"archive-icon\">\n\t<\/div>\n\t\n\t<a href=\"https:\/\/retina.ch\/it\/gruppi-di-parola\/dmle-rp-lugano\/\">\n\t<header class=\"entry-header\">\n\t\t<h2 class=\"entry-title\">Lugano &#8211; Gruppo di parola DMLE, RP e altre degenerazioni retiniche ereditarie<\/h2>\t<\/header><!-- .entry-header -->\n\t<a\/>\n\t\n\t<div class=\"entry-content\">\n\t\n\t<!-- Kurstag  -->\n\t\t\t\t\n\t\t\t\t<h3>Prossime date dei corsi<\/h3>\n\t\t<p>\n\t\t\t\t\t\t\t\t\t\t\t\t\t\n\t\t\t\t04 Maggio 2026<br\/>\n\t\t\t\t\t \n<!-- \n\t\t\t\t\t\t\t\t\t04. Maggio 2026 \t\t\t\t<br\/>\n -->\n\t\t\t\t\t\t\t\n\t\t\t\t15 Giugno 2026<br\/>\n\t\t\t\t\t \n<!-- \n\t\t\t\t\t\t\t\t\t15. Giugno 2026 \t\t\t\t<br\/>\n -->\n\t\t\t\t\t\t\t\n\t\t\t\t06 Luglio 2026<br\/>\n\t\t\t\t\t \n<!-- \n\t\t\t\t\t\t\t\t\t06. Luglio 2026 \t\t\t\t<br\/>\n -->\n\t\t\t\t\t<\/p>\n\t\t\n\t\t\t\n\t\n\t\t\t\t\n\t\t<a href=\"https:\/\/retina.ch\/it\/gruppi-di-parola\/dmle-rp-lugano\/\" class=\"btn\">Informazioni e date dei corsi<\/a>\n\t\n\t<\/div><!-- .entry-content -->\n\n\t<footer class=\"entry-footer\">\n\t\t\t<\/footer><!-- .entry-footer -->\n\n<\/article><!-- #post-4533 -->\n\n<article id=\"post-4535\" class=\"post-4535 gespraechsgruppen type-gespraechsgruppen status-publish hentry category-degenerazione-maculare-legata-alleta-dmle\">\n\n\t<div class=\"archive-icon\">\n\t<\/div>\n\t\n\t<a href=\"https:\/\/retina.ch\/it\/gruppi-di-parola\/dmle-st-gallen\/\">\n\t<header class=\"entry-header\">\n\t\t<h2 class=\"entry-title\">San Gallo &#8211; Gruppo di parola DMLE<\/h2>\t<\/header><!-- .entry-header -->\n\t<a\/>\n\t\n\t<div class=\"entry-content\">\n\t\n\t<!-- Kurstag  -->\n\t\t\t\t\n\t\t\t\t<h3>Prossime date dei corsi<\/h3>\n\t\t<p>\n\t\t\t\t\t\t\t\t\t\t\t\t\t\n\t\t\t\t13 Maggio 2026 <br\/>\n\t\t\t\t\t \n<!-- \n\t\t\t\t\t\t\t\t\t13. Maggio 2026  \t\t\t\t<br\/>\n -->\n\t\t\t\t\t\t\t\n\t\t\t\t03 Giugno 2026<br\/>\n\t\t\t\t\t \n<!-- \n\t\t\t\t\t\t\t\t\t03. Giugno 2026 \t\t\t\t<br\/>\n -->\n\t\t\t\t\t\t\t\n\t\t\t\t09 Settembre 2026 <br\/>\n\t\t\t\t\t \n<!-- \n\t\t\t\t\t\t\t\t\t09. Settembre 2026  \t\t\t\t<br\/>\n -->\n\t\t\t\t\t<\/p>\n\t\t\n\t\t\t\n\t\n\t\t\t\t\n\t\t<a href=\"https:\/\/retina.ch\/it\/gruppi-di-parola\/dmle-st-gallen\/\" class=\"btn\">Informazioni e date dei corsi<\/a>\n\t\n\t<\/div><!-- .entry-content -->\n\n\t<footer class=\"entry-footer\">\n\t\t\t<\/footer><!-- .entry-footer -->\n\n<\/article><!-- #post-4535 -->\n\n<article id=\"post-21293\" class=\"post-21293 gespraechsgruppen type-gespraechsgruppen status-publish hentry category-degenerazione-maculare-legata-alleta-dmle category-retinite-pigmentosa\">\n\n\t<div class=\"archive-icon\">\n\t<\/div>\n\t\n\t<a href=\"https:\/\/retina.ch\/it\/gruppi-di-parola\/vallese-gruppo-di-parola-dmle-rp-e-altre-degenerazioni-retiniche-ereditarie\/\">\n\t<header class=\"entry-header\">\n\t\t<h2 class=\"entry-title\">Vallese &#8211; Gruppo di parola DMLE, RP e altre degenerazioni retiniche ereditarie<\/h2>\t<\/header><!-- .entry-header -->\n\t<a\/>\n\t\n\t<div class=\"entry-content\">\n\t\n\t<!-- Kurstag  -->\n\t\t\t\t\n\t\t\t\t<h3>Prossime date dei corsi<\/h3>\n\t\t<p>\n\t\t\t\t\t\t\t\t\t\t\t\t\t\n\t\t\t\t18 Maggio 2026<br\/>\n\t\t\t\t\t \n<!-- \n\t\t\t\t\t\t\t\t\t18. Maggio 2026 \t\t\t\t<br\/>\n -->\n\t\t\t\t\t\t\t\n\t\t\t\t15 Giugno 2026<br\/>\n\t\t\t\t\t \n<!-- \n\t\t\t\t\t\t\t\t\t15. Giugno 2026 \t\t\t\t<br\/>\n -->\n\t\t\t\t\t\t\t\n\t\t\t\t21 Settembre 2026<br\/>\n\t\t\t\t\t \n<!-- \n\t\t\t\t\t\t\t\t\t21. Settembre 2026 \t\t\t\t<br\/>\n -->\n\t\t\t\t\t<\/p>\n\t\t\n\t\t\t\n\t\n\t\t\t\t\n\t\t<a href=\"https:\/\/retina.ch\/it\/gruppi-di-parola\/vallese-gruppo-di-parola-dmle-rp-e-altre-degenerazioni-retiniche-ereditarie\/\" class=\"btn\">Informazioni e date dei corsi<\/a>\n\t\n\t<\/div><!-- .entry-content -->\n\n\t<footer class=\"entry-footer\">\n\t\t\t<\/footer><!-- .entry-footer -->\n\n<\/article><!-- #post-21293 -->\n\n<article id=\"post-4536\" class=\"post-4536 gespraechsgruppen type-gespraechsgruppen status-publish hentry category-degenerazione-maculare-legata-alleta-dmle\">\n\n\t<div class=\"archive-icon\">\n\t<\/div>\n\t\n\t<a href=\"https:\/\/retina.ch\/it\/gruppi-di-parola\/dmle-winterthur\/\">\n\t<header class=\"entry-header\">\n\t\t<h2 class=\"entry-title\">Winterthur &#8211; Gruppo di parola DMLE<\/h2>\t<\/header><!-- .entry-header -->\n\t<a\/>\n\t\n\t<div class=\"entry-content\">\n\t\n\t<!-- Kurstag  -->\n\t\t\t\t\n\t\t\t\t<h3>Prossime date dei corsi<\/h3>\n\t\t<p>\n\t\t\t\t\t\t\t\t\t\t\t\t\t\n\t\t\t\t04 Maggio 2026 <br\/>\n\t\t\t\t\t \n<!-- \n\t\t\t\t\t\t\t\t\t04. Maggio 2026  \t\t\t\t<br\/>\n -->\n\t\t\t\t\t\t\t\n\t\t\t\t01 Giugno 2026<br\/>\n\t\t\t\t\t \n<!-- \n\t\t\t\t\t\t\t\t\t01. Giugno 2026 \t\t\t\t<br\/>\n -->\n\t\t\t\t\t\t\t\n\t\t\t\t07 Settembre 2026<br\/>\n\t\t\t\t\t \n<!-- \n\t\t\t\t\t\t\t\t\t07. Settembre 2026 \t\t\t\t<br\/>\n -->\n\t\t\t\t\t<\/p>\n\t\t\n\t\t\t\n\t\n\t\t\t\t\n\t\t<a href=\"https:\/\/retina.ch\/it\/gruppi-di-parola\/dmle-winterthur\/\" class=\"btn\">Informazioni e date dei corsi<\/a>\n\t\n\t<\/div><!-- .entry-content -->\n\n\t<footer class=\"entry-footer\">\n\t\t\t<\/footer><!-- .entry-footer -->\n\n<\/article><!-- #post-4536 -->\n\n<article id=\"post-23389\" class=\"post-23389 gespraechsgruppen type-gespraechsgruppen status-publish hentry category-degenerazione-maculare-legata-alleta-dmle category-retinite-pigmentosa\">\n\n\t<div class=\"archive-icon\">\n\t<\/div>\n\t\n\t<a href=\"https:\/\/retina.ch\/it\/gruppi-di-parola\/yverdon-gruppo-di-parola-dmle-rp-e-altre-degenerazioni-ereditarie-della-retina\/\">\n\t<header class=\"entry-header\">\n\t\t<h2 class=\"entry-title\">Yverdon \u2013 Gruppo di parola DMLE, RP e altre degenerazioni ereditarie della retina<\/h2>\t<\/header><!-- .entry-header -->\n\t<a\/>\n\t\n\t<div class=\"entry-content\">\n\t\n\t<!-- Kurstag  -->\n\t\t\t\t\n\t\t\t\t<h3>Prossime date dei corsi<\/h3>\n\t\t<p>\n\t\t\t\t\t\t\t\t\t\t\t\t\t\n\t\t\t\t22 Settembre 2026<br\/>\n\t\t\t\t\t \n<!-- \n\t\t\t\t\t\t\t\t\t22. Settembre 2026 \t\t\t\t<br\/>\n -->\n\t\t\t\t\t\t\t\n\t\t\t\t27 Ottobre 2026<br\/>\n\t\t\t\t\t \n<!-- \n\t\t\t\t\t\t\t\t\t27. Ottobre 2026 \t\t\t\t<br\/>\n -->\n\t\t\t\t\t\t\t\n\t\t\t\t24 Novembre 2026<br\/>\n\t\t\t\t\t \n<!-- \n\t\t\t\t\t\t\t\t\t24. Novembre 2026 \t\t\t\t<br\/>\n -->\n\t\t\t\t\t<\/p>\n\t\t\n\t\t\t\n\t\n\t\t\t\t\n\t\t<a href=\"https:\/\/retina.ch\/it\/gruppi-di-parola\/yverdon-gruppo-di-parola-dmle-rp-e-altre-degenerazioni-ereditarie-della-retina\/\" class=\"btn\">Informazioni e date dei corsi<\/a>\n\t\n\t<\/div><!-- .entry-content -->\n\n\t<footer class=\"entry-footer\">\n\t\t\t<\/footer><!-- .entry-footer -->\n\n<\/article><!-- #post-23389 -->\n\n<article id=\"post-4537\" class=\"post-4537 gespraechsgruppen type-gespraechsgruppen status-publish hentry category-degenerazione-maculare-legata-alleta-dmle\">\n\n\t<div class=\"archive-icon\">\n\t<\/div>\n\t\n\t<a href=\"https:\/\/retina.ch\/it\/gruppi-di-parola\/dmle-zurigo\/\">\n\t<header class=\"entry-header\">\n\t\t<h2 class=\"entry-title\">Zurigo &#8211; Gruppi di parola DMLE<\/h2>\t<\/header><!-- .entry-header -->\n\t<a\/>\n\t\n\t<div class=\"entry-content\">\n\t\n\t<!-- Kurstag  -->\n\t\t\t\t\n\t\t\t\t<h3>Prossime date dei corsi<\/h3>\n\t\t<p>\n\t\t\t\t\t\t\t\t\t\t\t\t\t\n\t\t\t\t08 Maggio 2026 <br\/>\n\t\t\t\t\t \n<!-- \n\t\t\t\t\t\t\t\t\t08. Maggio 2026  \t\t\t\t<br\/>\n -->\n\t\t\t\t\t\t\t\n\t\t\t\t05 Giugno 2026<br\/>\n\t\t\t\t\t \n<!-- \n\t\t\t\t\t\t\t\t\t05. Giugno 2026 \t\t\t\t<br\/>\n -->\n\t\t\t\t\t\t\t\n\t\t\t\t11 Settembre 2026<br\/>\n\t\t\t\t\t \n<!-- \n\t\t\t\t\t\t\t\t\t11. Settembre 2026 \t\t\t\t<br\/>\n -->\n\t\t\t\t\t<\/p>\n\t\t\n\t\t\t\n\t\n\t\t\t\t\n\t\t<a href=\"https:\/\/retina.ch\/it\/gruppi-di-parola\/dmle-zurigo\/\" class=\"btn\">Informazioni e date dei corsi<\/a>\n\t\n\t<\/div><!-- .entry-content -->\n\n\t<footer class=\"entry-footer\">\n\t\t\t<\/footer><!-- .entry-footer -->\n\n<\/article><!-- #post-4537 -->\n<div class=\"nav-links\"><\/div>        <\/div><!-- .flxbx -->\n        \n<\/div><\/div>\n\n\n\n<p><\/p>\n<\/div><\/div>\n","protected":false},"excerpt":{"rendered":"<p>\u00c8 affetto da degenerazione maculare legata all&#8217;et\u00e0? Volete scambiare regolarmente idee con altre persone interessate? Se \u00e8 cos\u00ec, vi invitiamo cordialmente ad unirvi ad uno dei nostri gruppi di parole. Il gruppo \u00e8 una piattaforma per lo scambio di esperienze, sentimenti, mezzi ausiliari, consigli e trucchi per gestire la quotidianit\u00e0. Si riunisce una volta al &#8230;<\/p>\n","protected":false},"author":1,"featured_media":0,"parent":2804,"menu_order":15,"comment_status":"closed","ping_status":"closed","template":"","meta":{"_acf_changed":false,"inline_featured_image":false,"_FSMCFIC_featured_image_caption":"","_FSMCFIC_featured_image_nocaption":"","_FSMCFIC_featured_image_hide":"","footnotes":"","_links_to":"","_links_to_target":""},"class_list":["post-2812","page","type-page","status-publish","hentry"],"acf":[],"yoast_head":"<!-- This site is optimized with the Yoast SEO plugin v27.1.1 - https:\/\/yoast.com\/product\/yoast-seo-wordpress\/ -->\n<title>Gruppi di parola per persone con DMLE &#8226; Retina Suisse<\/title>\n<meta name=\"description\" content=\"Siete affetti da degenerazione maculare senile e desiderate avere un dialogo regolare con altre persone affette?\" \/>\n<meta name=\"robots\" content=\"index, follow, max-snippet:-1, max-image-preview:large, max-video-preview:-1\" \/>\n<link rel=\"canonical\" href=\"https:\/\/retina.ch\/it\/consulenze\/gruppi-di-parola-dmle\/\" \/>\n<meta property=\"og:locale\" content=\"it_IT\" \/>\n<meta property=\"og:type\" content=\"article\" \/>\n<meta property=\"og:title\" content=\"Gruppi di parola per persone con DMLE &#8226; Retina Suisse\" \/>\n<meta property=\"og:description\" content=\"Siete affetti da degenerazione maculare senile e desiderate avere un dialogo regolare con altre persone affette?\" \/>\n<meta property=\"og:url\" content=\"https:\/\/retina.ch\/it\/consulenze\/gruppi-di-parola-dmle\/\" \/>\n<meta property=\"og:site_name\" content=\"Retina Suisse\" \/>\n<meta property=\"article:publisher\" content=\"https:\/\/www.facebook.com\/retinasuisse\/\" \/>\n<meta property=\"article:modified_time\" content=\"2025-04-30T11:35:26+00:00\" \/>\n<meta name=\"twitter:card\" content=\"summary_large_image\" \/>\n<meta name=\"twitter:label1\" content=\"Tempo di lettura stimato\" \/>\n\t<meta name=\"twitter:data1\" content=\"1 minuto\" \/>\n<script type=\"application\/ld+json\" class=\"yoast-schema-graph\">{\"@context\":\"https:\/\/schema.org\",\"@graph\":[{\"@type\":\"WebPage\",\"@id\":\"https:\/\/retina.ch\/it\/consulenze\/gruppi-di-parola-dmle\/\",\"url\":\"https:\/\/retina.ch\/it\/consulenze\/gruppi-di-parola-dmle\/\",\"name\":\"Gruppi di parola per persone con DMLE &#8226; Retina Suisse\",\"isPartOf\":{\"@id\":\"https:\/\/retina.ch\/it\/#website\"},\"datePublished\":\"2020-09-19T17:16:29+00:00\",\"dateModified\":\"2025-04-30T11:35:26+00:00\",\"description\":\"Siete affetti da degenerazione maculare senile e desiderate avere un dialogo regolare con altre persone affette?\",\"breadcrumb\":{\"@id\":\"https:\/\/retina.ch\/it\/consulenze\/gruppi-di-parola-dmle\/#breadcrumb\"},\"inLanguage\":\"it-IT\",\"potentialAction\":[{\"@type\":\"ReadAction\",\"target\":[\"https:\/\/retina.ch\/it\/consulenze\/gruppi-di-parola-dmle\/\"]}]},{\"@type\":\"BreadcrumbList\",\"@id\":\"https:\/\/retina.ch\/it\/consulenze\/gruppi-di-parola-dmle\/#breadcrumb\",\"itemListElement\":[{\"@type\":\"ListItem\",\"position\":1,\"name\":\"Retina Suisse\",\"item\":\"https:\/\/retina.ch\/it\/\"},{\"@type\":\"ListItem\",\"position\":2,\"name\":\"Consulenze e Gruppi\",\"item\":\"https:\/\/retina.ch\/it\/consulenze\/\"},{\"@type\":\"ListItem\",\"position\":3,\"name\":\"Gruppi di parola per persone con DMLE\"}]},{\"@type\":\"WebSite\",\"@id\":\"https:\/\/retina.ch\/it\/#website\",\"url\":\"https:\/\/retina.ch\/it\/\",\"name\":\"Retina Suisse\",\"description\":\"Retina Suisse ist die Vereinigung von Patientinnen und Patienten mit Retinitis pigmentosa (RP), Makuladegeneration, Usher-Syndrom und anderen Erkrankungen des Augenhintergrundes.\",\"publisher\":{\"@id\":\"https:\/\/retina.ch\/it\/#organization\"},\"potentialAction\":[{\"@type\":\"SearchAction\",\"target\":{\"@type\":\"EntryPoint\",\"urlTemplate\":\"https:\/\/retina.ch\/it\/?s={search_term_string}\"},\"query-input\":{\"@type\":\"PropertyValueSpecification\",\"valueRequired\":true,\"valueName\":\"search_term_string\"}}],\"inLanguage\":\"it-IT\"},{\"@type\":\"Organization\",\"@id\":\"https:\/\/retina.ch\/it\/#organization\",\"name\":\"Retina Suisse\",\"url\":\"https:\/\/retina.ch\/it\/\",\"logo\":{\"@type\":\"ImageObject\",\"inLanguage\":\"it-IT\",\"@id\":\"https:\/\/retina.ch\/it\/#\/schema\/logo\/image\/\",\"url\":\"https:\/\/retina.ch\/wp-content\/uploads\/2020\/09\/retina-auge-typo.svg\",\"contentUrl\":\"https:\/\/retina.ch\/wp-content\/uploads\/2020\/09\/retina-auge-typo.svg\",\"width\":\"1024\",\"height\":\"1024\",\"caption\":\"Retina Suisse\"},\"image\":{\"@id\":\"https:\/\/retina.ch\/it\/#\/schema\/logo\/image\/\"},\"sameAs\":[\"https:\/\/www.facebook.com\/retinasuisse\/\"]}]}<\/script>\n<!-- \/ Yoast SEO plugin. -->","yoast_head_json":{"title":"Gruppi di parola per persone con DMLE &#8226; Retina Suisse","description":"Siete affetti da degenerazione maculare senile e desiderate avere un dialogo regolare con altre persone affette?","robots":{"index":"index","follow":"follow","max-snippet":"max-snippet:-1","max-image-preview":"max-image-preview:large","max-video-preview":"max-video-preview:-1"},"canonical":"https:\/\/retina.ch\/it\/consulenze\/gruppi-di-parola-dmle\/","og_locale":"it_IT","og_type":"article","og_title":"Gruppi di parola per persone con DMLE &#8226; Retina Suisse","og_description":"Siete affetti da degenerazione maculare senile e desiderate avere un dialogo regolare con altre persone affette?","og_url":"https:\/\/retina.ch\/it\/consulenze\/gruppi-di-parola-dmle\/","og_site_name":"Retina Suisse","article_publisher":"https:\/\/www.facebook.com\/retinasuisse\/","article_modified_time":"2025-04-30T11:35:26+00:00","twitter_card":"summary_large_image","twitter_misc":{"Tempo di lettura stimato":"1 minuto"},"schema":{"@context":"https:\/\/schema.org","@graph":[{"@type":"WebPage","@id":"https:\/\/retina.ch\/it\/consulenze\/gruppi-di-parola-dmle\/","url":"https:\/\/retina.ch\/it\/consulenze\/gruppi-di-parola-dmle\/","name":"Gruppi di parola per persone con DMLE &#8226; Retina Suisse","isPartOf":{"@id":"https:\/\/retina.ch\/it\/#website"},"datePublished":"2020-09-19T17:16:29+00:00","dateModified":"2025-04-30T11:35:26+00:00","description":"Siete affetti da degenerazione maculare senile e desiderate avere un dialogo regolare con altre persone affette?","breadcrumb":{"@id":"https:\/\/retina.ch\/it\/consulenze\/gruppi-di-parola-dmle\/#breadcrumb"},"inLanguage":"it-IT","potentialAction":[{"@type":"ReadAction","target":["https:\/\/retina.ch\/it\/consulenze\/gruppi-di-parola-dmle\/"]}]},{"@type":"BreadcrumbList","@id":"https:\/\/retina.ch\/it\/consulenze\/gruppi-di-parola-dmle\/#breadcrumb","itemListElement":[{"@type":"ListItem","position":1,"name":"Retina Suisse","item":"https:\/\/retina.ch\/it\/"},{"@type":"ListItem","position":2,"name":"Consulenze e Gruppi","item":"https:\/\/retina.ch\/it\/consulenze\/"},{"@type":"ListItem","position":3,"name":"Gruppi di parola per persone con DMLE"}]},{"@type":"WebSite","@id":"https:\/\/retina.ch\/it\/#website","url":"https:\/\/retina.ch\/it\/","name":"Retina Suisse","description":"Retina Suisse ist die Vereinigung von Patientinnen und Patienten mit Retinitis pigmentosa (RP), Makuladegeneration, Usher-Syndrom und anderen Erkrankungen des Augenhintergrundes.","publisher":{"@id":"https:\/\/retina.ch\/it\/#organization"},"potentialAction":[{"@type":"SearchAction","target":{"@type":"EntryPoint","urlTemplate":"https:\/\/retina.ch\/it\/?s={search_term_string}"},"query-input":{"@type":"PropertyValueSpecification","valueRequired":true,"valueName":"search_term_string"}}],"inLanguage":"it-IT"},{"@type":"Organization","@id":"https:\/\/retina.ch\/it\/#organization","name":"Retina Suisse","url":"https:\/\/retina.ch\/it\/","logo":{"@type":"ImageObject","inLanguage":"it-IT","@id":"https:\/\/retina.ch\/it\/#\/schema\/logo\/image\/","url":"https:\/\/retina.ch\/wp-content\/uploads\/2020\/09\/retina-auge-typo.svg","contentUrl":"https:\/\/retina.ch\/wp-content\/uploads\/2020\/09\/retina-auge-typo.svg","width":"1024","height":"1024","caption":"Retina Suisse"},"image":{"@id":"https:\/\/retina.ch\/it\/#\/schema\/logo\/image\/"},"sameAs":["https:\/\/www.facebook.com\/retinasuisse\/"]}]}},"_links":{"self":[{"href":"https:\/\/retina.ch\/it\/wp-json\/wp\/v2\/pages\/2812","targetHints":{"allow":["GET"]}}],"collection":[{"href":"https:\/\/retina.ch\/it\/wp-json\/wp\/v2\/pages"}],"about":[{"href":"https:\/\/retina.ch\/it\/wp-json\/wp\/v2\/types\/page"}],"author":[{"embeddable":true,"href":"https:\/\/retina.ch\/it\/wp-json\/wp\/v2\/users\/1"}],"replies":[{"embeddable":true,"href":"https:\/\/retina.ch\/it\/wp-json\/wp\/v2\/comments?post=2812"}],"version-history":[{"count":3,"href":"https:\/\/retina.ch\/it\/wp-json\/wp\/v2\/pages\/2812\/revisions"}],"predecessor-version":[{"id":21954,"href":"https:\/\/retina.ch\/it\/wp-json\/wp\/v2\/pages\/2812\/revisions\/21954"}],"up":[{"embeddable":true,"href":"https:\/\/retina.ch\/it\/wp-json\/wp\/v2\/pages\/2804"}],"wp:attachment":[{"href":"https:\/\/retina.ch\/it\/wp-json\/wp\/v2\/media?parent=2812"}],"curies":[{"name":"wp","href":"https:\/\/api.w.org\/{rel}","templated":true}]}}