{"id":2896,"date":"2020-09-19T19:25:12","date_gmt":"2020-09-19T17:25:12","guid":{"rendered":"https:\/\/dev.retina.ch\/?page_id=2896"},"modified":"2026-04-02T08:56:36","modified_gmt":"2026-04-02T06:56:36","slug":"consiglio-di-amministrazione","status":"publish","type":"page","link":"https:\/\/retina.ch\/it\/chi-siamo\/consiglio-di-amministrazione\/","title":{"rendered":"Comitato"},"content":{"rendered":"\n<h2 class=\"wp-block-heading\">Presidente<\/h2>\n\n\n\n<p><strong>Laurent Del\u00e9traz<\/strong><br>1228 Plan-les-Ouates<br>E-Mail:&nbsp;<a href=\"mailto:laurent.deletraz@retina.ch\"><\/a><a href=\"mailto:laurent.deletraz@retina.ch\">laurent.deletraz@retina.ch<\/a><\/p>\n\n\n\n<div style=\"height:30px\" aria-hidden=\"true\" class=\"wp-block-spacer\"><\/div>\n\n\n\n<h2 class=\"wp-block-heading\">Vicepresidente<\/h2>\n\n\n\n<p><strong>Brigitte H\u00fcbschi<\/strong><br>3098 Schliern b. K\u00f6niz<br>E-Mail:&nbsp;<a href=\"mailto:brigitte.huebschi@retina.ch\">brigitte.huebschi@retina.ch<\/a><\/p>\n\n\n\n<div style=\"height:30px\" aria-hidden=\"true\" class=\"wp-block-spacer\"><\/div>\n\n\n\n<h2 class=\"wp-block-heading\">Segretaria<\/h2>\n\n\n\n<p><strong>Eveline Zimmermann<\/strong><br>8304 Wallisellen<br>E-Mail:&nbsp;<a href=\"mailto:eveline.zimmermann@retina.ch\">eveline.zimmermann@retina.ch<\/a><\/p>\n\n\n\n<div style=\"height:30px\" aria-hidden=\"true\" class=\"wp-block-spacer\"><\/div>\n\n\n\n<h2 class=\"wp-block-heading\">Tesoriere<\/h2>\n\n\n\n<p><strong>Matthias B\u00fctikofer<\/strong><br>8050 Z\u00fcrich<br>E-Mail:&nbsp;<a href=\"mailto:matthias.buetikofer@gmx.ch\">matthias.buetikofer@gmx.ch<\/a><\/p>\n\n\n\n<div style=\"height:30px\" aria-hidden=\"true\" class=\"wp-block-spacer\"><\/div>\n\n\n\n<h2 class=\"wp-block-heading\">Membri<\/h2>\n\n\n\n<p><strong>Sibylla de Vries<\/strong><br>1296 Coppet<br>E-Mail: <a href=\"mailto:sibylla.de.vries@retina.ch\">sibylla.de.vries@retina.ch<\/a><\/p>\n\n\n\n<p><strong>Claudia Genini<\/strong><br>3012 Bern<br>E-Mail: <a href=\"mailto:claudia.genini@retina.ch\">claudia.genini@retina.ch<\/a><\/p>\n\n\n\n<p><strong>Josephine Hayley-Barker<\/strong><br>8051 Z\u00fcrich<br>E-Mail: <a href=\"mailto:josephine.hayleybarker@retina.ch\">josephine.hayleybarker@retina.ch<\/a><\/p>\n\n\n\n<p><strong>Markus Imboden<\/strong><br>8708 M\u00e4nnedorf<br>E-Mail: <a href=\"E-Mail: markus.imboden@retina.ch\"><\/a><a href=\"mailto:markus.imboden@retina.ch\">markus.imboden@retina.ch<\/a><\/p>\n\n\n\n<p><strong>Rudolf K\u00fcchler<\/strong><br>6064 Kerns<br>E-Mail: <a href=\"mailto:k-g@bluewin.ch\">k-g@bluewin.ch<\/a><\/p>\n\n\n\n<p><strong>Jeannine Sutter<\/strong><br>4058 Basel<br>E-Mail:&nbsp;<a href=\"mailto:jeannine.sutter@retina.ch\">jeannine.sutter@retina.ch<\/a><\/p>\n\n\n\n<p><strong>Tamara Zoller<\/strong><br>6900 Lugano<br>E-Mail:&nbsp;<a href=\"mailto:p.prato@bluewin.ch\">p.prato@bluewin.ch<\/a><\/p>\n","protected":false},"excerpt":{"rendered":"<p>Presidente Laurent Del\u00e9traz1228 Plan-les-OuatesE-Mail:&nbsp;laurent.deletraz@retina.ch Vicepresidente Brigitte H\u00fcbschi3098 Schliern b. K\u00f6nizE-Mail:&nbsp;brigitte.huebschi@retina.ch Segretaria Eveline Zimmermann8304 WallisellenE-Mail:&nbsp;eveline.zimmermann@retina.ch Tesoriere Matthias B\u00fctikofer8050 Z\u00fcrichE-Mail:&nbsp;matthias.buetikofer@gmx.ch Membri Sibylla de Vries1296 CoppetE-Mail: sibylla.de.vries@retina.ch Claudia Genini3012 BernE-Mail: claudia.genini@retina.ch Josephine Hayley-Barker8051 Z\u00fcrichE-Mail: josephine.hayleybarker@retina.ch Markus Imboden8708 M\u00e4nnedorfE-Mail: markus.imboden@retina.ch Rudolf K\u00fcchler6064 KernsE-Mail: k-g@bluewin.ch Jeannine Sutter4058 BaselE-Mail:&nbsp;jeannine.sutter@retina.ch Tamara Zoller6900 LuganoE-Mail:&nbsp;p.prato@bluewin.ch<\/p>\n","protected":false},"author":1,"featured_media":0,"parent":2883,"menu_order":25,"comment_status":"closed","ping_status":"closed","template":"","meta":{"_acf_changed":false,"inline_featured_image":false,"_FSMCFIC_featured_image_caption":"","_FSMCFIC_featured_image_nocaption":"","_FSMCFIC_featured_image_hide":"","footnotes":"","_links_to":"","_links_to_target":""},"class_list":["post-2896","page","type-page","status-publish","hentry"],"acf":[],"yoast_head":"<!-- This site is optimized with the Yoast SEO plugin v27.1.1 - https:\/\/yoast.com\/product\/yoast-seo-wordpress\/ -->\n<title>Comitato &#8226; Retina Suisse<\/title>\n<meta name=\"robots\" content=\"index, follow, max-snippet:-1, max-image-preview:large, max-video-preview:-1\" \/>\n<link rel=\"canonical\" href=\"https:\/\/retina.ch\/it\/chi-siamo\/consiglio-di-amministrazione\/\" \/>\n<meta property=\"og:locale\" content=\"it_IT\" \/>\n<meta property=\"og:type\" content=\"article\" \/>\n<meta property=\"og:title\" content=\"Comitato &#8226; Retina Suisse\" \/>\n<meta property=\"og:description\" content=\"Presidente Laurent Del\u00e9traz1228 Plan-les-OuatesE-Mail:&nbsp;laurent.deletraz@retina.ch Vicepresidente Brigitte H\u00fcbschi3098 Schliern b. K\u00f6nizE-Mail:&nbsp;brigitte.huebschi@retina.ch Segretaria Eveline Zimmermann8304 WallisellenE-Mail:&nbsp;eveline.zimmermann@retina.ch Tesoriere Matthias B\u00fctikofer8050 Z\u00fcrichE-Mail:&nbsp;matthias.buetikofer@gmx.ch Membri Sibylla de Vries1296 CoppetE-Mail: sibylla.de.vries@retina.ch Claudia Genini3012 BernE-Mail: claudia.genini@retina.ch Josephine Hayley-Barker8051 Z\u00fcrichE-Mail: josephine.hayleybarker@retina.ch Markus Imboden8708 M\u00e4nnedorfE-Mail: markus.imboden@retina.ch Rudolf K\u00fcchler6064 KernsE-Mail: k-g@bluewin.ch Jeannine Sutter4058 BaselE-Mail:&nbsp;jeannine.sutter@retina.ch Tamara Zoller6900 LuganoE-Mail:&nbsp;p.prato@bluewin.ch\" \/>\n<meta property=\"og:url\" content=\"https:\/\/retina.ch\/it\/chi-siamo\/consiglio-di-amministrazione\/\" \/>\n<meta property=\"og:site_name\" content=\"Retina Suisse\" \/>\n<meta property=\"article:publisher\" content=\"https:\/\/www.facebook.com\/retinasuisse\/\" \/>\n<meta property=\"article:modified_time\" content=\"2026-04-02T06:56:36+00:00\" \/>\n<meta name=\"twitter:card\" content=\"summary_large_image\" \/>\n<meta name=\"twitter:label1\" content=\"Tempo di lettura stimato\" \/>\n\t<meta name=\"twitter:data1\" content=\"1 minuto\" \/>\n<script type=\"application\/ld+json\" class=\"yoast-schema-graph\">{\"@context\":\"https:\/\/schema.org\",\"@graph\":[{\"@type\":\"WebPage\",\"@id\":\"https:\/\/retina.ch\/it\/chi-siamo\/consiglio-di-amministrazione\/\",\"url\":\"https:\/\/retina.ch\/it\/chi-siamo\/consiglio-di-amministrazione\/\",\"name\":\"Comitato &#8226; Retina Suisse\",\"isPartOf\":{\"@id\":\"https:\/\/retina.ch\/it\/#website\"},\"datePublished\":\"2020-09-19T17:25:12+00:00\",\"dateModified\":\"2026-04-02T06:56:36+00:00\",\"breadcrumb\":{\"@id\":\"https:\/\/retina.ch\/it\/chi-siamo\/consiglio-di-amministrazione\/#breadcrumb\"},\"inLanguage\":\"it-IT\",\"potentialAction\":[{\"@type\":\"ReadAction\",\"target\":[\"https:\/\/retina.ch\/it\/chi-siamo\/consiglio-di-amministrazione\/\"]}]},{\"@type\":\"BreadcrumbList\",\"@id\":\"https:\/\/retina.ch\/it\/chi-siamo\/consiglio-di-amministrazione\/#breadcrumb\",\"itemListElement\":[{\"@type\":\"ListItem\",\"position\":1,\"name\":\"Retina Suisse\",\"item\":\"https:\/\/retina.ch\/it\/\"},{\"@type\":\"ListItem\",\"position\":2,\"name\":\"Chi siamo\",\"item\":\"https:\/\/retina.ch\/it\/chi-siamo\/\"},{\"@type\":\"ListItem\",\"position\":3,\"name\":\"Comitato\"}]},{\"@type\":\"WebSite\",\"@id\":\"https:\/\/retina.ch\/it\/#website\",\"url\":\"https:\/\/retina.ch\/it\/\",\"name\":\"Retina Suisse\",\"description\":\"Retina Suisse ist die Vereinigung von Patientinnen und Patienten mit Retinitis pigmentosa (RP), Makuladegeneration, Usher-Syndrom und anderen Erkrankungen des Augenhintergrundes.\",\"publisher\":{\"@id\":\"https:\/\/retina.ch\/it\/#organization\"},\"potentialAction\":[{\"@type\":\"SearchAction\",\"target\":{\"@type\":\"EntryPoint\",\"urlTemplate\":\"https:\/\/retina.ch\/it\/?s={search_term_string}\"},\"query-input\":{\"@type\":\"PropertyValueSpecification\",\"valueRequired\":true,\"valueName\":\"search_term_string\"}}],\"inLanguage\":\"it-IT\"},{\"@type\":\"Organization\",\"@id\":\"https:\/\/retina.ch\/it\/#organization\",\"name\":\"Retina Suisse\",\"url\":\"https:\/\/retina.ch\/it\/\",\"logo\":{\"@type\":\"ImageObject\",\"inLanguage\":\"it-IT\",\"@id\":\"https:\/\/retina.ch\/it\/#\/schema\/logo\/image\/\",\"url\":\"https:\/\/retina.ch\/wp-content\/uploads\/2020\/09\/retina-auge-typo.svg\",\"contentUrl\":\"https:\/\/retina.ch\/wp-content\/uploads\/2020\/09\/retina-auge-typo.svg\",\"width\":\"1024\",\"height\":\"1024\",\"caption\":\"Retina Suisse\"},\"image\":{\"@id\":\"https:\/\/retina.ch\/it\/#\/schema\/logo\/image\/\"},\"sameAs\":[\"https:\/\/www.facebook.com\/retinasuisse\/\"]}]}<\/script>\n<!-- \/ Yoast SEO plugin. -->","yoast_head_json":{"title":"Comitato &#8226; Retina Suisse","robots":{"index":"index","follow":"follow","max-snippet":"max-snippet:-1","max-image-preview":"max-image-preview:large","max-video-preview":"max-video-preview:-1"},"canonical":"https:\/\/retina.ch\/it\/chi-siamo\/consiglio-di-amministrazione\/","og_locale":"it_IT","og_type":"article","og_title":"Comitato &#8226; Retina Suisse","og_description":"Presidente Laurent Del\u00e9traz1228 Plan-les-OuatesE-Mail:&nbsp;laurent.deletraz@retina.ch Vicepresidente Brigitte H\u00fcbschi3098 Schliern b. K\u00f6nizE-Mail:&nbsp;brigitte.huebschi@retina.ch Segretaria Eveline Zimmermann8304 WallisellenE-Mail:&nbsp;eveline.zimmermann@retina.ch Tesoriere Matthias B\u00fctikofer8050 Z\u00fcrichE-Mail:&nbsp;matthias.buetikofer@gmx.ch Membri Sibylla de Vries1296 CoppetE-Mail: sibylla.de.vries@retina.ch Claudia Genini3012 BernE-Mail: claudia.genini@retina.ch Josephine Hayley-Barker8051 Z\u00fcrichE-Mail: josephine.hayleybarker@retina.ch Markus Imboden8708 M\u00e4nnedorfE-Mail: markus.imboden@retina.ch Rudolf K\u00fcchler6064 KernsE-Mail: k-g@bluewin.ch Jeannine Sutter4058 BaselE-Mail:&nbsp;jeannine.sutter@retina.ch Tamara Zoller6900 LuganoE-Mail:&nbsp;p.prato@bluewin.ch","og_url":"https:\/\/retina.ch\/it\/chi-siamo\/consiglio-di-amministrazione\/","og_site_name":"Retina Suisse","article_publisher":"https:\/\/www.facebook.com\/retinasuisse\/","article_modified_time":"2026-04-02T06:56:36+00:00","twitter_card":"summary_large_image","twitter_misc":{"Tempo di lettura stimato":"1 minuto"},"schema":{"@context":"https:\/\/schema.org","@graph":[{"@type":"WebPage","@id":"https:\/\/retina.ch\/it\/chi-siamo\/consiglio-di-amministrazione\/","url":"https:\/\/retina.ch\/it\/chi-siamo\/consiglio-di-amministrazione\/","name":"Comitato &#8226; Retina Suisse","isPartOf":{"@id":"https:\/\/retina.ch\/it\/#website"},"datePublished":"2020-09-19T17:25:12+00:00","dateModified":"2026-04-02T06:56:36+00:00","breadcrumb":{"@id":"https:\/\/retina.ch\/it\/chi-siamo\/consiglio-di-amministrazione\/#breadcrumb"},"inLanguage":"it-IT","potentialAction":[{"@type":"ReadAction","target":["https:\/\/retina.ch\/it\/chi-siamo\/consiglio-di-amministrazione\/"]}]},{"@type":"BreadcrumbList","@id":"https:\/\/retina.ch\/it\/chi-siamo\/consiglio-di-amministrazione\/#breadcrumb","itemListElement":[{"@type":"ListItem","position":1,"name":"Retina Suisse","item":"https:\/\/retina.ch\/it\/"},{"@type":"ListItem","position":2,"name":"Chi siamo","item":"https:\/\/retina.ch\/it\/chi-siamo\/"},{"@type":"ListItem","position":3,"name":"Comitato"}]},{"@type":"WebSite","@id":"https:\/\/retina.ch\/it\/#website","url":"https:\/\/retina.ch\/it\/","name":"Retina Suisse","description":"Retina Suisse ist die Vereinigung von Patientinnen und Patienten mit Retinitis pigmentosa (RP), Makuladegeneration, Usher-Syndrom und anderen Erkrankungen des Augenhintergrundes.","publisher":{"@id":"https:\/\/retina.ch\/it\/#organization"},"potentialAction":[{"@type":"SearchAction","target":{"@type":"EntryPoint","urlTemplate":"https:\/\/retina.ch\/it\/?s={search_term_string}"},"query-input":{"@type":"PropertyValueSpecification","valueRequired":true,"valueName":"search_term_string"}}],"inLanguage":"it-IT"},{"@type":"Organization","@id":"https:\/\/retina.ch\/it\/#organization","name":"Retina Suisse","url":"https:\/\/retina.ch\/it\/","logo":{"@type":"ImageObject","inLanguage":"it-IT","@id":"https:\/\/retina.ch\/it\/#\/schema\/logo\/image\/","url":"https:\/\/retina.ch\/wp-content\/uploads\/2020\/09\/retina-auge-typo.svg","contentUrl":"https:\/\/retina.ch\/wp-content\/uploads\/2020\/09\/retina-auge-typo.svg","width":"1024","height":"1024","caption":"Retina Suisse"},"image":{"@id":"https:\/\/retina.ch\/it\/#\/schema\/logo\/image\/"},"sameAs":["https:\/\/www.facebook.com\/retinasuisse\/"]}]}},"_links":{"self":[{"href":"https:\/\/retina.ch\/it\/wp-json\/wp\/v2\/pages\/2896","targetHints":{"allow":["GET"]}}],"collection":[{"href":"https:\/\/retina.ch\/it\/wp-json\/wp\/v2\/pages"}],"about":[{"href":"https:\/\/retina.ch\/it\/wp-json\/wp\/v2\/types\/page"}],"author":[{"embeddable":true,"href":"https:\/\/retina.ch\/it\/wp-json\/wp\/v2\/users\/1"}],"replies":[{"embeddable":true,"href":"https:\/\/retina.ch\/it\/wp-json\/wp\/v2\/comments?post=2896"}],"version-history":[{"count":11,"href":"https:\/\/retina.ch\/it\/wp-json\/wp\/v2\/pages\/2896\/revisions"}],"predecessor-version":[{"id":26446,"href":"https:\/\/retina.ch\/it\/wp-json\/wp\/v2\/pages\/2896\/revisions\/26446"}],"up":[{"embeddable":true,"href":"https:\/\/retina.ch\/it\/wp-json\/wp\/v2\/pages\/2883"}],"wp:attachment":[{"href":"https:\/\/retina.ch\/it\/wp-json\/wp\/v2\/media?parent=2896"}],"curies":[{"name":"wp","href":"https:\/\/api.w.org\/{rel}","templated":true}]}}