{"id":11081,"date":"2023-04-14T14:41:16","date_gmt":"2023-04-14T12:41:16","guid":{"rendered":"https:\/\/dev.retina.ch\/?post_type=ratgeber&#038;p=11081"},"modified":"2023-04-19T19:43:28","modified_gmt":"2023-04-19T17:43:28","slug":"quando-le-persone-disabili-sono-considerate-un-fattore-di-costo","status":"publish","type":"ratgeber","link":"https:\/\/retina.ch\/it\/consiglieri\/quando-le-persone-disabili-sono-considerate-un-fattore-di-costo\/","title":{"rendered":"Quando le persone disabili sono considerate un fattore di costo"},"content":{"rendered":"\n<p class=\"has-medium-font-size\"><strong>\u00abLegge federale sull\u2019eliminazione di svantaggi nei confronti dei disabili\u00bb: lunghetto come titolo, no? Ma ha il privilegio di essere chiaro. E stabilisce un obiettivo molto importante, ossia: i trasporti pubblici devono essere accessibili anche alle persone con disabilit\u00e0.<\/strong><\/p>\n\n\n\n<div style=\"height:10px\" aria-hidden=\"true\" class=\"wp-block-spacer\"><\/div>\n\n\n\n<p><em>Autore:<\/em> <em>Stephan H\u00fcsler, direttore di Retina Suisse<\/em><\/p>\n\n\n\n<div style=\"height:10px\" aria-hidden=\"true\" class=\"wp-block-spacer\"><\/div>\n\n\n\n<p>Questa legge \u00e8 entrata in vigore nel 2004: ci\u00f2 significa che le imprese di trasporti pubblici hanno avuto 20 anni per prendere le misure necessarie e mettersi in regola.<\/p>\n\n\n\n<p>Obiettivo raggiunto? Per quanto riguarda i sistemi di visualizzazione e gli annunci, il bilancio non \u00e8 cos\u00ec negativo. Le imprese di trasporti pubblici hanno aggiornato pi\u00f9 di tre quarti dei loro tabelloni.<\/p>\n\n\n\n<p>Ma per quanto riguarda le fermate, non ci siamo proprio. Il bordo di accostamento deve misurare almeno 22 centimetri, cos\u00ec da permettere di entrare e uscire dal bus, dal tram o dal treno alla stessa altezza della piattaforma o del marciapiede. E qui sorgono le vere difficolt\u00e0, poich\u00e9 solo poco pi\u00f9 del 10% delle fermate \u00e8 stato adattato.<\/p>\n\n\n\n<p>Vediamo un esempio concreto. Sul territorio del canton Lucerna si contano 671 fermate di autobus, tram e treni e si prevede che entro la fine del 2023 solo 129 di queste saranno state adattate. Perch\u00e9 mai? A sentire le autorit\u00e0, i lavori sarebbero troppo complicati, costosi e sproporzionati rispetto ai vantaggi per l\u2019intera popolazione.<\/p>\n\n\n\n<h3 class=\"wp-block-heading\">La questione dei vantaggi<\/h3>\n\n\n\n<p>Come, scusi? Vediamo di capirci: qui si tratta di migliorare la vita quotidiana di persone fisicamente svantaggiate. In altre parole, di un diritto fondamentale, di dignit\u00e0 umana. E non di freddi calcoli costi-benefici. Perch\u00e9 noi persone con disabilit\u00e0 dovremmo persino sentirci colpevoli di essere un \u00abcattivo affare\u00bb per le casse pubbliche?<\/p>\n\n\n\n<p>L\u2019ironia pi\u00f9 grande, va detto, sta nella questione dei vantaggi. Noi persone con disabilit\u00e0 saremmo le uniche a beneficiare di una piattaforma pi\u00f9 alta alle fermate (tra l\u2019altro, sembrerebbe che le costruiscano solo per noi \u2013 ma che cosa c\u2019\u00e8 di giusto se poi veniamo discriminati a causa dei relativi costi e magari non solo di quelli?). Ma non \u00e8 vero, non ci siamo solo noi: si pensi a chi ha subito un infortunio e deve camminare aiutandosi con una stampella, se non due. Oppure chi si sposta con un deambulatore, spingendo un bambino in un passeggino, trascinando un bagaglio pesante o un trolley per la spesa stracolmo.<\/p>\n\n\n\n<p>Anche per le linee regionali di trasporti pubblici le piattaforme pi\u00f9 alte sarebbero un vantaggio, poich\u00e9 permettono ai passeggeri di entrare e uscire pi\u00f9 rapidamente. In questo modo gli orari molto fitti che vigono negli agglomerati sarebbero rispettati meglio e le imprese stesse sarebbero considerate ancora pi\u00f9 affidabili e puntuali.<\/p>\n\n\n\n<h3 class=\"wp-block-heading\">Accontentarsi troppo a lungo di non fare nulla<\/h3>\n\n\n\n<p>E poi, ci si pu\u00f2 anche legittimamente chiedere perch\u00e9 mai costruire una piattaforma all\u2019altezza giusta possa costare fino a mezzo milione\u2026 Come \u00e8 possibile che la ghiaia, i dadi, la pavimentazione e l\u2019asfalto, nonch\u00e9 la manodopera e la logistica necessari a questo tipo di intervento, finiscano coll\u2019essere cos\u00ec costosi?<\/p>\n\n\n\n<p>Il sospetto \u00e8 che la ristrutturazione di un intero tratto di strada o di binario sia fatta rientrare nella voce di spesa per questo tutto sommato piccolo adattamento strutturale. Le imprese di trasporti pubblici hanno avuto 20 anni per adattarsi, ma per lungo tempo si sono accontentate di non fare nulla. Se avessero iniziato prima, probabilmente non sarebbe diventato cos\u00ec complicato e cos\u00ec costoso.<\/p>\n\n\n\n<p>E, soprattutto, le persone con disabilit\u00e0 non proverebbero l\u2019umiliazione di essere trattate come un fattore di costo.<\/p>\n","protected":false},"excerpt":{"rendered":"<p>La legge federale sull\u2019eliminazione di svantaggi nei confronti dei disabili \u00e8 in vigore da 20 anni. Sono stati quindi rimossi tutti gli ostacoli?<\/p>\n","protected":false},"featured_media":6348,"template":"","meta":{"_acf_changed":false,"inline_featured_image":false,"_FSMCFIC_featured_image_caption":"","_FSMCFIC_featured_image_nocaption":"","_FSMCFIC_featured_image_hide":"","footnotes":"","_links_to":"","_links_to_target":""},"categories":[132,139],"class_list":["post-11081","ratgeber","type-ratgeber","status-publish","has-post-thumbnail","hentry","category-klartext","category-parliamoci-chiaro"],"acf":[],"yoast_head":"<!-- This site is optimized with the Yoast SEO plugin v27.1.1 - https:\/\/yoast.com\/product\/yoast-seo-wordpress\/ -->\n<title>Quando le persone disabili sono considerate un fattore di costo &#8226; Retina Suisse<\/title>\n<meta name=\"robots\" content=\"index, follow, max-snippet:-1, max-image-preview:large, max-video-preview:-1\" \/>\n<link rel=\"canonical\" href=\"https:\/\/retina.ch\/it\/consiglieri\/quando-le-persone-disabili-sono-considerate-un-fattore-di-costo\/\" \/>\n<meta property=\"og:locale\" content=\"it_IT\" \/>\n<meta property=\"og:type\" content=\"article\" \/>\n<meta property=\"og:title\" content=\"Quando le persone disabili sono considerate un fattore di costo &#8226; Retina Suisse\" \/>\n<meta property=\"og:description\" content=\"La legge federale sull\u2019eliminazione di svantaggi nei confronti dei disabili \u00e8 in vigore da 20 anni. Sono stati quindi rimossi tutti gli ostacoli?\" \/>\n<meta property=\"og:url\" content=\"https:\/\/retina.ch\/it\/consiglieri\/quando-le-persone-disabili-sono-considerate-un-fattore-di-costo\/\" \/>\n<meta property=\"og:site_name\" content=\"Retina Suisse\" \/>\n<meta property=\"article:publisher\" content=\"https:\/\/www.facebook.com\/retinasuisse\/\" \/>\n<meta property=\"article:modified_time\" content=\"2023-04-19T17:43:28+00:00\" \/>\n<meta property=\"og:image\" content=\"https:\/\/retina.ch\/wp-content\/uploads\/2021\/04\/retinasuisse-peripherer-gesichtsfeldausfall-ohne.jpg\" \/>\n\t<meta property=\"og:image:width\" content=\"2400\" \/>\n\t<meta property=\"og:image:height\" content=\"1602\" \/>\n\t<meta property=\"og:image:type\" content=\"image\/jpeg\" \/>\n<meta name=\"twitter:card\" content=\"summary_large_image\" \/>\n<meta name=\"twitter:label1\" content=\"Tempo di lettura stimato\" \/>\n\t<meta name=\"twitter:data1\" content=\"4 minuti\" \/>\n<script type=\"application\/ld+json\" class=\"yoast-schema-graph\">{\"@context\":\"https:\/\/schema.org\",\"@graph\":[{\"@type\":\"WebPage\",\"@id\":\"https:\/\/retina.ch\/it\/consiglieri\/quando-le-persone-disabili-sono-considerate-un-fattore-di-costo\/\",\"url\":\"https:\/\/retina.ch\/it\/consiglieri\/quando-le-persone-disabili-sono-considerate-un-fattore-di-costo\/\",\"name\":\"Quando le persone disabili sono considerate un fattore di costo &#8226; Retina Suisse\",\"isPartOf\":{\"@id\":\"https:\/\/retina.ch\/it\/#website\"},\"primaryImageOfPage\":{\"@id\":\"https:\/\/retina.ch\/it\/consiglieri\/quando-le-persone-disabili-sono-considerate-un-fattore-di-costo\/#primaryimage\"},\"image\":{\"@id\":\"https:\/\/retina.ch\/it\/consiglieri\/quando-le-persone-disabili-sono-considerate-un-fattore-di-costo\/#primaryimage\"},\"thumbnailUrl\":\"https:\/\/retina.ch\/wp-content\/uploads\/2021\/04\/retinasuisse-peripherer-gesichtsfeldausfall-ohne.jpg\",\"datePublished\":\"2023-04-14T12:41:16+00:00\",\"dateModified\":\"2023-04-19T17:43:28+00:00\",\"breadcrumb\":{\"@id\":\"https:\/\/retina.ch\/it\/consiglieri\/quando-le-persone-disabili-sono-considerate-un-fattore-di-costo\/#breadcrumb\"},\"inLanguage\":\"it-IT\",\"potentialAction\":[{\"@type\":\"ReadAction\",\"target\":[\"https:\/\/retina.ch\/it\/consiglieri\/quando-le-persone-disabili-sono-considerate-un-fattore-di-costo\/\"]}]},{\"@type\":\"ImageObject\",\"inLanguage\":\"it-IT\",\"@id\":\"https:\/\/retina.ch\/it\/consiglieri\/quando-le-persone-disabili-sono-considerate-un-fattore-di-costo\/#primaryimage\",\"url\":\"https:\/\/retina.ch\/wp-content\/uploads\/2021\/04\/retinasuisse-peripherer-gesichtsfeldausfall-ohne.jpg\",\"contentUrl\":\"https:\/\/retina.ch\/wp-content\/uploads\/2021\/04\/retinasuisse-peripherer-gesichtsfeldausfall-ohne.jpg\",\"width\":2400,\"height\":1602,\"caption\":\"Normalsicht einer U-Bahnstation.\"},{\"@type\":\"BreadcrumbList\",\"@id\":\"https:\/\/retina.ch\/it\/consiglieri\/quando-le-persone-disabili-sono-considerate-un-fattore-di-costo\/#breadcrumb\",\"itemListElement\":[{\"@type\":\"ListItem\",\"position\":1,\"name\":\"Retina Suisse\",\"item\":\"https:\/\/retina.ch\/it\/\"},{\"@type\":\"ListItem\",\"position\":2,\"name\":\"Quando le persone disabili sono considerate un fattore di costo\"}]},{\"@type\":\"WebSite\",\"@id\":\"https:\/\/retina.ch\/it\/#website\",\"url\":\"https:\/\/retina.ch\/it\/\",\"name\":\"Retina Suisse\",\"description\":\"Retina Suisse ist die Vereinigung von Patientinnen und Patienten mit Retinitis pigmentosa (RP), Makuladegeneration, Usher-Syndrom und anderen Erkrankungen des Augenhintergrundes.\",\"publisher\":{\"@id\":\"https:\/\/retina.ch\/it\/#organization\"},\"potentialAction\":[{\"@type\":\"SearchAction\",\"target\":{\"@type\":\"EntryPoint\",\"urlTemplate\":\"https:\/\/retina.ch\/it\/?s={search_term_string}\"},\"query-input\":{\"@type\":\"PropertyValueSpecification\",\"valueRequired\":true,\"valueName\":\"search_term_string\"}}],\"inLanguage\":\"it-IT\"},{\"@type\":\"Organization\",\"@id\":\"https:\/\/retina.ch\/it\/#organization\",\"name\":\"Retina Suisse\",\"url\":\"https:\/\/retina.ch\/it\/\",\"logo\":{\"@type\":\"ImageObject\",\"inLanguage\":\"it-IT\",\"@id\":\"https:\/\/retina.ch\/it\/#\/schema\/logo\/image\/\",\"url\":\"https:\/\/retina.ch\/wp-content\/uploads\/2020\/09\/retina-auge-typo.svg\",\"contentUrl\":\"https:\/\/retina.ch\/wp-content\/uploads\/2020\/09\/retina-auge-typo.svg\",\"width\":\"1024\",\"height\":\"1024\",\"caption\":\"Retina Suisse\"},\"image\":{\"@id\":\"https:\/\/retina.ch\/it\/#\/schema\/logo\/image\/\"},\"sameAs\":[\"https:\/\/www.facebook.com\/retinasuisse\/\"]}]}<\/script>\n<!-- \/ Yoast SEO plugin. -->","yoast_head_json":{"title":"Quando le persone disabili sono considerate un fattore di costo &#8226; Retina Suisse","robots":{"index":"index","follow":"follow","max-snippet":"max-snippet:-1","max-image-preview":"max-image-preview:large","max-video-preview":"max-video-preview:-1"},"canonical":"https:\/\/retina.ch\/it\/consiglieri\/quando-le-persone-disabili-sono-considerate-un-fattore-di-costo\/","og_locale":"it_IT","og_type":"article","og_title":"Quando le persone disabili sono considerate un fattore di costo &#8226; Retina Suisse","og_description":"La legge federale sull\u2019eliminazione di svantaggi nei confronti dei disabili \u00e8 in vigore da 20 anni. Sono stati quindi rimossi tutti gli ostacoli?","og_url":"https:\/\/retina.ch\/it\/consiglieri\/quando-le-persone-disabili-sono-considerate-un-fattore-di-costo\/","og_site_name":"Retina Suisse","article_publisher":"https:\/\/www.facebook.com\/retinasuisse\/","article_modified_time":"2023-04-19T17:43:28+00:00","og_image":[{"width":2400,"height":1602,"url":"https:\/\/retina.ch\/wp-content\/uploads\/2021\/04\/retinasuisse-peripherer-gesichtsfeldausfall-ohne.jpg","type":"image\/jpeg"}],"twitter_card":"summary_large_image","twitter_misc":{"Tempo di lettura stimato":"4 minuti"},"schema":{"@context":"https:\/\/schema.org","@graph":[{"@type":"WebPage","@id":"https:\/\/retina.ch\/it\/consiglieri\/quando-le-persone-disabili-sono-considerate-un-fattore-di-costo\/","url":"https:\/\/retina.ch\/it\/consiglieri\/quando-le-persone-disabili-sono-considerate-un-fattore-di-costo\/","name":"Quando le persone disabili sono considerate un fattore di costo &#8226; Retina Suisse","isPartOf":{"@id":"https:\/\/retina.ch\/it\/#website"},"primaryImageOfPage":{"@id":"https:\/\/retina.ch\/it\/consiglieri\/quando-le-persone-disabili-sono-considerate-un-fattore-di-costo\/#primaryimage"},"image":{"@id":"https:\/\/retina.ch\/it\/consiglieri\/quando-le-persone-disabili-sono-considerate-un-fattore-di-costo\/#primaryimage"},"thumbnailUrl":"https:\/\/retina.ch\/wp-content\/uploads\/2021\/04\/retinasuisse-peripherer-gesichtsfeldausfall-ohne.jpg","datePublished":"2023-04-14T12:41:16+00:00","dateModified":"2023-04-19T17:43:28+00:00","breadcrumb":{"@id":"https:\/\/retina.ch\/it\/consiglieri\/quando-le-persone-disabili-sono-considerate-un-fattore-di-costo\/#breadcrumb"},"inLanguage":"it-IT","potentialAction":[{"@type":"ReadAction","target":["https:\/\/retina.ch\/it\/consiglieri\/quando-le-persone-disabili-sono-considerate-un-fattore-di-costo\/"]}]},{"@type":"ImageObject","inLanguage":"it-IT","@id":"https:\/\/retina.ch\/it\/consiglieri\/quando-le-persone-disabili-sono-considerate-un-fattore-di-costo\/#primaryimage","url":"https:\/\/retina.ch\/wp-content\/uploads\/2021\/04\/retinasuisse-peripherer-gesichtsfeldausfall-ohne.jpg","contentUrl":"https:\/\/retina.ch\/wp-content\/uploads\/2021\/04\/retinasuisse-peripherer-gesichtsfeldausfall-ohne.jpg","width":2400,"height":1602,"caption":"Normalsicht einer U-Bahnstation."},{"@type":"BreadcrumbList","@id":"https:\/\/retina.ch\/it\/consiglieri\/quando-le-persone-disabili-sono-considerate-un-fattore-di-costo\/#breadcrumb","itemListElement":[{"@type":"ListItem","position":1,"name":"Retina Suisse","item":"https:\/\/retina.ch\/it\/"},{"@type":"ListItem","position":2,"name":"Quando le persone disabili sono considerate un fattore di costo"}]},{"@type":"WebSite","@id":"https:\/\/retina.ch\/it\/#website","url":"https:\/\/retina.ch\/it\/","name":"Retina Suisse","description":"Retina Suisse ist die Vereinigung von Patientinnen und Patienten mit Retinitis pigmentosa (RP), Makuladegeneration, Usher-Syndrom und anderen Erkrankungen des Augenhintergrundes.","publisher":{"@id":"https:\/\/retina.ch\/it\/#organization"},"potentialAction":[{"@type":"SearchAction","target":{"@type":"EntryPoint","urlTemplate":"https:\/\/retina.ch\/it\/?s={search_term_string}"},"query-input":{"@type":"PropertyValueSpecification","valueRequired":true,"valueName":"search_term_string"}}],"inLanguage":"it-IT"},{"@type":"Organization","@id":"https:\/\/retina.ch\/it\/#organization","name":"Retina Suisse","url":"https:\/\/retina.ch\/it\/","logo":{"@type":"ImageObject","inLanguage":"it-IT","@id":"https:\/\/retina.ch\/it\/#\/schema\/logo\/image\/","url":"https:\/\/retina.ch\/wp-content\/uploads\/2020\/09\/retina-auge-typo.svg","contentUrl":"https:\/\/retina.ch\/wp-content\/uploads\/2020\/09\/retina-auge-typo.svg","width":"1024","height":"1024","caption":"Retina Suisse"},"image":{"@id":"https:\/\/retina.ch\/it\/#\/schema\/logo\/image\/"},"sameAs":["https:\/\/www.facebook.com\/retinasuisse\/"]}]}},"_links":{"self":[{"href":"https:\/\/retina.ch\/it\/wp-json\/wp\/v2\/ratgeber\/11081","targetHints":{"allow":["GET"]}}],"collection":[{"href":"https:\/\/retina.ch\/it\/wp-json\/wp\/v2\/ratgeber"}],"about":[{"href":"https:\/\/retina.ch\/it\/wp-json\/wp\/v2\/types\/ratgeber"}],"version-history":[{"count":4,"href":"https:\/\/retina.ch\/it\/wp-json\/wp\/v2\/ratgeber\/11081\/revisions"}],"predecessor-version":[{"id":11446,"href":"https:\/\/retina.ch\/it\/wp-json\/wp\/v2\/ratgeber\/11081\/revisions\/11446"}],"wp:featuredmedia":[{"embeddable":true,"href":"https:\/\/retina.ch\/it\/wp-json\/wp\/v2\/media\/6348"}],"wp:attachment":[{"href":"https:\/\/retina.ch\/it\/wp-json\/wp\/v2\/media?parent=11081"}],"wp:term":[{"taxonomy":"category","embeddable":true,"href":"https:\/\/retina.ch\/it\/wp-json\/wp\/v2\/categories?post=11081"}],"curies":[{"name":"wp","href":"https:\/\/api.w.org\/{rel}","templated":true}]}}