{"id":16218,"date":"2024-03-19T10:59:59","date_gmt":"2024-03-19T09:59:59","guid":{"rendered":"https:\/\/retina.ch\/?post_type=ratgeber&#038;p=16218"},"modified":"2024-03-26T16:56:50","modified_gmt":"2024-03-26T15:56:50","slug":"lapproccio-di-una-giovane-famiglia-allhandicap-visivo","status":"publish","type":"ratgeber","link":"https:\/\/retina.ch\/it\/consiglieri\/lapproccio-di-una-giovane-famiglia-allhandicap-visivo\/","title":{"rendered":"L\u2019approccio di una giovane famiglia all\u2019handicap visivo"},"content":{"rendered":"\n<p><strong>Condurre una buona vita nonostante la disabilit\u00e0 visiva: com&#8217;\u00e8 possibile? I D\u00fcrm\u00fcller di San Gallo parlano apertamente della loro vita quotidiana con il padre, affetto da una grave malattia degenerativa degli occhi. La prima parte di questa mini-serie descrive come la famiglia si sia dovuta abituare alla sua disabilit\u00e0 visiva.<\/strong><\/p>\n\n\n\n<p>Jean Seiler a colloquio con la famiglia D\u00fcrm\u00fcller, <a href=\"mailto:jean.seiler@retina.ch\">jean.seiler@retina.ch<\/a><\/p>\n\n\n\n<p>Guardando all\u2019handicap dall\u2019esterno, in generale le cose non sono sempre come appaiono. C\u2019\u00e8 chi si meraviglia: \u201eMa come fai a arrangiarti cos\u00ec bene?\u201c, \u201eSuper, come sai gestire la tua vita!\u201c, \u201eIo non ci riuscirei.\u201c. Altri esprimono un certo sgomento: &#8220;L\u2019handicap, di per s\u00e9, dev\u2019essere una cosa tremenda!&#8221; Una persona con handicap visivo una volta ha detto: \u201eLa prova della mia indipendenza non sta nel riuscire a attraversare la strada da solo bens\u00ec nell\u2019essere capace di sopportare il peso delle limitazioni dovute all\u2019handicap.&#8221; Una domanda, questa, che non concerne unicamente le persone con handicap visivo, ma tocca da vicino anche i famigliari. Purtroppo, se ne parla poco. Una convivenza inclusiva \u00e8 molto impegnativa per tutti i membri di una famiglia. Tra le sfide da affrontare e superare ci sono una diversa dinamica delle relazioni famigliari, la necessit\u00e0 di fare fronte unico per perseguire gli stesi obiettivi, la comprensione per la situazione di handicap. Se ci si riesce si pu\u00f2 anche attribuire un senso alla propria situazione.<\/p>\n\n\n\n<p>\u00c8 bello che la famiglia D\u00fcrm\u00fcller di San Gallo abbia acconsentito a parlare apertamente della sua vita con l\u2019handicap visivo.Come premessa occorre per\u00f2 sottolineare che le cose non vanno sempre lisce, ma che il modo come questa famiglia affronta le difficolt\u00e0 e le gestisce pu\u00f2essere d\u2019incoraggiamento per altre famiglie in situazione analoga. In questo servizio sono riportati svariati aspetti della vita della famiglia D\u00fcrm\u00fcller e le diverse modalit\u00e0 di soluzione dei problemi che mette in atto, in particolare come affronta insieme l\u2019handicap visivo e le sue ripercussioni.<\/p>\n\n\n\n<p><strong>Rinunciare subito alla guida dell\u2019automobile<\/strong><\/p>\n\n\n\n<p>Hanspeter inizia il suo racconto dicendo che ha 43 e che all\u2019et\u00e0 di 18 gli \u00e8 stata diagnosticata una retinite pigmentosa (RP). Gi\u00e0 due anni prima la stessa diagnosi l\u2019aveva ricevuta suo padre. La malattia di suo padre era cos\u00ec seria da costringerlo a rinunciare subito alla guida dell\u2019automobile. Inoltre, tutti i figli furono sottoposti a visita oculistica. Hanspeter non aveva sintomi e il suo campo visivo era di&nbsp;&nbsp;&nbsp; ca. 150\u00b0, cio\u00e8 soltanto poco ristretto.&nbsp; Questo gli ha permesso di portare a termine il tirocinio di muratore. <a>L\u2019assicurazione infortuni, la SUVA, ha per\u00f2 subito ammonito che per certi lavori, per esempio in bilico sulle impalcature e le attivit\u00e0 al buio, non avrebbe dato l\u2019autorizzazione.<\/a> Nonostante queste limitazioni, Hanspeter avrebbe potuto fare il muratore per un altro anno almeno \u2013 cosa per lui molto importante per fare esperienza.<\/p>\n\n\n\n<p>Hanspeter \u00e8 nato e cresciuto in una zona discosta a un chilometro e mezzo dal prossimo villaggio. Si ricorda che i ragazzi di notte si buttavano sui mucchi di fieno per guardare le stelle. Dell\u2019infanzia ricorda il cielo notturno pieno di stelle. A un certo momento, per\u00f2, Hanspeter si \u00e8 accorto che le stelle non c\u2019erano pi\u00f9. E per la prima volta si \u00e8 reso conto che nei suoi occhi qualcosa non funzionava a dovere. A 29 anni, soprattutto di notte, fa sempre pi\u00f9 fatica a guidare l\u2019automobile. Al punto da dover riconsegnare la patente.<\/p>\n\n\n\n<p><strong>Grosso impatto sulle dinamiche familiari della rinuncia a guidare<\/strong><\/p>\n\n\n\n<p>&#8220;La mia vita ha subito una brusca sterzata. Non potevo pi\u00f9 andare spontaneamente e in fretta di qua o di l\u00e0. Da un giorno all\u2019altro mi toccava mettere in conto molto pi\u00f9 tempo per gli spostamenti. E anche le decisioni spontanee ne soffrivano. \u201cVado una corsa fino a A.\u201d oppure \u201cmi reco in fretta a prendere\u2026\u201d erano ormai cose impossibili. Per fortuna, nel frattempo, la famiglia si \u00e8 trasferita in citt\u00e0 e Hanspeter constata con sollievo che in campagna tutto sarebbe stato molto pi\u00f9 difficile.<\/p>\n\n\n\n<p>A questo punto interviene sua moglie, dicendogli: &#8220;Quando hai dovuto smettere di guidare, per la famiglia l\u2019impatto \u00e8 stato notevoli&#8221;. Ci \u00e8 toccato riorganizzarci, per molte cose abbiamo dovute far capo all\u2019aiuto dei nonni, per esempio per portare da qualche parte l\u2019uno o l\u2019altro dei bambini. Anche se Nadia guida non \u00e8 sempre facile, con i bambini pu\u00f2 capitare di dover fare pi\u00f9 cose allo stesso. Per fortuna i nonni materni vivono nella stessa casa a San Gallo e inoltre hanno l\u2019automobile. Perci\u00f2, se occorre, possono dare una mano. Hanspeter non ha molte possibilit\u00e0 di aiutare e Persino per spostarmi in bicicletta dovevo essere accompagnato. \u00c8 le rinunce sono dolorose: niente pi\u00f9 badminton e neppure calcio e per soprappi\u00f9 con tre figli maschi!&#8221;<\/p>\n\n\n\n<p><strong>Le attivit\u00e0 del tempo libero con la famiglia cambiano<\/strong><\/p>\n\n\n\n<p>Samuel, il maggiore dei ragazzi, frequenta la seconda media e racconta che in realt\u00e0 di alternative ce ne sono. Per esempio le scarpinate tutti assieme. I ragazzi si sono adattati in modo del rutto naturale alle nuove contingenze. D\u2019altronde non conoscono altro, questa realt\u00e0 li accompagna da sempre. A Jonas, il minore dei tre, dispiace che il pap\u00e0 non giochi pi\u00f9 tanto spesso con lui. Infatti, quando ritorno dal lavoro Hanspeter \u00e8 sempre stanco. Un\u2019altra cosa che non fa pi\u00f9 \u00e8 leggere per i ragazzi. E le escursioni non sono proprio come quelle delle altre famiglie. E le vacanze estive neppure. La famiglia D\u00fcrm\u00fcller le passa quasi sempre in un campeggio. La sera le rinunce sono pesano di pi\u00f9. Per Hanspeter \u00e8 allora un sollievo cenare al ristorante o oziare davanti alla tenda. Per lui non \u00e8 pi\u00f9 il caso di uscire la sera mentre i figli la passano nella discoteca dei ragazzi del campeggio.<\/p>\n\n\n\n<p>Anche Nadia, la sera intraprende spesso qualcosa per conto proprio. Non lo dice volentieri, ma le piace di andare in giro senza &#8220;intoppi&#8221;. Pu\u00f2 allora capitare che Hanspeter rimanga seduto tutto solo davanti alla tenda, si occupi di qualcosina o immagini di vedere il cielo stellato. Nadia dice che \u00e8 una grossa sfida fare ci\u00f2 che \u00e8 va bene per i ragazzi senza procurare sofferenza al pap\u00e0 e marito. Nadia deve spesso calarsi nel ruolo di padre per proporre delle attivit\u00e0 ai ragazzi e evitare che si annoino. A volte l\u2019handicap visivo di Hanspeter ha ripercussioni incisive, ci sono momenti difficili e spesso i ragazzi fanno fatica a capire perch\u00e9 per il loro pap\u00e0 certe cose sono impossibili.<\/p>\n\n\n\n<p><strong>Un po\u2019 messo da parte<\/strong><\/p>\n\n\n\n<p>Altro esempio cruciale \u00e8 quello delle compere. Per Nadia fare la spesa assieme ai tre figli e con in pi\u00f9 un marito che non vede quasi niente significa spesso caos assoluto. A volte, con la dovuta delicatezza, Nadia suggerisce a Hanspeter: &#8220;Che ne dici, per te va bene se per fare un po\u2019 pi\u00f9 in fretta vado a fare la spesa da sola?&#8221; Per Hanspeter anche questi sono momenti difficili, momenti in cui lui si sente un po\u2019 messo da parte, momenti come tanti altri: &#8220;A questo punto devo semplicemente aspettare o cosa potrei fare? Per finire \u00e8 il buon senso che mi convince perch\u00e9 anche Nadia deve poter sfruttare al meglio il tempo a disposizione e quindi non dovrebbe impiegare due ore in pi\u00f9 per la spesa soltanto a causa mia.&#8221; A volte, fare la spesa con il marito, per Nadia \u00e8 stato molto stressante, sempre sull\u2019attenti per evitare ce Hanspeter non urti nessuno con il carrello come gi\u00e0 capitato. Meno male che da quando Hanspeter porta con s\u00e9 il bastone bianco le cose vanno meglio. Ma nella frenesia generale anche il bastone bianco non \u00e8 sempre la soluzione ottimale.<\/p>\n\n\n\n<p>Alle sfide ricorrenti che una fa miglia ha da affrontare e gestire, nel caso della RP si aggiungono anche ostacoli e problemi dovuti al continuo peggioramento della vista di un suo membro. Questa situazione esige molta comprensione da parte di tutti e la disponibilit\u00e0 a impiegare le proprie risorse per trovare soluzioni adeguate. Se tutti riescono a vedere il senso di questo impegno, la coesione famigliare ne risulter\u00e0 arricchita.<\/p>\n\n\n\n<p>Alla famiglia D\u00fcrm\u00fcller, l\u2019intento di convivere bene con la RP sembra riuscire. Anche se, come vedremo nella seconda parte della testimonianza, non \u00e8 sempre ovvio. La continuazione sul prossimo Giornale Retina con il tema &#8220;La situazione lavorativa e le sue ripercussioni sulla vita della famiglia\u201d. Da continuare<\/p>\n","protected":false},"excerpt":{"rendered":"<p>Condurre una buona vita nonostante la disabilit\u00e0 visiva: com&#8217;\u00e8 possibile? I D\u00fcrrm\u00fcller di San Gallo parlano apertamente della loro vita quotidiana con il padre, affetto da una grave malattia degenerativa degli occhi. La prima parte di questa mini-serie descrive come la famiglia si sia dovuta abituare alla sua disabilit\u00e0 visiva.<\/p>\n","protected":false},"featured_media":16047,"template":"","meta":{"_acf_changed":false,"inline_featured_image":false,"_FSMCFIC_featured_image_caption":"","_FSMCFIC_featured_image_nocaption":"","_FSMCFIC_featured_image_hide":"","footnotes":"","_links_to":"","_links_to_target":""},"categories":[143],"class_list":["post-16218","ratgeber","type-ratgeber","status-publish","has-post-thumbnail","hentry","category-consiglieri"],"acf":[],"yoast_head":"<!-- This site is optimized with the Yoast SEO plugin v27.1.1 - https:\/\/yoast.com\/product\/yoast-seo-wordpress\/ -->\n<title>L\u2019approccio di una giovane famiglia all\u2019handicap visivo &#8226; Retina Suisse<\/title>\n<meta name=\"robots\" content=\"index, follow, max-snippet:-1, max-image-preview:large, max-video-preview:-1\" \/>\n<link rel=\"canonical\" href=\"https:\/\/retina.ch\/it\/consiglieri\/lapproccio-di-una-giovane-famiglia-allhandicap-visivo\/\" \/>\n<meta property=\"og:locale\" content=\"it_IT\" \/>\n<meta property=\"og:type\" content=\"article\" \/>\n<meta property=\"og:title\" content=\"L\u2019approccio di una giovane famiglia all\u2019handicap visivo &#8226; Retina Suisse\" \/>\n<meta property=\"og:description\" content=\"Condurre una buona vita nonostante la disabilit\u00e0 visiva: com&#039;\u00e8 possibile? I D\u00fcrrm\u00fcller di San Gallo parlano apertamente della loro vita quotidiana con il padre, affetto da una grave malattia degenerativa degli occhi. La prima parte di questa mini-serie descrive come la famiglia si sia dovuta abituare alla sua disabilit\u00e0 visiva.\" \/>\n<meta property=\"og:url\" content=\"https:\/\/retina.ch\/it\/consiglieri\/lapproccio-di-una-giovane-famiglia-allhandicap-visivo\/\" \/>\n<meta property=\"og:site_name\" content=\"Retina Suisse\" \/>\n<meta property=\"article:publisher\" content=\"https:\/\/www.facebook.com\/retinasuisse\/\" \/>\n<meta property=\"article:modified_time\" content=\"2024-03-26T15:56:50+00:00\" \/>\n<meta property=\"og:image\" content=\"https:\/\/retina.ch\/wp-content\/uploads\/2024\/03\/retina-foto-duerrmuellers-ferien-brille-e1710945520201.png\" \/>\n\t<meta property=\"og:image:width\" content=\"900\" \/>\n\t<meta property=\"og:image:height\" content=\"529\" \/>\n\t<meta property=\"og:image:type\" content=\"image\/png\" \/>\n<meta name=\"twitter:card\" content=\"summary_large_image\" \/>\n<meta name=\"twitter:label1\" content=\"Tempo di lettura stimato\" \/>\n\t<meta name=\"twitter:data1\" content=\"8 minuti\" \/>\n<script type=\"application\/ld+json\" class=\"yoast-schema-graph\">{\"@context\":\"https:\/\/schema.org\",\"@graph\":[{\"@type\":\"WebPage\",\"@id\":\"https:\/\/retina.ch\/it\/consiglieri\/lapproccio-di-una-giovane-famiglia-allhandicap-visivo\/\",\"url\":\"https:\/\/retina.ch\/it\/consiglieri\/lapproccio-di-una-giovane-famiglia-allhandicap-visivo\/\",\"name\":\"L\u2019approccio di una giovane famiglia all\u2019handicap visivo &#8226; Retina Suisse\",\"isPartOf\":{\"@id\":\"https:\/\/retina.ch\/it\/#website\"},\"primaryImageOfPage\":{\"@id\":\"https:\/\/retina.ch\/it\/consiglieri\/lapproccio-di-una-giovane-famiglia-allhandicap-visivo\/#primaryimage\"},\"image\":{\"@id\":\"https:\/\/retina.ch\/it\/consiglieri\/lapproccio-di-una-giovane-famiglia-allhandicap-visivo\/#primaryimage\"},\"thumbnailUrl\":\"https:\/\/retina.ch\/wp-content\/uploads\/2024\/03\/retina-foto-duerrmuellers-ferien-brille-e1710945520201.png\",\"datePublished\":\"2024-03-19T09:59:59+00:00\",\"dateModified\":\"2024-03-26T15:56:50+00:00\",\"breadcrumb\":{\"@id\":\"https:\/\/retina.ch\/it\/consiglieri\/lapproccio-di-una-giovane-famiglia-allhandicap-visivo\/#breadcrumb\"},\"inLanguage\":\"it-IT\",\"potentialAction\":[{\"@type\":\"ReadAction\",\"target\":[\"https:\/\/retina.ch\/it\/consiglieri\/lapproccio-di-una-giovane-famiglia-allhandicap-visivo\/\"]}]},{\"@type\":\"ImageObject\",\"inLanguage\":\"it-IT\",\"@id\":\"https:\/\/retina.ch\/it\/consiglieri\/lapproccio-di-una-giovane-famiglia-allhandicap-visivo\/#primaryimage\",\"url\":\"https:\/\/retina.ch\/wp-content\/uploads\/2024\/03\/retina-foto-duerrmuellers-ferien-brille-e1710945520201.png\",\"contentUrl\":\"https:\/\/retina.ch\/wp-content\/uploads\/2024\/03\/retina-foto-duerrmuellers-ferien-brille-e1710945520201.png\",\"width\":900,\"height\":529},{\"@type\":\"BreadcrumbList\",\"@id\":\"https:\/\/retina.ch\/it\/consiglieri\/lapproccio-di-una-giovane-famiglia-allhandicap-visivo\/#breadcrumb\",\"itemListElement\":[{\"@type\":\"ListItem\",\"position\":1,\"name\":\"Retina Suisse\",\"item\":\"https:\/\/retina.ch\/it\/\"},{\"@type\":\"ListItem\",\"position\":2,\"name\":\"L\u2019approccio di una giovane famiglia all\u2019handicap visivo\"}]},{\"@type\":\"WebSite\",\"@id\":\"https:\/\/retina.ch\/it\/#website\",\"url\":\"https:\/\/retina.ch\/it\/\",\"name\":\"Retina Suisse\",\"description\":\"Retina Suisse ist die Vereinigung von Patientinnen und Patienten mit Retinitis pigmentosa (RP), Makuladegeneration, Usher-Syndrom und anderen Erkrankungen des Augenhintergrundes.\",\"publisher\":{\"@id\":\"https:\/\/retina.ch\/it\/#organization\"},\"potentialAction\":[{\"@type\":\"SearchAction\",\"target\":{\"@type\":\"EntryPoint\",\"urlTemplate\":\"https:\/\/retina.ch\/it\/?s={search_term_string}\"},\"query-input\":{\"@type\":\"PropertyValueSpecification\",\"valueRequired\":true,\"valueName\":\"search_term_string\"}}],\"inLanguage\":\"it-IT\"},{\"@type\":\"Organization\",\"@id\":\"https:\/\/retina.ch\/it\/#organization\",\"name\":\"Retina Suisse\",\"url\":\"https:\/\/retina.ch\/it\/\",\"logo\":{\"@type\":\"ImageObject\",\"inLanguage\":\"it-IT\",\"@id\":\"https:\/\/retina.ch\/it\/#\/schema\/logo\/image\/\",\"url\":\"https:\/\/retina.ch\/wp-content\/uploads\/2020\/09\/retina-auge-typo.svg\",\"contentUrl\":\"https:\/\/retina.ch\/wp-content\/uploads\/2020\/09\/retina-auge-typo.svg\",\"width\":\"1024\",\"height\":\"1024\",\"caption\":\"Retina Suisse\"},\"image\":{\"@id\":\"https:\/\/retina.ch\/it\/#\/schema\/logo\/image\/\"},\"sameAs\":[\"https:\/\/www.facebook.com\/retinasuisse\/\"]}]}<\/script>\n<!-- \/ Yoast SEO plugin. -->","yoast_head_json":{"title":"L\u2019approccio di una giovane famiglia all\u2019handicap visivo &#8226; Retina Suisse","robots":{"index":"index","follow":"follow","max-snippet":"max-snippet:-1","max-image-preview":"max-image-preview:large","max-video-preview":"max-video-preview:-1"},"canonical":"https:\/\/retina.ch\/it\/consiglieri\/lapproccio-di-una-giovane-famiglia-allhandicap-visivo\/","og_locale":"it_IT","og_type":"article","og_title":"L\u2019approccio di una giovane famiglia all\u2019handicap visivo &#8226; Retina Suisse","og_description":"Condurre una buona vita nonostante la disabilit\u00e0 visiva: com'\u00e8 possibile? I D\u00fcrrm\u00fcller di San Gallo parlano apertamente della loro vita quotidiana con il padre, affetto da una grave malattia degenerativa degli occhi. La prima parte di questa mini-serie descrive come la famiglia si sia dovuta abituare alla sua disabilit\u00e0 visiva.","og_url":"https:\/\/retina.ch\/it\/consiglieri\/lapproccio-di-una-giovane-famiglia-allhandicap-visivo\/","og_site_name":"Retina Suisse","article_publisher":"https:\/\/www.facebook.com\/retinasuisse\/","article_modified_time":"2024-03-26T15:56:50+00:00","og_image":[{"width":900,"height":529,"url":"https:\/\/retina.ch\/wp-content\/uploads\/2024\/03\/retina-foto-duerrmuellers-ferien-brille-e1710945520201.png","type":"image\/png"}],"twitter_card":"summary_large_image","twitter_misc":{"Tempo di lettura stimato":"8 minuti"},"schema":{"@context":"https:\/\/schema.org","@graph":[{"@type":"WebPage","@id":"https:\/\/retina.ch\/it\/consiglieri\/lapproccio-di-una-giovane-famiglia-allhandicap-visivo\/","url":"https:\/\/retina.ch\/it\/consiglieri\/lapproccio-di-una-giovane-famiglia-allhandicap-visivo\/","name":"L\u2019approccio di una giovane famiglia all\u2019handicap visivo &#8226; Retina Suisse","isPartOf":{"@id":"https:\/\/retina.ch\/it\/#website"},"primaryImageOfPage":{"@id":"https:\/\/retina.ch\/it\/consiglieri\/lapproccio-di-una-giovane-famiglia-allhandicap-visivo\/#primaryimage"},"image":{"@id":"https:\/\/retina.ch\/it\/consiglieri\/lapproccio-di-una-giovane-famiglia-allhandicap-visivo\/#primaryimage"},"thumbnailUrl":"https:\/\/retina.ch\/wp-content\/uploads\/2024\/03\/retina-foto-duerrmuellers-ferien-brille-e1710945520201.png","datePublished":"2024-03-19T09:59:59+00:00","dateModified":"2024-03-26T15:56:50+00:00","breadcrumb":{"@id":"https:\/\/retina.ch\/it\/consiglieri\/lapproccio-di-una-giovane-famiglia-allhandicap-visivo\/#breadcrumb"},"inLanguage":"it-IT","potentialAction":[{"@type":"ReadAction","target":["https:\/\/retina.ch\/it\/consiglieri\/lapproccio-di-una-giovane-famiglia-allhandicap-visivo\/"]}]},{"@type":"ImageObject","inLanguage":"it-IT","@id":"https:\/\/retina.ch\/it\/consiglieri\/lapproccio-di-una-giovane-famiglia-allhandicap-visivo\/#primaryimage","url":"https:\/\/retina.ch\/wp-content\/uploads\/2024\/03\/retina-foto-duerrmuellers-ferien-brille-e1710945520201.png","contentUrl":"https:\/\/retina.ch\/wp-content\/uploads\/2024\/03\/retina-foto-duerrmuellers-ferien-brille-e1710945520201.png","width":900,"height":529},{"@type":"BreadcrumbList","@id":"https:\/\/retina.ch\/it\/consiglieri\/lapproccio-di-una-giovane-famiglia-allhandicap-visivo\/#breadcrumb","itemListElement":[{"@type":"ListItem","position":1,"name":"Retina Suisse","item":"https:\/\/retina.ch\/it\/"},{"@type":"ListItem","position":2,"name":"L\u2019approccio di una giovane famiglia all\u2019handicap visivo"}]},{"@type":"WebSite","@id":"https:\/\/retina.ch\/it\/#website","url":"https:\/\/retina.ch\/it\/","name":"Retina Suisse","description":"Retina Suisse ist die Vereinigung von Patientinnen und Patienten mit Retinitis pigmentosa (RP), Makuladegeneration, Usher-Syndrom und anderen Erkrankungen des Augenhintergrundes.","publisher":{"@id":"https:\/\/retina.ch\/it\/#organization"},"potentialAction":[{"@type":"SearchAction","target":{"@type":"EntryPoint","urlTemplate":"https:\/\/retina.ch\/it\/?s={search_term_string}"},"query-input":{"@type":"PropertyValueSpecification","valueRequired":true,"valueName":"search_term_string"}}],"inLanguage":"it-IT"},{"@type":"Organization","@id":"https:\/\/retina.ch\/it\/#organization","name":"Retina Suisse","url":"https:\/\/retina.ch\/it\/","logo":{"@type":"ImageObject","inLanguage":"it-IT","@id":"https:\/\/retina.ch\/it\/#\/schema\/logo\/image\/","url":"https:\/\/retina.ch\/wp-content\/uploads\/2020\/09\/retina-auge-typo.svg","contentUrl":"https:\/\/retina.ch\/wp-content\/uploads\/2020\/09\/retina-auge-typo.svg","width":"1024","height":"1024","caption":"Retina Suisse"},"image":{"@id":"https:\/\/retina.ch\/it\/#\/schema\/logo\/image\/"},"sameAs":["https:\/\/www.facebook.com\/retinasuisse\/"]}]}},"_links":{"self":[{"href":"https:\/\/retina.ch\/it\/wp-json\/wp\/v2\/ratgeber\/16218","targetHints":{"allow":["GET"]}}],"collection":[{"href":"https:\/\/retina.ch\/it\/wp-json\/wp\/v2\/ratgeber"}],"about":[{"href":"https:\/\/retina.ch\/it\/wp-json\/wp\/v2\/types\/ratgeber"}],"version-history":[{"count":2,"href":"https:\/\/retina.ch\/it\/wp-json\/wp\/v2\/ratgeber\/16218\/revisions"}],"predecessor-version":[{"id":16259,"href":"https:\/\/retina.ch\/it\/wp-json\/wp\/v2\/ratgeber\/16218\/revisions\/16259"}],"wp:featuredmedia":[{"embeddable":true,"href":"https:\/\/retina.ch\/it\/wp-json\/wp\/v2\/media\/16047"}],"wp:attachment":[{"href":"https:\/\/retina.ch\/it\/wp-json\/wp\/v2\/media?parent=16218"}],"wp:term":[{"taxonomy":"category","embeddable":true,"href":"https:\/\/retina.ch\/it\/wp-json\/wp\/v2\/categories?post=16218"}],"curies":[{"name":"wp","href":"https:\/\/api.w.org\/{rel}","templated":true}]}}