{"id":18768,"date":"2024-07-18T19:26:56","date_gmt":"2024-07-18T17:26:56","guid":{"rendered":"https:\/\/retina.ch\/?post_type=ratgeber&#038;p=18768"},"modified":"2024-09-10T19:36:51","modified_gmt":"2024-09-10T17:36:51","slug":"quando-in-estate-il-sole-raggiunge-la-sua-massima-potenza-danneggia-meno-gli-occhi","status":"publish","type":"ratgeber","link":"https:\/\/retina.ch\/it\/consiglieri\/quando-in-estate-il-sole-raggiunge-la-sua-massima-potenza-danneggia-meno-gli-occhi\/","title":{"rendered":"Quando in estate il sole raggiunge la sua massima potenza, danneggia meno gli occhi?"},"content":{"rendered":"\n<p><strong>Secondo uno studio giapponese l\u2019esposizione ai raggi UV per gli occhi durante i mesi estivi \u00e8 maggiore al mattino e al pomeriggio rispetto a mezzogiorno.<\/strong><\/p>\n\n\n\n<p>Peter Jankovsky, Comunicazione Retina Suisse, <a href=\"mailto:peter.jankovsky@retina.ch\">peter.jankovsky@retina.ch<\/a><\/p>\n\n\n\n<p>Qual \u00e8 la vecchia regola quando \u00e8 estate e fa caldo? Non uscire tra le 11.00 e le 16.00 e sostare preferibilmente in luoghi riparati e freschi. Questa raccomandazione \u00e8 utile per evitare scottature, insolazioni o colpi di calore. Tale regola pu\u00f2 essere formulata anche in modo diverso: al mattino e nel tardo pomeriggio, i raggi ultravioletti del sole sono meno dannosi per la pelle e per l\u2019organismo in generale, rispetto a quando il sole \u00e8 al massimo della sua potenza.<\/p>\n\n\n\n<p>Ci\u00f2 vale anche per gli occhi? Secondo uno studio condotto da un gruppo di ricercatrici e ricercatori guidati dall\u2019oftalmologo giapponese Hiroshi Sasaki (pubblicato nel 2007\/2011 e reperibile nella <a href=\"https:\/\/www.ncbi.nlm.nih.gov\/pmc\/articles\/PMC3872277\/\">National Library of Medicine<\/a> americana), la situazione si dimostra pi\u00f9 complessa. Infatti ricercatrici e ricercatori sono giunti alla seguente conclusione: nei mesi estivi, compreso il mese di settembre, l\u2019esposizione degli occhi ai raggi UV (e soprattutto con la forte componente di luce UV, l&#8217;UV-B) \u00e8 quasi doppia tra le 8.00 e le 10.00 e tra le 14.00 e le 16.00 rispetto a mezzogiorno. Questo nonostante la quantit\u00e0 totale di radiazioni UV sia piuttosto bassa, soprattutto al mattino.<\/p>\n\n\n\n<p><strong>Proteggete gli occhi anche prima delle 10.00 e dopo le 14.00<\/strong><\/p>\n\n\n\n<p>Durante i test svolti nei mesi estivi, il gruppo di ricerca giapponese ha misurato i valori massimi dell\u2019esposizione ai raggi UV per gli occhi intorno alle 9 del mattino e tra le 14 e le 15 del pomeriggio. Il picco effettivo \u00e8 stato raggiunto il 21 settembre, ossia all\u2019incirca all\u2019equinozio (uno dei due momenti dell\u2019anno in cui il sole attraversa l\u2019equatore e il giorno e la notte hanno circa la stessa durata).<\/p>\n\n\n\n<p>Tuttavia, la dose di UV misurata per gli occhi durante le quattro ore tra le 10.00 e le 14.00 ha raggiunto poco meno della met\u00e0 dei picchi misurati al mattino e al pomeriggio. \u00abFino ad ora abbiamo ritenuto che il rischio per la salute degli occhi causato dai raggi UV sia maggiore a met\u00e0 giornata, vale a dire tra le 10 e le 14. Il nostro studio per\u00f2 mostra chiaramente che nel periodo compreso tra primavera e autunno, quando le giornate sono pi\u00f9 lunghe, la dose massima di UV viene effettivamente raggiunta al mattino e al pomeriggio\u00bb, aveva spiegato il Prof. Dr. Hiroshi Sasaki, responsabile del gruppo di ricerca giapponese e del Department of Ophthalmology dell\u2019Universit\u00e0 di Medicina di Kanazawa, in occasione della pubblicazione dello studio.<\/p>\n\n\n\n<p>In Svizzera, ad esempio, la Clinica oftalmologica degli H\u00f4pitaux Universitaires Gen\u00e8ve (HUG) raccomanda di limitare l\u2019esposizione esterna degli occhi prima delle 10.00 e dopo le 14.00 (vedi l\u2019elenco delle misure di protezione contro i raggi UV riportato di seguito).<\/p>\n\n\n\n<p><strong>La situazione si inverte nei mesi invernali<\/strong><\/p>\n\n\n\n<p>Sasaki lo afferma chiaramente: i risultati di questi test si applicano al semestre estivo. Nei mesi invernali, invece, la situazione si inverte, come hanno scoperto i ricercatori giapponesi guidati da Sasaki. Quando l\u2019inclinazione della luce solare \u00e8 diminuita in autunno\/inizio inverno, i valori massimi di UV dannosi per gli occhi sono stati misurati attorno a mezzogiorno. Il 21 novembre, uno dei livelli di radiazione pi\u00f9 elevati \u00e8 stato riscontrato proprio attorno alle 12.00.<\/p>\n\n\n\n<p>I risultati dello studio giapponese suggeriscono quindi un adeguamento della protezione degli occhi. \u00c8 necessario proteggersi bene contro i raggi UV non solo nelle soleggiate giornate estive, bens\u00ec durante tutto l\u2019anno.<\/p>\n\n\n\n<p>I risultati dello studio giapponese suggeriscono quindi un adeguamento della protezione degli occhi. Le persone dovrebbero proteggersi dai raggi UV non solo durante l&#8217;estate, ma tutto l&#8217;anno.<\/p>\n\n\n\n<p><strong>Critiche allo studio giapponese<\/strong><\/p>\n\n\n\n<p>Alcune voci critiche in Svizzera hanno commentato che lo studio giapponese \u00e8 una miscela poco chiara di radiazioni UV naturali e luce blu naturale. Inoltre, lo studio suggerisce che le persone dovrebbero fare meno attenzione a proteggersi a mezzogiorno. Manca anche un elenco con istruzioni precise su cosa fare nello specifico. I critici affermano che chi indossa occhiali di buon senso per tutto il giorno \u00e8 adeguatamente protetto dai raggi UV.<\/p>\n\n\n\n<p>Gli occhiali sono anche una buona protezione contro gli incidenti. Infatti, non solo le persone ipovedenti corrono il rischio di imbattersi ripetutamente in cespugli che potrebbero conficcare i loro sottili rami negli occhi o sfiorare la cornea. In queste situazioni possono verificarsi rapidamente delle lesioni.\u00a0<\/p>\n\n\n\n<p><strong>Elenco delle misure di protezione contro i raggi UV (secondo la Clinica oftalmologica degli H\u00f4pitaux Universitaires Gen\u00e8ve, HUG)<\/strong><\/p>\n\n\n\n<ul class=\"wp-block-list\">\n<li>Occhiali da sole con filtro UV<\/li>\n\n\n\n<li>Lenti correttive con filtro UV<\/li>\n\n\n\n<li>Cappello a tesa larga<\/li>\n\n\n\n<li>Occhiali da sci<\/li>\n\n\n\n<li>Lenti a contatto in idrogel con filtro UV<\/li>\n\n\n\n<li>Lenti a contatto gas-permeabili e dalla forma stabile<\/li>\n\n\n\n<li>Crema solare con SPF > 15<\/li>\n\n\n\n<li>Limitazione dell\u2019esposizione esterna prima delle ore 10.00 e dopo le ore 14.00 (sic!)<\/li>\n\n\n\n<li>Limitazione del tempo di permanenza in ambienti ad alta intensit\u00e0 di raggi UV<\/li>\n<\/ul>\n\n\n\n<p><em>Questo articolo \u00e8 un supplemento all\u2019articolo \u00abAttenti al sole: <\/em>i<em> raggi UV possono danneggiare anche gli occhi\u00bb, pubblicato sul Retina Journal 154, consultabile anche sul <\/em><a href=\"\/it?p=17503\"><em>sito web di Retina Suisse<\/em><\/a><em>.<\/em><\/p>\n\n\n\n<p>Per la stesura del presente articolo abbiamo consultato le seguenti fonti:<\/p>\n\n\n\n<p><a href=\"https:\/\/www.ncbi.nlm.nih.gov\/pmc\/articles\/PMC3872277\/\">National Library of Medicine<\/a>: Sasaki H, Sakamoto Y, Schnider C, et al. UV-B exposure to the eye depending on solar altitude. Eye Contact Lens. 2011;37(4):191\u2013195. [<a href=\"https:\/\/pubmed.ncbi.nlm.nih.gov\/21670696\">PubMed<\/a>] [<a href=\"https:\/\/scholar.google.com\/scholar_lookup?journal=Eye+Contact+Lens&amp;title=UV-B+exposure+to+the+eye+depending+on+solar+altitude&amp;author=H+Sasaki&amp;author=Y+Sakamoto&amp;author=C+Schnider&amp;volume=37&amp;issue=4&amp;publication_year=2011&amp;pages=191-195&amp;pmid=21670696&amp;\" target=\"_blank\" rel=\"noreferrer noopener\">Google Scholar<\/a>] [<a href=\"https:\/\/www.ncbi.nlm.nih.gov\/pmc\/articles\/PMC3872277\/#b8-opth-8-087\">Ref list<\/a>] (mit Bezug auf Sasaki H. UV exposure to eyes greater in morning, late afternoon. Proc. 111th Ann. Meeting Japanese Ophthalmologic Soc., Osaka, Japan, April, 2007)<\/p>\n\n\n\n<p><a href=\"https:\/\/www.liguecancer.ch\/fileadmin\/downloads\/uv-tagung\/2024\/09_1_De_Clerck_FR.pdf\">H\u00f4pitaux Universitaires Gen\u00e8ve (HUG) tramite legacancro.ch<\/a> (in francese)<\/p>\n\n\n\n<p><a href=\"https:\/\/www.jnjvisioncare.it\/\">jnjvisioncare.com<\/a><\/p>\n","protected":false},"excerpt":{"rendered":"<p>Secondo uno studio giapponese l\u2019esposizione ai raggi UV per gli occhi durante i mesi estivi \u00e8 maggiore al mattino e al pomeriggio rispetto a mezzogiorno.<\/p>\n","protected":false},"featured_media":18227,"template":"","meta":{"_acf_changed":false,"inline_featured_image":false,"_FSMCFIC_featured_image_caption":"","_FSMCFIC_featured_image_nocaption":"","_FSMCFIC_featured_image_hide":"","footnotes":"","_links_to":"","_links_to_target":""},"categories":[143],"class_list":["post-18768","ratgeber","type-ratgeber","status-publish","has-post-thumbnail","hentry","category-consiglieri"],"acf":[],"yoast_head":"<!-- This site is optimized with the Yoast SEO plugin v27.1.1 - https:\/\/yoast.com\/product\/yoast-seo-wordpress\/ -->\n<title>Quando in estate il sole raggiunge la sua massima potenza, danneggia meno gli occhi? &#8226; Retina Suisse<\/title>\n<meta name=\"robots\" content=\"index, follow, max-snippet:-1, max-image-preview:large, max-video-preview:-1\" \/>\n<link rel=\"canonical\" href=\"https:\/\/retina.ch\/it\/consiglieri\/quando-in-estate-il-sole-raggiunge-la-sua-massima-potenza-danneggia-meno-gli-occhi\/\" \/>\n<meta property=\"og:locale\" content=\"it_IT\" \/>\n<meta property=\"og:type\" content=\"article\" \/>\n<meta property=\"og:title\" content=\"Quando in estate il sole raggiunge la sua massima potenza, danneggia meno gli occhi? &#8226; Retina Suisse\" \/>\n<meta property=\"og:description\" content=\"Secondo uno studio giapponese l\u2019esposizione ai raggi UV per gli occhi durante i mesi estivi \u00e8 maggiore al mattino e al pomeriggio rispetto a mezzogiorno.\" \/>\n<meta property=\"og:url\" content=\"https:\/\/retina.ch\/it\/consiglieri\/quando-in-estate-il-sole-raggiunge-la-sua-massima-potenza-danneggia-meno-gli-occhi\/\" \/>\n<meta property=\"og:site_name\" content=\"Retina Suisse\" \/>\n<meta property=\"article:publisher\" content=\"https:\/\/www.facebook.com\/retinasuisse\/\" \/>\n<meta property=\"article:modified_time\" content=\"2024-09-10T17:36:51+00:00\" \/>\n<meta property=\"og:image\" content=\"https:\/\/retina.ch\/wp-content\/uploads\/2024\/07\/retina-bild-sonne-gratis-pixabay.jpg\" \/>\n\t<meta property=\"og:image:width\" content=\"1280\" \/>\n\t<meta property=\"og:image:height\" content=\"853\" \/>\n\t<meta property=\"og:image:type\" content=\"image\/jpeg\" \/>\n<meta name=\"twitter:card\" content=\"summary_large_image\" \/>\n<meta name=\"twitter:label1\" content=\"Tempo di lettura stimato\" \/>\n\t<meta name=\"twitter:data1\" content=\"6 minuti\" \/>\n<script type=\"application\/ld+json\" class=\"yoast-schema-graph\">{\"@context\":\"https:\/\/schema.org\",\"@graph\":[{\"@type\":\"WebPage\",\"@id\":\"https:\/\/retina.ch\/it\/consiglieri\/quando-in-estate-il-sole-raggiunge-la-sua-massima-potenza-danneggia-meno-gli-occhi\/\",\"url\":\"https:\/\/retina.ch\/it\/consiglieri\/quando-in-estate-il-sole-raggiunge-la-sua-massima-potenza-danneggia-meno-gli-occhi\/\",\"name\":\"Quando in estate il sole raggiunge la sua massima potenza, danneggia meno gli occhi? &#8226; Retina Suisse\",\"isPartOf\":{\"@id\":\"https:\/\/retina.ch\/it\/#website\"},\"primaryImageOfPage\":{\"@id\":\"https:\/\/retina.ch\/it\/consiglieri\/quando-in-estate-il-sole-raggiunge-la-sua-massima-potenza-danneggia-meno-gli-occhi\/#primaryimage\"},\"image\":{\"@id\":\"https:\/\/retina.ch\/it\/consiglieri\/quando-in-estate-il-sole-raggiunge-la-sua-massima-potenza-danneggia-meno-gli-occhi\/#primaryimage\"},\"thumbnailUrl\":\"https:\/\/retina.ch\/wp-content\/uploads\/2024\/07\/retina-bild-sonne-gratis-pixabay.jpg\",\"datePublished\":\"2024-07-18T17:26:56+00:00\",\"dateModified\":\"2024-09-10T17:36:51+00:00\",\"breadcrumb\":{\"@id\":\"https:\/\/retina.ch\/it\/consiglieri\/quando-in-estate-il-sole-raggiunge-la-sua-massima-potenza-danneggia-meno-gli-occhi\/#breadcrumb\"},\"inLanguage\":\"it-IT\",\"potentialAction\":[{\"@type\":\"ReadAction\",\"target\":[\"https:\/\/retina.ch\/it\/consiglieri\/quando-in-estate-il-sole-raggiunge-la-sua-massima-potenza-danneggia-meno-gli-occhi\/\"]}]},{\"@type\":\"ImageObject\",\"inLanguage\":\"it-IT\",\"@id\":\"https:\/\/retina.ch\/it\/consiglieri\/quando-in-estate-il-sole-raggiunge-la-sua-massima-potenza-danneggia-meno-gli-occhi\/#primaryimage\",\"url\":\"https:\/\/retina.ch\/wp-content\/uploads\/2024\/07\/retina-bild-sonne-gratis-pixabay.jpg\",\"contentUrl\":\"https:\/\/retina.ch\/wp-content\/uploads\/2024\/07\/retina-bild-sonne-gratis-pixabay.jpg\",\"width\":1280,\"height\":853},{\"@type\":\"BreadcrumbList\",\"@id\":\"https:\/\/retina.ch\/it\/consiglieri\/quando-in-estate-il-sole-raggiunge-la-sua-massima-potenza-danneggia-meno-gli-occhi\/#breadcrumb\",\"itemListElement\":[{\"@type\":\"ListItem\",\"position\":1,\"name\":\"Retina Suisse\",\"item\":\"https:\/\/retina.ch\/it\/\"},{\"@type\":\"ListItem\",\"position\":2,\"name\":\"Quando in estate il sole raggiunge la sua massima potenza, danneggia meno gli occhi?\"}]},{\"@type\":\"WebSite\",\"@id\":\"https:\/\/retina.ch\/it\/#website\",\"url\":\"https:\/\/retina.ch\/it\/\",\"name\":\"Retina Suisse\",\"description\":\"Retina Suisse ist die Vereinigung von Patientinnen und Patienten mit Retinitis pigmentosa (RP), Makuladegeneration, Usher-Syndrom und anderen Erkrankungen des Augenhintergrundes.\",\"publisher\":{\"@id\":\"https:\/\/retina.ch\/it\/#organization\"},\"potentialAction\":[{\"@type\":\"SearchAction\",\"target\":{\"@type\":\"EntryPoint\",\"urlTemplate\":\"https:\/\/retina.ch\/it\/?s={search_term_string}\"},\"query-input\":{\"@type\":\"PropertyValueSpecification\",\"valueRequired\":true,\"valueName\":\"search_term_string\"}}],\"inLanguage\":\"it-IT\"},{\"@type\":\"Organization\",\"@id\":\"https:\/\/retina.ch\/it\/#organization\",\"name\":\"Retina Suisse\",\"url\":\"https:\/\/retina.ch\/it\/\",\"logo\":{\"@type\":\"ImageObject\",\"inLanguage\":\"it-IT\",\"@id\":\"https:\/\/retina.ch\/it\/#\/schema\/logo\/image\/\",\"url\":\"https:\/\/retina.ch\/wp-content\/uploads\/2020\/09\/retina-auge-typo.svg\",\"contentUrl\":\"https:\/\/retina.ch\/wp-content\/uploads\/2020\/09\/retina-auge-typo.svg\",\"width\":\"1024\",\"height\":\"1024\",\"caption\":\"Retina Suisse\"},\"image\":{\"@id\":\"https:\/\/retina.ch\/it\/#\/schema\/logo\/image\/\"},\"sameAs\":[\"https:\/\/www.facebook.com\/retinasuisse\/\"]}]}<\/script>\n<!-- \/ Yoast SEO plugin. -->","yoast_head_json":{"title":"Quando in estate il sole raggiunge la sua massima potenza, danneggia meno gli occhi? &#8226; Retina Suisse","robots":{"index":"index","follow":"follow","max-snippet":"max-snippet:-1","max-image-preview":"max-image-preview:large","max-video-preview":"max-video-preview:-1"},"canonical":"https:\/\/retina.ch\/it\/consiglieri\/quando-in-estate-il-sole-raggiunge-la-sua-massima-potenza-danneggia-meno-gli-occhi\/","og_locale":"it_IT","og_type":"article","og_title":"Quando in estate il sole raggiunge la sua massima potenza, danneggia meno gli occhi? &#8226; Retina Suisse","og_description":"Secondo uno studio giapponese l\u2019esposizione ai raggi UV per gli occhi durante i mesi estivi \u00e8 maggiore al mattino e al pomeriggio rispetto a mezzogiorno.","og_url":"https:\/\/retina.ch\/it\/consiglieri\/quando-in-estate-il-sole-raggiunge-la-sua-massima-potenza-danneggia-meno-gli-occhi\/","og_site_name":"Retina Suisse","article_publisher":"https:\/\/www.facebook.com\/retinasuisse\/","article_modified_time":"2024-09-10T17:36:51+00:00","og_image":[{"width":1280,"height":853,"url":"https:\/\/retina.ch\/wp-content\/uploads\/2024\/07\/retina-bild-sonne-gratis-pixabay.jpg","type":"image\/jpeg"}],"twitter_card":"summary_large_image","twitter_misc":{"Tempo di lettura stimato":"6 minuti"},"schema":{"@context":"https:\/\/schema.org","@graph":[{"@type":"WebPage","@id":"https:\/\/retina.ch\/it\/consiglieri\/quando-in-estate-il-sole-raggiunge-la-sua-massima-potenza-danneggia-meno-gli-occhi\/","url":"https:\/\/retina.ch\/it\/consiglieri\/quando-in-estate-il-sole-raggiunge-la-sua-massima-potenza-danneggia-meno-gli-occhi\/","name":"Quando in estate il sole raggiunge la sua massima potenza, danneggia meno gli occhi? &#8226; Retina Suisse","isPartOf":{"@id":"https:\/\/retina.ch\/it\/#website"},"primaryImageOfPage":{"@id":"https:\/\/retina.ch\/it\/consiglieri\/quando-in-estate-il-sole-raggiunge-la-sua-massima-potenza-danneggia-meno-gli-occhi\/#primaryimage"},"image":{"@id":"https:\/\/retina.ch\/it\/consiglieri\/quando-in-estate-il-sole-raggiunge-la-sua-massima-potenza-danneggia-meno-gli-occhi\/#primaryimage"},"thumbnailUrl":"https:\/\/retina.ch\/wp-content\/uploads\/2024\/07\/retina-bild-sonne-gratis-pixabay.jpg","datePublished":"2024-07-18T17:26:56+00:00","dateModified":"2024-09-10T17:36:51+00:00","breadcrumb":{"@id":"https:\/\/retina.ch\/it\/consiglieri\/quando-in-estate-il-sole-raggiunge-la-sua-massima-potenza-danneggia-meno-gli-occhi\/#breadcrumb"},"inLanguage":"it-IT","potentialAction":[{"@type":"ReadAction","target":["https:\/\/retina.ch\/it\/consiglieri\/quando-in-estate-il-sole-raggiunge-la-sua-massima-potenza-danneggia-meno-gli-occhi\/"]}]},{"@type":"ImageObject","inLanguage":"it-IT","@id":"https:\/\/retina.ch\/it\/consiglieri\/quando-in-estate-il-sole-raggiunge-la-sua-massima-potenza-danneggia-meno-gli-occhi\/#primaryimage","url":"https:\/\/retina.ch\/wp-content\/uploads\/2024\/07\/retina-bild-sonne-gratis-pixabay.jpg","contentUrl":"https:\/\/retina.ch\/wp-content\/uploads\/2024\/07\/retina-bild-sonne-gratis-pixabay.jpg","width":1280,"height":853},{"@type":"BreadcrumbList","@id":"https:\/\/retina.ch\/it\/consiglieri\/quando-in-estate-il-sole-raggiunge-la-sua-massima-potenza-danneggia-meno-gli-occhi\/#breadcrumb","itemListElement":[{"@type":"ListItem","position":1,"name":"Retina Suisse","item":"https:\/\/retina.ch\/it\/"},{"@type":"ListItem","position":2,"name":"Quando in estate il sole raggiunge la sua massima potenza, danneggia meno gli occhi?"}]},{"@type":"WebSite","@id":"https:\/\/retina.ch\/it\/#website","url":"https:\/\/retina.ch\/it\/","name":"Retina Suisse","description":"Retina Suisse ist die Vereinigung von Patientinnen und Patienten mit Retinitis pigmentosa (RP), Makuladegeneration, Usher-Syndrom und anderen Erkrankungen des Augenhintergrundes.","publisher":{"@id":"https:\/\/retina.ch\/it\/#organization"},"potentialAction":[{"@type":"SearchAction","target":{"@type":"EntryPoint","urlTemplate":"https:\/\/retina.ch\/it\/?s={search_term_string}"},"query-input":{"@type":"PropertyValueSpecification","valueRequired":true,"valueName":"search_term_string"}}],"inLanguage":"it-IT"},{"@type":"Organization","@id":"https:\/\/retina.ch\/it\/#organization","name":"Retina Suisse","url":"https:\/\/retina.ch\/it\/","logo":{"@type":"ImageObject","inLanguage":"it-IT","@id":"https:\/\/retina.ch\/it\/#\/schema\/logo\/image\/","url":"https:\/\/retina.ch\/wp-content\/uploads\/2020\/09\/retina-auge-typo.svg","contentUrl":"https:\/\/retina.ch\/wp-content\/uploads\/2020\/09\/retina-auge-typo.svg","width":"1024","height":"1024","caption":"Retina Suisse"},"image":{"@id":"https:\/\/retina.ch\/it\/#\/schema\/logo\/image\/"},"sameAs":["https:\/\/www.facebook.com\/retinasuisse\/"]}]}},"_links":{"self":[{"href":"https:\/\/retina.ch\/it\/wp-json\/wp\/v2\/ratgeber\/18768","targetHints":{"allow":["GET"]}}],"collection":[{"href":"https:\/\/retina.ch\/it\/wp-json\/wp\/v2\/ratgeber"}],"about":[{"href":"https:\/\/retina.ch\/it\/wp-json\/wp\/v2\/types\/ratgeber"}],"version-history":[{"count":2,"href":"https:\/\/retina.ch\/it\/wp-json\/wp\/v2\/ratgeber\/18768\/revisions"}],"predecessor-version":[{"id":18770,"href":"https:\/\/retina.ch\/it\/wp-json\/wp\/v2\/ratgeber\/18768\/revisions\/18770"}],"wp:featuredmedia":[{"embeddable":true,"href":"https:\/\/retina.ch\/it\/wp-json\/wp\/v2\/media\/18227"}],"wp:attachment":[{"href":"https:\/\/retina.ch\/it\/wp-json\/wp\/v2\/media?parent=18768"}],"wp:term":[{"taxonomy":"category","embeddable":true,"href":"https:\/\/retina.ch\/it\/wp-json\/wp\/v2\/categories?post=18768"}],"curies":[{"name":"wp","href":"https:\/\/api.w.org\/{rel}","templated":true}]}}