{"id":18982,"date":"2024-09-24T18:30:57","date_gmt":"2024-09-24T16:30:57","guid":{"rendered":"https:\/\/retina.ch\/?post_type=ratgeber&#038;p=18982"},"modified":"2025-04-14T15:24:33","modified_gmt":"2025-04-14T13:24:33","slug":"anche-locchio-puo-subire-un-ictus","status":"publish","type":"ratgeber","link":"https:\/\/retina.ch\/it\/consiglieri\/anche-locchio-puo-subire-un-ictus\/","title":{"rendered":"Anche l\u2019occhio pu\u00f2 subire un ictus"},"content":{"rendered":"\n<p><strong>Retina Suisse ha pubblicato un nuovo opuscolo dedicato al tema dell\u2019occlusione venosa retinica. L\u2019occlusione di una vena oculare \u00e8 una malattia comune che tocca i vasi retinici. Nel peggiore dei casi, pu\u00f2 sopraggiungere la cecit\u00e0 dell\u2019occhio colpito. <\/strong><strong><\/strong><\/p>\n\n\n\n<p>Peter Jankovsky, Comunicazione Retina Suisse, <a href=\"mailto:peter.jankovsky@retina.ch\">peter.jankovsky@retina.ch<\/a><\/p>\n\n\n\n<p><strong>Come si ostruisce una vena oculare?<\/strong><strong><\/strong><\/p>\n\n\n\n<p>Nell\u2019occhio vi \u00e8 un\u2019arteria centrale che porta il sangue verso i tessuti dell\u2019occhio e una vena centrale che lo riporta via. Se questa vena o uno dei suoi rami si blocca, ci\u00f2 impedisce il deflusso del sangue venoso.<\/p>\n\n\n\n<p>L\u2019occlusione del deflusso venoso \u00e8 spesso causata da un coagulo di sangue (trombo) che rimane intrappolato in una parte stretta della vena. In altri casi, l\u2019arteriosclerosi causa l\u2019occlusione dell\u2019arteria retinica. Nei punti in cui l\u2019arteria ispessita dalla sclerosi incrocia la vena o i rami venosi, esercita una tale compressione sulla vena o sulle sue ramificazioni da bloccare o ridurre drasticamente il passaggio di sangue fino a giungere a una condizione di emostasi.<\/p>\n\n\n\n<p><strong>Quali sono le conseguenze dell\u2019emostasi?<\/strong><strong><\/strong><\/p>\n\n\n\n<p>Il sangue accumulato si diffonde nella retina e crea pressione, causando un forte ispessimento della retina (edema retinico) ed emorragie. Questa condizione \u00e8 nota come occlusione venosa retinica (OVR), spesso chiamata anche \u00abictus nell\u2019occhio\u00bb.<\/p>\n\n\n\n<p>Inoltre, il ristagno nella vena ostacola l\u2019apporto di sangue fresco attraverso l\u2019arteria. Di conseguenza, le sensibili cellule della retina sono rifornite di nutrienti in modo insufficiente o non lo sono affatto. Perdono la loro funzionalit\u00e0 e in ultima istanza deperiscono.<\/p>\n\n\n\n<p>Sussiste anche il rischio della proliferazione di nuovi vasi sanguigni o addirittura di distacco della retina. Se il liquido si accumula nel punto in cui la visione \u00e8 pi\u00f9 nitida, ossia al centro della retina (macula), si parla di edema maculare.<\/p>\n\n\n\n<p>Tutto ci\u00f2 compromette la vista. Le conseguenze di un\u2019occlusione venosa nella retina possono essere molto gravi. L\u2019OVR \u00e8 la terza causa pi\u00f9 comune di cecit\u00e0 unilaterale. Fortunatamente, raramente porta alla cecit\u00e0 di entrambi gli occhi.<\/p>\n\n\n\n<p><strong>Come si presentano i sintomi?<\/strong><strong><\/strong><\/p>\n\n\n\n<p>Non sempre le persone colpite riescono a riconoscere i segni di un\u2019occlusione venosa retinica. Quando si ha l\u2019impressione che la vista sia peggiorata, \u00e8 opportuno paragonare entrambi gli occhi: coprite prima un occhio e poi l\u2019altro. Se da un occhio la vista appare sensibilmente peggiore del solito, \u00e8 consigliabile farsi visitare da una\/un oftalmologo.<\/p>\n\n\n\n<p>Se la vena oculare centrale \u00e8 ostruita, entro breve tempo le persone colpite non riescono pi\u00f9 a vedere in modo nitido con l\u2019occhio in questione. Spesso si svegliano al mattino con una capacit\u00e0 visiva significativamente ridotta, perch\u00e9 la pressione sanguigna \u00e8 particolarmente bassa durante la notte, mentre la pressione nell\u2019occhio quando si \u00e8 sdraiati \u00e8 piuttosto alta: una situazione che favorisce l\u2019occlusione.<\/p>\n\n\n\n<p>Se la trombosi interessa una vena pi\u00f9 piccola, viene colpita solo una parte della retina e il deterioramento della vista risulta meno evidente. Ci\u00f2 significa che pu\u00f2 manifestarsi lentamente.<\/p>\n\n\n\n<p>Le persone colpite hanno spesso la sensazione di avere un velo davanti all\u2019occhio e credono erroneamente che si tratti di cataratta, oppure accettano la riduzione della vista ritenendola un\u2019inevitabile conseguenza dell\u2019invecchiamento.<\/p>\n\n\n\n<p><strong>Chi \u00e8 potenzialmente interessato?<\/strong><strong><\/strong><\/p>\n\n\n\n<p>L\u2019occlusione venosa retinica \u00e8 tutt\u2019altro che rara: si tratta della seconda malattia vascolare retinica pi\u00f9 comune, soltanto la perdita della vista dovuta al diabete \u00e8 pi\u00f9 frequente. L\u2019OVR colpisce circa una persona su 300, l\u2019incidenza maggiore si manifesta tra i 60 e i 70 anni.<\/p>\n\n\n\n<p>Con l\u2019avanzare dell\u2019et\u00e0, in caso di diabete, malattie cardiache, ipertensione e glaucoma, il rischio di OVR aumenta fino a dieci volte. Soprattutto negli uomini, un\u2019occlusione della vena retinica pu\u00f2 verificarsi anche prima dei 50 anni.<\/p>\n\n\n\n<p>Se \u00e8 colpito un occhio, entro 5 anni l\u2019occlusione si presenta anche nell\u2019altro occhio nel 5-12% dei casi.<\/p>\n\n\n\n<p><strong>Quali sono le cause?<\/strong><strong><\/strong><\/p>\n\n\n\n<p>Tra i rischi noti che possono causare un\u2019occlusione venosa retinica figurano l\u2019ipertensione, il diabete, i disturbi lipometabolici, la cardiopatia coronarica, le alterazioni dell\u2019emocromo (coagulazione del sangue) e le malattie oftalmologiche (glaucoma, drusen papillari).<\/p>\n\n\n\n<p>Un sangue pi\u00f9 \u00abdenso\u00bb, per esempio a causa di un maggiore contenuto di lipidi o proteine, l\u2019ipotensione, infiammazioni della parete dei vasi sanguigni e disturbi di coagulazione favoriscono la formazione di trombi.<\/p>\n\n\n\n<p>Nella maggior parte dei casi, tuttavia, la causa risiede nella vicina arteria, ispessita dall\u2019arteriosclerosi o da processi infiammatori.<\/p>\n\n\n\n<p><strong>Che cosa si pu\u00f2 fare?<\/strong><strong><\/strong><\/p>\n\n\n\n<p>Per saperne di pi\u00f9, consultate il <a href=\"https:\/\/retina.ch\/it\/malattie-della-retina\/occlusione-venosa-retinica\/\">sito web di Retina Suisse<\/a>.<\/p>\n\n\n\n<p>Ordinate il nuovo opuscolo <a href=\"https:\/\/retina.ch\/it\/prestazioni-e-servizi\/ordinare-materiale-informativo\/\">\u00abOcclusione venosa retinica\u00bb<\/a> presso Retina Suisse (scorrere fino alla parola chiave corrispondente).<\/p>\n\n\n\n<p>Fonti<\/p>\n\n\n\n<p><a href=\"https:\/\/retina.ch\/it\/malattie-della-retina\/occlusione-venosa-retinica\/\">Occlusione venosa retinica &#8211; Retina Suisse<\/a><\/p>\n\n\n\n<p><a href=\"https:\/\/www.abbvie.ch\/de\/therapiebereiche\/ophthalmology\/retinal-vein-closure.html%20(sito%20web%20disponibile%20in%20inglese,%20francese%20e%20tedesco).\">Abbvie.ch<\/a><\/p>\n","protected":false},"excerpt":{"rendered":"<p>Retina Suisse ha pubblicato un nuovo opuscolo dedicato al tema dell\u2019occlusione venosa retinica. L\u2019occlusione di una vena oculare \u00e8 una malattia comune che tocca i vasi retinici. Nel peggiore dei casi, pu\u00f2 sopraggiungere la cecit\u00e0 dell\u2019occhio colpito. <\/p>\n","protected":false},"featured_media":18995,"template":"","meta":{"_acf_changed":false,"inline_featured_image":false,"_FSMCFIC_featured_image_caption":"","_FSMCFIC_featured_image_nocaption":"","_FSMCFIC_featured_image_hide":"","footnotes":"","_links_to":"","_links_to_target":""},"categories":[176,143],"class_list":["post-18982","ratgeber","type-ratgeber","status-publish","has-post-thumbnail","hentry","category-color","category-consiglieri"],"acf":[],"yoast_head":"<!-- This site is optimized with the Yoast SEO plugin v27.1.1 - https:\/\/yoast.com\/product\/yoast-seo-wordpress\/ -->\n<title>Anche l\u2019occhio pu\u00f2 subire un ictus &#8226; Retina Suisse<\/title>\n<meta name=\"robots\" content=\"index, follow, max-snippet:-1, max-image-preview:large, max-video-preview:-1\" \/>\n<link rel=\"canonical\" href=\"https:\/\/retina.ch\/it\/consiglieri\/anche-locchio-puo-subire-un-ictus\/\" \/>\n<meta property=\"og:locale\" content=\"it_IT\" \/>\n<meta property=\"og:type\" content=\"article\" \/>\n<meta property=\"og:title\" content=\"Anche l\u2019occhio pu\u00f2 subire un ictus &#8226; Retina Suisse\" \/>\n<meta property=\"og:description\" content=\"Retina Suisse ha pubblicato un nuovo opuscolo dedicato al tema dell\u2019occlusione venosa retinica. L\u2019occlusione di una vena oculare \u00e8 una malattia comune che tocca i vasi retinici. Nel peggiore dei casi, pu\u00f2 sopraggiungere la cecit\u00e0 dell\u2019occhio colpito.\" \/>\n<meta property=\"og:url\" content=\"https:\/\/retina.ch\/it\/consiglieri\/anche-locchio-puo-subire-un-ictus\/\" \/>\n<meta property=\"og:site_name\" content=\"Retina Suisse\" \/>\n<meta property=\"article:publisher\" content=\"https:\/\/www.facebook.com\/retinasuisse\/\" \/>\n<meta property=\"article:modified_time\" content=\"2025-04-14T13:24:33+00:00\" \/>\n<meta property=\"og:image\" content=\"https:\/\/retina.ch\/wp-content\/uploads\/2024\/09\/retinaler-venenverschluss-it.jpg\" \/>\n\t<meta property=\"og:image:width\" content=\"633\" \/>\n\t<meta property=\"og:image:height\" content=\"904\" \/>\n\t<meta property=\"og:image:type\" content=\"image\/jpeg\" \/>\n<meta name=\"twitter:card\" content=\"summary_large_image\" \/>\n<meta name=\"twitter:label1\" content=\"Tempo di lettura stimato\" \/>\n\t<meta name=\"twitter:data1\" content=\"5 minuti\" \/>\n<script type=\"application\/ld+json\" class=\"yoast-schema-graph\">{\"@context\":\"https:\/\/schema.org\",\"@graph\":[{\"@type\":\"WebPage\",\"@id\":\"https:\/\/retina.ch\/it\/consiglieri\/anche-locchio-puo-subire-un-ictus\/\",\"url\":\"https:\/\/retina.ch\/it\/consiglieri\/anche-locchio-puo-subire-un-ictus\/\",\"name\":\"Anche l\u2019occhio pu\u00f2 subire un ictus &#8226; Retina Suisse\",\"isPartOf\":{\"@id\":\"https:\/\/retina.ch\/it\/#website\"},\"primaryImageOfPage\":{\"@id\":\"https:\/\/retina.ch\/it\/consiglieri\/anche-locchio-puo-subire-un-ictus\/#primaryimage\"},\"image\":{\"@id\":\"https:\/\/retina.ch\/it\/consiglieri\/anche-locchio-puo-subire-un-ictus\/#primaryimage\"},\"thumbnailUrl\":\"https:\/\/retina.ch\/wp-content\/uploads\/2024\/09\/retinaler-venenverschluss-it.jpg\",\"datePublished\":\"2024-09-24T16:30:57+00:00\",\"dateModified\":\"2025-04-14T13:24:33+00:00\",\"breadcrumb\":{\"@id\":\"https:\/\/retina.ch\/it\/consiglieri\/anche-locchio-puo-subire-un-ictus\/#breadcrumb\"},\"inLanguage\":\"it-IT\",\"potentialAction\":[{\"@type\":\"ReadAction\",\"target\":[\"https:\/\/retina.ch\/it\/consiglieri\/anche-locchio-puo-subire-un-ictus\/\"]}]},{\"@type\":\"ImageObject\",\"inLanguage\":\"it-IT\",\"@id\":\"https:\/\/retina.ch\/it\/consiglieri\/anche-locchio-puo-subire-un-ictus\/#primaryimage\",\"url\":\"https:\/\/retina.ch\/wp-content\/uploads\/2024\/09\/retinaler-venenverschluss-it.jpg\",\"contentUrl\":\"https:\/\/retina.ch\/wp-content\/uploads\/2024\/09\/retinaler-venenverschluss-it.jpg\",\"width\":633,\"height\":904},{\"@type\":\"BreadcrumbList\",\"@id\":\"https:\/\/retina.ch\/it\/consiglieri\/anche-locchio-puo-subire-un-ictus\/#breadcrumb\",\"itemListElement\":[{\"@type\":\"ListItem\",\"position\":1,\"name\":\"Retina Suisse\",\"item\":\"https:\/\/retina.ch\/it\/\"},{\"@type\":\"ListItem\",\"position\":2,\"name\":\"Anche l\u2019occhio pu\u00f2 subire un ictus\"}]},{\"@type\":\"WebSite\",\"@id\":\"https:\/\/retina.ch\/it\/#website\",\"url\":\"https:\/\/retina.ch\/it\/\",\"name\":\"Retina Suisse\",\"description\":\"Retina Suisse ist die Vereinigung von Patientinnen und Patienten mit Retinitis pigmentosa (RP), Makuladegeneration, Usher-Syndrom und anderen Erkrankungen des Augenhintergrundes.\",\"publisher\":{\"@id\":\"https:\/\/retina.ch\/it\/#organization\"},\"potentialAction\":[{\"@type\":\"SearchAction\",\"target\":{\"@type\":\"EntryPoint\",\"urlTemplate\":\"https:\/\/retina.ch\/it\/?s={search_term_string}\"},\"query-input\":{\"@type\":\"PropertyValueSpecification\",\"valueRequired\":true,\"valueName\":\"search_term_string\"}}],\"inLanguage\":\"it-IT\"},{\"@type\":\"Organization\",\"@id\":\"https:\/\/retina.ch\/it\/#organization\",\"name\":\"Retina Suisse\",\"url\":\"https:\/\/retina.ch\/it\/\",\"logo\":{\"@type\":\"ImageObject\",\"inLanguage\":\"it-IT\",\"@id\":\"https:\/\/retina.ch\/it\/#\/schema\/logo\/image\/\",\"url\":\"https:\/\/retina.ch\/wp-content\/uploads\/2020\/09\/retina-auge-typo.svg\",\"contentUrl\":\"https:\/\/retina.ch\/wp-content\/uploads\/2020\/09\/retina-auge-typo.svg\",\"width\":\"1024\",\"height\":\"1024\",\"caption\":\"Retina Suisse\"},\"image\":{\"@id\":\"https:\/\/retina.ch\/it\/#\/schema\/logo\/image\/\"},\"sameAs\":[\"https:\/\/www.facebook.com\/retinasuisse\/\"]}]}<\/script>\n<!-- \/ Yoast SEO plugin. -->","yoast_head_json":{"title":"Anche l\u2019occhio pu\u00f2 subire un ictus &#8226; Retina Suisse","robots":{"index":"index","follow":"follow","max-snippet":"max-snippet:-1","max-image-preview":"max-image-preview:large","max-video-preview":"max-video-preview:-1"},"canonical":"https:\/\/retina.ch\/it\/consiglieri\/anche-locchio-puo-subire-un-ictus\/","og_locale":"it_IT","og_type":"article","og_title":"Anche l\u2019occhio pu\u00f2 subire un ictus &#8226; Retina Suisse","og_description":"Retina Suisse ha pubblicato un nuovo opuscolo dedicato al tema dell\u2019occlusione venosa retinica. L\u2019occlusione di una vena oculare \u00e8 una malattia comune che tocca i vasi retinici. Nel peggiore dei casi, pu\u00f2 sopraggiungere la cecit\u00e0 dell\u2019occhio colpito.","og_url":"https:\/\/retina.ch\/it\/consiglieri\/anche-locchio-puo-subire-un-ictus\/","og_site_name":"Retina Suisse","article_publisher":"https:\/\/www.facebook.com\/retinasuisse\/","article_modified_time":"2025-04-14T13:24:33+00:00","og_image":[{"width":633,"height":904,"url":"https:\/\/retina.ch\/wp-content\/uploads\/2024\/09\/retinaler-venenverschluss-it.jpg","type":"image\/jpeg"}],"twitter_card":"summary_large_image","twitter_misc":{"Tempo di lettura stimato":"5 minuti"},"schema":{"@context":"https:\/\/schema.org","@graph":[{"@type":"WebPage","@id":"https:\/\/retina.ch\/it\/consiglieri\/anche-locchio-puo-subire-un-ictus\/","url":"https:\/\/retina.ch\/it\/consiglieri\/anche-locchio-puo-subire-un-ictus\/","name":"Anche l\u2019occhio pu\u00f2 subire un ictus &#8226; Retina Suisse","isPartOf":{"@id":"https:\/\/retina.ch\/it\/#website"},"primaryImageOfPage":{"@id":"https:\/\/retina.ch\/it\/consiglieri\/anche-locchio-puo-subire-un-ictus\/#primaryimage"},"image":{"@id":"https:\/\/retina.ch\/it\/consiglieri\/anche-locchio-puo-subire-un-ictus\/#primaryimage"},"thumbnailUrl":"https:\/\/retina.ch\/wp-content\/uploads\/2024\/09\/retinaler-venenverschluss-it.jpg","datePublished":"2024-09-24T16:30:57+00:00","dateModified":"2025-04-14T13:24:33+00:00","breadcrumb":{"@id":"https:\/\/retina.ch\/it\/consiglieri\/anche-locchio-puo-subire-un-ictus\/#breadcrumb"},"inLanguage":"it-IT","potentialAction":[{"@type":"ReadAction","target":["https:\/\/retina.ch\/it\/consiglieri\/anche-locchio-puo-subire-un-ictus\/"]}]},{"@type":"ImageObject","inLanguage":"it-IT","@id":"https:\/\/retina.ch\/it\/consiglieri\/anche-locchio-puo-subire-un-ictus\/#primaryimage","url":"https:\/\/retina.ch\/wp-content\/uploads\/2024\/09\/retinaler-venenverschluss-it.jpg","contentUrl":"https:\/\/retina.ch\/wp-content\/uploads\/2024\/09\/retinaler-venenverschluss-it.jpg","width":633,"height":904},{"@type":"BreadcrumbList","@id":"https:\/\/retina.ch\/it\/consiglieri\/anche-locchio-puo-subire-un-ictus\/#breadcrumb","itemListElement":[{"@type":"ListItem","position":1,"name":"Retina Suisse","item":"https:\/\/retina.ch\/it\/"},{"@type":"ListItem","position":2,"name":"Anche l\u2019occhio pu\u00f2 subire un ictus"}]},{"@type":"WebSite","@id":"https:\/\/retina.ch\/it\/#website","url":"https:\/\/retina.ch\/it\/","name":"Retina Suisse","description":"Retina Suisse ist die Vereinigung von Patientinnen und Patienten mit Retinitis pigmentosa (RP), Makuladegeneration, Usher-Syndrom und anderen Erkrankungen des Augenhintergrundes.","publisher":{"@id":"https:\/\/retina.ch\/it\/#organization"},"potentialAction":[{"@type":"SearchAction","target":{"@type":"EntryPoint","urlTemplate":"https:\/\/retina.ch\/it\/?s={search_term_string}"},"query-input":{"@type":"PropertyValueSpecification","valueRequired":true,"valueName":"search_term_string"}}],"inLanguage":"it-IT"},{"@type":"Organization","@id":"https:\/\/retina.ch\/it\/#organization","name":"Retina Suisse","url":"https:\/\/retina.ch\/it\/","logo":{"@type":"ImageObject","inLanguage":"it-IT","@id":"https:\/\/retina.ch\/it\/#\/schema\/logo\/image\/","url":"https:\/\/retina.ch\/wp-content\/uploads\/2020\/09\/retina-auge-typo.svg","contentUrl":"https:\/\/retina.ch\/wp-content\/uploads\/2020\/09\/retina-auge-typo.svg","width":"1024","height":"1024","caption":"Retina Suisse"},"image":{"@id":"https:\/\/retina.ch\/it\/#\/schema\/logo\/image\/"},"sameAs":["https:\/\/www.facebook.com\/retinasuisse\/"]}]}},"_links":{"self":[{"href":"https:\/\/retina.ch\/it\/wp-json\/wp\/v2\/ratgeber\/18982","targetHints":{"allow":["GET"]}}],"collection":[{"href":"https:\/\/retina.ch\/it\/wp-json\/wp\/v2\/ratgeber"}],"about":[{"href":"https:\/\/retina.ch\/it\/wp-json\/wp\/v2\/types\/ratgeber"}],"version-history":[{"count":3,"href":"https:\/\/retina.ch\/it\/wp-json\/wp\/v2\/ratgeber\/18982\/revisions"}],"predecessor-version":[{"id":21742,"href":"https:\/\/retina.ch\/it\/wp-json\/wp\/v2\/ratgeber\/18982\/revisions\/21742"}],"wp:featuredmedia":[{"embeddable":true,"href":"https:\/\/retina.ch\/it\/wp-json\/wp\/v2\/media\/18995"}],"wp:attachment":[{"href":"https:\/\/retina.ch\/it\/wp-json\/wp\/v2\/media?parent=18982"}],"wp:term":[{"taxonomy":"category","embeddable":true,"href":"https:\/\/retina.ch\/it\/wp-json\/wp\/v2\/categories?post=18982"}],"curies":[{"name":"wp","href":"https:\/\/api.w.org\/{rel}","templated":true}]}}