{"id":22368,"date":"2025-06-01T15:52:01","date_gmt":"2025-06-01T13:52:01","guid":{"rendered":"https:\/\/retina.ch\/?post_type=ratgeber&#038;p=22368"},"modified":"2026-03-11T12:59:40","modified_gmt":"2026-03-11T11:59:40","slug":"le-pigre-giornate-sul-divano-sono-diventate-un-ricordo-del-passato-grazie-ai-cani-guida","status":"publish","type":"ratgeber","link":"https:\/\/retina.ch\/it\/consiglieri\/le-pigre-giornate-sul-divano-sono-diventate-un-ricordo-del-passato-grazie-ai-cani-guida\/","title":{"rendered":"Le pigre giornate sul divano sono diventate un ricordo del passato, grazie ai cani guida"},"content":{"rendered":"\n<p><strong>I cani guida sono una parte importante della vita quotidiana per certe persone con disabilit\u00e0 visive. Due membri di Retina Retina Suisse raccontano le loro impressioni ed esperienze.<\/strong><\/p>\n\n\n\n<p>Prima storia<\/p>\n\n\n\n<h3 class=\"wp-block-heading\"><strong>Un cambiamento a quattro zampe \u2013 il mio primo anno con \u00abIndia\u00bb<\/strong><\/h3>\n\n\n\n<p>Di Jeannine Sutter,&nbsp;<a href=\"mailto:jeannine.sutter@retina.ch\">jeannine.sutter@retina.ch<\/a>, membro del comitato di Retina Suisse e membro di Retina Suisse Youth<\/p>\n\n\n\n<p>Da molto tempo avevo la sensazione che mi sarebbe pia\u00adciuto avere un cane al mio fianco. Tuttavia, mi ci \u00e8 voluto parecchio tempo prima di fare il primo passo per avere un cane guida per non vedenti. Non avevo esperienza con i cani e non volevo prendere alla leggera la respon\u00adsabilit\u00e0 che comportava. Per di pi\u00f9, non sapevo se un cane guida si sarebbe adattato alla mia vita e se mi sarei sentita a mio agio con i rispettivi cambiamenti nella vita di tutti i giorni.<\/p>\n\n\n\n<p>Oggi queste preoccupazioni appartengono al passato. La cagna guida \u00abIndia\u00bb vive con me da circa un anno. Nel frattempo, molte cose sono cambiate nella mia vita e potrei scrivere molto a questo proposito. Gli aspetti pi\u00f9 importanti per me sono i seguenti.<\/p>\n\n\n\n<h3 class=\"wp-block-heading\"><strong>Le giornate sul divano appartengono al passato<\/strong><\/h3>\n\n\n\n<p>Come prima cosa c\u2019\u00e8 la routine giornaliera. Di giorno India deve uscire regolarmente, vuole fiutare, giocare e scoprire il mondo. Questo include anche una passeggiata di una o due ore al giorno. Le giornate passate a oziare sul divano quando il tempo \u00e8 brutto appartengono al passa\u00adto e se il mattino non mi alzo e non preparo la colazione, India mi sveglia per attirare la mia attenzione. Anche se a entrambe piace uscire il mattino per una passeggiata, grazie a India sono decisamente pi\u00f9 motivata.<\/p>\n\n\n\n<p>All\u2019inizio la nuova routine quotidiana era uno stress, che non si dovrebbe sottovalutare. Facevo fatica a rilassarmi e continuavo a guardare l\u2019orologio per vedere se era ora di fare il prossimo giro. Chiedevo molto a me stessa per soddisfare le esigenze del cane. Nel frattempo, tutto si \u00e8 sistemato e occuparmi di India non \u00e8 pi\u00f9 uno stress per me. Le passeggiate giornaliere sono diventate momenti preziosi nella mia vita quotidiana. In questi momenti mi devo concentrare su India e non c\u2019\u00e8 pi\u00f9 spazio per il lavo\u00adro, i problemi e le pendenze.<\/p>\n\n\n\n<h3 class=\"wp-block-heading\"><strong>Spostamenti quasi due volte pi\u00f9 veloci<\/strong><\/h3>\n\n\n\n<p>La mia vita \u00e8 cambiata molto anche per quanto riguarda la mobilit\u00e0 in quanto persona con una disabilit\u00e0 visiva. Ora ho al mio fianco un\u2019aiutante molto sicura di s\u00e9. Con India ai comandi mi sposto quasi due volte pi\u00f9 veloce\u00admente. Nelle situazioni frenetiche, come per esempio nelle stazioni ferroviarie durante gli orari di punta, in pas\u00adsato ero spesso molto tesa o irritabile. Oggi riesco molto meglio a prendere le distanze perch\u00e9 so che India ci por\u00adta a destinazione in modo sicuro e veloce.<\/p>\n\n\n\n<p>Un\u2019esperienza particolare \u00e8 stato il tardo autunno. Si stava facendo buio, il terreno era bagnato e gli pneumatici delle auto fischiavano. Quel poco che ancora vedevo era sem\u00adpre meno utile e mi sono dovuta affidare ancora di pi\u00f9 alla guida di India. Questo era positivo sia per il nostro legame, sia per l\u2019addestramento.<\/p>\n\n\n\n<p>A volte mi capita ancora di aiutare troppo India nel suo lavoro di guida. Per esempio, riducendo la velocit\u00e0 quan\u00addo vedo arrivare un ostacolo. Eppure, frenare prima di un ostacolo \u00e8 chiaramente il suo compito.<\/p>\n\n\n\n<h3 class=\"wp-block-heading\"><strong>La disciplina durante l\u2019addestramento rafforza l\u2019autostima<\/strong><\/h3>\n\n\n\n<p>L\u2019addestramento e la pazienza necessaria a questo scopo sono un ulteriore punto che probabilmente non \u00e8 facile per molte persone. Affinch\u00e9 il lavoro di guida del cane rimanga preciso, bisogna esigere spesso la precisione. Questo implica che a volte bisogna tornare indietro per esercitare di nuovo il punto in cui il cane non si \u00e8 fermato correttamente al bordo del marciapiede.<\/p>\n\n\n\n<p>Per India e per me questo richiede molta disciplina. Sia\u00admo entrambe impazienti e vorremmo sempre essere tre strade pi\u00f9 avanti. Tuttavia, l\u2019addestramento e la respon\u00adsabilit\u00e0 del cane hanno rafforzato la mia autostima. Ho la sensazione di essere percepita in modo diverso come persona con disabilit\u00e0 visiva, perch\u00e9 ora sono anche pro\u00adprietaria di un cane.<\/p>\n\n\n\n<h3 class=\"wp-block-heading\"><strong>Parlare con gli sconosciuti<\/strong><\/h3>\n\n\n\n<p>I contatti sociali e l\u2019ambiente costituiscono un ulteriore grande cambiamento. Sapevo che con un cane guida si d\u00e0 ancora pi\u00f9 nell\u2019occhio che con un bastone bianco. La gente ha molte domande e il cane offre un modo sempli\u00adce per iniziare una conversazione.<\/p>\n\n\n\n<p>Personalmente mi piace parlare con gli sconosciuti e par\u00adlare di India. Ma ci sono anche momenti in cui preferisco parlare di me stessa e del mio lavoro oppure, dopo una giornata molto intensa, non parlare affatto. Non \u00e8 sempre facile trovare il giusto equilibrio.<\/p>\n\n\n\n<p>Inoltre, \u00e8 impressionante che nei cinque anni precedenti non avevo praticamente creato nuovi contatti nel quar\u00adtiere in cui vivo a Kleinbasel. Ma quando \u00e8 arrivata India mi sono resa conto che la gente del quartiere mi cono\u00adsceva molto bene. Infatti, molte persone mi hanno chie\u00adsto informazioni sulla mia nuova accompagnatrice. Ora, dopo quasi un anno con un cane guida, conosco molte persone, anche se nella maggior parte dei casi non cono\u00adsco il loro nome, ma solo quello del loro cane.<\/p>\n\n\n\n<p>Seconda storia<\/p>\n\n\n\n<h3 class=\"wp-block-heading\"><strong>Un\u2019indimenticabile visita alla scuola per cani guida di Allschwil<\/strong><\/h3>\n\n\n\n<p>Di Fabian Supersaxo-d\u2019Agostino, responsabile del gruppo di parola Retina Suisse dell\u2019Alto Vallese<\/p>\n\n\n\n<p>Sabato 5 aprile 2025, il nostro gruppo di parola e auto-aiuto ha intrapreso un\u2019escursione molto speciale. Con sei partecipanti (cinque persone dell\u2019Alto Vallese e una del Canton Obvaldo) e tre accompagnatori\/trici, abbiamo visitato la scuola per cani guida di Allschwil, a Basilea Campagna. Siamo rimasti profondamente colpiti e anche piacevolmente sorpresi da ci\u00f2 che abbiamo visto.<\/p>\n\n\n\n<p>Appena arrivati, siamo stati accolti calorosamente da Ronny Ramseier, responsabile della raccolta fondi e dell\u2019accoglienza. Assieme ad altre\/i dipendenti della scuola, Ronny ci ha dedicato molto tempo per permetterci di conoscere il variegato e impegnativo addestramento dei vari cani guida per non vedenti.<\/p>\n\n\n\n<h3 class=\"wp-block-heading\"><strong>L\u2019intelligenza dei cani<\/strong><\/h3>\n\n\n\n<p>All\u2019inizio della visita ci hanno mostrato un filmato con sottotitoli audiovisivi, in modo che anche i non vedenti potessero seguirlo. \u00c8 stato particolarmente interessante vedere con quale intensit\u00e0 si sviluppa il rapporto tra cane e uomo: la fiducia, la pazienza e l\u2019incredibile sensibilit\u00e0 per le esigenze delle persone affette da disabilit\u00e0 visive.<\/p>\n\n\n\n<p>Abbiamo potuto assistere agli esercizi di addestramento e sperimentare di persona la sicurezza e la disinvoltura con cui i cani guidano i loro futuri padroni attraverso le situazioni quotidiane. Molti di noi sono rimasti profondamente colpiti dalla professionalit\u00e0 e dalla passione con cui si lavora qui. Alcuni partecipanti hanno detto spontaneamente: \u00abNon avrei mai immaginato che questi magnifici cani possiedono tanta abilit\u00e0 e conoscenza\u00bb. (in immagine: foto di gruppo della visita ad Allschwil)<\/p>\n\n\n\n<h3 class=\"wp-block-heading\"><strong>Accarezzare i cuccioli<\/strong><\/h3>\n\n\n\n<p>Oltre alle informazioni, non sono mancati i momenti di svago: durante una piacevole chiacchierata, in cui ci \u00e8 stato permesso di accarezzare i cuccioli di cane e di guardarli giocare, abbiamo potuto porre ulteriori domande, alle quali Ronny ha risposto molto volentieri. Abbiamo condiviso esperienze e allacciato nuovi contatti. L\u2019escursione non \u00e8 stata solo educativa: ha anche rafforzato il senso di comunit\u00e0 all\u2019interno del nostro gruppo.<\/p>\n\n\n\n<p>Pure la meteo era dalla nostra parte, regalandoci le prime temperature primaverili.<\/p>\n\n\n\n<p>Desideriamo ringraziare la Scuola per cani guida di Allschwil per la sua disponibilit\u00e0 e pazienza nonch\u00e9 per il grande impegno profuso. Un ringraziamento particolare va a Nadine Burla, Ronny Ramseier e Ugo Sprecher. Non possiamo che consigliare a tutte e tutti di visitare di persona questa impressionante istituzione.<\/p>\n\n\n\n<p><a href=\"https:\/\/retina.ch\/agenda\/regionaltreffen-deutschschweiz-besuch-der-schule-fuer-blindenfuehrhunde-allschwil\/\">Agenda:&nbsp;<\/a><a href=\"https:\/\/retina.ch\/agenda\/regionaltreffen-deutschschweiz-besuch-der-schule-fuer-blindenfuehrhunde-allschwil\/\">Incontro regionale per la Svizzera tedesca: visita alla Scuola per cani guida di Allschwil<\/a><\/p>\n","protected":false},"excerpt":{"rendered":"<p>I cani guida sono una parte importante della vita quotidiana per certe persone con disabilit\u00e0 visive. Due membri di Retina Retina Suisse raccontano le loro impressioni ed esperienze.<\/p>\n","protected":false},"featured_media":22433,"template":"","meta":{"_acf_changed":false,"inline_featured_image":false,"_FSMCFIC_featured_image_caption":"","_FSMCFIC_featured_image_nocaption":"","_FSMCFIC_featured_image_hide":"","footnotes":"","_links_to":"","_links_to_target":""},"categories":[143],"class_list":["post-22368","ratgeber","type-ratgeber","status-publish","has-post-thumbnail","hentry","category-consiglieri"],"acf":[],"yoast_head":"<!-- This site is optimized with the Yoast SEO plugin v27.1.1 - https:\/\/yoast.com\/product\/yoast-seo-wordpress\/ -->\n<title>Le pigre giornate sul divano sono diventate un ricordo del passato, grazie ai cani guida &#8226; Retina Suisse<\/title>\n<meta name=\"robots\" content=\"index, follow, max-snippet:-1, max-image-preview:large, max-video-preview:-1\" \/>\n<link rel=\"canonical\" href=\"https:\/\/retina.ch\/it\/consiglieri\/le-pigre-giornate-sul-divano-sono-diventate-un-ricordo-del-passato-grazie-ai-cani-guida\/\" \/>\n<meta property=\"og:locale\" content=\"it_IT\" \/>\n<meta property=\"og:type\" content=\"article\" \/>\n<meta property=\"og:title\" content=\"Le pigre giornate sul divano sono diventate un ricordo del passato, grazie ai cani guida &#8226; Retina Suisse\" \/>\n<meta property=\"og:description\" content=\"I cani guida sono una parte importante della vita quotidiana per certe persone con disabilit\u00e0 visive. Due membri di Retina Retina Suisse raccontano le loro impressioni ed esperienze.\" \/>\n<meta property=\"og:url\" content=\"https:\/\/retina.ch\/it\/consiglieri\/le-pigre-giornate-sul-divano-sono-diventate-un-ricordo-del-passato-grazie-ai-cani-guida\/\" \/>\n<meta property=\"og:site_name\" content=\"Retina Suisse\" \/>\n<meta property=\"article:publisher\" content=\"https:\/\/www.facebook.com\/retinasuisse\/\" \/>\n<meta property=\"article:modified_time\" content=\"2026-03-11T11:59:40+00:00\" \/>\n<meta property=\"og:image\" content=\"https:\/\/retina.ch\/wp-content\/uploads\/2025\/06\/Unterwegs-auf-der-Via-Rhenana-Jeannine-mit-India-scaled-e1749026477780.jpg\" \/>\n\t<meta property=\"og:image:width\" content=\"1916\" \/>\n\t<meta property=\"og:image:height\" content=\"2560\" \/>\n\t<meta property=\"og:image:type\" content=\"image\/jpeg\" \/>\n<meta name=\"twitter:card\" content=\"summary_large_image\" \/>\n<meta name=\"twitter:label1\" content=\"Tempo di lettura stimato\" \/>\n\t<meta name=\"twitter:data1\" content=\"8 minuti\" \/>\n<script type=\"application\/ld+json\" class=\"yoast-schema-graph\">{\"@context\":\"https:\/\/schema.org\",\"@graph\":[{\"@type\":\"WebPage\",\"@id\":\"https:\/\/retina.ch\/it\/consiglieri\/le-pigre-giornate-sul-divano-sono-diventate-un-ricordo-del-passato-grazie-ai-cani-guida\/\",\"url\":\"https:\/\/retina.ch\/it\/consiglieri\/le-pigre-giornate-sul-divano-sono-diventate-un-ricordo-del-passato-grazie-ai-cani-guida\/\",\"name\":\"Le pigre giornate sul divano sono diventate un ricordo del passato, grazie ai cani guida &#8226; Retina Suisse\",\"isPartOf\":{\"@id\":\"https:\/\/retina.ch\/it\/#website\"},\"primaryImageOfPage\":{\"@id\":\"https:\/\/retina.ch\/it\/consiglieri\/le-pigre-giornate-sul-divano-sono-diventate-un-ricordo-del-passato-grazie-ai-cani-guida\/#primaryimage\"},\"image\":{\"@id\":\"https:\/\/retina.ch\/it\/consiglieri\/le-pigre-giornate-sul-divano-sono-diventate-un-ricordo-del-passato-grazie-ai-cani-guida\/#primaryimage\"},\"thumbnailUrl\":\"https:\/\/retina.ch\/wp-content\/uploads\/2025\/06\/Unterwegs-auf-der-Via-Rhenana-Jeannine-mit-India-scaled-e1749026477780.jpg\",\"datePublished\":\"2025-06-01T13:52:01+00:00\",\"dateModified\":\"2026-03-11T11:59:40+00:00\",\"breadcrumb\":{\"@id\":\"https:\/\/retina.ch\/it\/consiglieri\/le-pigre-giornate-sul-divano-sono-diventate-un-ricordo-del-passato-grazie-ai-cani-guida\/#breadcrumb\"},\"inLanguage\":\"it-IT\",\"potentialAction\":[{\"@type\":\"ReadAction\",\"target\":[\"https:\/\/retina.ch\/it\/consiglieri\/le-pigre-giornate-sul-divano-sono-diventate-un-ricordo-del-passato-grazie-ai-cani-guida\/\"]}]},{\"@type\":\"ImageObject\",\"inLanguage\":\"it-IT\",\"@id\":\"https:\/\/retina.ch\/it\/consiglieri\/le-pigre-giornate-sul-divano-sono-diventate-un-ricordo-del-passato-grazie-ai-cani-guida\/#primaryimage\",\"url\":\"https:\/\/retina.ch\/wp-content\/uploads\/2025\/06\/Unterwegs-auf-der-Via-Rhenana-Jeannine-mit-India-scaled-e1749026477780.jpg\",\"contentUrl\":\"https:\/\/retina.ch\/wp-content\/uploads\/2025\/06\/Unterwegs-auf-der-Via-Rhenana-Jeannine-mit-India-scaled-e1749026477780.jpg\",\"width\":1916,\"height\":2560,\"caption\":\"Jeannine Sutter, Vorstandsmitglied von Retina Suisse, draussen mit ihrem F\u00fchrhund India.\"},{\"@type\":\"BreadcrumbList\",\"@id\":\"https:\/\/retina.ch\/it\/consiglieri\/le-pigre-giornate-sul-divano-sono-diventate-un-ricordo-del-passato-grazie-ai-cani-guida\/#breadcrumb\",\"itemListElement\":[{\"@type\":\"ListItem\",\"position\":1,\"name\":\"Retina Suisse\",\"item\":\"https:\/\/retina.ch\/it\/\"},{\"@type\":\"ListItem\",\"position\":2,\"name\":\"Le pigre giornate sul divano sono diventate un ricordo del passato, grazie ai cani guida\"}]},{\"@type\":\"WebSite\",\"@id\":\"https:\/\/retina.ch\/it\/#website\",\"url\":\"https:\/\/retina.ch\/it\/\",\"name\":\"Retina Suisse\",\"description\":\"Retina Suisse ist die Vereinigung von Patientinnen und Patienten mit Retinitis pigmentosa (RP), Makuladegeneration, Usher-Syndrom und anderen Erkrankungen des Augenhintergrundes.\",\"publisher\":{\"@id\":\"https:\/\/retina.ch\/it\/#organization\"},\"potentialAction\":[{\"@type\":\"SearchAction\",\"target\":{\"@type\":\"EntryPoint\",\"urlTemplate\":\"https:\/\/retina.ch\/it\/?s={search_term_string}\"},\"query-input\":{\"@type\":\"PropertyValueSpecification\",\"valueRequired\":true,\"valueName\":\"search_term_string\"}}],\"inLanguage\":\"it-IT\"},{\"@type\":\"Organization\",\"@id\":\"https:\/\/retina.ch\/it\/#organization\",\"name\":\"Retina Suisse\",\"url\":\"https:\/\/retina.ch\/it\/\",\"logo\":{\"@type\":\"ImageObject\",\"inLanguage\":\"it-IT\",\"@id\":\"https:\/\/retina.ch\/it\/#\/schema\/logo\/image\/\",\"url\":\"https:\/\/retina.ch\/wp-content\/uploads\/2020\/09\/retina-auge-typo.svg\",\"contentUrl\":\"https:\/\/retina.ch\/wp-content\/uploads\/2020\/09\/retina-auge-typo.svg\",\"width\":\"1024\",\"height\":\"1024\",\"caption\":\"Retina Suisse\"},\"image\":{\"@id\":\"https:\/\/retina.ch\/it\/#\/schema\/logo\/image\/\"},\"sameAs\":[\"https:\/\/www.facebook.com\/retinasuisse\/\"]}]}<\/script>\n<!-- \/ Yoast SEO plugin. -->","yoast_head_json":{"title":"Le pigre giornate sul divano sono diventate un ricordo del passato, grazie ai cani guida &#8226; Retina Suisse","robots":{"index":"index","follow":"follow","max-snippet":"max-snippet:-1","max-image-preview":"max-image-preview:large","max-video-preview":"max-video-preview:-1"},"canonical":"https:\/\/retina.ch\/it\/consiglieri\/le-pigre-giornate-sul-divano-sono-diventate-un-ricordo-del-passato-grazie-ai-cani-guida\/","og_locale":"it_IT","og_type":"article","og_title":"Le pigre giornate sul divano sono diventate un ricordo del passato, grazie ai cani guida &#8226; Retina Suisse","og_description":"I cani guida sono una parte importante della vita quotidiana per certe persone con disabilit\u00e0 visive. Due membri di Retina Retina Suisse raccontano le loro impressioni ed esperienze.","og_url":"https:\/\/retina.ch\/it\/consiglieri\/le-pigre-giornate-sul-divano-sono-diventate-un-ricordo-del-passato-grazie-ai-cani-guida\/","og_site_name":"Retina Suisse","article_publisher":"https:\/\/www.facebook.com\/retinasuisse\/","article_modified_time":"2026-03-11T11:59:40+00:00","og_image":[{"width":1916,"height":2560,"url":"https:\/\/retina.ch\/wp-content\/uploads\/2025\/06\/Unterwegs-auf-der-Via-Rhenana-Jeannine-mit-India-scaled-e1749026477780.jpg","type":"image\/jpeg"}],"twitter_card":"summary_large_image","twitter_misc":{"Tempo di lettura stimato":"8 minuti"},"schema":{"@context":"https:\/\/schema.org","@graph":[{"@type":"WebPage","@id":"https:\/\/retina.ch\/it\/consiglieri\/le-pigre-giornate-sul-divano-sono-diventate-un-ricordo-del-passato-grazie-ai-cani-guida\/","url":"https:\/\/retina.ch\/it\/consiglieri\/le-pigre-giornate-sul-divano-sono-diventate-un-ricordo-del-passato-grazie-ai-cani-guida\/","name":"Le pigre giornate sul divano sono diventate un ricordo del passato, grazie ai cani guida &#8226; Retina Suisse","isPartOf":{"@id":"https:\/\/retina.ch\/it\/#website"},"primaryImageOfPage":{"@id":"https:\/\/retina.ch\/it\/consiglieri\/le-pigre-giornate-sul-divano-sono-diventate-un-ricordo-del-passato-grazie-ai-cani-guida\/#primaryimage"},"image":{"@id":"https:\/\/retina.ch\/it\/consiglieri\/le-pigre-giornate-sul-divano-sono-diventate-un-ricordo-del-passato-grazie-ai-cani-guida\/#primaryimage"},"thumbnailUrl":"https:\/\/retina.ch\/wp-content\/uploads\/2025\/06\/Unterwegs-auf-der-Via-Rhenana-Jeannine-mit-India-scaled-e1749026477780.jpg","datePublished":"2025-06-01T13:52:01+00:00","dateModified":"2026-03-11T11:59:40+00:00","breadcrumb":{"@id":"https:\/\/retina.ch\/it\/consiglieri\/le-pigre-giornate-sul-divano-sono-diventate-un-ricordo-del-passato-grazie-ai-cani-guida\/#breadcrumb"},"inLanguage":"it-IT","potentialAction":[{"@type":"ReadAction","target":["https:\/\/retina.ch\/it\/consiglieri\/le-pigre-giornate-sul-divano-sono-diventate-un-ricordo-del-passato-grazie-ai-cani-guida\/"]}]},{"@type":"ImageObject","inLanguage":"it-IT","@id":"https:\/\/retina.ch\/it\/consiglieri\/le-pigre-giornate-sul-divano-sono-diventate-un-ricordo-del-passato-grazie-ai-cani-guida\/#primaryimage","url":"https:\/\/retina.ch\/wp-content\/uploads\/2025\/06\/Unterwegs-auf-der-Via-Rhenana-Jeannine-mit-India-scaled-e1749026477780.jpg","contentUrl":"https:\/\/retina.ch\/wp-content\/uploads\/2025\/06\/Unterwegs-auf-der-Via-Rhenana-Jeannine-mit-India-scaled-e1749026477780.jpg","width":1916,"height":2560,"caption":"Jeannine Sutter, Vorstandsmitglied von Retina Suisse, draussen mit ihrem F\u00fchrhund India."},{"@type":"BreadcrumbList","@id":"https:\/\/retina.ch\/it\/consiglieri\/le-pigre-giornate-sul-divano-sono-diventate-un-ricordo-del-passato-grazie-ai-cani-guida\/#breadcrumb","itemListElement":[{"@type":"ListItem","position":1,"name":"Retina Suisse","item":"https:\/\/retina.ch\/it\/"},{"@type":"ListItem","position":2,"name":"Le pigre giornate sul divano sono diventate un ricordo del passato, grazie ai cani guida"}]},{"@type":"WebSite","@id":"https:\/\/retina.ch\/it\/#website","url":"https:\/\/retina.ch\/it\/","name":"Retina Suisse","description":"Retina Suisse ist die Vereinigung von Patientinnen und Patienten mit Retinitis pigmentosa (RP), Makuladegeneration, Usher-Syndrom und anderen Erkrankungen des Augenhintergrundes.","publisher":{"@id":"https:\/\/retina.ch\/it\/#organization"},"potentialAction":[{"@type":"SearchAction","target":{"@type":"EntryPoint","urlTemplate":"https:\/\/retina.ch\/it\/?s={search_term_string}"},"query-input":{"@type":"PropertyValueSpecification","valueRequired":true,"valueName":"search_term_string"}}],"inLanguage":"it-IT"},{"@type":"Organization","@id":"https:\/\/retina.ch\/it\/#organization","name":"Retina Suisse","url":"https:\/\/retina.ch\/it\/","logo":{"@type":"ImageObject","inLanguage":"it-IT","@id":"https:\/\/retina.ch\/it\/#\/schema\/logo\/image\/","url":"https:\/\/retina.ch\/wp-content\/uploads\/2020\/09\/retina-auge-typo.svg","contentUrl":"https:\/\/retina.ch\/wp-content\/uploads\/2020\/09\/retina-auge-typo.svg","width":"1024","height":"1024","caption":"Retina Suisse"},"image":{"@id":"https:\/\/retina.ch\/it\/#\/schema\/logo\/image\/"},"sameAs":["https:\/\/www.facebook.com\/retinasuisse\/"]}]}},"_links":{"self":[{"href":"https:\/\/retina.ch\/it\/wp-json\/wp\/v2\/ratgeber\/22368","targetHints":{"allow":["GET"]}}],"collection":[{"href":"https:\/\/retina.ch\/it\/wp-json\/wp\/v2\/ratgeber"}],"about":[{"href":"https:\/\/retina.ch\/it\/wp-json\/wp\/v2\/types\/ratgeber"}],"version-history":[{"count":4,"href":"https:\/\/retina.ch\/it\/wp-json\/wp\/v2\/ratgeber\/22368\/revisions"}],"predecessor-version":[{"id":26069,"href":"https:\/\/retina.ch\/it\/wp-json\/wp\/v2\/ratgeber\/22368\/revisions\/26069"}],"wp:featuredmedia":[{"embeddable":true,"href":"https:\/\/retina.ch\/it\/wp-json\/wp\/v2\/media\/22433"}],"wp:attachment":[{"href":"https:\/\/retina.ch\/it\/wp-json\/wp\/v2\/media?parent=22368"}],"wp:term":[{"taxonomy":"category","embeddable":true,"href":"https:\/\/retina.ch\/it\/wp-json\/wp\/v2\/categories?post=22368"}],"curies":[{"name":"wp","href":"https:\/\/api.w.org\/{rel}","templated":true}]}}