{"id":22668,"date":"2025-06-25T09:30:03","date_gmt":"2025-06-25T07:30:03","guid":{"rendered":"https:\/\/retina.ch\/?post_type=ratgeber&#038;p=22668"},"modified":"2026-03-11T11:49:55","modified_gmt":"2026-03-11T10:49:55","slug":"riconoscere-rapidamente-il-distacco-della-retina-per-evitare-la-cecita","status":"publish","type":"ratgeber","link":"https:\/\/retina.ch\/it\/consiglieri\/riconoscere-rapidamente-il-distacco-della-retina-per-evitare-la-cecita\/","title":{"rendered":"Riconoscere rapidamente il distacco della retina per evitare la cecit\u00e0"},"content":{"rendered":"\n<p><strong>Punti scuri in movimento, lampi di luce o ombre: questi disturbi visivi potrebbero essere i primi segnali di un distacco della retina. Se questa malattia molto grave viene riconosciuta e trattata precocemente, di solito \u00e8 possibile preservare la vista.<\/strong><\/p>\n\n\n\n<p>La retina \u00e8 essenziale per la vista: le cellule sensoriali altamente sensibili convertono la luce in arrivo in segnali elettrici, rendendola cos\u00ec \u00ableggibile\u00bb alle cellule nervose in prossimit\u00e0 e per il cervello. In un occhio sano, la retina aderisce perfettamente allo strato di tessuto sottostante &#8211; la coroide &#8211; che le fornisce sostanze nutritive e ossigeno. Se i due strati si separano, l\u2019alimentazione della retina \u00e8 interrotta e si verificano presto danni.<\/p>\n\n\n\n<p>La causa pi\u00f9 comune di distacco della retina \u00e8 una piccola lacerazione nella retina stessa. Il liquido che riempie il bulbo oculare dall\u2019interno pu\u00f2 infiltrarsi attraverso questo foro. \u00abPoich\u00e9 la retina aderisce al substrato che la alimenta in modo allentato, il liquido che entra pu\u00f2 sollevarla leggermente\u00bb, spiega il Prof. dr. med. Frank G. Holz, direttore della Clinica oftalmologica universitaria di Bonn e presidente della Fondazione \u00abAuge\u00bb in Germania.<\/p>\n\n\n\n<h3 class=\"wp-block-heading\"><strong>I sintomi di un distacco della retina<\/strong><\/h3>\n\n\n\n<p>I segnali di un distacco della retina non necessariamente devono presentarsi in modo drammatico, possono anche rimanere poco evidenti. Sintomi tipici sono elencati qui di seguito (<a href=\"https:\/\/retina.ch\/it\/malattie-della-retina\/distacco-della-retina\/\">estratto dall\u2019opuscolo sul distacco della retina di Retina Suisse<\/a>)<\/p>\n\n\n\n<p>\u25cf Un numero significativamente maggiore di <strong>miodesopsia<\/strong> (le cosiddette \u00abmouches volantes\u00bb: addensamenti nel corpo vitreo che proiettano ombre sul campo visivo, soprattutto davanti a sfondi luminosi).<\/p>\n\n\n\n<p>\u25cf <strong>Lampi di luce<\/strong> (in genere quando ci si muove o al buio), a volte sfarfallio luminoso.<\/p>\n\n\n\n<p>\u25cf <strong>Comparsa e diffusione di \u00absipari\u00bb o \u00abveli\u00bb scuri<\/strong>. Le aree scure si estendono dal basso verso l\u2019alto o viceversa. Il difetto inizia dal bordo esterno del campo visivo e progredisce verso il centro.<\/p>\n\n\n\n<p>\u25cf <strong>Pioggia di fuliggine<\/strong> (centinaia e migliaia di punti neri che si muovono nel campo visivo).<\/p>\n\n\n\n<p>\u25cf Se \u00e8 interessata la fovea, <strong>perdita dell\u2019acutezza visiva<\/strong> al centro dell\u2019immagine.<\/p>\n\n\n\n<p>\u25cf Dolori, occhi rossi, lacrime o sensibilit\u00e0 all\u2019abbagliamento non fanno parte del quadro clinico.<\/p>\n\n\n\n<p>I lampi di luce e l\u2019aumento della fastidiosa miodesopsia sono segnali di allarme precoci. Possono essere dovuti a forme preliminari di un distacco della retina, ancora facilmente trattabili. Per questo motivo la loro causa andrebbe chiarita entro 24 ore da una\/o specialista in oftalmologia.<\/p>\n\n\n\n<p>In caso di pioggia di fuliggine, \u00e8 necessario fissare un appuntamento per la visita il giorno stesso, poich\u00e9 potrebbe essere dovuta alla presenza di un\u2019emorragia nel corpo vitreo.<\/p>\n\n\n\n<h3 class=\"wp-block-heading\"><strong>Quali sono i fattori di rischio e le cause?<\/strong><\/h3>\n\n\n\n<p>In termini di prevenzione, la misura pi\u00f9 importante consiste nell\u2019esaminare a intervalli regolari la retina delle persone a rischio. In questo modo \u00e8 possibile determinare rapidamente se sono presenti lacerazioni, un sintomo precursore del distacco della retina.<\/p>\n\n\n\n<p>I fattori di rischio includono l\u2019et\u00e0 avanzata, una grave miopia, un intervento di cataratta e precedenti lesioni all\u2019occhio causate da corpi estranei.<\/p>\n\n\n\n<p>Inoltre, l\u2019impatto causato da un pallone o un pugno pu\u00f2 provocare un distacco della retina. Se un distacco della retina si \u00e8 gi\u00e0 verificato in un occhio, aumenta la probabilit\u00e0 che anche l\u2019altro occhio ne sia affetto.<\/p>\n\n\n\n<h3 class=\"wp-block-heading\"><strong>\u00abSaldare\u00bb la retina al substrato<\/strong><\/h3>\n\n\n\n<p>Secondo il Prof. Holz, se una lacerazione retinica viene scoperta precocemente e la retina non si \u00e8 ancora staccata, \u00e8 possibile ricollegarla saldamente al suo substrato tramite una procedura non invasiva. Con un raggio laser si riscalda brevemente la retina nell\u2019area della lacerazione per \u00absaldarla\u00bb al suo substrato. Cos\u00ec si evita un distacco.<\/p>\n\n\n\n<p>Lo stesso effetto si ottiene anche applicando un freddo intenso (criopessia). Una sonda con una temperatura di meno 80 gradi viene appoggiata all\u2019occhio dall\u2019esterno nel punto in cui si trova il difetto retinico, provocando un\u2019adesione locale.<\/p>\n\n\n\n<p>Tuttavia, se la retina si \u00e8 gi\u00e0 parzialmente staccata dalla sua base, \u00e8 necessario un intervento chirurgico. A seconda della posizione e dell\u2019estensione del distacco, sono disponibili differenti procedure che possono arrestare il processo e in molti casi migliorare la vista.<\/p>\n\n\n\n<p>In caso di distacco localizzato della retina, ad esempio, \u00e8 possibile ricorrere alla cosiddetta \u00abchirurgia della gobba\u00bb. \u00abUn pezzetto personalizzato di una speciale schiuma viene cucito sull\u2019occhio dall\u2019esterno\u00bb, spiega Holz. Grazie alla pressione esercitata in questo punto sul bulbo oculare, la retina si sposta nuovamente verso il suo substrato. In una seconda fase, sar\u00e0 possibile ricreare un\u2019adesione permanente con il laser o con la criopessia.<\/p>\n\n\n\n<h3 class=\"wp-block-heading\"><strong>Nel 90% dei casi le operazioni hanno successo<\/strong><\/h3>\n\n\n\n<p>Una retina danneggiata in pi\u00f9 punti o gi\u00e0 distaccata su un\u2019area pi\u00f9 ampia, invece, richiede un intervento chirurgico. Piccolissimi strumenti vengono inseriti all\u2019interno dell\u2019occhio per tagliare e rimuovere l\u2019umor vitreo, dalla consistenza simile a un gel.<\/p>\n\n\n\n<p>Anche in questo caso, le lacerazioni retiniche vengono trattate successivamente con il laser. Al termine dell\u2019intervento, si introduce all\u2019interno dell\u2019occhio un gas o un olio, il cui compito \u00e8 di premere per qualche tempo la retina contro il suo substrato, consentendole cos\u00ec di guarire bene.<\/p>\n\n\n\n<p>\u00abQuesti interventi hanno un grande successo e portano alla riadesione della retina nel 90% dei casi\u00bb, afferma il Prof. Holz. A volte, tuttavia, sono necessari pi\u00f9 interventi, soprattutto se si sviluppa tessuto cicatriziale a seguito del distacco. Il tessuto cicatriziale pu\u00f2 causare un nuovo distacco a causa delle forze di trazione che genera. Pertanto, \u00e8 necessario sottoporre l\u2019occhio a un nuovo intervento chirurgico.<\/p>\n\n\n\n<h3 class=\"wp-block-heading\"><strong>Prendete sul serio i segnali d\u2019allarme e non temporeggiate<\/strong><\/h3>\n\n\n\n<p>In generale: quanto pi\u00f9 precocemente viene riconosciuto un distacco della retina, tanto meno invasivo sar\u00e0 il trattamento e minore il rischio di complicazioni. \u00abIn questo modo si massimizza anche la possibilit\u00e0 di evitare limitazioni permanenti o cecit\u00e0\u00bb, spiega l\u2019oftalmologo Holz.<\/p>\n\n\n\n<p>Non esita a ripetere il suo appello: i segnali di allarme devono essere presi molto sul serio e una visita oftalmologica non deve essere rimandata.<\/p>\n\n\n\n<p>Compilato e redatto da PJ utilizzando le seguenti fonti:<\/p>\n\n\n\n<p><a href=\"https:\/\/cms.dog.org\/stiftung-auge\/wp-content\/uploads\/sites\/7\/2024\/05\/Pressemappe_Online-PK-Stiftung-Auge_2024-1.pdf\">Comunicazione della Fondazione \u00abAuge\u00bb, Germania<\/a>; <a href=\"https:\/\/retina.ch\/it\/malattie-della-retina\/distacco-della-retina\/\">Estratti dall\u2019opuscolo \u00abDistacco della retina\u00bb di Retina Suisse<\/a><\/p>\n\n\n\n<p><a href=\"https:\/\/retina.ch\/it\/prestazioni-e-servizi\/ordinare-materiale-informativo\/\">Ordinazione dell\u2019opuscolo \u00abDistacco della retina\u00bb<\/a> di Retina Suisse<\/p>\n","protected":false},"excerpt":{"rendered":"<p>Punti scuri in movimento, lampi di luce o ombre: questi disturbi visivi potrebbero essere i primi segnali di un distacco della retina. E bisogna agire subito.<\/p>\n","protected":false},"featured_media":22712,"template":"","meta":{"_acf_changed":false,"inline_featured_image":false,"_FSMCFIC_featured_image_caption":"","_FSMCFIC_featured_image_nocaption":"","_FSMCFIC_featured_image_hide":"","footnotes":"","_links_to":"","_links_to_target":""},"categories":[143],"class_list":["post-22668","ratgeber","type-ratgeber","status-publish","has-post-thumbnail","hentry","category-consiglieri"],"acf":[],"yoast_head":"<!-- This site is optimized with the Yoast SEO plugin v27.1.1 - https:\/\/yoast.com\/product\/yoast-seo-wordpress\/ -->\n<title>Riconoscere rapidamente il distacco della retina per evitare la cecit\u00e0 &#8226; Retina Suisse<\/title>\n<meta name=\"robots\" content=\"index, follow, max-snippet:-1, max-image-preview:large, max-video-preview:-1\" \/>\n<link rel=\"canonical\" href=\"https:\/\/retina.ch\/it\/consiglieri\/riconoscere-rapidamente-il-distacco-della-retina-per-evitare-la-cecita\/\" \/>\n<meta property=\"og:locale\" content=\"it_IT\" \/>\n<meta property=\"og:type\" content=\"article\" \/>\n<meta property=\"og:title\" content=\"Riconoscere rapidamente il distacco della retina per evitare la cecit\u00e0 &#8226; Retina Suisse\" \/>\n<meta property=\"og:description\" content=\"Punti scuri in movimento, lampi di luce o ombre: questi disturbi visivi potrebbero essere i primi segnali di un distacco della retina. E bisogna agire subito.\" \/>\n<meta property=\"og:url\" content=\"https:\/\/retina.ch\/it\/consiglieri\/riconoscere-rapidamente-il-distacco-della-retina-per-evitare-la-cecita\/\" \/>\n<meta property=\"og:site_name\" content=\"Retina Suisse\" \/>\n<meta property=\"article:publisher\" content=\"https:\/\/www.facebook.com\/retinasuisse\/\" \/>\n<meta property=\"article:modified_time\" content=\"2026-03-11T10:49:55+00:00\" \/>\n<meta property=\"og:image\" content=\"https:\/\/retina.ch\/wp-content\/uploads\/2025\/06\/Retina-Foto-Netzhaut-gratis-Pixabay-Netzhautabloesung-003.jpg\" \/>\n\t<meta property=\"og:image:width\" content=\"1920\" \/>\n\t<meta property=\"og:image:height\" content=\"1277\" \/>\n\t<meta property=\"og:image:type\" content=\"image\/jpeg\" \/>\n<meta name=\"twitter:card\" content=\"summary_large_image\" \/>\n<meta name=\"twitter:label1\" content=\"Tempo di lettura stimato\" \/>\n\t<meta name=\"twitter:data1\" content=\"6 minuti\" \/>\n<script type=\"application\/ld+json\" class=\"yoast-schema-graph\">{\"@context\":\"https:\/\/schema.org\",\"@graph\":[{\"@type\":\"WebPage\",\"@id\":\"https:\/\/retina.ch\/it\/consiglieri\/riconoscere-rapidamente-il-distacco-della-retina-per-evitare-la-cecita\/\",\"url\":\"https:\/\/retina.ch\/it\/consiglieri\/riconoscere-rapidamente-il-distacco-della-retina-per-evitare-la-cecita\/\",\"name\":\"Riconoscere rapidamente il distacco della retina per evitare la cecit\u00e0 &#8226; Retina Suisse\",\"isPartOf\":{\"@id\":\"https:\/\/retina.ch\/it\/#website\"},\"primaryImageOfPage\":{\"@id\":\"https:\/\/retina.ch\/it\/consiglieri\/riconoscere-rapidamente-il-distacco-della-retina-per-evitare-la-cecita\/#primaryimage\"},\"image\":{\"@id\":\"https:\/\/retina.ch\/it\/consiglieri\/riconoscere-rapidamente-il-distacco-della-retina-per-evitare-la-cecita\/#primaryimage\"},\"thumbnailUrl\":\"https:\/\/retina.ch\/wp-content\/uploads\/2025\/06\/Retina-Foto-Netzhaut-gratis-Pixabay-Netzhautabloesung-003.jpg\",\"datePublished\":\"2025-06-25T07:30:03+00:00\",\"dateModified\":\"2026-03-11T10:49:55+00:00\",\"breadcrumb\":{\"@id\":\"https:\/\/retina.ch\/it\/consiglieri\/riconoscere-rapidamente-il-distacco-della-retina-per-evitare-la-cecita\/#breadcrumb\"},\"inLanguage\":\"it-IT\",\"potentialAction\":[{\"@type\":\"ReadAction\",\"target\":[\"https:\/\/retina.ch\/it\/consiglieri\/riconoscere-rapidamente-il-distacco-della-retina-per-evitare-la-cecita\/\"]}]},{\"@type\":\"ImageObject\",\"inLanguage\":\"it-IT\",\"@id\":\"https:\/\/retina.ch\/it\/consiglieri\/riconoscere-rapidamente-il-distacco-della-retina-per-evitare-la-cecita\/#primaryimage\",\"url\":\"https:\/\/retina.ch\/wp-content\/uploads\/2025\/06\/Retina-Foto-Netzhaut-gratis-Pixabay-Netzhautabloesung-003.jpg\",\"contentUrl\":\"https:\/\/retina.ch\/wp-content\/uploads\/2025\/06\/Retina-Foto-Netzhaut-gratis-Pixabay-Netzhautabloesung-003.jpg\",\"width\":1920,\"height\":1277},{\"@type\":\"BreadcrumbList\",\"@id\":\"https:\/\/retina.ch\/it\/consiglieri\/riconoscere-rapidamente-il-distacco-della-retina-per-evitare-la-cecita\/#breadcrumb\",\"itemListElement\":[{\"@type\":\"ListItem\",\"position\":1,\"name\":\"Retina Suisse\",\"item\":\"https:\/\/retina.ch\/it\/\"},{\"@type\":\"ListItem\",\"position\":2,\"name\":\"Riconoscere rapidamente il distacco della retina per evitare la cecit\u00e0\"}]},{\"@type\":\"WebSite\",\"@id\":\"https:\/\/retina.ch\/it\/#website\",\"url\":\"https:\/\/retina.ch\/it\/\",\"name\":\"Retina Suisse\",\"description\":\"Retina Suisse ist die Vereinigung von Patientinnen und Patienten mit Retinitis pigmentosa (RP), Makuladegeneration, Usher-Syndrom und anderen Erkrankungen des Augenhintergrundes.\",\"publisher\":{\"@id\":\"https:\/\/retina.ch\/it\/#organization\"},\"potentialAction\":[{\"@type\":\"SearchAction\",\"target\":{\"@type\":\"EntryPoint\",\"urlTemplate\":\"https:\/\/retina.ch\/it\/?s={search_term_string}\"},\"query-input\":{\"@type\":\"PropertyValueSpecification\",\"valueRequired\":true,\"valueName\":\"search_term_string\"}}],\"inLanguage\":\"it-IT\"},{\"@type\":\"Organization\",\"@id\":\"https:\/\/retina.ch\/it\/#organization\",\"name\":\"Retina Suisse\",\"url\":\"https:\/\/retina.ch\/it\/\",\"logo\":{\"@type\":\"ImageObject\",\"inLanguage\":\"it-IT\",\"@id\":\"https:\/\/retina.ch\/it\/#\/schema\/logo\/image\/\",\"url\":\"https:\/\/retina.ch\/wp-content\/uploads\/2020\/09\/retina-auge-typo.svg\",\"contentUrl\":\"https:\/\/retina.ch\/wp-content\/uploads\/2020\/09\/retina-auge-typo.svg\",\"width\":\"1024\",\"height\":\"1024\",\"caption\":\"Retina Suisse\"},\"image\":{\"@id\":\"https:\/\/retina.ch\/it\/#\/schema\/logo\/image\/\"},\"sameAs\":[\"https:\/\/www.facebook.com\/retinasuisse\/\"]}]}<\/script>\n<!-- \/ Yoast SEO plugin. -->","yoast_head_json":{"title":"Riconoscere rapidamente il distacco della retina per evitare la cecit\u00e0 &#8226; Retina Suisse","robots":{"index":"index","follow":"follow","max-snippet":"max-snippet:-1","max-image-preview":"max-image-preview:large","max-video-preview":"max-video-preview:-1"},"canonical":"https:\/\/retina.ch\/it\/consiglieri\/riconoscere-rapidamente-il-distacco-della-retina-per-evitare-la-cecita\/","og_locale":"it_IT","og_type":"article","og_title":"Riconoscere rapidamente il distacco della retina per evitare la cecit\u00e0 &#8226; Retina Suisse","og_description":"Punti scuri in movimento, lampi di luce o ombre: questi disturbi visivi potrebbero essere i primi segnali di un distacco della retina. E bisogna agire subito.","og_url":"https:\/\/retina.ch\/it\/consiglieri\/riconoscere-rapidamente-il-distacco-della-retina-per-evitare-la-cecita\/","og_site_name":"Retina Suisse","article_publisher":"https:\/\/www.facebook.com\/retinasuisse\/","article_modified_time":"2026-03-11T10:49:55+00:00","og_image":[{"width":1920,"height":1277,"url":"https:\/\/retina.ch\/wp-content\/uploads\/2025\/06\/Retina-Foto-Netzhaut-gratis-Pixabay-Netzhautabloesung-003.jpg","type":"image\/jpeg"}],"twitter_card":"summary_large_image","twitter_misc":{"Tempo di lettura stimato":"6 minuti"},"schema":{"@context":"https:\/\/schema.org","@graph":[{"@type":"WebPage","@id":"https:\/\/retina.ch\/it\/consiglieri\/riconoscere-rapidamente-il-distacco-della-retina-per-evitare-la-cecita\/","url":"https:\/\/retina.ch\/it\/consiglieri\/riconoscere-rapidamente-il-distacco-della-retina-per-evitare-la-cecita\/","name":"Riconoscere rapidamente il distacco della retina per evitare la cecit\u00e0 &#8226; Retina Suisse","isPartOf":{"@id":"https:\/\/retina.ch\/it\/#website"},"primaryImageOfPage":{"@id":"https:\/\/retina.ch\/it\/consiglieri\/riconoscere-rapidamente-il-distacco-della-retina-per-evitare-la-cecita\/#primaryimage"},"image":{"@id":"https:\/\/retina.ch\/it\/consiglieri\/riconoscere-rapidamente-il-distacco-della-retina-per-evitare-la-cecita\/#primaryimage"},"thumbnailUrl":"https:\/\/retina.ch\/wp-content\/uploads\/2025\/06\/Retina-Foto-Netzhaut-gratis-Pixabay-Netzhautabloesung-003.jpg","datePublished":"2025-06-25T07:30:03+00:00","dateModified":"2026-03-11T10:49:55+00:00","breadcrumb":{"@id":"https:\/\/retina.ch\/it\/consiglieri\/riconoscere-rapidamente-il-distacco-della-retina-per-evitare-la-cecita\/#breadcrumb"},"inLanguage":"it-IT","potentialAction":[{"@type":"ReadAction","target":["https:\/\/retina.ch\/it\/consiglieri\/riconoscere-rapidamente-il-distacco-della-retina-per-evitare-la-cecita\/"]}]},{"@type":"ImageObject","inLanguage":"it-IT","@id":"https:\/\/retina.ch\/it\/consiglieri\/riconoscere-rapidamente-il-distacco-della-retina-per-evitare-la-cecita\/#primaryimage","url":"https:\/\/retina.ch\/wp-content\/uploads\/2025\/06\/Retina-Foto-Netzhaut-gratis-Pixabay-Netzhautabloesung-003.jpg","contentUrl":"https:\/\/retina.ch\/wp-content\/uploads\/2025\/06\/Retina-Foto-Netzhaut-gratis-Pixabay-Netzhautabloesung-003.jpg","width":1920,"height":1277},{"@type":"BreadcrumbList","@id":"https:\/\/retina.ch\/it\/consiglieri\/riconoscere-rapidamente-il-distacco-della-retina-per-evitare-la-cecita\/#breadcrumb","itemListElement":[{"@type":"ListItem","position":1,"name":"Retina Suisse","item":"https:\/\/retina.ch\/it\/"},{"@type":"ListItem","position":2,"name":"Riconoscere rapidamente il distacco della retina per evitare la cecit\u00e0"}]},{"@type":"WebSite","@id":"https:\/\/retina.ch\/it\/#website","url":"https:\/\/retina.ch\/it\/","name":"Retina Suisse","description":"Retina Suisse ist die Vereinigung von Patientinnen und Patienten mit Retinitis pigmentosa (RP), Makuladegeneration, Usher-Syndrom und anderen Erkrankungen des Augenhintergrundes.","publisher":{"@id":"https:\/\/retina.ch\/it\/#organization"},"potentialAction":[{"@type":"SearchAction","target":{"@type":"EntryPoint","urlTemplate":"https:\/\/retina.ch\/it\/?s={search_term_string}"},"query-input":{"@type":"PropertyValueSpecification","valueRequired":true,"valueName":"search_term_string"}}],"inLanguage":"it-IT"},{"@type":"Organization","@id":"https:\/\/retina.ch\/it\/#organization","name":"Retina Suisse","url":"https:\/\/retina.ch\/it\/","logo":{"@type":"ImageObject","inLanguage":"it-IT","@id":"https:\/\/retina.ch\/it\/#\/schema\/logo\/image\/","url":"https:\/\/retina.ch\/wp-content\/uploads\/2020\/09\/retina-auge-typo.svg","contentUrl":"https:\/\/retina.ch\/wp-content\/uploads\/2020\/09\/retina-auge-typo.svg","width":"1024","height":"1024","caption":"Retina Suisse"},"image":{"@id":"https:\/\/retina.ch\/it\/#\/schema\/logo\/image\/"},"sameAs":["https:\/\/www.facebook.com\/retinasuisse\/"]}]}},"_links":{"self":[{"href":"https:\/\/retina.ch\/it\/wp-json\/wp\/v2\/ratgeber\/22668","targetHints":{"allow":["GET"]}}],"collection":[{"href":"https:\/\/retina.ch\/it\/wp-json\/wp\/v2\/ratgeber"}],"about":[{"href":"https:\/\/retina.ch\/it\/wp-json\/wp\/v2\/types\/ratgeber"}],"version-history":[{"count":4,"href":"https:\/\/retina.ch\/it\/wp-json\/wp\/v2\/ratgeber\/22668\/revisions"}],"predecessor-version":[{"id":26060,"href":"https:\/\/retina.ch\/it\/wp-json\/wp\/v2\/ratgeber\/22668\/revisions\/26060"}],"wp:featuredmedia":[{"embeddable":true,"href":"https:\/\/retina.ch\/it\/wp-json\/wp\/v2\/media\/22712"}],"wp:attachment":[{"href":"https:\/\/retina.ch\/it\/wp-json\/wp\/v2\/media?parent=22668"}],"wp:term":[{"taxonomy":"category","embeddable":true,"href":"https:\/\/retina.ch\/it\/wp-json\/wp\/v2\/categories?post=22668"}],"curies":[{"name":"wp","href":"https:\/\/api.w.org\/{rel}","templated":true}]}}