{"id":23093,"date":"2025-08-19T15:01:22","date_gmt":"2025-08-19T13:01:22","guid":{"rendered":"https:\/\/retina.ch\/?post_type=ratgeber&#038;p=23093"},"modified":"2026-03-09T10:02:34","modified_gmt":"2026-03-09T09:02:34","slug":"desidero-rafforzare-i-quattro-pilastri-di-retina-suisse-e-sviluppare-una-strategia-ia","status":"publish","type":"ratgeber","link":"https:\/\/retina.ch\/it\/consiglieri\/desidero-rafforzare-i-quattro-pilastri-di-retina-suisse-e-sviluppare-una-strategia-ia\/","title":{"rendered":"\u00abDesidero rafforzare i quattro pilastri di Retina Suisse e sviluppare una strategia IA\u00bb"},"content":{"rendered":"\n<p><strong>In passato era un pilota di voli d\u2019affari e svolgeva anche missioni di salvataggio in Africa. Ora l\u2019ipovedente ginevrino Laurent Del\u00e9traz lavora per la societ\u00e0 di controllo del traffico aereo Skyguide. Nell\u2019aprile 2025 \u00e8 stato eletto quale <a href=\"https:\/\/retina.ch\/aktuelles\/der-neue-praesident-von-retina-suisse-kommt-aus-genf\/\">settimo presidente di Retina Suisse<\/a>, l\u2019associazione nazionale per le persone affette da una malattia del fondo dell\u2019occhio. In questa intervista, il 55enne Del\u00e9traz parla della sua vita, della sua malattia e dei suoi progetti per Retina Suisse.<\/strong><\/p>\n\n\n\n<p>Intervista di Peter Jankovsky, comunicazione Retina Suisse, <a href=\"mailto:peter.jankovsky@retina.ch\">peter.jankovsky@retina.ch<\/a><\/p>\n\n\n\n<h3 class=\"wp-block-heading\"><strong>Signor Del\u00e9traz, lei era un pilota&#8230;<\/strong><\/h3>\n\n\n\n<p>Laurent Del\u00e9traz &#8230; e ora sicuramente vuole sapere se ho realizzato il mio sogno di ragazzo (ride).<\/p>\n\n\n\n<h3 class=\"wp-block-heading\"><strong>S\u00ec, esattamente, ci dica!<\/strong><\/h3>\n\n\n\n<p>Ovviamente s\u00ec: era proprio il mio sogno di ragazzo. A sedici anni ho frequentato i primi corsi di formazione per diventare pilota di aerei sportivi. Ho volato per la prima volta da solo a diciassette anni, vale a dire prima ancora di prendere la patente dell\u2019auto.<\/p>\n\n\n\n<h3 class=\"wp-block-heading\"><strong>\u00c8 piuttosto insolito.<\/strong><\/h3>\n\n\n\n<p>\u00c8 vero, ma credo che nella mia vita le cose insolite&#8230;non siano poi cos\u00ec insolite (ride ancora). Ho studiato informatica, in seguito ho assolto la regolare formazione per diventare pilota professionale. Ho iniziato a lavorare come co-pilota nel 1992. Poi, come pilota, ho volato per undici anni per Aeroleasing, una compagnia aerea specializzata in voli d\u2019affari charter. Cos\u00ec ho pilotato aerei che hanno portato in giro per l\u2019Europa manager. Nel corso degli anni, ho raggiunto il grado di capitano.<\/p>\n\n\n\n<h3 class=\"wp-block-heading\"><strong>Anche questa specializzazione \u00e8 alquanto insolita.<\/strong><\/h3>\n\n\n\n<p>Pu\u00f2 darsi. Ma ho anche svolto voli di salvataggio. Ad esempio, ho ricondotto in patria, in casi di emergenza, cittadine e cittadini svizzere\/i che hanno avuto un infortunio o si sono ammalati in Egitto o nell\u2019Africa subsahariana.<\/p>\n\n\n\n<h3 class=\"wp-block-heading\"><strong>Ma con il tempo, la sua vista \u00e8 diminuita.<\/strong><\/h3>\n\n\n\n<p>Come pilota, bisogna superare ogni anno un rigoroso controllo medico, di cui fa parte anche un\u2019accurata visita oftalmologica. Tutto andava per il meglio fino al 2003, quando a soli 33 anni ho avuto improvvisamente l\u2019impressione di non vederci pi\u00f9 cos\u00ec bene. Avevo la vista un po\u2019 offuscata a distanza. Mi dissero: procurati un paio di occhiali e vedrai che il problema \u00e8 risolto.<\/p>\n\n\n\n<h3 class=\"wp-block-heading\"><strong>Cos\u00ec non \u00e8 stato.<\/strong><\/h3>\n\n\n\n<p>A causa della mia professione non mi hanno mandato dall\u2019ottico, bens\u00ec direttamente dall\u2019oftalmologo, il quale senza mezzi termini mi ha detto che gli occhiali non sarebbero serviti a niente. Mi mand\u00f2 all\u2019Ospedale oftalmologico Jules-Gonin di Losanna, dove mi ha visitato il famoso professor Francis Munier. Ha prescritto un test genetico che poi gli ha permesso di formulare la diagnosi: ero affetto da una variante della malattia di Stargardt.<\/p>\n\n\n\n<h3 class=\"wp-block-heading\"><strong>Quanto buona \u00e8 la sua vista al momento?<\/strong><\/h3>\n\n\n\n<p>Mi arrangio bene. Molto per\u00f2 dipende dalle condizioni di luce, perch\u00e9 la malattia di Stargardt mi fa vedere come attraverso la nebbia. La mia acutezza visiva \u00e8 del 20% nell\u2019occhio sinistro e quasi nulla in quello destro.<\/p>\n\n\n\n<h3 class=\"wp-block-heading\"><strong>Riesce ancora a leggere un testo?<\/strong><\/h3>\n\n\n\n<p>Una sfida assai difficile se \u00e8 stampato nero su bianco. Ma sono ancora in grado di riconoscere gli elementi principali presenti in una fotografia. E riesco a leggere bene sull\u2019iPhone, perch\u00e9 permette di regolare individualmente il contrasto e c\u2019\u00e8 anche la funzione della lente d\u2019ingrandimento.<\/p>\n\n\n\n<h3 class=\"wp-block-heading\"><strong>La diagnosi di 22 anni fa \u00e8 stata probabilmente uno shock per lei che era un pilota in piena carriera.<\/strong><\/h3>\n\n\n\n<p>Dice bene: un vero e proprio shock. Soprattutto per la mia famiglia, anche per me naturalmente, ma in modo diverso. Lo shock per me \u00e8 stato che, in quanto pilota di successo, in precedenza avevo vissuto con la convinzione di essere in grado di gestire tutto. E all\u2019improvviso si \u00e8 posto un problema che non si poteva risolvere.<\/p>\n\n\n\n<h3 class=\"wp-block-heading\"><strong>Cosa \u00e8 successo dopo la diagnosi?<\/strong><\/h3>\n\n\n\n<p>Ho capito subito che pilotare un aereo faceva ormai parte del passato. Proprio nel momento in cui avevo ammortizzato tutti i costi della mia formazione, avevo creato una famiglia, acquistato casa e stavo iniziando a fare una bella vita. \u00c8 stata dura. Allo stesso tempo, mi sono detto: devi accettarlo, perch\u00e9 questa adesso \u00e8 la realt\u00e0. Mi sono impegnato ad assumere questo alto livello di disciplina mentale e ho reagito abbastanza rapidamente alla nuova situazione.<\/p>\n\n\n\n<h3 class=\"wp-block-heading\"><strong>Come ha reagito nello specifico?<\/strong><\/h3>\n\n\n\n<p>Mi sono chiesto: che lavoro pu\u00f2 fare un pilota con un problema agli occhi con le competenze acquisite e una laurea in informatica? Mi sono subito dato da fare e presto ho trovato ci\u00f2 che cercavo in un settore affine, presso la societ\u00e0 di controllo del traffico aereo Skyguide a Ginevra-Cointrin. L\u00ec stavano cercando diversi informatici con laurea, cos\u00ec mi sono candidato.<\/p>\n\n\n\n<h3 class=\"wp-block-heading\"><strong>Ed \u00e8 stato assunto.<\/strong><\/h3>\n\n\n\n<p>S\u00ec, ma non come informatico! Durante il colloquio mi \u00e8 stato detto che i miei studi d\u2019informatica risalivano a parecchio tempo fa e che non avevo mai lavorato in questa funzione, quindi non avrebbero potuto prendermi in considerazione per quel lavoro. Ma erano alla ricerca di un analista che si intenda di questioni di volo, come me. E mi hanno offerto proprio quel lavoro.<\/p>\n\n\n\n<h3 class=\"wp-block-heading\"><strong>Quindi \u00e8 diventato un controllore del traffico aereo?<\/strong><\/h3>\n\n\n\n<p>Non direttamente. Durante i miei primi dieci anni di lavoro presso Skyguide, ero attivo nel cosiddetto settore operativo. L\u00ec si tratta di gestire le rotte di volo. Mi sono occupato delle rotte tra Ginevra e Zurigo, in particolare degli arrivi e del loro coordinamento, e successivamente anche della navigazione. Sono anche un esperto di navigazione satellitare e con il passare del tempo ho assunto la direzione del rispettivo team per la tratta Ginevra-Zurigo. Inoltre, mi hanno assegnato anche compiti relativi allo sviluppo di varie strategie per le rotte di volo. Qui posso sfruttare appieno le mie capacit\u00e0 analitiche. Tutto questo \u00e8 stato possibile anche perch\u00e9 la mia malattia oculare \u00e8 progredita molto lentamente, il che significa che per molto tempo ci vedevo assai bene.<\/p>\n\n\n\n<hr class=\"wp-block-separator has-alpha-channel-opacity\"\/>\n\n\n\n<p>\u00abSono diventato membro di Retina Suisse subito dopo la diagnosi, per potermi confrontare con altre persone affette dalla mia stessa patologia\u00bb.<\/p>\n\n\n\n<hr class=\"wp-block-separator has-alpha-channel-opacity\"\/>\n\n\n\n<h3 class=\"wp-block-heading\"><strong>Come hanno reagito i suoi colleghi di lavoro alla sua malattia e al suo riorientamento professionale?<\/strong><\/h3>\n\n\n\n<p>Davvero molto bene e in modo solidale. Mi hanno sostenuto ovunque e come potevano. Oggi andr\u00f2 a bere una birra assieme ai miei colleghi piloti. Inoltre, ricevo sempre il massimo supporto anche da Skyguide. \u00c8 fantastico.<\/p>\n\n\n\n<h3 class=\"wp-block-heading\"><strong>Quale atteggiamento \u00abinteriore\u00bb ha sviluppato per affrontare questo incisivo cambiamento di vita?<\/strong><\/h3>\n\n\n\n<p>Mi reputo una persona che in genere non ha difficolt\u00e0 ad affrontare i cambiamenti. Sono sempre flessibile, una caratteristica che probabilmente \u00e8 riconducibile al mio periodo come pilota: per pilotare un aereo bisogna essere flessibili, perch\u00e9 la situazione pu\u00f2 cambiare drasticamente in un batter d\u2019occhio. Sono anche ottimista per natura e una persona che ama le sfide.<\/p>\n\n\n\n<h3 class=\"wp-block-heading\"><strong>Che tipo di sfide?<\/strong><\/h3>\n\n\n\n<p>Ad esempio, mantenere il sangue freddo in situazioni spiacevoli o pericolose e allo stesso tempo agire rapidamente. Cos\u00ec, subito dopo la diagnosi, sono diventato membro di Retina Suisse per confrontarmi attivamente con la mia condizione e dialogare con altre persone ipovedenti. Faccio parte di Retina Suisse quasi da un quarto di secolo!<\/p>\n\n\n\n<h3 class=\"wp-block-heading\"><strong>E quando \u00e8 stato eletto nel comitato di Retina Suisse?<\/strong><\/h3>\n\n\n\n<p>Tre anni fa, quando stavano cercando nuovi membri di comitato. Poich\u00e9 trovo i compiti del comitato stimolanti, mi sono anche candidato a succedere a Susanne Trudel, la nostra ex presidente. E alla fine di aprile i membri mi hanno prontamente eletto a nuovo e settimo presidente di Retina Suisse. Una grande gioia per me!<\/p>\n\n\n\n<h3 class=\"wp-block-heading\"><strong>\u00c8 successo tutto in fretta, in soli tre anni. E ora, per la prima volta, Retina Suisse ha un presidente proveniente dalla Svizzera francese.<\/strong><\/h3>\n\n\n\n<p>Esatto, si tratta di una sfida che affronto con piacere. Le sfide mi stimolano e il comitato di Retina Suisse \u00e8 sempre stato una squadra affiatata. Ma per molto tempo non ci sono state persone provenienti dalla Svizzera francese e italiana: anche questo era uno dei motivi per cui ero interessato a far parte del comitato.<\/p>\n\n\n\n<figure class=\"wp-block-image size-large\"><img decoding=\"async\" src=\"https:\/\/retina.ch\/wp-content\/uploads\/2025\/06\/Retina-Foto-Laurent-Inti-03-1400x879.jpg\" alt=\"\" class=\"wp-image-22634\"\/><\/figure>\n\n\n\n<h3 class=\"wp-block-heading\"><strong>Secondo lei, come si posiziona attualmente Retina Suisse?<\/strong><\/h3>\n\n\n\n<p>Siamo molto ben collegati con personalit\u00e0 e istituzioni del settore della medicina e della ricerca oftalmologica. Disponiamo quindi di molte competenze tecniche e siamo in grado di esprimere pareri specialistici. Possiamo fornire informazioni e consigli scientificamente validi. Questa \u00e8 la nostra \u00abunique selling proposition\u00bb, il nostro particolare punto di forza che ci contraddistingue e che dobbiamo in ogni caso mantenere ed espandere ulteriormente. L\u2019esigenza di informarsi e ricevere consulenza \u00e8 aumentata negli ultimi anni.<\/p>\n\n\n\n<h3 class=\"wp-block-heading\"><strong>Quali sono le sfide per lei in veste di nuovo presidente di Retina Suisse?<\/strong><\/h3>\n\n\n\n<p>Preservare la preziosa eredit\u00e0 delle persone che mi hanno preceduto. Dobbiamo utilizzarla come base per avviare ulteriori sviluppi positivi per la nostra associazione, guidandola verso il futuro. In un futuro con sempre maggiori opportunit\u00e0, grazie al progresso tecnologico.<\/p>\n\n\n\n<h3 class=\"wp-block-heading\"><strong>Quali saranno i suoi primi passi concreti?<\/strong><\/h3>\n\n\n\n<p>Mi sto concentrando sul posizionamento di Retina Suisse rispetto ad altre organizzazioni per persone con disabilit\u00e0 visiva. \u00c8 opportuno rafforzare ulteriormente la cooperazione con tali enti. Allo stesso tempo dobbiamo definire chiaramente la nostra posizione e la nostra offerta di servizi, differenziandoci dagli altri.<\/p>\n\n\n\n<h3 class=\"wp-block-heading\"><strong>E come pensa di distinguersi?<\/strong><\/h3>\n\n\n\n<p>Lo slogan potrebbe essere \u00abNoi siamo noi\u00bb. Con questo intendo dire che la nostra identit\u00e0 in quanto associazione \u00e8 strettamente legata alla ricerca medico-scientifica. Ci impegniamo a migliorare le opportunit\u00e0 di diagnosi e le opzioni di trattamento a beneficio di tutte le persone colpite: questo \u00e8 un altro punto di forza che dobbiamo continuare a rafforzare. Tuttavia, vogliamo anche che l\u2019opinione pubblica sappia che ci impegniamo a migliorare la vita delle persone colpite, esaminando aiuti specifici e indirizzandole verso le organizzazioni partner competenti.<\/p>\n\n\n\n<h3 class=\"wp-block-heading\"><strong>Dalla ricerca alla vita quotidiana: si tratta di uno spettro assai ampio.<\/strong><\/h3>\n\n\n\n<p>\u00c8 pi\u00f9 piccolo di quanto si pensi. La mia attenzione \u00e8 rivolta ai membri di Retina Suisse che, come me, lavorano. Dobbiamo sostenerli maggiormente, poich\u00e9 queste persone sono confrontate a sfide complesse. Come conciliare una malattia oftalmologica, il lavoro e una vita familiare attiva \u00e8 una questione che mi sta molto a cuore. Tra i nuovi membri di comitato vi sono due persone che si occupano di questi temi in modo particolarmente intenso. Claudia Genini \u00e8 una persona colpita che conduce una vita professionale e familiare impegnativa e appagante. In qualit\u00e0 di padre di una persona colpita, Markus Imboden porta la prospettiva dei familiari.<\/p>\n\n\n\n<h3 class=\"wp-block-heading\"><strong>Lei stesso \u00e8 un modello di comportamento, quando si tratta di condurre una vita professionale attiva in qualit\u00e0 di persona colpita.<\/strong><\/h3>\n\n\n\n<p>Mi sono reso conto assai rapidamente che la vita non si ferma per il solo motivo che ho ricevuto una diagnosi sconvolgente. C\u2019\u00e8 sempre un percorso verso un futuro attivo, a prescindere dal fatto se si lavora o si \u00e8 in pensione.<\/p>\n\n\n\n<h3 class=\"wp-block-heading\"><strong>Ma non tutti sono flessibili come lei.<\/strong><\/h3>\n\n\n\n<p>La capacit\u00e0 di adattamento \u00e8 fondamentale e pu\u00f2 essere allenata. \u00c8 proprio cos\u00ec: noi del comitato di Retina Suisse desideriamo approfondire e perfezionare ulteriormente i metodi utilizzati per mostrare ai nostri membri e alle altre persone interessate le possibilit\u00e0 di una vita attiva durante la consulenza.<\/p>\n\n\n\n<hr class=\"wp-block-separator has-alpha-channel-opacity\"\/>\n\n\n\n<p>\u00abGrazie all\u2019IA, l\u2019efficienza della nostra associazione pu\u00f2 essere ulteriormente migliorata. L\u2019intelligenza artificiale pu\u00f2 servire anche alla comunit\u00e0 di Retina Suisse\u00bb.<\/p>\n\n\n\n<hr class=\"wp-block-separator has-alpha-channel-opacity\"\/>\n\n\n\n<h3 class=\"wp-block-heading\"><strong>Dove auspica che si trovi Retina Suisse tra dieci anni? Qual \u00e8 la sua visione?<\/strong><\/h3>\n\n\n\n<p>Mettiamola cos\u00ec: i quattro pilastri di Retina Suisse sono l\u2019informazione scientifica fondata, la consulenza, la ricerca e l\u2019innovazione. Vorrei approfondire questi aspetti.<\/p>\n\n\n\n<h3 class=\"wp-block-heading\"><strong>Allora mira a una strategia di rafforzamento.<\/strong><\/h3>\n\n\n\n<p>S\u00ec, perch\u00e9 ritengo che in questi quattro ambiti possiamo avere un peso ancora maggiore nei riguardi dell\u2019opinione pubblica. Tra dieci anni saremo molto pi\u00f9 avanti in termini di tecnico-medici, quindi dobbiamo rimboccarci le maniche gi\u00e0 adesso.<\/p>\n\n\n\n<h3 class=\"wp-block-heading\"><strong>Prevede di introdurre qualcosa di completamente nuovo?<\/strong><\/h3>\n\n\n\n<p>La prima cosa che vorrei fare \u00e8 sviluppare assieme al comitato una strategia riguardo all\u2019intelligenza artificiale (IA). Le persone colpite possono trarne benefici enormi e Retina Suisse deve tenere il passo.<\/p>\n\n\n\n<h3 class=\"wp-block-heading\"><strong>In termini concreti che cosa significa ci\u00f2?<\/strong><\/h3>\n\n\n\n<p>La nostra organizzazione partner&nbsp;<a href=\"https:\/\/scuoladellamela.ch\/\">\u00abScuola della mela\u00bb<\/a>&nbsp;offre da tempo corsi sull\u2019IA e sulle sue possibili applicazioni pratiche. Noi di Retina Suisse dovremmo quindi concentrarci su aspetti molto specifici. Ad esempio, l\u2019efficienza della nostra stessa associazione pu\u00f2 essere ulteriormente migliorata grazie all\u2019impiego dell\u2019IA. Inoltre, l\u2019intelligenza artificiale pu\u00f2 essere utile anche all\u2019intera comunit\u00e0 di Retina Suisse, in quanto l\u2019IA supporta in modo significativo il nostro lavoro di consulenza e informazione.<\/p>\n\n\n\n<h3 class=\"wp-block-heading\"><strong>Oggi l\u2019intelligenza artificiale \u00e8 gi\u00e0 il principale strumento informativo.<\/strong><\/h3>\n\n\n\n<p>Esattamente, l\u2019informazione \u00e8 gi\u00e0 in gran parte digitale e in futuro lo sar\u00e0 ancora molto di pi\u00f9. Quindi dobbiamo assolutamente utilizzare l\u2019IA per le nostre attivit\u00e0 tipiche. Evidentemente, migliorare i nostri servizi d\u2019informazione in questo modo significa anche rafforzare i nostri legami con la ricerca.<\/p>\n\n\n\n<h3 class=\"wp-block-heading\"><strong>E la protezione dei dati?<\/strong><\/h3>\n\n\n\n<p>Ci atterremo sempre rigorosamente alle norme generali sulla protezione dei dati. Ma dobbiamo definire la protezione dei dati in modo globale per il nostro ambito d\u2019attivit\u00e0 specifico: quali dati delle persone interessate possono essere inseriti senza problemi nei sistemi IA? Quali dati sono troppo privati o altamente rilevanti per la sicurezza? Nel nostro settore le informazioni possono risultare sensibili in men che non si dica.<\/p>\n\n\n\n<h3 class=\"wp-block-heading\"><strong>Inoltre, l\u2019opinione pubblica dovrebbe essere informata, nello specifico tramite Retina Suisse stessa.<\/strong><\/h3>\n\n\n\n<p>Ci stavo arrivando. Abbiamo una triplice missione informativa: fornire alle e ai pazienti informazioni complete e informare anche l\u2019opinione pubblica, perch\u00e9 molte delle persone colpite non ricevono ancora una consulenza adeguata. Dobbiamo anche informare meglio le oftalmologhe e gli oftalmologi.<\/p>\n\n\n\n<h3 class=\"wp-block-heading\"><strong>Informare i medici oftalmologi?<\/strong><\/h3>\n\n\n\n<p>Molti di loro non conoscono ancora Retina Suisse, o non abbastanza. Lo stesso vale per gli utilissimi opuscoli informativi che pubblichiamo sulle principali patologie oculari.<\/p>\n\n\n\n<h3 class=\"wp-block-heading\"><strong>Signor Del\u00e9traz, un\u2019ultima domanda: qual \u00e8 il suo motto nella vita?<\/strong><\/h3>\n\n\n\n<p>Essere flessibili, capaci di adattarsi. E amare semplicemente ci\u00f2 che la vita ci offre, insieme alle altre persone. Desidera un esempio concreto che mi \u00e8 venuto in mente spontaneamente?<\/p>\n\n\n\n<h3 class=\"wp-block-heading\"><strong>La spontaneit\u00e0 \u00e8 sempre ben accetta!<\/strong><\/h3>\n\n\n\n<p>\u00c8 qualcosa di molto semplice: grazie alla moderna tecnologia, posso scansionare le etichette delle bottiglie nella mia piccola enoteca e cos\u00ec trovare il nettare giusto per il momento giusto (ride).<\/p>\n","protected":false},"excerpt":{"rendered":"<p>Nell\u2019aprile 2025 il ginevrino Laurent Del\u00e9traz \u00e8 stato eletto quale settimo presidente di Retina Suisse, l\u2019associazione nazionale per le persone affette da una malattia del fondo dell\u2019occhio. In questa intervista, il 55enne parla della sua vita, della sua malattia e dei suoi progetti per Retina Suisse.<\/p>\n","protected":false},"featured_media":22631,"template":"","meta":{"_acf_changed":false,"inline_featured_image":false,"_FSMCFIC_featured_image_caption":"","_FSMCFIC_featured_image_nocaption":"","_FSMCFIC_featured_image_hide":"","footnotes":"","_links_to":"","_links_to_target":""},"categories":[143],"class_list":["post-23093","ratgeber","type-ratgeber","status-publish","has-post-thumbnail","hentry","category-consiglieri"],"acf":[],"yoast_head":"<!-- This site is optimized with the Yoast SEO plugin v27.1.1 - https:\/\/yoast.com\/product\/yoast-seo-wordpress\/ -->\n<title>\u00abDesidero rafforzare i quattro pilastri di Retina Suisse e sviluppare una strategia IA\u00bb &#8226; Retina Suisse<\/title>\n<meta name=\"robots\" content=\"index, follow, max-snippet:-1, max-image-preview:large, max-video-preview:-1\" \/>\n<link rel=\"canonical\" href=\"https:\/\/retina.ch\/it\/consiglieri\/desidero-rafforzare-i-quattro-pilastri-di-retina-suisse-e-sviluppare-una-strategia-ia\/\" \/>\n<meta property=\"og:locale\" content=\"it_IT\" \/>\n<meta property=\"og:type\" content=\"article\" \/>\n<meta property=\"og:title\" content=\"\u00abDesidero rafforzare i quattro pilastri di Retina Suisse e sviluppare una strategia IA\u00bb &#8226; Retina Suisse\" \/>\n<meta property=\"og:description\" content=\"Nell\u2019aprile 2025 il ginevrino Laurent Del\u00e9traz \u00e8 stato eletto quale settimo presidente di Retina Suisse, l\u2019associazione nazionale per le persone affette da una malattia del fondo dell\u2019occhio. In questa intervista, il 55enne parla della sua vita, della sua malattia e dei suoi progetti per Retina Suisse.\" \/>\n<meta property=\"og:url\" content=\"https:\/\/retina.ch\/it\/consiglieri\/desidero-rafforzare-i-quattro-pilastri-di-retina-suisse-e-sviluppare-una-strategia-ia\/\" \/>\n<meta property=\"og:site_name\" content=\"Retina Suisse\" \/>\n<meta property=\"article:publisher\" content=\"https:\/\/www.facebook.com\/retinasuisse\/\" \/>\n<meta property=\"article:modified_time\" content=\"2026-03-09T09:02:34+00:00\" \/>\n<meta property=\"og:image\" content=\"https:\/\/retina.ch\/wp-content\/uploads\/2025\/06\/Retina-Foto-Laurent-Inti-02-e1756299592677.jpg\" \/>\n\t<meta property=\"og:image:width\" content=\"1170\" \/>\n\t<meta property=\"og:image:height\" content=\"1144\" \/>\n\t<meta property=\"og:image:type\" content=\"image\/jpeg\" \/>\n<meta name=\"twitter:card\" content=\"summary_large_image\" \/>\n<meta name=\"twitter:label1\" content=\"Tempo di lettura stimato\" \/>\n\t<meta name=\"twitter:data1\" content=\"14 minuti\" \/>\n<script type=\"application\/ld+json\" class=\"yoast-schema-graph\">{\"@context\":\"https:\/\/schema.org\",\"@graph\":[{\"@type\":\"WebPage\",\"@id\":\"https:\/\/retina.ch\/it\/consiglieri\/desidero-rafforzare-i-quattro-pilastri-di-retina-suisse-e-sviluppare-una-strategia-ia\/\",\"url\":\"https:\/\/retina.ch\/it\/consiglieri\/desidero-rafforzare-i-quattro-pilastri-di-retina-suisse-e-sviluppare-una-strategia-ia\/\",\"name\":\"\u00abDesidero rafforzare i quattro pilastri di Retina Suisse e sviluppare una strategia IA\u00bb &#8226; Retina Suisse\",\"isPartOf\":{\"@id\":\"https:\/\/retina.ch\/it\/#website\"},\"primaryImageOfPage\":{\"@id\":\"https:\/\/retina.ch\/it\/consiglieri\/desidero-rafforzare-i-quattro-pilastri-di-retina-suisse-e-sviluppare-una-strategia-ia\/#primaryimage\"},\"image\":{\"@id\":\"https:\/\/retina.ch\/it\/consiglieri\/desidero-rafforzare-i-quattro-pilastri-di-retina-suisse-e-sviluppare-una-strategia-ia\/#primaryimage\"},\"thumbnailUrl\":\"https:\/\/retina.ch\/wp-content\/uploads\/2025\/06\/Retina-Foto-Laurent-Inti-02-e1756299592677.jpg\",\"datePublished\":\"2025-08-19T13:01:22+00:00\",\"dateModified\":\"2026-03-09T09:02:34+00:00\",\"breadcrumb\":{\"@id\":\"https:\/\/retina.ch\/it\/consiglieri\/desidero-rafforzare-i-quattro-pilastri-di-retina-suisse-e-sviluppare-una-strategia-ia\/#breadcrumb\"},\"inLanguage\":\"it-IT\",\"potentialAction\":[{\"@type\":\"ReadAction\",\"target\":[\"https:\/\/retina.ch\/it\/consiglieri\/desidero-rafforzare-i-quattro-pilastri-di-retina-suisse-e-sviluppare-una-strategia-ia\/\"]}]},{\"@type\":\"ImageObject\",\"inLanguage\":\"it-IT\",\"@id\":\"https:\/\/retina.ch\/it\/consiglieri\/desidero-rafforzare-i-quattro-pilastri-di-retina-suisse-e-sviluppare-una-strategia-ia\/#primaryimage\",\"url\":\"https:\/\/retina.ch\/wp-content\/uploads\/2025\/06\/Retina-Foto-Laurent-Inti-02-e1756299592677.jpg\",\"contentUrl\":\"https:\/\/retina.ch\/wp-content\/uploads\/2025\/06\/Retina-Foto-Laurent-Inti-02-e1756299592677.jpg\",\"width\":1170,\"height\":1144},{\"@type\":\"BreadcrumbList\",\"@id\":\"https:\/\/retina.ch\/it\/consiglieri\/desidero-rafforzare-i-quattro-pilastri-di-retina-suisse-e-sviluppare-una-strategia-ia\/#breadcrumb\",\"itemListElement\":[{\"@type\":\"ListItem\",\"position\":1,\"name\":\"Retina Suisse\",\"item\":\"https:\/\/retina.ch\/it\/\"},{\"@type\":\"ListItem\",\"position\":2,\"name\":\"\u00abDesidero rafforzare i quattro pilastri di Retina Suisse e sviluppare una strategia IA\u00bb\"}]},{\"@type\":\"WebSite\",\"@id\":\"https:\/\/retina.ch\/it\/#website\",\"url\":\"https:\/\/retina.ch\/it\/\",\"name\":\"Retina Suisse\",\"description\":\"Retina Suisse ist die Vereinigung von Patientinnen und Patienten mit Retinitis pigmentosa (RP), Makuladegeneration, Usher-Syndrom und anderen Erkrankungen des Augenhintergrundes.\",\"publisher\":{\"@id\":\"https:\/\/retina.ch\/it\/#organization\"},\"potentialAction\":[{\"@type\":\"SearchAction\",\"target\":{\"@type\":\"EntryPoint\",\"urlTemplate\":\"https:\/\/retina.ch\/it\/?s={search_term_string}\"},\"query-input\":{\"@type\":\"PropertyValueSpecification\",\"valueRequired\":true,\"valueName\":\"search_term_string\"}}],\"inLanguage\":\"it-IT\"},{\"@type\":\"Organization\",\"@id\":\"https:\/\/retina.ch\/it\/#organization\",\"name\":\"Retina Suisse\",\"url\":\"https:\/\/retina.ch\/it\/\",\"logo\":{\"@type\":\"ImageObject\",\"inLanguage\":\"it-IT\",\"@id\":\"https:\/\/retina.ch\/it\/#\/schema\/logo\/image\/\",\"url\":\"https:\/\/retina.ch\/wp-content\/uploads\/2020\/09\/retina-auge-typo.svg\",\"contentUrl\":\"https:\/\/retina.ch\/wp-content\/uploads\/2020\/09\/retina-auge-typo.svg\",\"width\":\"1024\",\"height\":\"1024\",\"caption\":\"Retina Suisse\"},\"image\":{\"@id\":\"https:\/\/retina.ch\/it\/#\/schema\/logo\/image\/\"},\"sameAs\":[\"https:\/\/www.facebook.com\/retinasuisse\/\"]}]}<\/script>\n<!-- \/ Yoast SEO plugin. -->","yoast_head_json":{"title":"\u00abDesidero rafforzare i quattro pilastri di Retina Suisse e sviluppare una strategia IA\u00bb &#8226; Retina Suisse","robots":{"index":"index","follow":"follow","max-snippet":"max-snippet:-1","max-image-preview":"max-image-preview:large","max-video-preview":"max-video-preview:-1"},"canonical":"https:\/\/retina.ch\/it\/consiglieri\/desidero-rafforzare-i-quattro-pilastri-di-retina-suisse-e-sviluppare-una-strategia-ia\/","og_locale":"it_IT","og_type":"article","og_title":"\u00abDesidero rafforzare i quattro pilastri di Retina Suisse e sviluppare una strategia IA\u00bb &#8226; Retina Suisse","og_description":"Nell\u2019aprile 2025 il ginevrino Laurent Del\u00e9traz \u00e8 stato eletto quale settimo presidente di Retina Suisse, l\u2019associazione nazionale per le persone affette da una malattia del fondo dell\u2019occhio. In questa intervista, il 55enne parla della sua vita, della sua malattia e dei suoi progetti per Retina Suisse.","og_url":"https:\/\/retina.ch\/it\/consiglieri\/desidero-rafforzare-i-quattro-pilastri-di-retina-suisse-e-sviluppare-una-strategia-ia\/","og_site_name":"Retina Suisse","article_publisher":"https:\/\/www.facebook.com\/retinasuisse\/","article_modified_time":"2026-03-09T09:02:34+00:00","og_image":[{"width":1170,"height":1144,"url":"https:\/\/retina.ch\/wp-content\/uploads\/2025\/06\/Retina-Foto-Laurent-Inti-02-e1756299592677.jpg","type":"image\/jpeg"}],"twitter_card":"summary_large_image","twitter_misc":{"Tempo di lettura stimato":"14 minuti"},"schema":{"@context":"https:\/\/schema.org","@graph":[{"@type":"WebPage","@id":"https:\/\/retina.ch\/it\/consiglieri\/desidero-rafforzare-i-quattro-pilastri-di-retina-suisse-e-sviluppare-una-strategia-ia\/","url":"https:\/\/retina.ch\/it\/consiglieri\/desidero-rafforzare-i-quattro-pilastri-di-retina-suisse-e-sviluppare-una-strategia-ia\/","name":"\u00abDesidero rafforzare i quattro pilastri di Retina Suisse e sviluppare una strategia IA\u00bb &#8226; Retina Suisse","isPartOf":{"@id":"https:\/\/retina.ch\/it\/#website"},"primaryImageOfPage":{"@id":"https:\/\/retina.ch\/it\/consiglieri\/desidero-rafforzare-i-quattro-pilastri-di-retina-suisse-e-sviluppare-una-strategia-ia\/#primaryimage"},"image":{"@id":"https:\/\/retina.ch\/it\/consiglieri\/desidero-rafforzare-i-quattro-pilastri-di-retina-suisse-e-sviluppare-una-strategia-ia\/#primaryimage"},"thumbnailUrl":"https:\/\/retina.ch\/wp-content\/uploads\/2025\/06\/Retina-Foto-Laurent-Inti-02-e1756299592677.jpg","datePublished":"2025-08-19T13:01:22+00:00","dateModified":"2026-03-09T09:02:34+00:00","breadcrumb":{"@id":"https:\/\/retina.ch\/it\/consiglieri\/desidero-rafforzare-i-quattro-pilastri-di-retina-suisse-e-sviluppare-una-strategia-ia\/#breadcrumb"},"inLanguage":"it-IT","potentialAction":[{"@type":"ReadAction","target":["https:\/\/retina.ch\/it\/consiglieri\/desidero-rafforzare-i-quattro-pilastri-di-retina-suisse-e-sviluppare-una-strategia-ia\/"]}]},{"@type":"ImageObject","inLanguage":"it-IT","@id":"https:\/\/retina.ch\/it\/consiglieri\/desidero-rafforzare-i-quattro-pilastri-di-retina-suisse-e-sviluppare-una-strategia-ia\/#primaryimage","url":"https:\/\/retina.ch\/wp-content\/uploads\/2025\/06\/Retina-Foto-Laurent-Inti-02-e1756299592677.jpg","contentUrl":"https:\/\/retina.ch\/wp-content\/uploads\/2025\/06\/Retina-Foto-Laurent-Inti-02-e1756299592677.jpg","width":1170,"height":1144},{"@type":"BreadcrumbList","@id":"https:\/\/retina.ch\/it\/consiglieri\/desidero-rafforzare-i-quattro-pilastri-di-retina-suisse-e-sviluppare-una-strategia-ia\/#breadcrumb","itemListElement":[{"@type":"ListItem","position":1,"name":"Retina Suisse","item":"https:\/\/retina.ch\/it\/"},{"@type":"ListItem","position":2,"name":"\u00abDesidero rafforzare i quattro pilastri di Retina Suisse e sviluppare una strategia IA\u00bb"}]},{"@type":"WebSite","@id":"https:\/\/retina.ch\/it\/#website","url":"https:\/\/retina.ch\/it\/","name":"Retina Suisse","description":"Retina Suisse ist die Vereinigung von Patientinnen und Patienten mit Retinitis pigmentosa (RP), Makuladegeneration, Usher-Syndrom und anderen Erkrankungen des Augenhintergrundes.","publisher":{"@id":"https:\/\/retina.ch\/it\/#organization"},"potentialAction":[{"@type":"SearchAction","target":{"@type":"EntryPoint","urlTemplate":"https:\/\/retina.ch\/it\/?s={search_term_string}"},"query-input":{"@type":"PropertyValueSpecification","valueRequired":true,"valueName":"search_term_string"}}],"inLanguage":"it-IT"},{"@type":"Organization","@id":"https:\/\/retina.ch\/it\/#organization","name":"Retina Suisse","url":"https:\/\/retina.ch\/it\/","logo":{"@type":"ImageObject","inLanguage":"it-IT","@id":"https:\/\/retina.ch\/it\/#\/schema\/logo\/image\/","url":"https:\/\/retina.ch\/wp-content\/uploads\/2020\/09\/retina-auge-typo.svg","contentUrl":"https:\/\/retina.ch\/wp-content\/uploads\/2020\/09\/retina-auge-typo.svg","width":"1024","height":"1024","caption":"Retina Suisse"},"image":{"@id":"https:\/\/retina.ch\/it\/#\/schema\/logo\/image\/"},"sameAs":["https:\/\/www.facebook.com\/retinasuisse\/"]}]}},"_links":{"self":[{"href":"https:\/\/retina.ch\/it\/wp-json\/wp\/v2\/ratgeber\/23093","targetHints":{"allow":["GET"]}}],"collection":[{"href":"https:\/\/retina.ch\/it\/wp-json\/wp\/v2\/ratgeber"}],"about":[{"href":"https:\/\/retina.ch\/it\/wp-json\/wp\/v2\/types\/ratgeber"}],"version-history":[{"count":7,"href":"https:\/\/retina.ch\/it\/wp-json\/wp\/v2\/ratgeber\/23093\/revisions"}],"predecessor-version":[{"id":25956,"href":"https:\/\/retina.ch\/it\/wp-json\/wp\/v2\/ratgeber\/23093\/revisions\/25956"}],"wp:featuredmedia":[{"embeddable":true,"href":"https:\/\/retina.ch\/it\/wp-json\/wp\/v2\/media\/22631"}],"wp:attachment":[{"href":"https:\/\/retina.ch\/it\/wp-json\/wp\/v2\/media?parent=23093"}],"wp:term":[{"taxonomy":"category","embeddable":true,"href":"https:\/\/retina.ch\/it\/wp-json\/wp\/v2\/categories?post=23093"}],"curies":[{"name":"wp","href":"https:\/\/api.w.org\/{rel}","templated":true}]}}