{"id":23621,"date":"2025-09-23T19:47:33","date_gmt":"2025-09-23T17:47:33","guid":{"rendered":"https:\/\/retina.ch\/?post_type=ratgeber&#038;p=23621"},"modified":"2025-09-24T15:08:53","modified_gmt":"2025-09-24T13:08:53","slug":"amd-in-fase-iniziale-sciacquare-i-depositi-dilipidi-dannosi","status":"publish","type":"ratgeber","link":"https:\/\/retina.ch\/it\/consiglieri\/amd-in-fase-iniziale-sciacquare-i-depositi-dilipidi-dannosi\/","title":{"rendered":"AMD in fase iniziale: \u00absciacquare\u00bb i depositi di lipidi dannosi?"},"content":{"rendered":"\n<p><strong>Perch\u00e9 e come si formano depositi proprio nel punto della visione pi\u00f9 nitida (macula) che conducono alla degenerazione maculare legata all\u2019et\u00e0 (AMD)? Ricercatori e ricercatrici americani hanno scoperto il<br>meccanismo:&nbsp;un tipo di carboidrato che pu\u00f2 accumularsi in prossimit\u00e0 della macula sembra attirare gli scarti metabolici che danneggiano i fotorecettori. Questa scoperta apre prospettive per un futuro trattamento dell\u2019AMD in fase iniziale, ad esempio somministrando uno specifico anticoagulante.<\/strong><br><br>Peter Jankovsky, comunicazione Retina Suisse, peter.jankovsky@retina.ch<br><br>Nella degenerazione maculare legata all\u2019et\u00e0, la macula &#8211; ossia l\u2019area della visione pi\u00f9 nitida &#8211; viene gradualmente danneggiata. Un processo che va avanti fino a quando, ad esempio, non sar\u00e0 pi\u00f9 possibile  eggere o riconoscere i volti.<br><br>La visione periferica, cio\u00e8 la percezione visiva laterale, invece non \u00e8 toccata. In genere, esperte ed esperti in oftalmologia reputano l\u2019AMD la causa pi\u00f9 frequente di cecit\u00e0 nei paesi industrializzati.<br><br><strong>Qualche nozione di anatomia<\/strong><br><br>L\u2019AMD \u00e8 causata da un disturbo del metabolismo nella retina. Per comprendere questo meccanismo, \u00e8 necessario spiegare brevemente la stratificazione della parte posteriore del bulbo oculare, dal quale il nervo ottico conduce al cervello.<br><br>La retina costituisce lo strato interno del bulbo oculare. \u00c8 circondata dalla coroide, che fornisce ossigeno e sostanze nutritive agli strati esterni della retina. Nella parte pi\u00f9 esterna troviamo la sclera, ossia il<br>rivestimento esterno di colore bianco del bulbo oculare.<br><br>La retina stessa \u00e8 composta da dieci strati: nove di questi formano la retina neuronale o neuroretina, dove troviamo i fotorecettori, i nervi e le fibre nervose. L\u2019epitelio pigmentato retinico (RPE), invece, rappresenta lo strato pi\u00f9 esterno della retina e poggia direttamente sulla coroide.<br><br>L\u2019RPE forma la barriera emato-retinica esterna. Quest\u2019ultima protegge la neuroretina dai componenti del sangue e del sistema immunitario periferico. Inoltre, l\u2019RPE fornisce ai fotorecettori le sostanze nutritive e partecipa alla rimozione dei prodotti di scarto metabolici.<br><br><strong>Depositi sulla membrana di Bruch: i cosiddetti \u00abdrusen\u00bb<\/strong><br><br>Tra l\u2019RPE e la coroide si trova la membrana di Bruch. Si tratta di un sottile strato di separazione, la cui funzione principale consiste nel trasportare sostanze nutritive e fluidi tra la coroide e la retina.<br><br>L\u2019AMD inizia con la formazione di depositi sulla membrana di Bruch. Pi\u00f9 precisamente nell\u2019area della macula, la zona di visione pi\u00f9 nitida, situata pi\u00f9 o meno al centro della retina.<br><br>I depositi, chiamati anche \u00abdrusen\u00bb, si riscontrano tipicamente nelle fasi iniziali e mediane dell\u2019AMD e sono costituiti da grassi (lipidi) e proteine. Si tratta di scarti metabolici dell\u2019occhio che non possono essere rimossi. Il termine tecnico di questa condizione \u00e8 \u00abritenzione lipoproteica\u00bb.<br><br><strong>Un carboidrato chiamato eparan solfato attira i grassi<\/strong><br><br>Ci si chiede perch\u00e9 si verifichi questa ritenzione o perch\u00e9 la rimozione non funzioni ovunque in modo corretto e completo. Durante uno studio di laboratorio, ricercatrici e ricercatori americani dello Shiley Eye<br>Institute della University of California San Diego School of Medicine, capitanati dal dr. Christopher B. Toomey, ne hanno scoperto la ragione.<br><br>Sono riusciti a identificare un carboidrato complesso chiamato eparan solfato che svolge un ruolo decisivo nell\u2019aderenza delle lipoproteine alla membrana di Bruch.<br><br>Il team di ricerca ha analizzato campioni di tessuto AMD post-mortem utilizzando la microscopia elettronica a scansione (SEM). Tale analisi ha rilevato accumuli di particelle simili a lipoproteine che si trovavano sul lato della membrana di Bruch rivolto verso l\u2019epitelio pigmentato retinico e nelle immediate vicinanze di microzone con eparan solfato. \u00c8 stato inoltre scoperto che il tessuto retinico di pazienti deceduti affetti da AMD conteneva accumuli significativamente maggiori di eparan solfato sulla membrana di Bruch nell\u2019area maculare rispetto a quello di persone che non soffrivano di AMD.<br><br>La conclusione decisiva \u00e8 la seguente: le particelle simili alle lipoproteine, come le HDL (lipoproteine ad alta densit\u00e0), si accumulano nelle aree ricche di eparan solfato. Secondo il team di ricerca, ci\u00f2 indica che l\u2019eparan solfato pu\u00f2 a tutti gli effetti attirare queste particelle. Ci\u00f2 solleva una questione fondamentale: quali sono le ragioni di una maggiore presenza di eparan solfato sulla membrana di Bruch, in particolare proprio nell\u2019area della macula? Il team di ricerca americano non ha ancora trovato una risposta a questa domanda.<br><br><strong>Un anticoagulante potrebbe rivelarsi utile<\/strong><br><br>Il team di ricerca invece ha fatto una scoperta diversa. Ha analizzato campioni di membrana di Bruch di pazienti affetti da AMD utilizzando un microbiosensore a cristallo di quarzo.<br><br>Il team non solo \u00e8 riuscito a dimostrare che l\u2019eparan solfato \u00e8 essenziale per legare le lipoproteine: ha anche scoperto che la variante solubile dell\u2019eparan solfato \u00e8 in grado di rimuovere i drusen, ossia le lipoproteine depositate sulla membrana di Bruch.<br><br>Nell\u2019ambito del loro studio di laboratorio, le ricercatrici e i ricercatori hanno dimostrato che sarebbe possibile prevenire o invertire l\u2019accumulo di lipoproteine nella membrana di Bruch.<br><br>Secondo quanto da loro dichiarato, le forme di eparina prive di effetto anti-coagulante potrebbero rappresentare un potenziale metodo di trattamento. Tali forme potrebbero aiutare, per cos\u00ec dire, a \u00absciacquare\u00bb i lipidi dannosi, senza i rischi di sanguinamento associati alla normale eparina.<br><br>Alla stregua dell\u2019eparan solfato, anche l\u2019eparina \u00e8 un carboidrato complesso; in genere l\u2019eparina \u00e8 nota per il suo effetto anticoagulante. Di conseguenza, viene impiegata come farmaco per la prevenzione e il<br>trattamento dei coaguli di sangue.<br><br><strong>Prevenire l\u2019AMD nella sua fase iniziale? Sono necessarie ulteriori ricerche sulla membrana di Bruch<\/strong><br><br>In un comunicato stampa rilasciato in occasione della pubblicazione dello studio di laboratorio, la San Diego School of Medicine dell\u2019Universit\u00e0 della California afferma che la scoperta di questa \u00abinterazione appiccicosa\u00bb mediata dall\u2019eparan solfato indica future opzioni terapeutiche.<br><br>La comprensione pato-biologica della formazione dei drusen, ora ampliata, \u00abpotrebbe essere una possibilit\u00e0 per prevenire o addirittura invertire i segni precoci dell\u2019AMD, prima che si verifichi una perdita  della vista\u00bb.<\/p>\n\n\n\n<p>Il ruolo della membrana di Bruch \u00e8 quindi altrettanto importante, scrive il team di ricerca nel corrispondente articolo specialistico sullo studio di laboratorio in questione. Per quanto riguarda la formazione dei drusen, la membrana sar\u00e0 oggetto di studi futuri e si sta dimostrando<br>estremamente rilevante per la patogenesi dell\u2019AMD.<br><br><strong>Un effetto negativo \u00e8 dato dai drusen di dimensioni piuttosto grandi<\/strong><br><br>In particolare i drusen di grandi dimensioni possono causare un disturbo e una perdita di tessuto negli strati esterni della retina (dove si trovano anche i fotorecettori). Spesso si osserva una ridotta sensibilit\u00e0 della retina direttamente sopra tali drusen.<br><br>Inoltre, l\u2019atrofia geografica insorge spesso a causa di drusen di grandi dimensioni: si tratta di una delle due varianti cliniche dell\u2019AMD in fase avanzata o tardiva. Il tessuto retinico, in particolare la macula,<br>regredisce in modo irreversibile e la morte di queste cellule retiniche crea zone atrofiche vuote che non consentono pi\u00f9 l\u2019elaborazione della luce e delle immagini.<br><br>L\u2019altra variante, pi\u00f9 rara, dell\u2019AMD tardiva \u00e8 la forma umida, detta anche neovascolare, con la formazione patologica di vasi sanguigni permeabili che danneggiano il tessuto retinico.<br><br>Fonti:<br><br><a href=\"https:\/\/www.pnas.org\/doi\/10.1073\/pnas.2500727122\">Bericht \u00fcber die Laborstudie: Proceedings of the National Academy of Sciences (PNAS 2025; DOI: 10.1073\/pnas.2500727122)<\/a>; <a href=\"https:\/\/www.aerzteblatt.de\/news\/heparansulfat-als-schlusselelement-fur-lipoprotein-retention-in-fruhstadien-der-amd-identifiziert-dbddd93a-1cb4-451d-8d43-6040f617e58f\">Heparansulfat als Schl\u00fcsselelement f\u00fcr Lipoprotein-Retention in Fr\u00fchstadien der AMD identifiziert \u2013 Deutsches \u00c4rzteblatt<\/a>; <a href=\"https:\/\/flexikon.doccheck.com\/de\/Bruch-Membran#:~:text=Die%20Bruch%2DMembran%20ist%20eine,dem%20RPE%20und%20der%20Choriokapillaris.\">Drusen, Bruchsche Membran \u2013 flexikon.doccheck.com<\/a>; <a href=\"https:\/\/flexikon.doccheck.com\/de\/Retinales_Pigmentepithel\">RPE \u2013 flexikon.doccheck.com<\/a>; Anatomie Augapfel \u2013 <a href=\"https:\/\/flexikon.doccheck.com\/de\/Choroidea#:~:text=3.-,Funktion,noch%20nicht%20vollst%C3%A4ndig%20aufgekl%C3%A4rt%20ist.\">flexikon.doccheck.com<\/a>; <a href=\"https:\/\/www.kenhub.com\/de\/library\/anatomie\/retina-histologie\">kenhub.com<\/a><\/p>\n\n\n\n<p><\/p>\n","protected":false},"excerpt":{"rendered":"<p>Perch\u00e9 e come si formano depositi proprio nel punto della visione pi\u00f9 nitida (macula) che conducono alla degenerazione maculare legata all\u2019et\u00e0 (AMD)? Un tipo di carboidrato che pu\u00f2 accumularsi in prossimit\u00e0 della macula sembra attirare gli scarti metabolici che danneggiano i fotorecettori.<\/p>\n","protected":false},"featured_media":23539,"template":"","meta":{"_acf_changed":false,"inline_featured_image":false,"_FSMCFIC_featured_image_caption":"","_FSMCFIC_featured_image_nocaption":"1","_FSMCFIC_featured_image_hide":"","footnotes":"","_links_to":"","_links_to_target":""},"categories":[71],"class_list":["post-23621","ratgeber","type-ratgeber","status-publish","has-post-thumbnail","hentry","category-ricerca"],"acf":[],"yoast_head":"<!-- This site is optimized with the Yoast SEO plugin v27.1.1 - https:\/\/yoast.com\/product\/yoast-seo-wordpress\/ -->\n<title>AMD in fase iniziale: \u00absciacquare\u00bb i depositi di lipidi dannosi? &#8226; Retina Suisse<\/title>\n<meta name=\"robots\" content=\"index, follow, max-snippet:-1, max-image-preview:large, max-video-preview:-1\" \/>\n<link rel=\"canonical\" href=\"https:\/\/retina.ch\/it\/consiglieri\/amd-in-fase-iniziale-sciacquare-i-depositi-dilipidi-dannosi\/\" \/>\n<meta property=\"og:locale\" content=\"it_IT\" \/>\n<meta property=\"og:type\" content=\"article\" \/>\n<meta property=\"og:title\" content=\"AMD in fase iniziale: \u00absciacquare\u00bb i depositi di lipidi dannosi? &#8226; Retina Suisse\" \/>\n<meta property=\"og:description\" content=\"Perch\u00e9 e come si formano depositi proprio nel punto della visione pi\u00f9 nitida (macula) che conducono alla degenerazione maculare legata all\u2019et\u00e0 (AMD)? Un tipo di carboidrato che pu\u00f2 accumularsi in prossimit\u00e0 della macula sembra attirare gli scarti metabolici che danneggiano i fotorecettori.\" \/>\n<meta property=\"og:url\" content=\"https:\/\/retina.ch\/it\/consiglieri\/amd-in-fase-iniziale-sciacquare-i-depositi-dilipidi-dannosi\/\" \/>\n<meta property=\"og:site_name\" content=\"Retina Suisse\" \/>\n<meta property=\"article:publisher\" content=\"https:\/\/www.facebook.com\/retinasuisse\/\" \/>\n<meta property=\"article:modified_time\" content=\"2025-09-24T13:08:53+00:00\" \/>\n<meta property=\"og:image\" content=\"https:\/\/retina.ch\/wp-content\/uploads\/2025\/09\/laser-operation-5091179_1920-aaaa.jpg\" \/>\n\t<meta property=\"og:image:width\" content=\"1423\" \/>\n\t<meta property=\"og:image:height\" content=\"1021\" \/>\n\t<meta property=\"og:image:type\" content=\"image\/jpeg\" \/>\n<meta name=\"twitter:card\" content=\"summary_large_image\" \/>\n<meta name=\"twitter:label1\" content=\"Tempo di lettura stimato\" \/>\n\t<meta name=\"twitter:data1\" content=\"7 minuti\" \/>\n<script type=\"application\/ld+json\" class=\"yoast-schema-graph\">{\"@context\":\"https:\/\/schema.org\",\"@graph\":[{\"@type\":\"WebPage\",\"@id\":\"https:\/\/retina.ch\/it\/consiglieri\/amd-in-fase-iniziale-sciacquare-i-depositi-dilipidi-dannosi\/\",\"url\":\"https:\/\/retina.ch\/it\/consiglieri\/amd-in-fase-iniziale-sciacquare-i-depositi-dilipidi-dannosi\/\",\"name\":\"AMD in fase iniziale: \u00absciacquare\u00bb i depositi di lipidi dannosi? &#8226; Retina Suisse\",\"isPartOf\":{\"@id\":\"https:\/\/retina.ch\/it\/#website\"},\"primaryImageOfPage\":{\"@id\":\"https:\/\/retina.ch\/it\/consiglieri\/amd-in-fase-iniziale-sciacquare-i-depositi-dilipidi-dannosi\/#primaryimage\"},\"image\":{\"@id\":\"https:\/\/retina.ch\/it\/consiglieri\/amd-in-fase-iniziale-sciacquare-i-depositi-dilipidi-dannosi\/#primaryimage\"},\"thumbnailUrl\":\"https:\/\/retina.ch\/wp-content\/uploads\/2025\/09\/laser-operation-5091179_1920-aaaa.jpg\",\"datePublished\":\"2025-09-23T17:47:33+00:00\",\"dateModified\":\"2025-09-24T13:08:53+00:00\",\"breadcrumb\":{\"@id\":\"https:\/\/retina.ch\/it\/consiglieri\/amd-in-fase-iniziale-sciacquare-i-depositi-dilipidi-dannosi\/#breadcrumb\"},\"inLanguage\":\"it-IT\",\"potentialAction\":[{\"@type\":\"ReadAction\",\"target\":[\"https:\/\/retina.ch\/it\/consiglieri\/amd-in-fase-iniziale-sciacquare-i-depositi-dilipidi-dannosi\/\"]}]},{\"@type\":\"ImageObject\",\"inLanguage\":\"it-IT\",\"@id\":\"https:\/\/retina.ch\/it\/consiglieri\/amd-in-fase-iniziale-sciacquare-i-depositi-dilipidi-dannosi\/#primaryimage\",\"url\":\"https:\/\/retina.ch\/wp-content\/uploads\/2025\/09\/laser-operation-5091179_1920-aaaa.jpg\",\"contentUrl\":\"https:\/\/retina.ch\/wp-content\/uploads\/2025\/09\/laser-operation-5091179_1920-aaaa.jpg\",\"width\":1423,\"height\":1021},{\"@type\":\"BreadcrumbList\",\"@id\":\"https:\/\/retina.ch\/it\/consiglieri\/amd-in-fase-iniziale-sciacquare-i-depositi-dilipidi-dannosi\/#breadcrumb\",\"itemListElement\":[{\"@type\":\"ListItem\",\"position\":1,\"name\":\"Retina Suisse\",\"item\":\"https:\/\/retina.ch\/it\/\"},{\"@type\":\"ListItem\",\"position\":2,\"name\":\"AMD in fase iniziale: \u00absciacquare\u00bb i depositi di lipidi dannosi?\"}]},{\"@type\":\"WebSite\",\"@id\":\"https:\/\/retina.ch\/it\/#website\",\"url\":\"https:\/\/retina.ch\/it\/\",\"name\":\"Retina Suisse\",\"description\":\"Retina Suisse ist die Vereinigung von Patientinnen und Patienten mit Retinitis pigmentosa (RP), Makuladegeneration, Usher-Syndrom und anderen Erkrankungen des Augenhintergrundes.\",\"publisher\":{\"@id\":\"https:\/\/retina.ch\/it\/#organization\"},\"potentialAction\":[{\"@type\":\"SearchAction\",\"target\":{\"@type\":\"EntryPoint\",\"urlTemplate\":\"https:\/\/retina.ch\/it\/?s={search_term_string}\"},\"query-input\":{\"@type\":\"PropertyValueSpecification\",\"valueRequired\":true,\"valueName\":\"search_term_string\"}}],\"inLanguage\":\"it-IT\"},{\"@type\":\"Organization\",\"@id\":\"https:\/\/retina.ch\/it\/#organization\",\"name\":\"Retina Suisse\",\"url\":\"https:\/\/retina.ch\/it\/\",\"logo\":{\"@type\":\"ImageObject\",\"inLanguage\":\"it-IT\",\"@id\":\"https:\/\/retina.ch\/it\/#\/schema\/logo\/image\/\",\"url\":\"https:\/\/retina.ch\/wp-content\/uploads\/2020\/09\/retina-auge-typo.svg\",\"contentUrl\":\"https:\/\/retina.ch\/wp-content\/uploads\/2020\/09\/retina-auge-typo.svg\",\"width\":\"1024\",\"height\":\"1024\",\"caption\":\"Retina Suisse\"},\"image\":{\"@id\":\"https:\/\/retina.ch\/it\/#\/schema\/logo\/image\/\"},\"sameAs\":[\"https:\/\/www.facebook.com\/retinasuisse\/\"]}]}<\/script>\n<!-- \/ Yoast SEO plugin. -->","yoast_head_json":{"title":"AMD in fase iniziale: \u00absciacquare\u00bb i depositi di lipidi dannosi? &#8226; Retina Suisse","robots":{"index":"index","follow":"follow","max-snippet":"max-snippet:-1","max-image-preview":"max-image-preview:large","max-video-preview":"max-video-preview:-1"},"canonical":"https:\/\/retina.ch\/it\/consiglieri\/amd-in-fase-iniziale-sciacquare-i-depositi-dilipidi-dannosi\/","og_locale":"it_IT","og_type":"article","og_title":"AMD in fase iniziale: \u00absciacquare\u00bb i depositi di lipidi dannosi? &#8226; Retina Suisse","og_description":"Perch\u00e9 e come si formano depositi proprio nel punto della visione pi\u00f9 nitida (macula) che conducono alla degenerazione maculare legata all\u2019et\u00e0 (AMD)? Un tipo di carboidrato che pu\u00f2 accumularsi in prossimit\u00e0 della macula sembra attirare gli scarti metabolici che danneggiano i fotorecettori.","og_url":"https:\/\/retina.ch\/it\/consiglieri\/amd-in-fase-iniziale-sciacquare-i-depositi-dilipidi-dannosi\/","og_site_name":"Retina Suisse","article_publisher":"https:\/\/www.facebook.com\/retinasuisse\/","article_modified_time":"2025-09-24T13:08:53+00:00","og_image":[{"width":1423,"height":1021,"url":"https:\/\/retina.ch\/wp-content\/uploads\/2025\/09\/laser-operation-5091179_1920-aaaa.jpg","type":"image\/jpeg"}],"twitter_card":"summary_large_image","twitter_misc":{"Tempo di lettura stimato":"7 minuti"},"schema":{"@context":"https:\/\/schema.org","@graph":[{"@type":"WebPage","@id":"https:\/\/retina.ch\/it\/consiglieri\/amd-in-fase-iniziale-sciacquare-i-depositi-dilipidi-dannosi\/","url":"https:\/\/retina.ch\/it\/consiglieri\/amd-in-fase-iniziale-sciacquare-i-depositi-dilipidi-dannosi\/","name":"AMD in fase iniziale: \u00absciacquare\u00bb i depositi di lipidi dannosi? &#8226; Retina Suisse","isPartOf":{"@id":"https:\/\/retina.ch\/it\/#website"},"primaryImageOfPage":{"@id":"https:\/\/retina.ch\/it\/consiglieri\/amd-in-fase-iniziale-sciacquare-i-depositi-dilipidi-dannosi\/#primaryimage"},"image":{"@id":"https:\/\/retina.ch\/it\/consiglieri\/amd-in-fase-iniziale-sciacquare-i-depositi-dilipidi-dannosi\/#primaryimage"},"thumbnailUrl":"https:\/\/retina.ch\/wp-content\/uploads\/2025\/09\/laser-operation-5091179_1920-aaaa.jpg","datePublished":"2025-09-23T17:47:33+00:00","dateModified":"2025-09-24T13:08:53+00:00","breadcrumb":{"@id":"https:\/\/retina.ch\/it\/consiglieri\/amd-in-fase-iniziale-sciacquare-i-depositi-dilipidi-dannosi\/#breadcrumb"},"inLanguage":"it-IT","potentialAction":[{"@type":"ReadAction","target":["https:\/\/retina.ch\/it\/consiglieri\/amd-in-fase-iniziale-sciacquare-i-depositi-dilipidi-dannosi\/"]}]},{"@type":"ImageObject","inLanguage":"it-IT","@id":"https:\/\/retina.ch\/it\/consiglieri\/amd-in-fase-iniziale-sciacquare-i-depositi-dilipidi-dannosi\/#primaryimage","url":"https:\/\/retina.ch\/wp-content\/uploads\/2025\/09\/laser-operation-5091179_1920-aaaa.jpg","contentUrl":"https:\/\/retina.ch\/wp-content\/uploads\/2025\/09\/laser-operation-5091179_1920-aaaa.jpg","width":1423,"height":1021},{"@type":"BreadcrumbList","@id":"https:\/\/retina.ch\/it\/consiglieri\/amd-in-fase-iniziale-sciacquare-i-depositi-dilipidi-dannosi\/#breadcrumb","itemListElement":[{"@type":"ListItem","position":1,"name":"Retina Suisse","item":"https:\/\/retina.ch\/it\/"},{"@type":"ListItem","position":2,"name":"AMD in fase iniziale: \u00absciacquare\u00bb i depositi di lipidi dannosi?"}]},{"@type":"WebSite","@id":"https:\/\/retina.ch\/it\/#website","url":"https:\/\/retina.ch\/it\/","name":"Retina Suisse","description":"Retina Suisse ist die Vereinigung von Patientinnen und Patienten mit Retinitis pigmentosa (RP), Makuladegeneration, Usher-Syndrom und anderen Erkrankungen des Augenhintergrundes.","publisher":{"@id":"https:\/\/retina.ch\/it\/#organization"},"potentialAction":[{"@type":"SearchAction","target":{"@type":"EntryPoint","urlTemplate":"https:\/\/retina.ch\/it\/?s={search_term_string}"},"query-input":{"@type":"PropertyValueSpecification","valueRequired":true,"valueName":"search_term_string"}}],"inLanguage":"it-IT"},{"@type":"Organization","@id":"https:\/\/retina.ch\/it\/#organization","name":"Retina Suisse","url":"https:\/\/retina.ch\/it\/","logo":{"@type":"ImageObject","inLanguage":"it-IT","@id":"https:\/\/retina.ch\/it\/#\/schema\/logo\/image\/","url":"https:\/\/retina.ch\/wp-content\/uploads\/2020\/09\/retina-auge-typo.svg","contentUrl":"https:\/\/retina.ch\/wp-content\/uploads\/2020\/09\/retina-auge-typo.svg","width":"1024","height":"1024","caption":"Retina Suisse"},"image":{"@id":"https:\/\/retina.ch\/it\/#\/schema\/logo\/image\/"},"sameAs":["https:\/\/www.facebook.com\/retinasuisse\/"]}]}},"_links":{"self":[{"href":"https:\/\/retina.ch\/it\/wp-json\/wp\/v2\/ratgeber\/23621","targetHints":{"allow":["GET"]}}],"collection":[{"href":"https:\/\/retina.ch\/it\/wp-json\/wp\/v2\/ratgeber"}],"about":[{"href":"https:\/\/retina.ch\/it\/wp-json\/wp\/v2\/types\/ratgeber"}],"version-history":[{"count":5,"href":"https:\/\/retina.ch\/it\/wp-json\/wp\/v2\/ratgeber\/23621\/revisions"}],"predecessor-version":[{"id":23663,"href":"https:\/\/retina.ch\/it\/wp-json\/wp\/v2\/ratgeber\/23621\/revisions\/23663"}],"wp:featuredmedia":[{"embeddable":true,"href":"https:\/\/retina.ch\/it\/wp-json\/wp\/v2\/media\/23539"}],"wp:attachment":[{"href":"https:\/\/retina.ch\/it\/wp-json\/wp\/v2\/media?parent=23621"}],"wp:term":[{"taxonomy":"category","embeddable":true,"href":"https:\/\/retina.ch\/it\/wp-json\/wp\/v2\/categories?post=23621"}],"curies":[{"name":"wp","href":"https:\/\/api.w.org\/{rel}","templated":true}]}}