{"id":24395,"date":"2025-11-18T13:34:04","date_gmt":"2025-11-18T12:34:04","guid":{"rendered":"https:\/\/retina.ch\/?post_type=ratgeber&#038;p=24395"},"modified":"2026-03-09T08:56:51","modified_gmt":"2026-03-09T07:56:51","slug":"retina-suisse-puo-diventare-il-principale-punto-di-contatto-per-persone-affette-da-patologie-oculari","status":"publish","type":"ratgeber","link":"https:\/\/retina.ch\/it\/consiglieri\/retina-suisse-puo-diventare-il-principale-punto-di-contatto-per-persone-affette-da-patologie-oculari\/","title":{"rendered":"\u00abRetina Suisse pu\u00f2 diventare il principale punto di contatto per persone affette da patologie oculari\u00bb"},"content":{"rendered":"\n<p><strong>L\u2019ex presidente di Retina Suisse, Susanne Trudel (53), da dicembre 2025 sar\u00e0 la nuova direttrice dell\u2019associazione di pazienti. In questa intervista, ci parla dei suoi progetti e ci racconta com\u2019\u00e8 iniziata la sua storia da Retina Suisse.<\/strong><\/p>\n\n\n\n<p>Intervista: Peter Jankovsky, comunicazione Retina Suisse, <a href=\"mailto:peter.jankovsky@retina.ch\">peter.jankovsky@retina.ch<\/a><\/p>\n\n\n\n<h3 class=\"wp-block-heading\"><strong>Signora Trudel, sta per assumere la funzione di direttrice di Retina Suisse. Pure lei fa parte delle persone colpite, poich\u00e9 soffre di retinite pigmentosa. Possiamo affermare che ha trovato il lavoro dei suoi sogni?<\/strong><\/h3>\n\n\n\n<p>Susanne Trudel: Direi proprio di s\u00ec. Il mio nuovo ambito di lavoro ha molto a che fare con la medicina, che \u00e8 stata la mia passione da quando mi sono formata come infermiera. Inoltre, mi sta molto a cuore che le persone affette da una disabilit\u00e0 visiva, dopo la diagnosi ricevano anche una consulenza alla pari. Ed \u00e8 proprio questo uno dei punti di forza di Retina Suisse.<\/p>\n\n\n\n<h3 class=\"wp-block-heading\"><strong>Perch\u00e9 si \u00e8 candidata per questa funzione presso Retina Suisse? In precedenza ricopriva una posizione molto interessante come responsabile di un team nell\u2019ambito della consulenza sociale.<\/strong><\/h3>\n\n\n\n<p>Desidero crescere professionalmente. Come nuova direttrice di Retina Suisse, posso sfruttare appieno le mie competenze, ma al contempo vi sono cose nuove che non vedo l\u2019ora di apprendere. Complessivamente, da Retina Suisse vige un ambiente dinamico che apprezzo molto. Inoltre, il team interno \u00e8 fantastico e mi ispira. Stephan H\u00fcsler, il mio predecessore in carica per molti anni, ha svolto un prezioso lavoro di sviluppo ed espansione, e ha provveduto che tutto fili liscio come l\u2019olio, se mi permette l\u2019espressione.<\/p>\n\n\n\n<h3 class=\"wp-block-heading\"><strong>A nome di tutto il team la ringrazio del complimento! Quali sono le prime cose che vuole affrontare in veste di nuova direttrice?<\/strong><\/h3>\n\n\n\n<p>Vorrei rafforzare ulteriormente la nostra offerta informativa, in modo che le persone colpite abbiano le migliori prospettive possibili per il futuro. Dovrebbero sapere con crescente precisione cosa significa per loro la diagnosi della loro malattia oftalmologica, quali sono le terapie attuali e future e come possono organizzare in modo attivo la propria vita quotidiana, nonostante la disabilit\u00e0 visiva.<\/p>\n\n\n\n<h3 class=\"wp-block-heading\"><strong>Desidera quindi anche ampliare ulteriormente i servizi di consulenza.<\/strong><\/h3>\n\n\n\n<p>Retina Suisse occupa una nicchia molto interessante. Non ci limitiamo a informare e consigliare le persone cieche: assistiamo persone con lievi disabilit\u00e0 visive fino a quelle affette da gravi problemi. Si tratta di una nicchia in cui possiamo crescere in modo significativo.<\/p>\n\n\n\n<hr class=\"wp-block-separator has-alpha-channel-opacity\"\/>\n\n\n\n<p class=\"has-medium-font-size\">\u00abPer me \u00e8 importante restare al passo con la ricerca oftalmologica, per via di nuove ed efficaci terapie\u00bb.<\/p>\n\n\n\n<hr class=\"wp-block-separator has-alpha-channel-opacity\"\/>\n\n\n\n<h3 class=\"wp-block-heading\"><strong>Crescere di quanto?<\/strong><\/h3>\n\n\n\n<p>L\u2019obiettivo a medio termine \u00e8: Retina Suisse diventa il principale punto di contatto per le persone a cui \u00e8 stata diagnosticata una malattia degli occhi e che ora desiderano sapere come procedere. Mi riferisco a persone con problemi alla retina, ma anche a persone con altre patologie oculari di rilievo.<\/p>\n\n\n\n<h3 class=\"wp-block-heading\"><strong>In sostanza, desidera coprire l\u2019intera gamma.<\/strong><\/h3>\n\n\n\n<p>Possiamo diventare il principale punto di contatto per tutte queste persone in Svizzera. Sono convinta che questo sia esattamente il tipo di informazione e consulenza di cui chi ha ricevuto una diagnosi ha urgente bisogno. Inoltre, siamo un\u2019organizzazione di pazienti attiva su tutto il territorio nazionale, quindi desideriamo anche rafforzare la nostra presenza nella Svizzera francese e italiana.<\/p>\n\n\n\n<h3 class=\"wp-block-heading\"><strong>Lei personalmente a cosa d\u00e0 maggiore importanza?<\/strong><\/h3>\n\n\n\n<p>Che restiamo sempre al passo con la ricerca oftalmologica, per via di nuove ed efficaci terapie. Infatti questa \u00e8 la prima cosa che attualmente viene integrata nella nostra consulenza e che \u00e8 in grado di mantenerne l\u2019elevata qualit\u00e0. Di conseguenza, dobbiamo mantenere ed espandere ulteriormente la nostra rete di contatti nella comunit\u00e0 scientifica.<\/p>\n\n\n\n<h3 class=\"wp-block-heading\"><strong>Il nuovo presidente di Retina Suisse, invece, punta molto alla digitalizzazione. Quest\u2019ultima dovrebbe essere integrata nelle attivit\u00e0 di consulenza dell\u2019organizzazione dei pazienti, sostiene Laurent Del\u00e9traz.<\/strong><\/h3>\n\n\n\n<p>Concordo: dobbiamo restare aggiornati con la tendenza alla digitalizzazione. Negli ultimi anni questo \u00e8 stato un tema importante anche presso il mio precedente datore di lavoro. La digitalizzazione \u00e8 strettamente correlata al lavoro agile. Per me questo significa essere aperti ai nuovi sviluppi, riconoscere attivamente i cambiamenti e reagire con interesse alle tendenze attuali.<\/p>\n\n\n\n<h3 class=\"wp-block-heading\"><strong>Concretamente cosa significa ci\u00f2 per Retina Suisse?<\/strong><\/h3>\n\n\n\n<p>La digitalizzazione pu\u00f2 risultare utile nell\u2019elaborazione e nella messa a disposizione di conoscenze nell\u2019ambito della ricerca e della terapia oftalmologica. In altre parole, verr\u00e0 integrata nel nostro servizio di informazione.<\/p>\n\n\n\n<hr class=\"wp-block-separator has-alpha-channel-opacity\"\/>\n\n\n\n<p class=\"has-medium-font-size\">\u00abLa diagnosi di retinite pigmentosa \u00e8 stata nel mio caso una diagnosi casuale, oltre che uno shock incredibile\u00bb.<\/p>\n\n\n\n<hr class=\"wp-block-separator has-alpha-channel-opacity\"\/>\n\n\n\n<h3 class=\"wp-block-heading\"><strong>Ma le persone colpite possono farlo direttamente sul proprio computer, chiedendo informazioni sulle loro rispettive patologie oculari all\u2019intelligenza artificiale.<\/strong><\/h3>\n\n\n\n<p>Certo, la nostra clientela utilizza l\u2019intelligenza artificiale per informarsi. Ma noi di Retina Suisse siamo sempre in grado di classificare correttamente tutte le informazioni e di garantire che le nostre presentazioni siano scientificamente fondate e basate sulle pi\u00f9 recenti scoperte oftalmologiche.&nbsp;Sono di alta qualit\u00e0 e assolutamente affidabili, in modo da non suscitare false speranze.<\/p>\n\n\n\n<h3 class=\"wp-block-heading\"><strong>Come \u00e8 stato per lei, quando le \u00e8 stata diagnosticata la malattia?<\/strong><\/h3>\n\n\n\n<p>La diagnosi \u00e8 giunta quando avevo 25 anni ed \u00e8 stato uno shock incredibile. A quell\u2019et\u00e0 si hanno ancora molti progetti: volevo fare carriera e viaggiare.<\/p>\n\n\n\n<h3 class=\"wp-block-heading\"><strong>La retinite pigmentosa \u00e8 iniziata con la cecit\u00e0 notturna?<\/strong><\/h3>\n\n\n\n<p>No, la diagnosi \u00e8 giunta per puro caso. Al termine di un turno notturno all\u2019ospedale di Sciaffusa, avevo notato una macchia fluttuante nel campo visivo. Cos\u00ec sono andata dall\u2019oftalmologo, il quale mi ha spiegato che si trattava di un offuscamento innocuo. Al contempo, tuttavia, riscontr\u00f2 delle alterazioni alla retina e mi indirizz\u00f2 alla clinica oftalmologica dell\u2019Ospedale Cantonale di San Gallo per un esame approfondito. La diagnosi \u00e8 stata formulata l\u00ec.<\/p>\n\n\n\n<h3 class=\"wp-block-heading\"><strong>Non aveva problemi di vista al momento della diagnosi?<\/strong><\/h3>\n\n\n\n<p>Non avevo restrizioni e potevo lavorare e guidare normalmente. Una vita spensierata che poi avrebbe preso un\u2019altra piega, era questo il pensiero angosciante.<\/p>\n\n\n\n<h3 class=\"wp-block-heading\"><strong>Era preoccupata per la perdita del lavoro?<\/strong><\/h3>\n\n\n\n<p>Avevo un impiego stimolante come infermiera nel reparto di chirurgia dell\u2019Ospedale cantonale di Sciaffusa. Il lavoro era movimentato, succedevano sempre degli imprevisti. La sfida mi piaceva. L\u00ec ho imparato cosa significa dover improvvisare in un contesto sensibile.<\/p>\n\n\n\n<h3 class=\"wp-block-heading\"><strong>Si \u00e8 quindi resa conto assai velocemente che a causa della diagnosi, avrebbe presto dovuto riqualificarsi per un altro lavoro.<\/strong><\/h3>\n\n\n\n<p>Sono una persona che vuole vivere una vita autodeterminata e prendere le proprie decisioni in modo indipendente. Grazie alle mie conoscenze mediche, ho capito subito cosa significava la diagnosi: come infermiera non avevo pi\u00f9 un futuro. Ho dovuto rinunciare al lavoro che mi appassionava. Almeno non subito, ma a medio termine.<\/p>\n\n\n\n<h3 class=\"wp-block-heading\"><strong>Quale nuova attivit\u00e0 ha trovato?<\/strong><\/h3>\n\n\n\n<p>Una collega aveva iniziato una formazione come assistente sociale e me ne ha parlato. Mi ispirava e cos\u00ec ho deciso di proseguire gli studi a tempo pieno in ambito sociale. Questo successivamente mi ha permesso di continuare a lavorare con le persone. Sono tornate utili anche le mie conoscenze come infermiera.<\/p>\n\n\n\n<h3 class=\"wp-block-heading\"><strong>E come \u00e8 andata la ricerca del lavoro?<\/strong><\/h3>\n\n\n\n<p>Ho dovuto scrivere poche candidature, prima di ottenere un lavoro nella consulenza sociale. Negli scorsi 18 anni ho lavorato in questo ambito, durante gli ultimi tre ero responsabile di un team.<\/p>\n\n\n\n<h3 class=\"wp-block-heading\"><strong>Sicuramente ha fatto molte esperienze preziose.<\/strong><\/h3>\n\n\n\n<p>In questi due decenni sono cambiate parecchie cose, vi sono stati nuovi input sia dalla societ\u00e0 che dalla politica con i quali mi sono confrontata. Ci\u00f2 significa che io e il mio team ci siamo costantemente adattati e riorganizzati. Una sfida che ho sempre affrontato con grande piacere.<\/p>\n\n\n\n<hr class=\"wp-block-separator has-alpha-channel-opacity\"\/>\n\n\n\n<p class=\"has-medium-font-size\">\u00abProvo sempre per tre volte prima di dire che qualcosa non funziona\u00bb.<\/p>\n\n\n\n<hr class=\"wp-block-separator has-alpha-channel-opacity\"\/>\n\n\n\n<h3 class=\"wp-block-heading\"><strong>\u00c8 stata una preparazione ideale per il suo nuovo ruolo dirigenziale presso Retina Suisse. Come ha conosciuto questa organizzazione di pazienti?<\/strong><\/h3>\n\n\n\n<p>Dopo la diagnosi, ho ripiegato sugli elenchi online per trovare i centri di consulenza disponibili per le persone ipovedenti. \u00c8 stato allora che ho scoperto Retina Suisse. Mi \u00e8 venuto spontaneo chiamare e partecipare a una serie di incontri di consulenza con l\u2019attuale presidente onoraria di Retina Suisse, Christina Fasser. Christina mi ha aiutato molto, sia dal punto di vista mentale che da quello pragmatico per condurre una vita attiva nonostante la mia progressiva disabilit\u00e0 visiva.<\/p>\n\n\n\n<h3 class=\"wp-block-heading\"><strong>A proposito di disabilit\u00e0 visiva, quanto riesce ancora a vedere?<\/strong><\/h3>\n\n\n\n<p>Ho una visione a tunnel piuttosto stretta, ma riesco ancora a lavorare al PC e a leggere un testo bianco su sfondo nero. Poche righe alla volta, perch\u00e9 \u00e8 faticoso. Non riconosco pi\u00f9 i volti e di solito non riesco a identificare gli oggetti che vedo. A seconda delle condizioni di luce, mi oriento assai bene in ambienti familiari, ma sono molto sensibile all\u2019abbagliamento. Inoltre, il bastone bianco \u00e8 il mio fedele compagno.<\/p>\n\n\n\n<h3 class=\"wp-block-heading\"><strong>Lei \u00e8 diventata membro di Retina Suisse perch\u00e9 era rimasta molto soddisfatta della consulenza ricevuta a suo tempo.<\/strong><\/h3>\n\n\n\n<p>Ho avuto subito la sensazione di essere nel posto giusto. Era il 1998. Pi\u00f9 tardi, dopo il mio riorientamento professionale, ho sentito che era giunto il momento di impegnarmi socialmente anche fuori dal lavoro e il caso ha voluto che proprio in quel periodo Retina Suisse stesse cercando nuovi membri di comitato.<\/p>\n\n\n\n<h3 class=\"wp-block-heading\"><strong>Quando \u00e8 successo?<\/strong><\/h3>\n\n\n\n<p>Nel 2015.<\/p>\n\n\n\n<h3 class=\"wp-block-heading\"><strong>Ma lei \u00e8 stata presidente di Retina Suisse dal 2015 all&#8217;aprile 2025.<\/strong><\/h3>\n\n\n\n<p>L\u2019Assemblea generale non solo mi ha eletto nel comitato, mi ha anche nominato presidente (ride). All\u2019ultimo momento mi \u00e8 stato chiesto di candidarmi anche per questa funzione. L\u2019allora mio predecessore, Stephan H\u00fcsler, in quel momento era diventato direttore di Retina Suisse e di conseguenza si era alla ricerca di una\/un nuova\/o presidente.<\/p>\n\n\n\n<h3 class=\"wp-block-heading\"><strong>Cosa fa al di fuori della sua vita professionale, quali sono i suoi hobby?<\/strong><\/h3>\n\n\n\n<p>Pratico sport per bilanciare la mia giornata lavorativa incentrata pi\u00f9 sul lavoro mentale. In altre parole vado in palestra. Inoltre, da vent\u2019anni a questa parte, il mio partner ed io ogni settimana andiamo a ballare. Infine, mi piace giocare a showdown.<\/p>\n\n\n\n<h3 class=\"wp-block-heading\"><strong>Lo showdown \u00e8 una sorta di ping pong per persone con disabilit\u00e0 visive, di cui abbiamo gi\u00e0 riferito. Un\u2019ultima domanda: qual \u00e8 il suo motto nella vita?<\/strong><\/h3>\n\n\n\n<p>Ho due principi. In primo luogo, provo sempre tre volte prima di dire che qualcosa non funziona. Il secondo motto, invece, l\u2019ho preso da una canzone del gruppo \u00abZ\u00fcri West\u00bb dal titolo dialettale \u00abFingt ds Gl\u00fcck eim\u00bb (n.d.t. \u00abLa felicit\u00e0 ti trover\u00e0\u00bb). Il frontman Kuno Lauener canta nel suo dialetto bernese la frase \u00abda qualche parte si apre sempre una porta\u00bb. (novembre 2025)<\/p>\n","protected":false},"excerpt":{"rendered":"<p>L\u2019ex presidente di Retina Suisse, Susanne Trudel (53), da dicembre 2025 sar\u00e0 la nuova direttrice dell\u2019associazione di pazienti. In questa intervista, ci parla dei suoi progetti e ci racconta com\u2019\u00e8 iniziata la sua storia da Retina Suisse.<\/p>\n","protected":false},"featured_media":24245,"template":"","meta":{"_acf_changed":false,"inline_featured_image":false,"_FSMCFIC_featured_image_caption":"","_FSMCFIC_featured_image_nocaption":"","_FSMCFIC_featured_image_hide":"","footnotes":"","_links_to":"","_links_to_target":""},"categories":[143],"class_list":["post-24395","ratgeber","type-ratgeber","status-publish","has-post-thumbnail","hentry","category-consiglieri"],"acf":[],"yoast_head":"<!-- This site is optimized with the Yoast SEO plugin v27.1.1 - https:\/\/yoast.com\/product\/yoast-seo-wordpress\/ -->\n<title>\u00abRetina Suisse pu\u00f2 diventare il principale punto di contatto per persone affette da patologie oculari\u00bb &#8226; Retina Suisse<\/title>\n<meta name=\"robots\" content=\"index, follow, max-snippet:-1, max-image-preview:large, max-video-preview:-1\" \/>\n<link rel=\"canonical\" href=\"https:\/\/retina.ch\/it\/consiglieri\/retina-suisse-puo-diventare-il-principale-punto-di-contatto-per-persone-affette-da-patologie-oculari\/\" \/>\n<meta property=\"og:locale\" content=\"it_IT\" \/>\n<meta property=\"og:type\" content=\"article\" \/>\n<meta property=\"og:title\" content=\"\u00abRetina Suisse pu\u00f2 diventare il principale punto di contatto per persone affette da patologie oculari\u00bb &#8226; Retina Suisse\" \/>\n<meta property=\"og:description\" content=\"L\u2019ex presidente di Retina Suisse, Susanne Trudel (53), da dicembre 2025 sar\u00e0 la nuova direttrice dell\u2019associazione di pazienti. In questa intervista, ci parla dei suoi progetti e ci racconta com\u2019\u00e8 iniziata la sua storia da Retina Suisse.\" \/>\n<meta property=\"og:url\" content=\"https:\/\/retina.ch\/it\/consiglieri\/retina-suisse-puo-diventare-il-principale-punto-di-contatto-per-persone-affette-da-patologie-oculari\/\" \/>\n<meta property=\"og:site_name\" content=\"Retina Suisse\" \/>\n<meta property=\"article:publisher\" content=\"https:\/\/www.facebook.com\/retinasuisse\/\" \/>\n<meta property=\"article:modified_time\" content=\"2026-03-09T07:56:51+00:00\" \/>\n<meta property=\"og:image\" content=\"https:\/\/retina.ch\/wp-content\/uploads\/2025\/11\/Retina-Foto-Susanne-01b-scaled-e1768829179971.jpg\" \/>\n\t<meta property=\"og:image:width\" content=\"600\" \/>\n\t<meta property=\"og:image:height\" content=\"613\" \/>\n\t<meta property=\"og:image:type\" content=\"image\/jpeg\" \/>\n<meta name=\"twitter:card\" content=\"summary_large_image\" \/>\n<meta name=\"twitter:label1\" content=\"Tempo di lettura stimato\" \/>\n\t<meta name=\"twitter:data1\" content=\"10 minuti\" \/>\n<script type=\"application\/ld+json\" class=\"yoast-schema-graph\">{\"@context\":\"https:\/\/schema.org\",\"@graph\":[{\"@type\":\"WebPage\",\"@id\":\"https:\/\/retina.ch\/it\/consiglieri\/retina-suisse-puo-diventare-il-principale-punto-di-contatto-per-persone-affette-da-patologie-oculari\/\",\"url\":\"https:\/\/retina.ch\/it\/consiglieri\/retina-suisse-puo-diventare-il-principale-punto-di-contatto-per-persone-affette-da-patologie-oculari\/\",\"name\":\"\u00abRetina Suisse pu\u00f2 diventare il principale punto di contatto per persone affette da patologie oculari\u00bb &#8226; Retina Suisse\",\"isPartOf\":{\"@id\":\"https:\/\/retina.ch\/it\/#website\"},\"primaryImageOfPage\":{\"@id\":\"https:\/\/retina.ch\/it\/consiglieri\/retina-suisse-puo-diventare-il-principale-punto-di-contatto-per-persone-affette-da-patologie-oculari\/#primaryimage\"},\"image\":{\"@id\":\"https:\/\/retina.ch\/it\/consiglieri\/retina-suisse-puo-diventare-il-principale-punto-di-contatto-per-persone-affette-da-patologie-oculari\/#primaryimage\"},\"thumbnailUrl\":\"https:\/\/retina.ch\/wp-content\/uploads\/2025\/11\/Retina-Foto-Susanne-01b-scaled-e1768829179971.jpg\",\"datePublished\":\"2025-11-18T12:34:04+00:00\",\"dateModified\":\"2026-03-09T07:56:51+00:00\",\"breadcrumb\":{\"@id\":\"https:\/\/retina.ch\/it\/consiglieri\/retina-suisse-puo-diventare-il-principale-punto-di-contatto-per-persone-affette-da-patologie-oculari\/#breadcrumb\"},\"inLanguage\":\"it-IT\",\"potentialAction\":[{\"@type\":\"ReadAction\",\"target\":[\"https:\/\/retina.ch\/it\/consiglieri\/retina-suisse-puo-diventare-il-principale-punto-di-contatto-per-persone-affette-da-patologie-oculari\/\"]}]},{\"@type\":\"ImageObject\",\"inLanguage\":\"it-IT\",\"@id\":\"https:\/\/retina.ch\/it\/consiglieri\/retina-suisse-puo-diventare-il-principale-punto-di-contatto-per-persone-affette-da-patologie-oculari\/#primaryimage\",\"url\":\"https:\/\/retina.ch\/wp-content\/uploads\/2025\/11\/Retina-Foto-Susanne-01b-scaled-e1768829179971.jpg\",\"contentUrl\":\"https:\/\/retina.ch\/wp-content\/uploads\/2025\/11\/Retina-Foto-Susanne-01b-scaled-e1768829179971.jpg\",\"width\":600,\"height\":613},{\"@type\":\"BreadcrumbList\",\"@id\":\"https:\/\/retina.ch\/it\/consiglieri\/retina-suisse-puo-diventare-il-principale-punto-di-contatto-per-persone-affette-da-patologie-oculari\/#breadcrumb\",\"itemListElement\":[{\"@type\":\"ListItem\",\"position\":1,\"name\":\"Retina Suisse\",\"item\":\"https:\/\/retina.ch\/it\/\"},{\"@type\":\"ListItem\",\"position\":2,\"name\":\"\u00abRetina Suisse pu\u00f2 diventare il principale punto di contatto per persone affette da patologie oculari\u00bb\"}]},{\"@type\":\"WebSite\",\"@id\":\"https:\/\/retina.ch\/it\/#website\",\"url\":\"https:\/\/retina.ch\/it\/\",\"name\":\"Retina Suisse\",\"description\":\"Retina Suisse ist die Vereinigung von Patientinnen und Patienten mit Retinitis pigmentosa (RP), Makuladegeneration, Usher-Syndrom und anderen Erkrankungen des Augenhintergrundes.\",\"publisher\":{\"@id\":\"https:\/\/retina.ch\/it\/#organization\"},\"potentialAction\":[{\"@type\":\"SearchAction\",\"target\":{\"@type\":\"EntryPoint\",\"urlTemplate\":\"https:\/\/retina.ch\/it\/?s={search_term_string}\"},\"query-input\":{\"@type\":\"PropertyValueSpecification\",\"valueRequired\":true,\"valueName\":\"search_term_string\"}}],\"inLanguage\":\"it-IT\"},{\"@type\":\"Organization\",\"@id\":\"https:\/\/retina.ch\/it\/#organization\",\"name\":\"Retina Suisse\",\"url\":\"https:\/\/retina.ch\/it\/\",\"logo\":{\"@type\":\"ImageObject\",\"inLanguage\":\"it-IT\",\"@id\":\"https:\/\/retina.ch\/it\/#\/schema\/logo\/image\/\",\"url\":\"https:\/\/retina.ch\/wp-content\/uploads\/2020\/09\/retina-auge-typo.svg\",\"contentUrl\":\"https:\/\/retina.ch\/wp-content\/uploads\/2020\/09\/retina-auge-typo.svg\",\"width\":\"1024\",\"height\":\"1024\",\"caption\":\"Retina Suisse\"},\"image\":{\"@id\":\"https:\/\/retina.ch\/it\/#\/schema\/logo\/image\/\"},\"sameAs\":[\"https:\/\/www.facebook.com\/retinasuisse\/\"]}]}<\/script>\n<!-- \/ Yoast SEO plugin. -->","yoast_head_json":{"title":"\u00abRetina Suisse pu\u00f2 diventare il principale punto di contatto per persone affette da patologie oculari\u00bb &#8226; Retina Suisse","robots":{"index":"index","follow":"follow","max-snippet":"max-snippet:-1","max-image-preview":"max-image-preview:large","max-video-preview":"max-video-preview:-1"},"canonical":"https:\/\/retina.ch\/it\/consiglieri\/retina-suisse-puo-diventare-il-principale-punto-di-contatto-per-persone-affette-da-patologie-oculari\/","og_locale":"it_IT","og_type":"article","og_title":"\u00abRetina Suisse pu\u00f2 diventare il principale punto di contatto per persone affette da patologie oculari\u00bb &#8226; Retina Suisse","og_description":"L\u2019ex presidente di Retina Suisse, Susanne Trudel (53), da dicembre 2025 sar\u00e0 la nuova direttrice dell\u2019associazione di pazienti. In questa intervista, ci parla dei suoi progetti e ci racconta com\u2019\u00e8 iniziata la sua storia da Retina Suisse.","og_url":"https:\/\/retina.ch\/it\/consiglieri\/retina-suisse-puo-diventare-il-principale-punto-di-contatto-per-persone-affette-da-patologie-oculari\/","og_site_name":"Retina Suisse","article_publisher":"https:\/\/www.facebook.com\/retinasuisse\/","article_modified_time":"2026-03-09T07:56:51+00:00","og_image":[{"width":600,"height":613,"url":"https:\/\/retina.ch\/wp-content\/uploads\/2025\/11\/Retina-Foto-Susanne-01b-scaled-e1768829179971.jpg","type":"image\/jpeg"}],"twitter_card":"summary_large_image","twitter_misc":{"Tempo di lettura stimato":"10 minuti"},"schema":{"@context":"https:\/\/schema.org","@graph":[{"@type":"WebPage","@id":"https:\/\/retina.ch\/it\/consiglieri\/retina-suisse-puo-diventare-il-principale-punto-di-contatto-per-persone-affette-da-patologie-oculari\/","url":"https:\/\/retina.ch\/it\/consiglieri\/retina-suisse-puo-diventare-il-principale-punto-di-contatto-per-persone-affette-da-patologie-oculari\/","name":"\u00abRetina Suisse pu\u00f2 diventare il principale punto di contatto per persone affette da patologie oculari\u00bb &#8226; Retina Suisse","isPartOf":{"@id":"https:\/\/retina.ch\/it\/#website"},"primaryImageOfPage":{"@id":"https:\/\/retina.ch\/it\/consiglieri\/retina-suisse-puo-diventare-il-principale-punto-di-contatto-per-persone-affette-da-patologie-oculari\/#primaryimage"},"image":{"@id":"https:\/\/retina.ch\/it\/consiglieri\/retina-suisse-puo-diventare-il-principale-punto-di-contatto-per-persone-affette-da-patologie-oculari\/#primaryimage"},"thumbnailUrl":"https:\/\/retina.ch\/wp-content\/uploads\/2025\/11\/Retina-Foto-Susanne-01b-scaled-e1768829179971.jpg","datePublished":"2025-11-18T12:34:04+00:00","dateModified":"2026-03-09T07:56:51+00:00","breadcrumb":{"@id":"https:\/\/retina.ch\/it\/consiglieri\/retina-suisse-puo-diventare-il-principale-punto-di-contatto-per-persone-affette-da-patologie-oculari\/#breadcrumb"},"inLanguage":"it-IT","potentialAction":[{"@type":"ReadAction","target":["https:\/\/retina.ch\/it\/consiglieri\/retina-suisse-puo-diventare-il-principale-punto-di-contatto-per-persone-affette-da-patologie-oculari\/"]}]},{"@type":"ImageObject","inLanguage":"it-IT","@id":"https:\/\/retina.ch\/it\/consiglieri\/retina-suisse-puo-diventare-il-principale-punto-di-contatto-per-persone-affette-da-patologie-oculari\/#primaryimage","url":"https:\/\/retina.ch\/wp-content\/uploads\/2025\/11\/Retina-Foto-Susanne-01b-scaled-e1768829179971.jpg","contentUrl":"https:\/\/retina.ch\/wp-content\/uploads\/2025\/11\/Retina-Foto-Susanne-01b-scaled-e1768829179971.jpg","width":600,"height":613},{"@type":"BreadcrumbList","@id":"https:\/\/retina.ch\/it\/consiglieri\/retina-suisse-puo-diventare-il-principale-punto-di-contatto-per-persone-affette-da-patologie-oculari\/#breadcrumb","itemListElement":[{"@type":"ListItem","position":1,"name":"Retina Suisse","item":"https:\/\/retina.ch\/it\/"},{"@type":"ListItem","position":2,"name":"\u00abRetina Suisse pu\u00f2 diventare il principale punto di contatto per persone affette da patologie oculari\u00bb"}]},{"@type":"WebSite","@id":"https:\/\/retina.ch\/it\/#website","url":"https:\/\/retina.ch\/it\/","name":"Retina Suisse","description":"Retina Suisse ist die Vereinigung von Patientinnen und Patienten mit Retinitis pigmentosa (RP), Makuladegeneration, Usher-Syndrom und anderen Erkrankungen des Augenhintergrundes.","publisher":{"@id":"https:\/\/retina.ch\/it\/#organization"},"potentialAction":[{"@type":"SearchAction","target":{"@type":"EntryPoint","urlTemplate":"https:\/\/retina.ch\/it\/?s={search_term_string}"},"query-input":{"@type":"PropertyValueSpecification","valueRequired":true,"valueName":"search_term_string"}}],"inLanguage":"it-IT"},{"@type":"Organization","@id":"https:\/\/retina.ch\/it\/#organization","name":"Retina Suisse","url":"https:\/\/retina.ch\/it\/","logo":{"@type":"ImageObject","inLanguage":"it-IT","@id":"https:\/\/retina.ch\/it\/#\/schema\/logo\/image\/","url":"https:\/\/retina.ch\/wp-content\/uploads\/2020\/09\/retina-auge-typo.svg","contentUrl":"https:\/\/retina.ch\/wp-content\/uploads\/2020\/09\/retina-auge-typo.svg","width":"1024","height":"1024","caption":"Retina Suisse"},"image":{"@id":"https:\/\/retina.ch\/it\/#\/schema\/logo\/image\/"},"sameAs":["https:\/\/www.facebook.com\/retinasuisse\/"]}]}},"_links":{"self":[{"href":"https:\/\/retina.ch\/it\/wp-json\/wp\/v2\/ratgeber\/24395","targetHints":{"allow":["GET"]}}],"collection":[{"href":"https:\/\/retina.ch\/it\/wp-json\/wp\/v2\/ratgeber"}],"about":[{"href":"https:\/\/retina.ch\/it\/wp-json\/wp\/v2\/types\/ratgeber"}],"version-history":[{"count":3,"href":"https:\/\/retina.ch\/it\/wp-json\/wp\/v2\/ratgeber\/24395\/revisions"}],"predecessor-version":[{"id":25923,"href":"https:\/\/retina.ch\/it\/wp-json\/wp\/v2\/ratgeber\/24395\/revisions\/25923"}],"wp:featuredmedia":[{"embeddable":true,"href":"https:\/\/retina.ch\/it\/wp-json\/wp\/v2\/media\/24245"}],"wp:attachment":[{"href":"https:\/\/retina.ch\/it\/wp-json\/wp\/v2\/media?parent=24395"}],"wp:term":[{"taxonomy":"category","embeddable":true,"href":"https:\/\/retina.ch\/it\/wp-json\/wp\/v2\/categories?post=24395"}],"curies":[{"name":"wp","href":"https:\/\/api.w.org\/{rel}","templated":true}]}}