{"id":24588,"date":"2025-12-12T16:04:58","date_gmt":"2025-12-12T15:04:58","guid":{"rendered":"https:\/\/retina.ch\/?post_type=ratgeber&#038;p=24588"},"modified":"2026-03-11T14:34:43","modified_gmt":"2026-03-11T13:34:43","slug":"sally-ha-una-pessima-vista-e-per-giunta-vede-fantasmi-cosa-dice-la-scienza","status":"publish","type":"ratgeber","link":"https:\/\/retina.ch\/it\/consiglieri\/sally-ha-una-pessima-vista-e-per-giunta-vede-fantasmi-cosa-dice-la-scienza\/","title":{"rendered":"Sally ha una pessima vista e per giunta vede fantasmi? Cosa dice la scienza"},"content":{"rendered":"\n<p><strong>Le persone con gravi limitazioni alla vista possono sviluppare la sindrome di Charles Bonnet, ossia soffrono di inquietanti allucinazioni visive. La maggior parte delle persone colpite sembra essere in grado di gestire la situazione autonomamente, ma alcuni vengono fraintesi al punto tale da essere ricoverati in un ospedale psichiatrico.&nbsp;\u00c8 quindi fondamentale fornire chiarimenti.<\/strong><\/p>\n\n\n\n<p>Peter Jankovsky, Comunicazione Retina Suisse,\u00a0<a href=\"mailto:peter.jankovsky@retina.ch\" target=\"_blank\" rel=\"noreferrer noopener\">peter.jankovsky@retina.ch<\/a><\/p>\n\n\n\n<p>Sally vive a Londra e ha 82 anni. Il nome \u00e8 lo pseudonimo di una paziente affetta da una forma avanzata di degenerazione maculare legata all\u2019et\u00e0 che lo scorso anno si \u00e8 prestata come volontaria per uno studio di casi clinici presso la Retina Clinic di Londra. Secondo lo studio, guidato dalla Dr. Yvonne O\u2019Neill e pubblicato di recente, Sally ha avuto allucinazioni visive per oltre dieci anni. Vedeva cose che non esistevano.<\/p>\n\n\n\n<p>Queste immagini illusorie spaziavano da semplici forme geometriche fino a figure molto dettagliate. A causa della disabilit\u00e0 visiva di Sally e della natura delle sue allucinazioni, le fu diagnosticata la sindrome di Charles Bonnet (CBS). Non \u00e8 stato necessario alcun trattamento e la paziente \u00e8 stata rassicurata sul fatto che le allucinazioni erano innocue e non causate da un disturbo psichiatrico o neurologico.<\/p>\n\n\n\n<h3 class=\"wp-block-heading\"><strong>Insorgenza soprattutto in concomitanza con la degenerazione maculare legata all\u2019et\u00e0<\/strong><\/h3>\n\n\n\n<p>La sindrome di Charles Bonnet si manifesta in presenza di danni al nervo ottico e di gravi limitazioni alla vista causate da patologie della retina. La si riscontra pi\u00f9 frequentemente in concomitanza con la degenerazione maculare legata all\u2019et\u00e0, ma possono essere colpiti anche pazienti pi\u00f9 giovani con distrofia retinica avanzata. Le illusioni ottiche possono essere riconducibili anche a un ictus causato da un\u2019interruzione dell\u2019afflusso di sangue al cervello o da un tumore cerebrale.<\/p>\n\n\n\n<p>Il \u00abriempimento\u00bb di immagini in un\u2019area visiva non pi\u00f9 funzionante pu\u00f2 essere molto fastidioso e creare confusione. Spesso le persone che ne sono colpite dubitano della propria salute mentale e non osano parlarne con i famigliari.<\/p>\n\n\n\n<p>Per queste e questi pazienti \u00e8 molto utile sapere che si tratta di un fenomeno \u00abnormale\u00bb in determinate circostanze, il quale non richiede alcun trattamento psichiatrico. Sally, gravemente ipovedente, vedeva per cos\u00ec dire i fantasmi, ma ci\u00f2 non era indice di un\u2019ulteriore, e magari grave, malattia.<\/p>\n\n\n\n<h3 class=\"wp-block-heading\"><strong>Sensibilizzazione delle operatrici e degli operatori sanitari alla CBS<\/strong><\/h3>\n\n\n\n<p>Il caso di Sally illustra le sfide diagnostiche associate alla sindrome di Charles Bonnet. La CBS \u00e8 spesso diagnosticata in modo errato o trascurata a causa della sua relativa rarit\u00e0 e della riluttanza delle e dei pazienti a descrivere accuratamente i sintomi. Il lungo periodo in cui le allucinazioni di Sally non sono state segnalate a un\u2019\/un esperta\/o oftalmologa\/o sottolinea la necessit\u00e0 di una maggiore consapevolezza da parte di operatrici e operatori sanitari, si legge nello studio dei casi clinici di Londra.<\/p>\n\n\n\n<p>L\u2019elemento pi\u00f9 importante \u00e8 il seguente: un rilevamento pi\u00f9 mirato della CBS \u00e8 essenziale per una diagnosi corretta, per ridurre l\u2019ansia delle e dei pazienti ed evitare trattamenti non necessari. L\u2019elevato numero di differenti tipologie di allucinazioni presenti nella CBS aumenta la complessit\u00e0 della sindrome, aprendo la porta a sottodiagnosi e trattamenti errati.<\/p>\n\n\n\n<h3 class=\"wp-block-heading\"><strong>Fenomeni visivi che rientrano nella CBS<\/strong><\/h3>\n\n\n\n<p>In un articolo pubblicato sul Retina Journal n. 143, l\u2019oftalmologo J\u00fcrgen Seilnacht (Lichtenfels, Germania) ha descritto una serie di fenomeni visivi che possono rientrare nella CBS:<\/p>\n\n\n\n<ul class=\"wp-block-list\">\n<li>Fosfeni: percezioni luminose non definibili che non sono generate dalla luce stessa, bens\u00ec da altri stimoli che influiscono sull\u2019occhio, sul nervo ottico o sulla corteccia visiva del cervello.<\/li>\n\n\n\n<li>Fotopsie: percezione di lampi, scintille o sfarfallii, che possono verificarsi anche in caso di distacco posteriore del corpo vitreo, distacco incipiente della retina o come aura in caso di emicrania.<\/li>\n\n\n\n<li>Palinopsia: si tratta di simulazioni di oggetti percepiti poco tempo fa. La palinopsia non \u00e8 un\u2019allucinazione ottica, poich\u00e9 si riferisce sempre a un\u2019immagine reale. La palinopsia deve essere distinta dalle immagini postume e dalla diplopia (doppia visione).<\/li>\n\n\n\n<li>La metamorfopsia comprende i seguenti fenomeni: micropsie (riduzioni di dimensioni), macropsie (ingrandimenti), dismorfopsie (distorsioni), teleopsie (gli oggetti vengono percepiti a distanza), cromopsie (i colori vengono percepiti diversamente), allucinazioni complesse (immagini o scene simili a film) ed eautoscopie (doppie allucinazioni speculari). Le metamorfopsie si verificano in presenza di difetti della macula (l\u2019area della retina in cui la visione \u00e8 pi\u00f9 nitida) come edema maculare, emorragie maculari e fori nello strato maculare. Tuttavia, possono essere causate anche da disturbi neurologici e psichici.<\/li>\n<\/ul>\n\n\n\n<h3 class=\"wp-block-heading\"><strong>Valutazione dei sintomi<\/strong><\/h3>\n\n\n\n<p>Eseguire una valutazione dei sintomi visivi associati alla sindrome di Charles Bonnet: questo \u00e8 l\u2019obiettivo di un gruppo di ricerca del Royal Liverpool University Hospital e del Department of Eye and Vision Sciences dell\u2019Universit\u00e0 di Liverpool.<\/p>\n\n\n\n<p>A tal fine, ricercatrici e ricercatori di Liverpool hanno condotto uno studio trasversale su pazienti adulti a cui era stata diagnosticata una malattia ereditaria della retina. Inoltre, hanno analizzato la prospettiva delle persone colpite e il loro bisogno di assistenza.<\/p>\n\n\n\n<p>Lo studio era costituito da un progetto prospettico, trasversale, condotto in un unico centro. Si \u00e8 basato su un sondaggio per valutare e migliorare le prestazioni di servizio di pazienti oftalmologici. Le informazioni sono state raccolte tramite un questionario che le e i partecipanti hanno compilato a distanza o in occasione di un appuntamento in ospedale, nonch\u00e9 tramite la consultazione delle&nbsp; loro cartelle cliniche elettroniche.<\/p>\n\n\n\n<p>Complessivamente, il gruppo di ricerca ha ricevuto 103 questionari, 94 dei quali sono risultati idonei per l\u2019analisi. Il 18,6% delle e dei pazienti con malattie retiniche ereditarie ha riferito di soffrire di allucinazioni visive. Le persone con un\u2019acuit\u00e0 visiva inferiore a 0,3 logMAR rappresentano circa il 76% di coloro che hanno indicato sintomi di CBS.<\/p>\n\n\n\n<h3 class=\"wp-block-heading\"><strong>Le persone colpite desideravano informazioni tempestive sulle cause<\/strong><\/h3>\n\n\n\n<p>Il 59% delle e dei pazienti che hanno sperimentato allucinazioni visive ha dichiarato che queste non hanno avuto alcun effetto su di loro. A sua volta, il 29% ha dichiarato di aver avvertito effetti negativi e il 12% non si \u00e8 espresso al riguardo. Un altro 12% ha dichiarato di necessitare di maggiore assistenza.<\/p>\n\n\n\n<p>Il sondaggio del gruppo di ricerca ha quindi evidenziato un quadro contrastante. La conclusione pi\u00f9 importante: quasi una\/un paziente su sei ha riferito sintomi di CBS, ma solo una piccola percentuale di chi ha partecipato al sondaggio ha indicato di necessitare di ulteriore supporto. Tuttavia, una percentuale significativa delle persone colpite ha sottolineato l\u2019utilit\u00e0 di un\u2019informazione tempestiva sulle cause delle allucinazioni visive.<\/p>\n\n\n\n<p>Lo studio di Liverpool ha un significato limitato, dovuto principalmente al numero ridotto di pazienti coinvolti nel sondaggio. A ci\u00f2 si aggiungono la mancanza di una verifica esterna del questionario utilizzato, il rischio di distorsione dovuto al campionamento selettivo, i due diversi metodi di ricerca nonch\u00e9 le fasi di raccolta dei dati.<\/p>\n\n\n\n<h3 class=\"wp-block-heading\"><strong>Charles Bonnet era uno svizzero<\/strong><\/h3>\n\n\n\n<p>La sindrome delle allucinazioni prende il nome da Charles Bonnet, uno scienziato, filosofo e avvocato svizzero. Visse principalmente a Ginevra tra il 1720 e il 1793, ossia nel secolo dell\u2019Illuminismo.<\/p>\n\n\n\n<p>Uno dei nonni di Bonnet, Charles Lullin, si sottopose a un intervento di cataratta all\u2019et\u00e0 di 77 anni. A causa dell\u2019operazione, divenne cieco poco tempo dopo. Anni pi\u00f9 tardi, rifer\u00ec di vivide allucinazioni al nipote Charles Bonnet: vide case, carrozze, persone che credeva di conoscere, ma allo stesso tempo si rendeva conto che queste cose non esistevano nella realt\u00e0.<\/p>\n\n\n\n<p>Charles Bonnet ne ha tratto la seguente conclusione: doveva essere lo stesso cervello del nonno a produrre di sua iniziativa tali immagini. Il motivo era che al cervello mancavano gli stimoli visivi del mondo esterno. Sulla base di queste osservazioni Bonnet incluse il trattato&nbsp; \u00ab<a href=\"https:\/\/www.google.com\/search?q=Essai+analytique+sur+les+facult%C3%A9s+de+l%27%C3%A2me&amp;client=firefox-b-e&amp;sca_esv=c86351f7882d4df3&amp;ei=TwfLaKvDFL6E9u8P7Nu9wQs&amp;ved=2ahUKEwip3cLKv-CPAxUWnP0HHS70MP4QgK4QegQIARAC&amp;uact=5&amp;oq=charles+bonnet+a+ecrit+un+trait%C3%A9+hallucination+visuelle&amp;gs_lp=Egxnd3Mtd2l6LXNlcnAiOGNoYXJsZXMgYm9ubmV0IGEgZWNyaXQgdW4gdHJhaXTDqSBoYWxsdWNpbmF0aW9uIHZpc3VlbGxlMggQIRigARjDBDIIECEYoAEYwwQyCBAhGKABGMMESLAzUNYcWN0wcAF4AZABAJgBe6AB3wiqAQM2LjW4AQPIAQD4AQGYAgygAoYJwgIKEAAYsAMY1gQYR8ICBRAAGO8FwgIIEAAYogQYiQXCAgoQIRigARjDBBgKmAMAiAYBkAYIkgcDNi42oAfMRbIHAzUuNrgHgQnCBwUwLjcuNcgHHA&amp;sclient=gws-wiz-serp&amp;mstk=AUtExfCKa-uyR5L8M40r9DcJrTYUy2v8WMqQMCWae0i7KjpMQz6FfUNMdaoy2WXqfCPDMe4hn0-6IJTdIEObCzLMtUIAcRS-SbX-iBleGvVEsKv3Wz5RWlNrsZRQ57slBCG_8IrezCET6UB2JUV0FS4dT0NU9-VLHYXT5ZrRF8t5ACKqUebRZnrBWPvEXqXc8xcWibq_&amp;csui=3\" target=\"_blank\" rel=\"noreferrer noopener\">Essai analytique sur les facult\u00e9s de l&#8217;\u00e2me<\/a>\u00bb nella sua opera, pubblicata nel 1760 e che riscontr\u00f2 parecchia attenzione.<\/p>\n\n\n\n<p>Anni dopo, Charles Bonnet sub\u00ec la stessa sorte: anche lui divenne cieco e vide le allucinazioni visive descritte da suo nonno.<\/p>\n\n\n\n<p>(dicembre 2025)<\/p>\n\n\n\n<h3 class=\"wp-block-heading\">Fonti:<\/h3>\n\n\n\n<ul class=\"wp-block-list\">\n<li><a href=\"https:\/\/bmjophth.bmj.com\/content\/bmjophth\/10\/1\/e002104.full.pdf\" target=\"_blank\" rel=\"noreferrer noopener\">BMJ Open Ophthalmology<\/a>&nbsp;(22.) BMJ Open Ophthalmol. 2025 Jun 30;10(1):e002104. doi: 10.1136\/bmjophth-2024-002104.)<\/li>\n\n\n\n<li><a href=\"https:\/\/pubmed.ncbi.nlm.nih.gov\/40655237\/\" target=\"_blank\" rel=\"noreferrer noopener\">National Library of Medicine<\/a>&nbsp;(10. Ther Adv Ophthalmol. 2025 Jul 8;17:25158414251320032. doi: 10.1177\/25158414251320032. eCollection 2025 Jan-Dec.)<\/li>\n\n\n\n<li>Retina Journal 143 (2017)<\/li>\n<\/ul>\n\n\n\n<hr class=\"wp-block-separator has-alpha-channel-opacity\"\/>\n\n\n\n<h2 class=\"wp-block-heading\"><strong>Pseudoallucinazioni: chi soffre di CBS viene etichettato come malato di mente: urge fornire chiarimenti!<\/strong><\/h2>\n\n\n\n<p><strong>Un appello di Marianne Brandstetter, coordinatrice del gruppo di auto-aiuto AMD di Coira.<\/strong><\/p>\n\n\n\n<p>Grazie a Retina Suisse, qualche anno fa ho potuto partecipare a un evento sulla sindrome di Charles Bonnet (CBS, allucinazioni visive) a San Gallo. Le spiegazioni corredate di esperienze pratiche presentate dal PD Dr. med. Sutter (Herisau) hanno contribuito notevolmente alla comprensione generale. Ho trasmesso queste informazioni al nostro gruppo AMD.<\/p>\n\n\n\n<p>Diversi partecipanti hanno espresso gratitudine: anche loro avevano vissuto una situazione simile ma non osavano parlarne, per paura di essere etichettati come \u00abfuori di testa\u00bb.<\/p>\n\n\n\n<h3 class=\"wp-block-heading\"><strong>\u00abCervello, mi stai prendendo in giro!\u00bb<\/strong><\/h3>\n\n\n\n<p>Qualche tempo dopo, abbiamo potuto partecipare in gruppo a una conferenza simile a Zurigo. Il Dr. Sutter ne ha parlato anche in occasione di un\u2019assemblea generale della FSC Grigioni a Coira.<\/p>\n\n\n\n<p>Una frase importante del Dr. Sutter si \u00e8 impressa nella nostra memoria e ci aiuta a gestire la situazione con serenit\u00e0. Quando si verificano queste pseudo-allucinazioni, dovremmo darci una pacca sulle spalle e dire: \u00abCervello, mi stai prendendo in giro. Ma \u00e8 fantastico, perch\u00e9 ci dimostri che stai ancora funzionando!\u00bb.<\/p>\n\n\n\n<h3 class=\"wp-block-heading\"><strong>Interpretazione errata e ricovero in clinica<\/strong><\/h3>\n\n\n\n<p>Di recente, una signora del nostro gruppo AMD si \u00e8 sottoposta a un controllo medico presso il suo medico di famiglia, a seguito di svariati problemi di salute (di natura cardiologica e oncologica). Durante la visita \u00e8 sorta nella sua mente un\u2019immagine poco realistica, che raccont\u00f2 brevemente ma con allegria e buon umore, poich\u00e9 sapeva di cosa si trattava. Il medico non l\u2019ha capita. In seguito ha menzionato la sindrome di Charles Bonnet. Tuttavia, il medico non accett\u00f2 questa spiegazione, chiam\u00f2 il 144 e la fece ricoverare in una clinica psichiatrica. &nbsp;<\/p>\n\n\n\n<p>L\u2019intera faccenda \u00e8 stata uno shock per la signora affetta da CBS: la permanenza in clinica per due giorni, il trattamento subito, l\u2019accesso al suo appartamento eccetera.<\/p>\n\n\n\n<p>Questa \u00e8 la quarta situazione di cui sono a conoscenza (tre dal gruppo AMD, una privatamente) in cui una persona colpita \u00e8 stata etichettata come malata di mente e sminuita. In altri tre casi, si \u00e8 riusciti a evitare il ricovero in clinica grazie all\u2019intervento di partner e parenti.<\/p>\n\n\n\n<p>Sebbene le persone con CBS siano disponibili al dialogo, reagiscano e rispondano normalmente, non vengono prese sul serio soltanto perch\u00e9 parlano di una pseudo-immagine.<\/p>\n\n\n\n<h3 class=\"wp-block-heading\"><strong>La mia richiesta a Retina Suisse e alla classe medica<\/strong><\/h3>\n\n\n\n<p>Chiedo che venga data comunicazione e informazione pubblica, affinch\u00e9 queste \u00abviolenze psichiche\u00bb non si ripetano. Dovrebbero essere informati i seguenti gruppi professionali.<\/p>\n\n\n\n<ul class=\"wp-block-list\">\n<li>Medici di base<\/li>\n\n\n\n<li>Personale delle case di riposo e di cura<\/li>\n\n\n\n<li>Sedi di formazione medica: un esempio positivo \u00e8 l\u2019Oml (Organizzazione del mondo del lavoro) Salute e Sociale di San Gallo. Ho citato la problematica durante le sessioni di sensibilizzazione e ho consegnato la rispettiva documentazione. Oggi la CBS \u00e8 integrata nelle lezioni.<\/li>\n\n\n\n<li>Accompagnatrici e accompagnatori per persone con problemi di udito e di vista.<\/li>\n<\/ul>\n\n\n\n<p>Contatto:&nbsp;<a href=\"mailto:marianne.brandstetter@bluewin.ch\" target=\"_blank\" rel=\"noreferrer noopener\">marianne.brandstetter@bluewin.ch<\/a><\/p>\n\n\n\n<div class=\"wp-block-columns icon-block is-layout-flex wp-container-core-columns-is-layout-9d6595d7 wp-block-columns-is-layout-flex\">\n<div class=\"wp-block-column is-layout-flow wp-block-column-is-layout-flow\"><span class='maxbutton-6-container mb-container'><a class=\"maxbutton-6 maxbutton maxbutton-beratung-anmelden\" title=\"Pers\u00f6nliche Beratung Anmelden\" href=\"\/beratungen\/individuelle-beratung\/\" data-maxbuttoncounter=\"{&quot;button_id&quot;:&quot;6&quot;,&quot;url&quot;:&quot;\\\/beratungen\\\/individuelle-beratung\\\/&quot;,&quot;check&quot;:&quot;bWuaKQZn&quot;}\" data-maxbuttonpage=\"{&quot;id&quot;:24588,&quot;type&quot;:&quot;ratgeber&quot;}\"><span class=\"mb-icon\"><img loading=\"lazy\" decoding=\"async\" class=\"mb-img\" src=\"https:\/\/retina.ch\/wp-content\/uploads\/2020\/10\/icon-comments-black-400x356.png\" title=\"icon-comments-black\" width=\"400\" height=\"356\"   border=\"0\" \/><\/span><span class=\"mb-icon-hover\"><img loading=\"lazy\" decoding=\"async\" class=\"mb-img-hover\" src=\"https:\/\/retina.ch\/wp-content\/uploads\/2020\/10\/icon-comments-yellow-400x356.png\" title=\"icon-comments-black\" width=\"576\" height=\"512\"   border=\"0\" \/><\/span><span class='mb-text' >Annunciarsi per<\/span><span class=\"mb-text2\"  >una consulenza<\/span><\/a><\/span>\n<\/div>\n\n\n\n<div class=\"wp-block-column is-layout-flow wp-block-column-is-layout-flow\"><span class='maxbutton-7-container mb-container'><a class=\"maxbutton-7 maxbutton maxbutton-kontakt\" title=\"Retina Suisse Kontakt\" href=\"\/kontakt\/\" data-maxbuttoncounter=\"{&quot;button_id&quot;:&quot;7&quot;,&quot;url&quot;:&quot;\\\/kontakt\\\/&quot;,&quot;check&quot;:&quot;Ot5xIOiH&quot;}\" data-maxbuttonpage=\"{&quot;id&quot;:24588,&quot;type&quot;:&quot;ratgeber&quot;}\"><span class=\"mb-icon\"><img loading=\"lazy\" decoding=\"async\" class=\"mb-img\" src=\"https:\/\/retina.ch\/wp-content\/uploads\/2020\/10\/icon-phone-black-400x400.png\" title=\"icon-phone-black\" width=\"400\" height=\"400\"   border=\"0\" \/><\/span><span class=\"mb-icon-hover\"><img loading=\"lazy\" decoding=\"async\" class=\"mb-img-hover\" src=\"https:\/\/retina.ch\/wp-content\/uploads\/2020\/10\/icon-phone-yellow-400x400.png\" title=\"icon-phone-black\" width=\"512\" height=\"512\"   border=\"0\" \/><\/span><span class='mb-text' >Retina Suisse<\/span><span class=\"mb-text2\"  >Contatto<\/span><\/a><\/span>\n<\/div>\n\n\n\n<div class=\"wp-block-column is-layout-flow wp-block-column-is-layout-flow\"><span class='maxbutton-3-container mb-container'><a class=\"maxbutton-3 maxbutton maxbutton-retina-suisse-mitgliedschaft\" title=\"Retina Suisse Mitgliedschaft\" href=\"\/mitgliedschaft\/\" data-maxbuttoncounter=\"{&quot;button_id&quot;:&quot;3&quot;,&quot;url&quot;:&quot;\\\/mitgliedschaft\\\/&quot;,&quot;check&quot;:&quot;Rweb1zDP&quot;}\" data-maxbuttonpage=\"{&quot;id&quot;:24588,&quot;type&quot;:&quot;ratgeber&quot;}\"><span class=\"mb-icon\"><img loading=\"lazy\" decoding=\"async\" class=\"mb-img\" src=\"https:\/\/retina.ch\/wp-content\/uploads\/2020\/10\/icon-users.png\" title=\"icon-users\" width=\"640\" height=\"512\"   border=\"0\" \/><\/span><span class=\"mb-icon-hover\"><img loading=\"lazy\" decoding=\"async\" class=\"mb-img-hover\" src=\"https:\/\/retina.ch\/wp-content\/uploads\/2020\/10\/icon-users-yellow.png\" title=\"icon-users\" width=\"640\" height=\"512\"   border=\"0\" \/><\/span><span class='mb-text' >Iscrizione<\/span><span class=\"mb-text2\"  >Retina Suisse<\/span><\/a><\/span>\n<\/div>\n<\/div>\n","protected":false},"excerpt":{"rendered":"<p>Le persone con gravi limitazioni alla vista possono sviluppare la sindrome di Charles Bonnet, ossia soffrono di inquietanti allucinazioni visive. La maggior parte delle persone colpite sembra essere in grado di gestire la situazione autonomamente, ma alcuni vengono fraintesi al punto tale da essere ricoverati in un ospedale psichiatrico.<\/p>\n","protected":false},"featured_media":24578,"template":"","meta":{"_acf_changed":false,"inline_featured_image":false,"_FSMCFIC_featured_image_caption":"Una persona affetta dalla sindrome di Charles Bonnet \u00e8 seduta sul letto e sembra percepire una figura inquietante sulla porta. ","_FSMCFIC_featured_image_nocaption":"1","_FSMCFIC_featured_image_hide":"","footnotes":"","_links_to":"","_links_to_target":""},"categories":[143,71],"class_list":["post-24588","ratgeber","type-ratgeber","status-publish","has-post-thumbnail","hentry","category-consiglieri","category-ricerca"],"acf":[],"yoast_head":"<!-- This site is optimized with the Yoast SEO plugin v27.1.1 - https:\/\/yoast.com\/product\/yoast-seo-wordpress\/ -->\n<title>Sally ha una pessima vista e per giunta vede fantasmi? Cosa dice la scienza &#8226; Retina Suisse<\/title>\n<meta name=\"description\" content=\"Allucinazioni visive in caso di malattia della retina: nessun disturbo psichico, ma sindrome di Charles Bonnet. Maggiori informazioni qui.\" \/>\n<meta name=\"robots\" content=\"index, follow, max-snippet:-1, max-image-preview:large, max-video-preview:-1\" \/>\n<link rel=\"canonical\" href=\"https:\/\/retina.ch\/it\/consiglieri\/sally-ha-una-pessima-vista-e-per-giunta-vede-fantasmi-cosa-dice-la-scienza\/\" \/>\n<meta property=\"og:locale\" content=\"it_IT\" \/>\n<meta property=\"og:type\" content=\"article\" \/>\n<meta property=\"og:title\" content=\"Sally ha una pessima vista e per giunta vede fantasmi? Cosa dice la scienza &#8226; Retina Suisse\" \/>\n<meta property=\"og:description\" content=\"Allucinazioni visive in caso di malattia della retina: nessun disturbo psichico, ma sindrome di Charles Bonnet. Maggiori informazioni qui.\" \/>\n<meta property=\"og:url\" content=\"https:\/\/retina.ch\/it\/consiglieri\/sally-ha-una-pessima-vista-e-per-giunta-vede-fantasmi-cosa-dice-la-scienza\/\" \/>\n<meta property=\"og:site_name\" content=\"Retina Suisse\" \/>\n<meta property=\"article:publisher\" content=\"https:\/\/www.facebook.com\/retinasuisse\/\" \/>\n<meta property=\"article:modified_time\" content=\"2026-03-11T13:34:43+00:00\" \/>\n<meta property=\"og:image\" content=\"https:\/\/retina.ch\/wp-content\/uploads\/2025\/08\/Charles-Bonnet-Haluzinationen-scaled-e1765980130554.jpg\" \/>\n\t<meta property=\"og:image:width\" content=\"600\" \/>\n\t<meta property=\"og:image:height\" content=\"750\" \/>\n\t<meta property=\"og:image:type\" content=\"image\/jpeg\" \/>\n<meta name=\"twitter:card\" content=\"summary_large_image\" \/>\n<meta name=\"twitter:label1\" content=\"Tempo di lettura stimato\" \/>\n\t<meta name=\"twitter:data1\" content=\"11 minuti\" \/>\n<script type=\"application\/ld+json\" class=\"yoast-schema-graph\">{\"@context\":\"https:\/\/schema.org\",\"@graph\":[{\"@type\":\"WebPage\",\"@id\":\"https:\/\/retina.ch\/it\/consiglieri\/sally-ha-una-pessima-vista-e-per-giunta-vede-fantasmi-cosa-dice-la-scienza\/\",\"url\":\"https:\/\/retina.ch\/it\/consiglieri\/sally-ha-una-pessima-vista-e-per-giunta-vede-fantasmi-cosa-dice-la-scienza\/\",\"name\":\"Sally ha una pessima vista e per giunta vede fantasmi? Cosa dice la scienza &#8226; Retina Suisse\",\"isPartOf\":{\"@id\":\"https:\/\/retina.ch\/it\/#website\"},\"primaryImageOfPage\":{\"@id\":\"https:\/\/retina.ch\/it\/consiglieri\/sally-ha-una-pessima-vista-e-per-giunta-vede-fantasmi-cosa-dice-la-scienza\/#primaryimage\"},\"image\":{\"@id\":\"https:\/\/retina.ch\/it\/consiglieri\/sally-ha-una-pessima-vista-e-per-giunta-vede-fantasmi-cosa-dice-la-scienza\/#primaryimage\"},\"thumbnailUrl\":\"https:\/\/retina.ch\/wp-content\/uploads\/2025\/08\/Charles-Bonnet-Haluzinationen-scaled-e1765980130554.jpg\",\"datePublished\":\"2025-12-12T15:04:58+00:00\",\"dateModified\":\"2026-03-11T13:34:43+00:00\",\"description\":\"Allucinazioni visive in caso di malattia della retina: nessun disturbo psichico, ma sindrome di Charles Bonnet. Maggiori informazioni qui.\",\"breadcrumb\":{\"@id\":\"https:\/\/retina.ch\/it\/consiglieri\/sally-ha-una-pessima-vista-e-per-giunta-vede-fantasmi-cosa-dice-la-scienza\/#breadcrumb\"},\"inLanguage\":\"it-IT\",\"potentialAction\":[{\"@type\":\"ReadAction\",\"target\":[\"https:\/\/retina.ch\/it\/consiglieri\/sally-ha-una-pessima-vista-e-per-giunta-vede-fantasmi-cosa-dice-la-scienza\/\"]}]},{\"@type\":\"ImageObject\",\"inLanguage\":\"it-IT\",\"@id\":\"https:\/\/retina.ch\/it\/consiglieri\/sally-ha-una-pessima-vista-e-per-giunta-vede-fantasmi-cosa-dice-la-scienza\/#primaryimage\",\"url\":\"https:\/\/retina.ch\/wp-content\/uploads\/2025\/08\/Charles-Bonnet-Haluzinationen-scaled-e1765980130554.jpg\",\"contentUrl\":\"https:\/\/retina.ch\/wp-content\/uploads\/2025\/08\/Charles-Bonnet-Haluzinationen-scaled-e1765980130554.jpg\",\"width\":600,\"height\":750},{\"@type\":\"BreadcrumbList\",\"@id\":\"https:\/\/retina.ch\/it\/consiglieri\/sally-ha-una-pessima-vista-e-per-giunta-vede-fantasmi-cosa-dice-la-scienza\/#breadcrumb\",\"itemListElement\":[{\"@type\":\"ListItem\",\"position\":1,\"name\":\"Retina Suisse\",\"item\":\"https:\/\/retina.ch\/it\/\"},{\"@type\":\"ListItem\",\"position\":2,\"name\":\"Sally ha una pessima vista e per giunta vede fantasmi? Cosa dice la scienza\"}]},{\"@type\":\"WebSite\",\"@id\":\"https:\/\/retina.ch\/it\/#website\",\"url\":\"https:\/\/retina.ch\/it\/\",\"name\":\"Retina Suisse\",\"description\":\"Retina Suisse ist die Vereinigung von Patientinnen und Patienten mit Retinitis pigmentosa (RP), Makuladegeneration, Usher-Syndrom und anderen Erkrankungen des Augenhintergrundes.\",\"publisher\":{\"@id\":\"https:\/\/retina.ch\/it\/#organization\"},\"potentialAction\":[{\"@type\":\"SearchAction\",\"target\":{\"@type\":\"EntryPoint\",\"urlTemplate\":\"https:\/\/retina.ch\/it\/?s={search_term_string}\"},\"query-input\":{\"@type\":\"PropertyValueSpecification\",\"valueRequired\":true,\"valueName\":\"search_term_string\"}}],\"inLanguage\":\"it-IT\"},{\"@type\":\"Organization\",\"@id\":\"https:\/\/retina.ch\/it\/#organization\",\"name\":\"Retina Suisse\",\"url\":\"https:\/\/retina.ch\/it\/\",\"logo\":{\"@type\":\"ImageObject\",\"inLanguage\":\"it-IT\",\"@id\":\"https:\/\/retina.ch\/it\/#\/schema\/logo\/image\/\",\"url\":\"https:\/\/retina.ch\/wp-content\/uploads\/2020\/09\/retina-auge-typo.svg\",\"contentUrl\":\"https:\/\/retina.ch\/wp-content\/uploads\/2020\/09\/retina-auge-typo.svg\",\"width\":\"1024\",\"height\":\"1024\",\"caption\":\"Retina Suisse\"},\"image\":{\"@id\":\"https:\/\/retina.ch\/it\/#\/schema\/logo\/image\/\"},\"sameAs\":[\"https:\/\/www.facebook.com\/retinasuisse\/\"]}]}<\/script>\n<!-- \/ Yoast SEO plugin. -->","yoast_head_json":{"title":"Sally ha una pessima vista e per giunta vede fantasmi? Cosa dice la scienza &#8226; Retina Suisse","description":"Allucinazioni visive in caso di malattia della retina: nessun disturbo psichico, ma sindrome di Charles Bonnet. Maggiori informazioni qui.","robots":{"index":"index","follow":"follow","max-snippet":"max-snippet:-1","max-image-preview":"max-image-preview:large","max-video-preview":"max-video-preview:-1"},"canonical":"https:\/\/retina.ch\/it\/consiglieri\/sally-ha-una-pessima-vista-e-per-giunta-vede-fantasmi-cosa-dice-la-scienza\/","og_locale":"it_IT","og_type":"article","og_title":"Sally ha una pessima vista e per giunta vede fantasmi? Cosa dice la scienza &#8226; Retina Suisse","og_description":"Allucinazioni visive in caso di malattia della retina: nessun disturbo psichico, ma sindrome di Charles Bonnet. Maggiori informazioni qui.","og_url":"https:\/\/retina.ch\/it\/consiglieri\/sally-ha-una-pessima-vista-e-per-giunta-vede-fantasmi-cosa-dice-la-scienza\/","og_site_name":"Retina Suisse","article_publisher":"https:\/\/www.facebook.com\/retinasuisse\/","article_modified_time":"2026-03-11T13:34:43+00:00","og_image":[{"width":600,"height":750,"url":"https:\/\/retina.ch\/wp-content\/uploads\/2025\/08\/Charles-Bonnet-Haluzinationen-scaled-e1765980130554.jpg","type":"image\/jpeg"}],"twitter_card":"summary_large_image","twitter_misc":{"Tempo di lettura stimato":"11 minuti"},"schema":{"@context":"https:\/\/schema.org","@graph":[{"@type":"WebPage","@id":"https:\/\/retina.ch\/it\/consiglieri\/sally-ha-una-pessima-vista-e-per-giunta-vede-fantasmi-cosa-dice-la-scienza\/","url":"https:\/\/retina.ch\/it\/consiglieri\/sally-ha-una-pessima-vista-e-per-giunta-vede-fantasmi-cosa-dice-la-scienza\/","name":"Sally ha una pessima vista e per giunta vede fantasmi? Cosa dice la scienza &#8226; Retina Suisse","isPartOf":{"@id":"https:\/\/retina.ch\/it\/#website"},"primaryImageOfPage":{"@id":"https:\/\/retina.ch\/it\/consiglieri\/sally-ha-una-pessima-vista-e-per-giunta-vede-fantasmi-cosa-dice-la-scienza\/#primaryimage"},"image":{"@id":"https:\/\/retina.ch\/it\/consiglieri\/sally-ha-una-pessima-vista-e-per-giunta-vede-fantasmi-cosa-dice-la-scienza\/#primaryimage"},"thumbnailUrl":"https:\/\/retina.ch\/wp-content\/uploads\/2025\/08\/Charles-Bonnet-Haluzinationen-scaled-e1765980130554.jpg","datePublished":"2025-12-12T15:04:58+00:00","dateModified":"2026-03-11T13:34:43+00:00","description":"Allucinazioni visive in caso di malattia della retina: nessun disturbo psichico, ma sindrome di Charles Bonnet. Maggiori informazioni qui.","breadcrumb":{"@id":"https:\/\/retina.ch\/it\/consiglieri\/sally-ha-una-pessima-vista-e-per-giunta-vede-fantasmi-cosa-dice-la-scienza\/#breadcrumb"},"inLanguage":"it-IT","potentialAction":[{"@type":"ReadAction","target":["https:\/\/retina.ch\/it\/consiglieri\/sally-ha-una-pessima-vista-e-per-giunta-vede-fantasmi-cosa-dice-la-scienza\/"]}]},{"@type":"ImageObject","inLanguage":"it-IT","@id":"https:\/\/retina.ch\/it\/consiglieri\/sally-ha-una-pessima-vista-e-per-giunta-vede-fantasmi-cosa-dice-la-scienza\/#primaryimage","url":"https:\/\/retina.ch\/wp-content\/uploads\/2025\/08\/Charles-Bonnet-Haluzinationen-scaled-e1765980130554.jpg","contentUrl":"https:\/\/retina.ch\/wp-content\/uploads\/2025\/08\/Charles-Bonnet-Haluzinationen-scaled-e1765980130554.jpg","width":600,"height":750},{"@type":"BreadcrumbList","@id":"https:\/\/retina.ch\/it\/consiglieri\/sally-ha-una-pessima-vista-e-per-giunta-vede-fantasmi-cosa-dice-la-scienza\/#breadcrumb","itemListElement":[{"@type":"ListItem","position":1,"name":"Retina Suisse","item":"https:\/\/retina.ch\/it\/"},{"@type":"ListItem","position":2,"name":"Sally ha una pessima vista e per giunta vede fantasmi? Cosa dice la scienza"}]},{"@type":"WebSite","@id":"https:\/\/retina.ch\/it\/#website","url":"https:\/\/retina.ch\/it\/","name":"Retina Suisse","description":"Retina Suisse ist die Vereinigung von Patientinnen und Patienten mit Retinitis pigmentosa (RP), Makuladegeneration, Usher-Syndrom und anderen Erkrankungen des Augenhintergrundes.","publisher":{"@id":"https:\/\/retina.ch\/it\/#organization"},"potentialAction":[{"@type":"SearchAction","target":{"@type":"EntryPoint","urlTemplate":"https:\/\/retina.ch\/it\/?s={search_term_string}"},"query-input":{"@type":"PropertyValueSpecification","valueRequired":true,"valueName":"search_term_string"}}],"inLanguage":"it-IT"},{"@type":"Organization","@id":"https:\/\/retina.ch\/it\/#organization","name":"Retina Suisse","url":"https:\/\/retina.ch\/it\/","logo":{"@type":"ImageObject","inLanguage":"it-IT","@id":"https:\/\/retina.ch\/it\/#\/schema\/logo\/image\/","url":"https:\/\/retina.ch\/wp-content\/uploads\/2020\/09\/retina-auge-typo.svg","contentUrl":"https:\/\/retina.ch\/wp-content\/uploads\/2020\/09\/retina-auge-typo.svg","width":"1024","height":"1024","caption":"Retina Suisse"},"image":{"@id":"https:\/\/retina.ch\/it\/#\/schema\/logo\/image\/"},"sameAs":["https:\/\/www.facebook.com\/retinasuisse\/"]}]}},"_links":{"self":[{"href":"https:\/\/retina.ch\/it\/wp-json\/wp\/v2\/ratgeber\/24588","targetHints":{"allow":["GET"]}}],"collection":[{"href":"https:\/\/retina.ch\/it\/wp-json\/wp\/v2\/ratgeber"}],"about":[{"href":"https:\/\/retina.ch\/it\/wp-json\/wp\/v2\/types\/ratgeber"}],"version-history":[{"count":8,"href":"https:\/\/retina.ch\/it\/wp-json\/wp\/v2\/ratgeber\/24588\/revisions"}],"predecessor-version":[{"id":26111,"href":"https:\/\/retina.ch\/it\/wp-json\/wp\/v2\/ratgeber\/24588\/revisions\/26111"}],"wp:featuredmedia":[{"embeddable":true,"href":"https:\/\/retina.ch\/it\/wp-json\/wp\/v2\/media\/24578"}],"wp:attachment":[{"href":"https:\/\/retina.ch\/it\/wp-json\/wp\/v2\/media?parent=24588"}],"wp:term":[{"taxonomy":"category","embeddable":true,"href":"https:\/\/retina.ch\/it\/wp-json\/wp\/v2\/categories?post=24588"}],"curies":[{"name":"wp","href":"https:\/\/api.w.org\/{rel}","templated":true}]}}