{"id":24594,"date":"2025-12-12T16:05:55","date_gmt":"2025-12-12T15:05:55","guid":{"rendered":"https:\/\/retina.ch\/?post_type=ratgeber&#038;p=24594"},"modified":"2025-12-20T20:04:42","modified_gmt":"2025-12-20T19:04:42","slug":"invecchiamento-della-retina-un-farmaco-contro-lasma-mostra-un-effetto-protettivo-in-uno-studio-condotto-su-topi","status":"publish","type":"ratgeber","link":"https:\/\/retina.ch\/it\/consiglieri\/invecchiamento-della-retina-un-farmaco-contro-lasma-mostra-un-effetto-protettivo-in-uno-studio-condotto-su-topi\/","title":{"rendered":"Invecchiamento della retina: un farmaco contro l\u2019asma mostra un effetto protettivo in uno studio condotto su topi"},"content":{"rendered":"\n<p><strong>Secondo un nuovo studio austriaco, il farmaco contro l\u2019asma Montelukast (MTK) avrebbe migliorato la salute della retina di topi anziani. Questi risultati potrebbero offrire un nuovo approccio alla protezione della salute degli occhi delle persone anziane.<\/strong><\/p>\n\n\n\n<p>Peter Jankovsky, Comunicazione Retina Suisse,<a href=\"mailto:peter.jankovsky@retina.ch\" target=\"_blank\" rel=\"noreferrer noopener\">peter.jankovsky@retina.ch<\/a><\/p>\n\n\n\n<p>I problemi di vista legati all\u2019et\u00e0 sono in crescita in tutto il mondo. Le infiammazioni giocano un ruolo chiave nel graduale danneggiamento della retina, causato dal normale processo di invecchiamento.<\/p>\n\n\n\n<p>Il cosiddetto recettore CysLTR1 \u00e8 presente in gran numero nella retina ed \u00e8 noto che favorisca le infiammazioni (un \u00abrecettore\u00bb \u00e8 una struttura molecolare, di solito una proteina, che si lega in modo specifico a molecole di segnalazione, come ormoni o farmaci, innescando cos\u00ec una reazione cellulare). In un recente studio, un gruppo di ricerca dell\u2019universit\u00e0 medica privata Paracelsus di Salisburgo, in Austria, ha analizzato in modo pi\u00f9 approfondito questo recettore. Si voleva scoprire se bloccandolo si riducevano gli effetti dannosi causati dall\u2019invecchiamento.<\/p>\n\n\n\n<p>A tal fine, le ricercatrici e i ricercatori hanno somministrato ai topi anziani Montelukast (MTK). Si tratta di un farmaco comunemente utilizzato per il trattamento dell\u2019asma che \u00e8 anche in grado di bloccare il recettore CysLTR1.<\/p>\n\n\n\n<p><strong>Riduzione dell\u2019infiammazione nella retina dei topi<\/strong><br>I topi sono stati trattati per via orale per otto settimane. Le scienziate e gli scienziati hanno paragonato i risultati ottenuti con i topi anziani non trattati e quelli ottenuti con topi giovani e sani. Le analisi hanno rivelato che i topi anziani a cui \u00e8 stato somministrato il trattamento con MTK hanno mostrato notevoli miglioramenti nella salute della retina.<\/p>\n\n\n\n<p>Le ricercatrici e i ricercatori hanno identificato una riduzione del numero di cellule immunitarie chiamate microglia, che aumentano con l\u2019avanzare dell\u2019et\u00e0 e contribuiscono alle infiammazioni croniche della retina. Bloccando CysLTR1, il numero di queste cellule immunitarie \u00e8 diminuito in modo significativo, il che, secondo le ricercatrici e i ricercatori, \u00e8 indizio di una minore infiammazione della retina, con conseguente minor rischio di contrarre malattie oculari legate all\u2019et\u00e0, come la degenerazione maculare.<\/p>\n\n\n\n<p><strong>Ripristino della funzione dei vasi sanguigni<\/strong><br>Inoltre le scienziate e gli scienziati hanno osservato un ripristino della funzione dei vasi sanguigni. Hanno constatato nei topi in fase di invecchiamento che i piccoli vasi sanguigni della retina si erano ristretti, con conseguente riduzione del flusso sanguigno e dell\u2019apporto di ossigeno agli occhi.<\/p>\n\n\n\n<p>Dopo il trattamento con MTK, il diametro di questi vasi \u00e8 aumentato, come riferito dal gruppo di ricerca. Ci\u00f2 ha migliorato la circolazione sanguigna e forse ha contribuito a un funzionamento pi\u00f9 efficiente della retina.<\/p>\n\n\n\n<p><strong>Miglioramento del processo di rimozione delle proteine di scarto<\/strong><br>Lo studio del gruppo di ricerca di Salisburgo ha anche dimostrato che bloccando il recettore CysLTR1 si migliora la capacit\u00e0 naturale della retina di eliminare le proteine di scarto. Con l\u2019avanzare dell\u2019et\u00e0, questo processo di pulizia rallenta, permettendo al materiale nocivo di accumularsi nell\u2019occhio. Dopo il trattamento con MTK, sono stati riscontrati meno segni di accumulo di prodotti di scarto nella retina dei topi anziani.<\/p>\n\n\n\n<p>Nel loro rapporto, le ricercatrici e i ricercatori sottolineano che il trattamento descritto non ha danneggiato le cellule nervose della retina dei topi. Tuttavia, sono necessari ulteriori lavori di ricerca per confermare questi risultati negli esseri umani.<\/p>\n\n\n\n<p>Malgrado ci\u00f2, le scienziate e gli scienziati di Salisburgo sono fiduciosi: il loro studio sottolinea il potenziale dell\u2019impiego di MTK per proteggere gli occhi dalla degenerazione della vista legata all\u2019et\u00e0. Poich\u00e9 il farmaco \u00e8 gi\u00e0 stato approvato, le sperimentazioni per le malattie oculari legate all\u2019et\u00e0, come la degenerazione maculare o la retinopatia diabetica, potrebbero progredire pi\u00f9 rapidamente (PJ).<\/p>\n\n\n\n<p>(dicembre 2025)<\/p>\n\n\n\n<p><strong>Fonti<\/strong>: Articolo in\u00a0<a href=\"https:\/\/7hgyc.r.ag.d.sendibm3.com\/mk\/cl\/f\/sh\/SMK1E8tHeG7ugh243Mjt4gkjnuLs\/iuZAgAEL3-CU\" target=\"_blank\" rel=\"noreferrer noopener\">biermann-medizin.de, 1 aprile 2025<\/a>;\u00a0<a href=\"https:\/\/7hgyc.r.ag.d.sendibm3.com\/mk\/cl\/f\/sh\/SMK1E8tHeG13EYD6sCaOyrRzpblc\/RT56amjL45sS\" target=\"_blank\" rel=\"noreferrer noopener\">Impact Journals LLC<\/a>;\u00a0<a href=\"https:\/\/7hgyc.r.ag.d.sendibm3.com\/mk\/cl\/f\/sh\/SMK1E8tHeFuBmPO9h2Qut29FrJBM\/Kx8D9jmVaQO_\" target=\"_blank\" rel=\"noreferrer noopener\">Koller A, Preishuber-Pfl\u00fcgl J, Mayr D et al. Cysteinyl leukotriene receptor 1 modulates retinal immune cells, vascularity and proteolytic activity in aged mice. Aging (Albany NY) 2025 Jan 31;17(2):308-328<\/a><\/p>\n","protected":false},"excerpt":{"rendered":"<p>Secondo un nuovo studio austriaco, il farmaco contro l\u2019asma Montelukast (MTK) avrebbe migliorato la salute della retina di topi anziani. Questi risultati potrebbero offrire un nuovo approccio alla protezione della salute degli occhi delle persone anziane.<\/p>\n","protected":false},"featured_media":24468,"template":"","meta":{"_acf_changed":false,"inline_featured_image":false,"_FSMCFIC_featured_image_caption":"Cellule, recettori e infiammazioni: tutti questi elementi sono correlati anche per quanto riguarda la salute della retina.","_FSMCFIC_featured_image_nocaption":"1","_FSMCFIC_featured_image_hide":"","footnotes":"","_links_to":"","_links_to_target":""},"categories":[71],"class_list":["post-24594","ratgeber","type-ratgeber","status-publish","has-post-thumbnail","hentry","category-ricerca"],"acf":[],"yoast_head":"<!-- This site is optimized with the Yoast SEO plugin v27.1.1 - https:\/\/yoast.com\/product\/yoast-seo-wordpress\/ -->\n<title>Invecchiamento della retina: un farmaco contro l\u2019asma mostra un effetto protettivo in uno studio condotto su topi &#8226; Retina Suisse<\/title>\n<meta name=\"robots\" content=\"index, follow, max-snippet:-1, max-image-preview:large, max-video-preview:-1\" \/>\n<link rel=\"canonical\" href=\"https:\/\/retina.ch\/it\/consiglieri\/invecchiamento-della-retina-un-farmaco-contro-lasma-mostra-un-effetto-protettivo-in-uno-studio-condotto-su-topi\/\" \/>\n<meta property=\"og:locale\" content=\"it_IT\" \/>\n<meta property=\"og:type\" content=\"article\" \/>\n<meta property=\"og:title\" content=\"Invecchiamento della retina: un farmaco contro l\u2019asma mostra un effetto protettivo in uno studio condotto su topi &#8226; Retina Suisse\" \/>\n<meta property=\"og:description\" content=\"Secondo un nuovo studio austriaco, il farmaco contro l\u2019asma Montelukast (MTK) avrebbe migliorato la salute della retina di topi anziani. Questi risultati potrebbero offrire un nuovo approccio alla protezione della salute degli occhi delle persone anziane.\" \/>\n<meta property=\"og:url\" content=\"https:\/\/retina.ch\/it\/consiglieri\/invecchiamento-della-retina-un-farmaco-contro-lasma-mostra-un-effetto-protettivo-in-uno-studio-condotto-su-topi\/\" \/>\n<meta property=\"og:site_name\" content=\"Retina Suisse\" \/>\n<meta property=\"article:publisher\" content=\"https:\/\/www.facebook.com\/retinasuisse\/\" \/>\n<meta property=\"article:modified_time\" content=\"2025-12-20T19:04:42+00:00\" \/>\n<meta property=\"og:image\" content=\"https:\/\/retina.ch\/wp-content\/uploads\/2025\/11\/Retina-Zellen-Pixabay-gratis-e1765979779757.png\" \/>\n\t<meta property=\"og:image:width\" content=\"1000\" \/>\n\t<meta property=\"og:image:height\" content=\"1000\" \/>\n\t<meta property=\"og:image:type\" content=\"image\/png\" \/>\n<meta name=\"twitter:card\" content=\"summary_large_image\" \/>\n<meta name=\"twitter:label1\" content=\"Tempo di lettura stimato\" \/>\n\t<meta name=\"twitter:data1\" content=\"4 minuti\" \/>\n<script type=\"application\/ld+json\" class=\"yoast-schema-graph\">{\"@context\":\"https:\/\/schema.org\",\"@graph\":[{\"@type\":\"WebPage\",\"@id\":\"https:\/\/retina.ch\/it\/consiglieri\/invecchiamento-della-retina-un-farmaco-contro-lasma-mostra-un-effetto-protettivo-in-uno-studio-condotto-su-topi\/\",\"url\":\"https:\/\/retina.ch\/it\/consiglieri\/invecchiamento-della-retina-un-farmaco-contro-lasma-mostra-un-effetto-protettivo-in-uno-studio-condotto-su-topi\/\",\"name\":\"Invecchiamento della retina: un farmaco contro l\u2019asma mostra un effetto protettivo in uno studio condotto su topi &#8226; Retina Suisse\",\"isPartOf\":{\"@id\":\"https:\/\/retina.ch\/it\/#website\"},\"primaryImageOfPage\":{\"@id\":\"https:\/\/retina.ch\/it\/consiglieri\/invecchiamento-della-retina-un-farmaco-contro-lasma-mostra-un-effetto-protettivo-in-uno-studio-condotto-su-topi\/#primaryimage\"},\"image\":{\"@id\":\"https:\/\/retina.ch\/it\/consiglieri\/invecchiamento-della-retina-un-farmaco-contro-lasma-mostra-un-effetto-protettivo-in-uno-studio-condotto-su-topi\/#primaryimage\"},\"thumbnailUrl\":\"https:\/\/retina.ch\/wp-content\/uploads\/2025\/11\/Retina-Zellen-Pixabay-gratis-e1765979779757.png\",\"datePublished\":\"2025-12-12T15:05:55+00:00\",\"dateModified\":\"2025-12-20T19:04:42+00:00\",\"breadcrumb\":{\"@id\":\"https:\/\/retina.ch\/it\/consiglieri\/invecchiamento-della-retina-un-farmaco-contro-lasma-mostra-un-effetto-protettivo-in-uno-studio-condotto-su-topi\/#breadcrumb\"},\"inLanguage\":\"it-IT\",\"potentialAction\":[{\"@type\":\"ReadAction\",\"target\":[\"https:\/\/retina.ch\/it\/consiglieri\/invecchiamento-della-retina-un-farmaco-contro-lasma-mostra-un-effetto-protettivo-in-uno-studio-condotto-su-topi\/\"]}]},{\"@type\":\"ImageObject\",\"inLanguage\":\"it-IT\",\"@id\":\"https:\/\/retina.ch\/it\/consiglieri\/invecchiamento-della-retina-un-farmaco-contro-lasma-mostra-un-effetto-protettivo-in-uno-studio-condotto-su-topi\/#primaryimage\",\"url\":\"https:\/\/retina.ch\/wp-content\/uploads\/2025\/11\/Retina-Zellen-Pixabay-gratis-e1765979779757.png\",\"contentUrl\":\"https:\/\/retina.ch\/wp-content\/uploads\/2025\/11\/Retina-Zellen-Pixabay-gratis-e1765979779757.png\",\"width\":1000,\"height\":1000},{\"@type\":\"BreadcrumbList\",\"@id\":\"https:\/\/retina.ch\/it\/consiglieri\/invecchiamento-della-retina-un-farmaco-contro-lasma-mostra-un-effetto-protettivo-in-uno-studio-condotto-su-topi\/#breadcrumb\",\"itemListElement\":[{\"@type\":\"ListItem\",\"position\":1,\"name\":\"Retina Suisse\",\"item\":\"https:\/\/retina.ch\/it\/\"},{\"@type\":\"ListItem\",\"position\":2,\"name\":\"Invecchiamento della retina: un farmaco contro l\u2019asma mostra un effetto protettivo in uno studio condotto su topi\"}]},{\"@type\":\"WebSite\",\"@id\":\"https:\/\/retina.ch\/it\/#website\",\"url\":\"https:\/\/retina.ch\/it\/\",\"name\":\"Retina Suisse\",\"description\":\"Retina Suisse ist die Vereinigung von Patientinnen und Patienten mit Retinitis pigmentosa (RP), Makuladegeneration, Usher-Syndrom und anderen Erkrankungen des Augenhintergrundes.\",\"publisher\":{\"@id\":\"https:\/\/retina.ch\/it\/#organization\"},\"potentialAction\":[{\"@type\":\"SearchAction\",\"target\":{\"@type\":\"EntryPoint\",\"urlTemplate\":\"https:\/\/retina.ch\/it\/?s={search_term_string}\"},\"query-input\":{\"@type\":\"PropertyValueSpecification\",\"valueRequired\":true,\"valueName\":\"search_term_string\"}}],\"inLanguage\":\"it-IT\"},{\"@type\":\"Organization\",\"@id\":\"https:\/\/retina.ch\/it\/#organization\",\"name\":\"Retina Suisse\",\"url\":\"https:\/\/retina.ch\/it\/\",\"logo\":{\"@type\":\"ImageObject\",\"inLanguage\":\"it-IT\",\"@id\":\"https:\/\/retina.ch\/it\/#\/schema\/logo\/image\/\",\"url\":\"https:\/\/retina.ch\/wp-content\/uploads\/2020\/09\/retina-auge-typo.svg\",\"contentUrl\":\"https:\/\/retina.ch\/wp-content\/uploads\/2020\/09\/retina-auge-typo.svg\",\"width\":\"1024\",\"height\":\"1024\",\"caption\":\"Retina Suisse\"},\"image\":{\"@id\":\"https:\/\/retina.ch\/it\/#\/schema\/logo\/image\/\"},\"sameAs\":[\"https:\/\/www.facebook.com\/retinasuisse\/\"]}]}<\/script>\n<!-- \/ Yoast SEO plugin. -->","yoast_head_json":{"title":"Invecchiamento della retina: un farmaco contro l\u2019asma mostra un effetto protettivo in uno studio condotto su topi &#8226; Retina Suisse","robots":{"index":"index","follow":"follow","max-snippet":"max-snippet:-1","max-image-preview":"max-image-preview:large","max-video-preview":"max-video-preview:-1"},"canonical":"https:\/\/retina.ch\/it\/consiglieri\/invecchiamento-della-retina-un-farmaco-contro-lasma-mostra-un-effetto-protettivo-in-uno-studio-condotto-su-topi\/","og_locale":"it_IT","og_type":"article","og_title":"Invecchiamento della retina: un farmaco contro l\u2019asma mostra un effetto protettivo in uno studio condotto su topi &#8226; Retina Suisse","og_description":"Secondo un nuovo studio austriaco, il farmaco contro l\u2019asma Montelukast (MTK) avrebbe migliorato la salute della retina di topi anziani. Questi risultati potrebbero offrire un nuovo approccio alla protezione della salute degli occhi delle persone anziane.","og_url":"https:\/\/retina.ch\/it\/consiglieri\/invecchiamento-della-retina-un-farmaco-contro-lasma-mostra-un-effetto-protettivo-in-uno-studio-condotto-su-topi\/","og_site_name":"Retina Suisse","article_publisher":"https:\/\/www.facebook.com\/retinasuisse\/","article_modified_time":"2025-12-20T19:04:42+00:00","og_image":[{"width":1000,"height":1000,"url":"https:\/\/retina.ch\/wp-content\/uploads\/2025\/11\/Retina-Zellen-Pixabay-gratis-e1765979779757.png","type":"image\/png"}],"twitter_card":"summary_large_image","twitter_misc":{"Tempo di lettura stimato":"4 minuti"},"schema":{"@context":"https:\/\/schema.org","@graph":[{"@type":"WebPage","@id":"https:\/\/retina.ch\/it\/consiglieri\/invecchiamento-della-retina-un-farmaco-contro-lasma-mostra-un-effetto-protettivo-in-uno-studio-condotto-su-topi\/","url":"https:\/\/retina.ch\/it\/consiglieri\/invecchiamento-della-retina-un-farmaco-contro-lasma-mostra-un-effetto-protettivo-in-uno-studio-condotto-su-topi\/","name":"Invecchiamento della retina: un farmaco contro l\u2019asma mostra un effetto protettivo in uno studio condotto su topi &#8226; Retina Suisse","isPartOf":{"@id":"https:\/\/retina.ch\/it\/#website"},"primaryImageOfPage":{"@id":"https:\/\/retina.ch\/it\/consiglieri\/invecchiamento-della-retina-un-farmaco-contro-lasma-mostra-un-effetto-protettivo-in-uno-studio-condotto-su-topi\/#primaryimage"},"image":{"@id":"https:\/\/retina.ch\/it\/consiglieri\/invecchiamento-della-retina-un-farmaco-contro-lasma-mostra-un-effetto-protettivo-in-uno-studio-condotto-su-topi\/#primaryimage"},"thumbnailUrl":"https:\/\/retina.ch\/wp-content\/uploads\/2025\/11\/Retina-Zellen-Pixabay-gratis-e1765979779757.png","datePublished":"2025-12-12T15:05:55+00:00","dateModified":"2025-12-20T19:04:42+00:00","breadcrumb":{"@id":"https:\/\/retina.ch\/it\/consiglieri\/invecchiamento-della-retina-un-farmaco-contro-lasma-mostra-un-effetto-protettivo-in-uno-studio-condotto-su-topi\/#breadcrumb"},"inLanguage":"it-IT","potentialAction":[{"@type":"ReadAction","target":["https:\/\/retina.ch\/it\/consiglieri\/invecchiamento-della-retina-un-farmaco-contro-lasma-mostra-un-effetto-protettivo-in-uno-studio-condotto-su-topi\/"]}]},{"@type":"ImageObject","inLanguage":"it-IT","@id":"https:\/\/retina.ch\/it\/consiglieri\/invecchiamento-della-retina-un-farmaco-contro-lasma-mostra-un-effetto-protettivo-in-uno-studio-condotto-su-topi\/#primaryimage","url":"https:\/\/retina.ch\/wp-content\/uploads\/2025\/11\/Retina-Zellen-Pixabay-gratis-e1765979779757.png","contentUrl":"https:\/\/retina.ch\/wp-content\/uploads\/2025\/11\/Retina-Zellen-Pixabay-gratis-e1765979779757.png","width":1000,"height":1000},{"@type":"BreadcrumbList","@id":"https:\/\/retina.ch\/it\/consiglieri\/invecchiamento-della-retina-un-farmaco-contro-lasma-mostra-un-effetto-protettivo-in-uno-studio-condotto-su-topi\/#breadcrumb","itemListElement":[{"@type":"ListItem","position":1,"name":"Retina Suisse","item":"https:\/\/retina.ch\/it\/"},{"@type":"ListItem","position":2,"name":"Invecchiamento della retina: un farmaco contro l\u2019asma mostra un effetto protettivo in uno studio condotto su topi"}]},{"@type":"WebSite","@id":"https:\/\/retina.ch\/it\/#website","url":"https:\/\/retina.ch\/it\/","name":"Retina Suisse","description":"Retina Suisse ist die Vereinigung von Patientinnen und Patienten mit Retinitis pigmentosa (RP), Makuladegeneration, Usher-Syndrom und anderen Erkrankungen des Augenhintergrundes.","publisher":{"@id":"https:\/\/retina.ch\/it\/#organization"},"potentialAction":[{"@type":"SearchAction","target":{"@type":"EntryPoint","urlTemplate":"https:\/\/retina.ch\/it\/?s={search_term_string}"},"query-input":{"@type":"PropertyValueSpecification","valueRequired":true,"valueName":"search_term_string"}}],"inLanguage":"it-IT"},{"@type":"Organization","@id":"https:\/\/retina.ch\/it\/#organization","name":"Retina Suisse","url":"https:\/\/retina.ch\/it\/","logo":{"@type":"ImageObject","inLanguage":"it-IT","@id":"https:\/\/retina.ch\/it\/#\/schema\/logo\/image\/","url":"https:\/\/retina.ch\/wp-content\/uploads\/2020\/09\/retina-auge-typo.svg","contentUrl":"https:\/\/retina.ch\/wp-content\/uploads\/2020\/09\/retina-auge-typo.svg","width":"1024","height":"1024","caption":"Retina Suisse"},"image":{"@id":"https:\/\/retina.ch\/it\/#\/schema\/logo\/image\/"},"sameAs":["https:\/\/www.facebook.com\/retinasuisse\/"]}]}},"_links":{"self":[{"href":"https:\/\/retina.ch\/it\/wp-json\/wp\/v2\/ratgeber\/24594","targetHints":{"allow":["GET"]}}],"collection":[{"href":"https:\/\/retina.ch\/it\/wp-json\/wp\/v2\/ratgeber"}],"about":[{"href":"https:\/\/retina.ch\/it\/wp-json\/wp\/v2\/types\/ratgeber"}],"version-history":[{"count":2,"href":"https:\/\/retina.ch\/it\/wp-json\/wp\/v2\/ratgeber\/24594\/revisions"}],"predecessor-version":[{"id":24672,"href":"https:\/\/retina.ch\/it\/wp-json\/wp\/v2\/ratgeber\/24594\/revisions\/24672"}],"wp:featuredmedia":[{"embeddable":true,"href":"https:\/\/retina.ch\/it\/wp-json\/wp\/v2\/media\/24468"}],"wp:attachment":[{"href":"https:\/\/retina.ch\/it\/wp-json\/wp\/v2\/media?parent=24594"}],"wp:term":[{"taxonomy":"category","embeddable":true,"href":"https:\/\/retina.ch\/it\/wp-json\/wp\/v2\/categories?post=24594"}],"curies":[{"name":"wp","href":"https:\/\/api.w.org\/{rel}","templated":true}]}}